{"id":109,"date":"2024-09-10T12:59:29","date_gmt":"2024-09-10T10:59:29","guid":{"rendered":"https:\/\/www.montessoriostrava.cz\/jesle\/?page_id=109"},"modified":"2026-02-20T20:07:31","modified_gmt":"2026-02-20T19:07:31","slug":"den-v-jeslich","status":"publish","type":"page","link":"https:\/\/www.montessoriostrava.cz\/jesle\/o-nas\/den-v-jeslich\/","title":{"rendered":"Den v jesl\u00edch"},"content":{"rendered":"<div class=\"wp-block-image\">\n<figure class=\"aligncenter size-full is-resized\"><img loading=\"lazy\" decoding=\"async\" width=\"1920\" height=\"2560\" src=\"https:\/\/www.montessoriostrava.cz\/jesle\/wp-content\/uploads\/sites\/5\/2025\/01\/IMG_6959-scaled.jpg\" alt=\"Den v jesl\u00edch\" class=\"wp-image-419\" style=\"width:616px;height:auto\" srcset=\"https:\/\/www.montessoriostrava.cz\/jesle\/wp-content\/uploads\/sites\/5\/2025\/01\/IMG_6959-scaled.jpg 1920w, https:\/\/www.montessoriostrava.cz\/jesle\/wp-content\/uploads\/sites\/5\/2025\/01\/IMG_6959-225x300.jpg 225w, https:\/\/www.montessoriostrava.cz\/jesle\/wp-content\/uploads\/sites\/5\/2025\/01\/IMG_6959-768x1024.jpg 768w, https:\/\/www.montessoriostrava.cz\/jesle\/wp-content\/uploads\/sites\/5\/2025\/01\/IMG_6959-1152x1536.jpg 1152w, https:\/\/www.montessoriostrava.cz\/jesle\/wp-content\/uploads\/sites\/5\/2025\/01\/IMG_6959-1536x2048.jpg 1536w\" sizes=\"auto, (max-width: 1920px) 100vw, 1920px\" \/><\/figure>\n<\/div>\n\n\n<h3 class=\"wp-block-heading\">7:00 \u2013 8:30 | P\u0159\u00edchod d\u011bt\u00ed a rann\u00ed\u00a0hry:<\/h3>\n\n\n\n<p>D\u011bti p\u0159ich\u00e1zej\u00ed a v\u011bnuj\u00ed se voln\u00e9 pr\u00e1ci s Montessori materi\u00e1ly a hr\u00e1m podporuj\u00edc\u00ed jejich zv\u00eddavost.<\/p>\n\n\n\n<h3 class=\"wp-block-heading\">8:30 \u2013 9:00 |&nbsp;Rann\u00ed kruh:<\/h3>\n\n\n\n<p>T\u00e9ma t\u00fddne, zp\u011bv, pohybov\u00e9 r\u00fdmy a tance.<\/p>\n\n\n\n<h3 class=\"wp-block-heading\">9:00 \u2013 9:20 | Sva\u010dina:<\/h3>\n\n\n\n<p>Spole\u010dn\u00e9 stolov\u00e1n\u00ed s d\u016frazem na podporu sebeobsluhy a mal\u00fdch motorick\u00fdch dovednost\u00ed.<\/p>\n\n\n\n<h3 class=\"wp-block-heading\">9:20 \u2013 10:15 | Pracovn\u00ed doba s Montessori&nbsp;materi\u00e1ly a v\u00fdtvarn\u00e1 tvorba:<\/h3>\n\n\n\n<p>D\u011bti si vyb\u00edraj\u00ed pod veden\u00edm pr\u016fvodce aktivity s Montessori pom\u016fckami odpov\u00eddaj\u00edc\u00ed jejich v\u011bku a z\u00e1jm\u016fm. Ve v\u00fdtvarn\u00e9 tvorb\u011b jsou d\u011btem p\u0159edstaveny r\u016fzn\u00e9 techniky.<\/p>\n\n\n\n<h3 class=\"wp-block-heading\">10:15 \u2013 11:15 | Pohybov\u00e1 aktivita na \u010derstv\u00e9m&nbsp;vzduchu:<\/h3>\n\n\n\n<p>Kr\u00e1tk\u00e1 proch\u00e1zka a objevov\u00e1n\u00ed p\u0159\u00edrody. Hry na h\u0159i\u0161ti nebo v na\u0161\u00ed t\u011blocvi\u010dn\u011b.<\/p>\n\n\n\n<h3 class=\"wp-block-heading\">11:15 \u2013 12:00 |&nbsp;Hygiena a ob\u011bd:<\/h3>\n\n\n\n<p>D\u011bti se u\u010d\u00ed samostatn\u00e9mu stolov\u00e1n\u00ed s podporou dosp\u011bl\u00fdch.<\/p>\n\n\n\n<h3 class=\"wp-block-heading\">12:00 \u2013 14:15 | Odpo\u010dinek\/klidov\u00e1&nbsp;doba:<\/h3>\n\n\n\n<p>Vzhledem k v\u011bku d\u011bt\u00ed je klidov\u00e1 doba del\u0161\u00ed. Hygiena, p\u0159\u00edprava na odpo\u010dinek. D\u011bti si odpo\u010dinou, poslouchaj\u00ed ti\u0161\u0161\u00ed hudbu nebo poh\u00e1dky.<\/p>\n\n\n\n<h3 class=\"wp-block-heading\">14:15 \u2013 14:30 |&nbsp;Sva\u010dina:<\/h3>\n\n\n\n<p>D\u011bti se pod\u00edlej\u00ed na p\u0159\u00edprav\u011b sva\u010diny a samy se naserv\u00edruj\u00ed pod dozorem dosp\u011bl\u00fdch.<\/p>\n\n\n\n<h3 class=\"wp-block-heading\">14:30 \u2013 15:30 | Tvorba, hudba a\u00a0hry:<\/h3>\n\n\n\n<p>V\u00fdtvarn\u00e9 aktivity p\u0159izp\u016fsoben\u00e9 v\u011bku, hudebn\u00ed a pohybov\u00e9 hry, nebo \u010das na volnou hru s vodou a p\u00edskem.<\/p>\n\n\n\n<h3 class=\"wp-block-heading\">15:30 \u2013 17:00 | P\u0159\u00edprava na\u00a0odchod:<\/h3>\n\n\n\n<p>Ukl\u00edzen\u00ed, obl\u00e9k\u00e1n\u00ed a kr\u00e1tk\u00fd \u010das na volnou hru \u010di p\u0159\u00edpravu na odchod s rodi\u010di.<\/p>\n","protected":false},"excerpt":{"rendered":"<p>7:00 \u2013 8:30 | P\u0159\u00edchod d\u011bt\u00ed a rann\u00ed\u00a0hry: D\u011bti p\u0159ich\u00e1zej\u00ed a v\u011bnuj\u00ed se voln\u00e9 pr\u00e1ci s Montessori materi\u00e1ly a hr\u00e1m podporuj\u00edc\u00ed jejich zv\u00eddavost. 8:30 \u2013 9:00 |&nbsp;Rann\u00ed kruh: T\u00e9ma t\u00fddne, zp\u011bv, pohybov\u00e9 r\u00fdmy a tance. 9:00 \u2013 9:20 | Sva\u010dina: Spole\u010dn\u00e9 stolov\u00e1n\u00ed s d\u016frazem na podporu sebeobsluhy a mal\u00fdch motorick\u00fdch dovednost\u00ed. 9:20 \u2013 10:15 | [&hellip;]<\/p>\n","protected":false},"author":1,"featured_media":0,"parent":54,"menu_order":0,"comment_status":"closed","ping_status":"closed","template":"","meta":{"footnotes":""},"class_list":["post-109","page","type-page","status-publish","hentry"],"acf":[],"yoast_head":"<!-- This site is optimized with the Yoast SEO plugin v27.5 - https:\/\/yoast.com\/product\/yoast-seo-wordpress\/ -->\n<title>Den v jesl\u00edch | Jesle Montessori Ostrava<\/title>\n<meta name=\"description\" content=\"Jak prob\u00edh\u00e1 den v Montessori jesl\u00edch? Pod\u00edvejte se na n\u00e1\u0161 denn\u00ed program pln\u00fd smyslupln\u00fdch aktivit, her a vzd\u011bl\u00e1vac\u00edch moment\u016f.\" \/>\n<meta name=\"robots\" content=\"index, follow, max-snippet:-1, max-image-preview:large, max-video-preview:-1\" \/>\n<link rel=\"canonical\" href=\"https:\/\/www.montessoriostrava.cz\/jesle\/o-nas\/den-v-jeslich\/\" \/>\n<meta property=\"og:locale\" content=\"cs_CZ\" \/>\n<meta property=\"og:type\" content=\"article\" \/>\n<meta property=\"og:title\" content=\"Den v jesl\u00edch | Jesle Montessori Ostrava\" \/>\n<meta property=\"og:description\" content=\"Jak prob\u00edh\u00e1 den v Montessori jesl\u00edch? Pod\u00edvejte se na n\u00e1\u0161 denn\u00ed program pln\u00fd smyslupln\u00fdch aktivit, her a vzd\u011bl\u00e1vac\u00edch moment\u016f.\" \/>\n<meta property=\"og:url\" content=\"https:\/\/www.montessoriostrava.cz\/jesle\/o-nas\/den-v-jeslich\/\" \/>\n<meta property=\"og:site_name\" content=\"Jesle Montessori Ostrava\" \/>\n<meta property=\"article:modified_time\" content=\"2026-02-20T19:07:31+00:00\" \/>\n<meta property=\"og:image\" content=\"https:\/\/www.montessoriostrava.cz\/jesle\/wp-content\/uploads\/sites\/5\/2025\/01\/IMG_6959-scaled.jpg\" \/>\n\t<meta property=\"og:image:width\" content=\"1920\" \/>\n\t<meta property=\"og:image:height\" content=\"2560\" \/>\n\t<meta property=\"og:image:type\" content=\"image\/jpeg\" \/>\n<meta name=\"twitter:card\" content=\"summary_large_image\" \/>\n<meta name=\"twitter:label1\" content=\"Odhadovan\u00e1 doba \u010dten\u00ed\" \/>\n\t<meta name=\"twitter:data1\" content=\"2 minuty\" \/>\n<script type=\"application\/ld+json\" class=\"yoast-schema-graph\">{\"@context\":\"https:\\\/\\\/schema.org\",\"@graph\":[{\"@type\":\"WebPage\",\"@id\":\"https:\\\/\\\/www.montessoriostrava.cz\\\/jesle\\\/o-nas\\\/den-v-jeslich\\\/\",\"url\":\"https:\\\/\\\/www.montessoriostrava.cz\\\/jesle\\\/o-nas\\\/den-v-jeslich\\\/\",\"name\":\"Den v jesl\u00edch | Jesle Montessori Ostrava\",\"isPartOf\":{\"@id\":\"https:\\\/\\\/www.montessoriostrava.cz\\\/jesle\\\/#website\"},\"primaryImageOfPage\":{\"@id\":\"https:\\\/\\\/www.montessoriostrava.cz\\\/jesle\\\/o-nas\\\/den-v-jeslich\\\/#primaryimage\"},\"image\":{\"@id\":\"https:\\\/\\\/www.montessoriostrava.cz\\\/jesle\\\/o-nas\\\/den-v-jeslich\\\/#primaryimage\"},\"thumbnailUrl\":\"https:\\\/\\\/www.montessoriostrava.cz\\\/jesle\\\/wp-content\\\/uploads\\\/sites\\\/5\\\/2025\\\/01\\\/IMG_6959-scaled.jpg\",\"datePublished\":\"2024-09-10T10:59:29+00:00\",\"dateModified\":\"2026-02-20T19:07:31+00:00\",\"description\":\"Jak prob\u00edh\u00e1 den v Montessori jesl\u00edch? Pod\u00edvejte se na n\u00e1\u0161 denn\u00ed program pln\u00fd smyslupln\u00fdch aktivit, her a vzd\u011bl\u00e1vac\u00edch moment\u016f.\",\"breadcrumb\":{\"@id\":\"https:\\\/\\\/www.montessoriostrava.cz\\\/jesle\\\/o-nas\\\/den-v-jeslich\\\/#breadcrumb\"},\"inLanguage\":\"cs\",\"potentialAction\":[{\"@type\":\"ReadAction\",\"target\":[\"https:\\\/\\\/www.montessoriostrava.cz\\\/jesle\\\/o-nas\\\/den-v-jeslich\\\/\"]}]},{\"@type\":\"ImageObject\",\"inLanguage\":\"cs\",\"@id\":\"https:\\\/\\\/www.montessoriostrava.cz\\\/jesle\\\/o-nas\\\/den-v-jeslich\\\/#primaryimage\",\"url\":\"https:\\\/\\\/www.montessoriostrava.cz\\\/jesle\\\/wp-content\\\/uploads\\\/sites\\\/5\\\/2025\\\/01\\\/IMG_6959-scaled.jpg\",\"contentUrl\":\"https:\\\/\\\/www.montessoriostrava.cz\\\/jesle\\\/wp-content\\\/uploads\\\/sites\\\/5\\\/2025\\\/01\\\/IMG_6959-scaled.jpg\",\"width\":1920,\"height\":2560},{\"@type\":\"BreadcrumbList\",\"@id\":\"https:\\\/\\\/www.montessoriostrava.cz\\\/jesle\\\/o-nas\\\/den-v-jeslich\\\/#breadcrumb\",\"itemListElement\":[{\"@type\":\"ListItem\",\"position\":1,\"name\":\"Dom\u016f\",\"item\":\"https:\\\/\\\/www.montessoriostrava.cz\\\/jesle\\\/\"},{\"@type\":\"ListItem\",\"position\":2,\"name\":\"O n\u00e1s\",\"item\":\"https:\\\/\\\/www.montessoriostrava.cz\\\/jesle\\\/o-nas\\\/\"},{\"@type\":\"ListItem\",\"position\":3,\"name\":\"Den v jesl\u00edch\"}]},{\"@type\":\"WebSite\",\"@id\":\"https:\\\/\\\/www.montessoriostrava.cz\\\/jesle\\\/#website\",\"url\":\"https:\\\/\\\/www.montessoriostrava.cz\\\/jesle\\\/\",\"name\":\"Jesle Montessori Ostrava\",\"description\":\"\",\"publisher\":{\"@id\":\"https:\\\/\\\/www.montessoriostrava.cz\\\/jesle\\\/#organization\"},\"potentialAction\":[{\"@type\":\"SearchAction\",\"target\":{\"@type\":\"EntryPoint\",\"urlTemplate\":\"https:\\\/\\\/www.montessoriostrava.cz\\\/jesle\\\/?s={search_term_string}\"},\"query-input\":{\"@type\":\"PropertyValueSpecification\",\"valueRequired\":true,\"valueName\":\"search_term_string\"}}],\"inLanguage\":\"cs\"},{\"@type\":\"Organization\",\"@id\":\"https:\\\/\\\/www.montessoriostrava.cz\\\/jesle\\\/#organization\",\"name\":\"Montessori Ostrava\",\"url\":\"https:\\\/\\\/www.montessoriostrava.cz\\\/jesle\\\/\",\"logo\":{\"@type\":\"ImageObject\",\"inLanguage\":\"cs\",\"@id\":\"https:\\\/\\\/www.montessoriostrava.cz\\\/jesle\\\/#\\\/schema\\\/logo\\\/image\\\/\",\"url\":\"https:\\\/\\\/www.montessoriostrava.cz\\\/jesle\\\/wp-content\\\/uploads\\\/sites\\\/5\\\/2025\\\/01\\\/logo-montessori.png\",\"contentUrl\":\"https:\\\/\\\/www.montessoriostrava.cz\\\/jesle\\\/wp-content\\\/uploads\\\/sites\\\/5\\\/2025\\\/01\\\/logo-montessori.png\",\"width\":1794,\"height\":527,\"caption\":\"Montessori Ostrava\"},\"image\":{\"@id\":\"https:\\\/\\\/www.montessoriostrava.cz\\\/jesle\\\/#\\\/schema\\\/logo\\\/image\\\/\"}}]}<\/script>\n<!-- \/ Yoast SEO plugin. -->","yoast_head_json":{"title":"Den v jesl\u00edch | Jesle Montessori Ostrava","description":"Jak prob\u00edh\u00e1 den v Montessori jesl\u00edch? Pod\u00edvejte se na n\u00e1\u0161 denn\u00ed program pln\u00fd smyslupln\u00fdch aktivit, her a vzd\u011bl\u00e1vac\u00edch moment\u016f.","robots":{"index":"index","follow":"follow","max-snippet":"max-snippet:-1","max-image-preview":"max-image-preview:large","max-video-preview":"max-video-preview:-1"},"canonical":"https:\/\/www.montessoriostrava.cz\/jesle\/o-nas\/den-v-jeslich\/","og_locale":"cs_CZ","og_type":"article","og_title":"Den v jesl\u00edch | Jesle Montessori Ostrava","og_description":"Jak prob\u00edh\u00e1 den v Montessori jesl\u00edch? Pod\u00edvejte se na n\u00e1\u0161 denn\u00ed program pln\u00fd smyslupln\u00fdch aktivit, her a vzd\u011bl\u00e1vac\u00edch moment\u016f.","og_url":"https:\/\/www.montessoriostrava.cz\/jesle\/o-nas\/den-v-jeslich\/","og_site_name":"Jesle Montessori Ostrava","article_modified_time":"2026-02-20T19:07:31+00:00","og_image":[{"width":1920,"height":2560,"url":"https:\/\/www.montessoriostrava.cz\/jesle\/wp-content\/uploads\/sites\/5\/2025\/01\/IMG_6959-scaled.jpg","type":"image\/jpeg"}],"twitter_card":"summary_large_image","twitter_misc":{"Odhadovan\u00e1 doba \u010dten\u00ed":"2 minuty"},"schema":{"@context":"https:\/\/schema.org","@graph":[{"@type":"WebPage","@id":"https:\/\/www.montessoriostrava.cz\/jesle\/o-nas\/den-v-jeslich\/","url":"https:\/\/www.montessoriostrava.cz\/jesle\/o-nas\/den-v-jeslich\/","name":"Den v jesl\u00edch | Jesle Montessori Ostrava","isPartOf":{"@id":"https:\/\/www.montessoriostrava.cz\/jesle\/#website"},"primaryImageOfPage":{"@id":"https:\/\/www.montessoriostrava.cz\/jesle\/o-nas\/den-v-jeslich\/#primaryimage"},"image":{"@id":"https:\/\/www.montessoriostrava.cz\/jesle\/o-nas\/den-v-jeslich\/#primaryimage"},"thumbnailUrl":"https:\/\/www.montessoriostrava.cz\/jesle\/wp-content\/uploads\/sites\/5\/2025\/01\/IMG_6959-scaled.jpg","datePublished":"2024-09-10T10:59:29+00:00","dateModified":"2026-02-20T19:07:31+00:00","description":"Jak prob\u00edh\u00e1 den v Montessori jesl\u00edch? Pod\u00edvejte se na n\u00e1\u0161 denn\u00ed program pln\u00fd smyslupln\u00fdch aktivit, her a vzd\u011bl\u00e1vac\u00edch moment\u016f.","breadcrumb":{"@id":"https:\/\/www.montessoriostrava.cz\/jesle\/o-nas\/den-v-jeslich\/#breadcrumb"},"inLanguage":"cs","potentialAction":[{"@type":"ReadAction","target":["https:\/\/www.montessoriostrava.cz\/jesle\/o-nas\/den-v-jeslich\/"]}]},{"@type":"ImageObject","inLanguage":"cs","@id":"https:\/\/www.montessoriostrava.cz\/jesle\/o-nas\/den-v-jeslich\/#primaryimage","url":"https:\/\/www.montessoriostrava.cz\/jesle\/wp-content\/uploads\/sites\/5\/2025\/01\/IMG_6959-scaled.jpg","contentUrl":"https:\/\/www.montessoriostrava.cz\/jesle\/wp-content\/uploads\/sites\/5\/2025\/01\/IMG_6959-scaled.jpg","width":1920,"height":2560},{"@type":"BreadcrumbList","@id":"https:\/\/www.montessoriostrava.cz\/jesle\/o-nas\/den-v-jeslich\/#breadcrumb","itemListElement":[{"@type":"ListItem","position":1,"name":"Dom\u016f","item":"https:\/\/www.montessoriostrava.cz\/jesle\/"},{"@type":"ListItem","position":2,"name":"O n\u00e1s","item":"https:\/\/www.montessoriostrava.cz\/jesle\/o-nas\/"},{"@type":"ListItem","position":3,"name":"Den v jesl\u00edch"}]},{"@type":"WebSite","@id":"https:\/\/www.montessoriostrava.cz\/jesle\/#website","url":"https:\/\/www.montessoriostrava.cz\/jesle\/","name":"Jesle Montessori Ostrava","description":"","publisher":{"@id":"https:\/\/www.montessoriostrava.cz\/jesle\/#organization"},"potentialAction":[{"@type":"SearchAction","target":{"@type":"EntryPoint","urlTemplate":"https:\/\/www.montessoriostrava.cz\/jesle\/?s={search_term_string}"},"query-input":{"@type":"PropertyValueSpecification","valueRequired":true,"valueName":"search_term_string"}}],"inLanguage":"cs"},{"@type":"Organization","@id":"https:\/\/www.montessoriostrava.cz\/jesle\/#organization","name":"Montessori Ostrava","url":"https:\/\/www.montessoriostrava.cz\/jesle\/","logo":{"@type":"ImageObject","inLanguage":"cs","@id":"https:\/\/www.montessoriostrava.cz\/jesle\/#\/schema\/logo\/image\/","url":"https:\/\/www.montessoriostrava.cz\/jesle\/wp-content\/uploads\/sites\/5\/2025\/01\/logo-montessori.png","contentUrl":"https:\/\/www.montessoriostrava.cz\/jesle\/wp-content\/uploads\/sites\/5\/2025\/01\/logo-montessori.png","width":1794,"height":527,"caption":"Montessori Ostrava"},"image":{"@id":"https:\/\/www.montessoriostrava.cz\/jesle\/#\/schema\/logo\/image\/"}}]}},"_links":{"self":[{"href":"https:\/\/www.montessoriostrava.cz\/jesle\/wp-json\/wp\/v2\/pages\/109","targetHints":{"allow":["GET"]}}],"collection":[{"href":"https:\/\/www.montessoriostrava.cz\/jesle\/wp-json\/wp\/v2\/pages"}],"about":[{"href":"https:\/\/www.montessoriostrava.cz\/jesle\/wp-json\/wp\/v2\/types\/page"}],"author":[{"embeddable":true,"href":"https:\/\/www.montessoriostrava.cz\/jesle\/wp-json\/wp\/v2\/users\/1"}],"replies":[{"embeddable":true,"href":"https:\/\/www.montessoriostrava.cz\/jesle\/wp-json\/wp\/v2\/comments?post=109"}],"version-history":[{"count":11,"href":"https:\/\/www.montessoriostrava.cz\/jesle\/wp-json\/wp\/v2\/pages\/109\/revisions"}],"predecessor-version":[{"id":640,"href":"https:\/\/www.montessoriostrava.cz\/jesle\/wp-json\/wp\/v2\/pages\/109\/revisions\/640"}],"up":[{"embeddable":true,"href":"https:\/\/www.montessoriostrava.cz\/jesle\/wp-json\/wp\/v2\/pages\/54"}],"wp:attachment":[{"href":"https:\/\/www.montessoriostrava.cz\/jesle\/wp-json\/wp\/v2\/media?parent=109"}],"curies":[{"name":"wp","href":"https:\/\/api.w.org\/{rel}","templated":true}]}}