{"id":331,"date":"2024-09-12T15:33:25","date_gmt":"2024-09-12T13:33:25","guid":{"rendered":"https:\/\/www.montessoriostrava.cz\/jesle\/?post_type=photo_gallery&#038;p=331"},"modified":"2024-09-12T15:37:37","modified_gmt":"2024-09-12T13:37:37","slug":"hrajeme-si-venku","status":"publish","type":"photo_gallery","link":"https:\/\/www.montessoriostrava.cz\/jesle\/fotogalerie\/hrajeme-si-venku\/","title":{"rendered":"Hrajeme si venku"},"content":{"rendered":"\n<figure class=\"wp-block-gallery has-nested-images columns-default is-cropped wp-block-gallery-1 is-layout-flex wp-block-gallery-is-layout-flex\">\n<figure class=\"wp-block-image size-large\"><a href=\"https:\/\/www.montessoriostrava.cz\/jesle\/wp-content\/uploads\/sites\/5\/2024\/09\/Jesle-Montessori-Ostrava-45.jpg\"><img loading=\"lazy\" decoding=\"async\" width=\"473\" height=\"1024\" data-id=\"197\" src=\"https:\/\/www.montessoriostrava.cz\/jesle\/wp-content\/uploads\/sites\/5\/2024\/09\/Jesle-Montessori-Ostrava-45-473x1024.jpg\" alt=\"Hrajeme si venku\" class=\"wp-image-197\" srcset=\"https:\/\/www.montessoriostrava.cz\/jesle\/wp-content\/uploads\/sites\/5\/2024\/09\/Jesle-Montessori-Ostrava-45-473x1024.jpg 473w, https:\/\/www.montessoriostrava.cz\/jesle\/wp-content\/uploads\/sites\/5\/2024\/09\/Jesle-Montessori-Ostrava-45-139x300.jpg 139w, https:\/\/www.montessoriostrava.cz\/jesle\/wp-content\/uploads\/sites\/5\/2024\/09\/Jesle-Montessori-Ostrava-45-768x1663.jpg 768w, https:\/\/www.montessoriostrava.cz\/jesle\/wp-content\/uploads\/sites\/5\/2024\/09\/Jesle-Montessori-Ostrava-45-710x1536.jpg 710w, https:\/\/www.montessoriostrava.cz\/jesle\/wp-content\/uploads\/sites\/5\/2024\/09\/Jesle-Montessori-Ostrava-45.jpg 946w\" sizes=\"auto, (max-width: 473px) 100vw, 473px\" \/><\/a><\/figure>\n\n\n\n<figure class=\"wp-block-image size-large\"><a href=\"https:\/\/www.montessoriostrava.cz\/jesle\/wp-content\/uploads\/sites\/5\/2024\/09\/Jesle-Montessori-Ostrava-44.jpg\"><img loading=\"lazy\" decoding=\"async\" width=\"473\" height=\"1024\" data-id=\"196\" src=\"https:\/\/www.montessoriostrava.cz\/jesle\/wp-content\/uploads\/sites\/5\/2024\/09\/Jesle-Montessori-Ostrava-44-473x1024.jpg\" alt=\"Hrajeme si venku\" class=\"wp-image-196\" srcset=\"https:\/\/www.montessoriostrava.cz\/jesle\/wp-content\/uploads\/sites\/5\/2024\/09\/Jesle-Montessori-Ostrava-44-473x1024.jpg 473w, https:\/\/www.montessoriostrava.cz\/jesle\/wp-content\/uploads\/sites\/5\/2024\/09\/Jesle-Montessori-Ostrava-44-139x300.jpg 139w, https:\/\/www.montessoriostrava.cz\/jesle\/wp-content\/uploads\/sites\/5\/2024\/09\/Jesle-Montessori-Ostrava-44-768x1663.jpg 768w, https:\/\/www.montessoriostrava.cz\/jesle\/wp-content\/uploads\/sites\/5\/2024\/09\/Jesle-Montessori-Ostrava-44-710x1536.jpg 710w, https:\/\/www.montessoriostrava.cz\/jesle\/wp-content\/uploads\/sites\/5\/2024\/09\/Jesle-Montessori-Ostrava-44.jpg 946w\" sizes=\"auto, (max-width: 473px) 100vw, 473px\" \/><\/a><\/figure>\n\n\n\n<figure class=\"wp-block-image size-large\"><a href=\"https:\/\/www.montessoriostrava.cz\/jesle\/wp-content\/uploads\/sites\/5\/2024\/09\/Jesle-Montessori-Ostrava-24-scaled-1.jpg\"><img loading=\"lazy\" decoding=\"async\" width=\"768\" height=\"1024\" data-id=\"177\" src=\"https:\/\/www.montessoriostrava.cz\/jesle\/wp-content\/uploads\/sites\/5\/2024\/09\/Jesle-Montessori-Ostrava-24-scaled-1-768x1024.jpg\" alt=\"Hrajeme si venku\" class=\"wp-image-177\" srcset=\"https:\/\/www.montessoriostrava.cz\/jesle\/wp-content\/uploads\/sites\/5\/2024\/09\/Jesle-Montessori-Ostrava-24-scaled-1-768x1024.jpg 768w, https:\/\/www.montessoriostrava.cz\/jesle\/wp-content\/uploads\/sites\/5\/2024\/09\/Jesle-Montessori-Ostrava-24-scaled-1-225x300.jpg 225w, https:\/\/www.montessoriostrava.cz\/jesle\/wp-content\/uploads\/sites\/5\/2024\/09\/Jesle-Montessori-Ostrava-24-scaled-1-1152x1536.jpg 1152w, https:\/\/www.montessoriostrava.cz\/jesle\/wp-content\/uploads\/sites\/5\/2024\/09\/Jesle-Montessori-Ostrava-24-scaled-1-1536x2048.jpg 1536w, https:\/\/www.montessoriostrava.cz\/jesle\/wp-content\/uploads\/sites\/5\/2024\/09\/Jesle-Montessori-Ostrava-24-scaled-1.jpg 1920w\" sizes=\"auto, (max-width: 768px) 100vw, 768px\" \/><\/a><\/figure>\n\n\n\n<figure class=\"wp-block-image size-large\"><a href=\"https:\/\/www.montessoriostrava.cz\/jesle\/wp-content\/uploads\/sites\/5\/2024\/09\/Jesle-Montessori-Ostrava-18.jpg\"><img loading=\"lazy\" decoding=\"async\" width=\"768\" height=\"1024\" data-id=\"173\" src=\"https:\/\/www.montessoriostrava.cz\/jesle\/wp-content\/uploads\/sites\/5\/2024\/09\/Jesle-Montessori-Ostrava-18-768x1024.jpg\" alt=\"Hrajeme si venku\" class=\"wp-image-173\" srcset=\"https:\/\/www.montessoriostrava.cz\/jesle\/wp-content\/uploads\/sites\/5\/2024\/09\/Jesle-Montessori-Ostrava-18-768x1024.jpg 768w, https:\/\/www.montessoriostrava.cz\/jesle\/wp-content\/uploads\/sites\/5\/2024\/09\/Jesle-Montessori-Ostrava-18-225x300.jpg 225w, https:\/\/www.montessoriostrava.cz\/jesle\/wp-content\/uploads\/sites\/5\/2024\/09\/Jesle-Montessori-Ostrava-18-1152x1536.jpg 1152w, https:\/\/www.montessoriostrava.cz\/jesle\/wp-content\/uploads\/sites\/5\/2024\/09\/Jesle-Montessori-Ostrava-18.jpg 1200w\" sizes=\"auto, (max-width: 768px) 100vw, 768px\" \/><\/a><\/figure>\n\n\n\n<figure class=\"wp-block-image size-large\"><a href=\"https:\/\/www.montessoriostrava.cz\/jesle\/wp-content\/uploads\/sites\/5\/2024\/09\/Jesle-Montessori-Ostrava-2-scaled-1.jpg\"><img loading=\"lazy\" decoding=\"async\" width=\"768\" height=\"1024\" data-id=\"160\" src=\"https:\/\/www.montessoriostrava.cz\/jesle\/wp-content\/uploads\/sites\/5\/2024\/09\/Jesle-Montessori-Ostrava-2-scaled-1-768x1024.jpg\" alt=\"Hrajeme si venku\" class=\"wp-image-160\" srcset=\"https:\/\/www.montessoriostrava.cz\/jesle\/wp-content\/uploads\/sites\/5\/2024\/09\/Jesle-Montessori-Ostrava-2-scaled-1-768x1024.jpg 768w, https:\/\/www.montessoriostrava.cz\/jesle\/wp-content\/uploads\/sites\/5\/2024\/09\/Jesle-Montessori-Ostrava-2-scaled-1-225x300.jpg 225w, https:\/\/www.montessoriostrava.cz\/jesle\/wp-content\/uploads\/sites\/5\/2024\/09\/Jesle-Montessori-Ostrava-2-scaled-1-1152x1536.jpg 1152w, https:\/\/www.montessoriostrava.cz\/jesle\/wp-content\/uploads\/sites\/5\/2024\/09\/Jesle-Montessori-Ostrava-2-scaled-1-1536x2048.jpg 1536w, https:\/\/www.montessoriostrava.cz\/jesle\/wp-content\/uploads\/sites\/5\/2024\/09\/Jesle-Montessori-Ostrava-2-scaled-1.jpg 1920w\" sizes=\"auto, (max-width: 768px) 100vw, 768px\" \/><\/a><\/figure>\n\n\n\n<figure class=\"wp-block-image size-large\"><a href=\"https:\/\/www.montessoriostrava.cz\/jesle\/wp-content\/uploads\/sites\/5\/2024\/09\/Jesle-Montessori-Ostrava-70-scaled-1.jpg\"><img loading=\"lazy\" decoding=\"async\" width=\"768\" height=\"1024\" data-id=\"158\" src=\"https:\/\/www.montessoriostrava.cz\/jesle\/wp-content\/uploads\/sites\/5\/2024\/09\/Jesle-Montessori-Ostrava-70-scaled-1-768x1024.jpg\" alt=\"Hrajeme si venku\" class=\"wp-image-158\" srcset=\"https:\/\/www.montessoriostrava.cz\/jesle\/wp-content\/uploads\/sites\/5\/2024\/09\/Jesle-Montessori-Ostrava-70-scaled-1-768x1024.jpg 768w, https:\/\/www.montessoriostrava.cz\/jesle\/wp-content\/uploads\/sites\/5\/2024\/09\/Jesle-Montessori-Ostrava-70-scaled-1-225x300.jpg 225w, https:\/\/www.montessoriostrava.cz\/jesle\/wp-content\/uploads\/sites\/5\/2024\/09\/Jesle-Montessori-Ostrava-70-scaled-1-1152x1536.jpg 1152w, https:\/\/www.montessoriostrava.cz\/jesle\/wp-content\/uploads\/sites\/5\/2024\/09\/Jesle-Montessori-Ostrava-70-scaled-1-1536x2048.jpg 1536w, https:\/\/www.montessoriostrava.cz\/jesle\/wp-content\/uploads\/sites\/5\/2024\/09\/Jesle-Montessori-Ostrava-70-scaled-1.jpg 1920w\" sizes=\"auto, (max-width: 768px) 100vw, 768px\" \/><\/a><\/figure>\n\n\n\n<figure class=\"wp-block-image size-large\"><a href=\"https:\/\/www.montessoriostrava.cz\/jesle\/wp-content\/uploads\/sites\/5\/2024\/09\/Jesle-Montessori-Ostrava-69-scaled-1.jpg\"><img loading=\"lazy\" decoding=\"async\" width=\"768\" height=\"1024\" data-id=\"157\" src=\"https:\/\/www.montessoriostrava.cz\/jesle\/wp-content\/uploads\/sites\/5\/2024\/09\/Jesle-Montessori-Ostrava-69-scaled-1-768x1024.jpg\" alt=\"Hrajeme si venku\" class=\"wp-image-157\" srcset=\"https:\/\/www.montessoriostrava.cz\/jesle\/wp-content\/uploads\/sites\/5\/2024\/09\/Jesle-Montessori-Ostrava-69-scaled-1-768x1024.jpg 768w, https:\/\/www.montessoriostrava.cz\/jesle\/wp-content\/uploads\/sites\/5\/2024\/09\/Jesle-Montessori-Ostrava-69-scaled-1-225x300.jpg 225w, https:\/\/www.montessoriostrava.cz\/jesle\/wp-content\/uploads\/sites\/5\/2024\/09\/Jesle-Montessori-Ostrava-69-scaled-1-1152x1536.jpg 1152w, https:\/\/www.montessoriostrava.cz\/jesle\/wp-content\/uploads\/sites\/5\/2024\/09\/Jesle-Montessori-Ostrava-69-scaled-1-1536x2048.jpg 1536w, https:\/\/www.montessoriostrava.cz\/jesle\/wp-content\/uploads\/sites\/5\/2024\/09\/Jesle-Montessori-Ostrava-69-scaled-1.jpg 1920w\" sizes=\"auto, (max-width: 768px) 100vw, 768px\" \/><\/a><\/figure>\n\n\n\n<figure class=\"wp-block-image size-large\"><a href=\"https:\/\/www.montessoriostrava.cz\/jesle\/wp-content\/uploads\/sites\/5\/2024\/09\/Jesle-Montessori-Ostrava-65-scaled-1.jpg\"><img loading=\"lazy\" decoding=\"async\" width=\"768\" height=\"1024\" data-id=\"154\" src=\"https:\/\/www.montessoriostrava.cz\/jesle\/wp-content\/uploads\/sites\/5\/2024\/09\/Jesle-Montessori-Ostrava-65-scaled-1-768x1024.jpg\" alt=\"Hrajeme si venku\" class=\"wp-image-154\" srcset=\"https:\/\/www.montessoriostrava.cz\/jesle\/wp-content\/uploads\/sites\/5\/2024\/09\/Jesle-Montessori-Ostrava-65-scaled-1-768x1024.jpg 768w, https:\/\/www.montessoriostrava.cz\/jesle\/wp-content\/uploads\/sites\/5\/2024\/09\/Jesle-Montessori-Ostrava-65-scaled-1-225x300.jpg 225w, https:\/\/www.montessoriostrava.cz\/jesle\/wp-content\/uploads\/sites\/5\/2024\/09\/Jesle-Montessori-Ostrava-65-scaled-1-1152x1536.jpg 1152w, https:\/\/www.montessoriostrava.cz\/jesle\/wp-content\/uploads\/sites\/5\/2024\/09\/Jesle-Montessori-Ostrava-65-scaled-1-1536x2048.jpg 1536w, https:\/\/www.montessoriostrava.cz\/jesle\/wp-content\/uploads\/sites\/5\/2024\/09\/Jesle-Montessori-Ostrava-65-scaled-1.jpg 1920w\" sizes=\"auto, (max-width: 768px) 100vw, 768px\" \/><\/a><\/figure>\n\n\n\n<figure class=\"wp-block-image size-large\"><a href=\"https:\/\/www.montessoriostrava.cz\/jesle\/wp-content\/uploads\/sites\/5\/2024\/09\/Jesle-Montessori-Ostrava-60-scaled-1.jpg\"><img loading=\"lazy\" decoding=\"async\" width=\"768\" height=\"1024\" data-id=\"148\" src=\"https:\/\/www.montessoriostrava.cz\/jesle\/wp-content\/uploads\/sites\/5\/2024\/09\/Jesle-Montessori-Ostrava-60-scaled-1-768x1024.jpg\" alt=\"Hrajeme si venku\" class=\"wp-image-148\" srcset=\"https:\/\/www.montessoriostrava.cz\/jesle\/wp-content\/uploads\/sites\/5\/2024\/09\/Jesle-Montessori-Ostrava-60-scaled-1-768x1024.jpg 768w, https:\/\/www.montessoriostrava.cz\/jesle\/wp-content\/uploads\/sites\/5\/2024\/09\/Jesle-Montessori-Ostrava-60-scaled-1-225x300.jpg 225w, https:\/\/www.montessoriostrava.cz\/jesle\/wp-content\/uploads\/sites\/5\/2024\/09\/Jesle-Montessori-Ostrava-60-scaled-1-1152x1536.jpg 1152w, https:\/\/www.montessoriostrava.cz\/jesle\/wp-content\/uploads\/sites\/5\/2024\/09\/Jesle-Montessori-Ostrava-60-scaled-1-1536x2048.jpg 1536w, https:\/\/www.montessoriostrava.cz\/jesle\/wp-content\/uploads\/sites\/5\/2024\/09\/Jesle-Montessori-Ostrava-60-scaled-1.jpg 1920w\" sizes=\"auto, (max-width: 768px) 100vw, 768px\" \/><\/a><\/figure>\n\n\n\n<figure class=\"wp-block-image size-large\"><a href=\"https:\/\/www.montessoriostrava.cz\/jesle\/wp-content\/uploads\/sites\/5\/2024\/09\/Jesle-Montessori-Ostrava-57-scaled-1.jpg\"><img loading=\"lazy\" decoding=\"async\" width=\"768\" height=\"1024\" data-id=\"145\" src=\"https:\/\/www.montessoriostrava.cz\/jesle\/wp-content\/uploads\/sites\/5\/2024\/09\/Jesle-Montessori-Ostrava-57-scaled-1-768x1024.jpg\" alt=\"Hrajeme si venku\" class=\"wp-image-145\" srcset=\"https:\/\/www.montessoriostrava.cz\/jesle\/wp-content\/uploads\/sites\/5\/2024\/09\/Jesle-Montessori-Ostrava-57-scaled-1-768x1024.jpg 768w, https:\/\/www.montessoriostrava.cz\/jesle\/wp-content\/uploads\/sites\/5\/2024\/09\/Jesle-Montessori-Ostrava-57-scaled-1-225x300.jpg 225w, https:\/\/www.montessoriostrava.cz\/jesle\/wp-content\/uploads\/sites\/5\/2024\/09\/Jesle-Montessori-Ostrava-57-scaled-1-1152x1536.jpg 1152w, https:\/\/www.montessoriostrava.cz\/jesle\/wp-content\/uploads\/sites\/5\/2024\/09\/Jesle-Montessori-Ostrava-57-scaled-1-1536x2048.jpg 1536w, https:\/\/www.montessoriostrava.cz\/jesle\/wp-content\/uploads\/sites\/5\/2024\/09\/Jesle-Montessori-Ostrava-57-scaled-1.jpg 1920w\" sizes=\"auto, (max-width: 768px) 100vw, 768px\" \/><\/a><\/figure>\n\n\n\n<figure class=\"wp-block-image size-large\"><a href=\"https:\/\/www.montessoriostrava.cz\/jesle\/wp-content\/uploads\/sites\/5\/2024\/09\/Jesle-Montessori-Ostrava-49.jpg\"><img loading=\"lazy\" decoding=\"async\" width=\"473\" height=\"1024\" data-id=\"138\" src=\"https:\/\/www.montessoriostrava.cz\/jesle\/wp-content\/uploads\/sites\/5\/2024\/09\/Jesle-Montessori-Ostrava-49-473x1024.jpg\" alt=\"Hrajeme si venku\" class=\"wp-image-138\" srcset=\"https:\/\/www.montessoriostrava.cz\/jesle\/wp-content\/uploads\/sites\/5\/2024\/09\/Jesle-Montessori-Ostrava-49-473x1024.jpg 473w, https:\/\/www.montessoriostrava.cz\/jesle\/wp-content\/uploads\/sites\/5\/2024\/09\/Jesle-Montessori-Ostrava-49-139x300.jpg 139w, https:\/\/www.montessoriostrava.cz\/jesle\/wp-content\/uploads\/sites\/5\/2024\/09\/Jesle-Montessori-Ostrava-49-768x1663.jpg 768w, https:\/\/www.montessoriostrava.cz\/jesle\/wp-content\/uploads\/sites\/5\/2024\/09\/Jesle-Montessori-Ostrava-49-710x1536.jpg 710w, https:\/\/www.montessoriostrava.cz\/jesle\/wp-content\/uploads\/sites\/5\/2024\/09\/Jesle-Montessori-Ostrava-49.jpg 946w\" sizes=\"auto, (max-width: 473px) 100vw, 473px\" \/><\/a><\/figure>\n<\/figure>\n","protected":false},"featured_media":177,"menu_order":0,"template":"","class_list":["post-331","photo_gallery","type-photo_gallery","status-publish","has-post-thumbnail","hentry"],"acf":[],"yoast_head":"<!-- This site is optimized with the Yoast SEO plugin v27.5 - https:\/\/yoast.com\/product\/yoast-seo-wordpress\/ -->\n<title>Hrajeme si venku | Jesle Montessori Ostrava<\/title>\n<meta name=\"description\" content=\"Galerie Jesl\u00ed Montessori Ostrava. Pod\u00edvejte na nap\u0159. na akci Hrajeme si venku.\" \/>\n<meta name=\"robots\" content=\"index, follow, max-snippet:-1, max-image-preview:large, max-video-preview:-1\" \/>\n<link rel=\"canonical\" href=\"https:\/\/www.montessoriostrava.cz\/jesle\/fotogalerie\/hrajeme-si-venku\/\" \/>\n<meta property=\"og:locale\" content=\"cs_CZ\" \/>\n<meta property=\"og:type\" content=\"article\" \/>\n<meta property=\"og:title\" content=\"Hrajeme si venku | Jesle Montessori Ostrava\" \/>\n<meta property=\"og:description\" content=\"Galerie Jesl\u00ed Montessori Ostrava. Pod\u00edvejte na nap\u0159. na akci Hrajeme si venku.\" \/>\n<meta property=\"og:url\" content=\"https:\/\/www.montessoriostrava.cz\/jesle\/fotogalerie\/hrajeme-si-venku\/\" \/>\n<meta property=\"og:site_name\" content=\"Jesle Montessori Ostrava\" \/>\n<meta property=\"article:modified_time\" content=\"2024-09-12T13:37:37+00:00\" \/>\n<meta property=\"og:image\" content=\"https:\/\/www.montessoriostrava.cz\/jesle\/wp-content\/uploads\/sites\/5\/2024\/09\/Jesle-Montessori-Ostrava-24-scaled-1.jpg\" \/>\n\t<meta property=\"og:image:width\" content=\"1920\" \/>\n\t<meta property=\"og:image:height\" content=\"2560\" \/>\n\t<meta property=\"og:image:type\" content=\"image\/jpeg\" \/>\n<meta name=\"twitter:card\" content=\"summary_large_image\" \/>\n<meta name=\"twitter:label1\" content=\"Odhadovan\u00e1 doba \u010dten\u00ed\" \/>\n\t<meta name=\"twitter:data1\" content=\"3 minuty\" \/>\n<script type=\"application\/ld+json\" class=\"yoast-schema-graph\">{\"@context\":\"https:\\\/\\\/schema.org\",\"@graph\":[{\"@type\":\"WebPage\",\"@id\":\"https:\\\/\\\/www.montessoriostrava.cz\\\/jesle\\\/fotogalerie\\\/hrajeme-si-venku\\\/\",\"url\":\"https:\\\/\\\/www.montessoriostrava.cz\\\/jesle\\\/fotogalerie\\\/hrajeme-si-venku\\\/\",\"name\":\"Hrajeme si venku | Jesle Montessori Ostrava\",\"isPartOf\":{\"@id\":\"https:\\\/\\\/www.montessoriostrava.cz\\\/jesle\\\/#website\"},\"primaryImageOfPage\":{\"@id\":\"https:\\\/\\\/www.montessoriostrava.cz\\\/jesle\\\/fotogalerie\\\/hrajeme-si-venku\\\/#primaryimage\"},\"image\":{\"@id\":\"https:\\\/\\\/www.montessoriostrava.cz\\\/jesle\\\/fotogalerie\\\/hrajeme-si-venku\\\/#primaryimage\"},\"thumbnailUrl\":\"https:\\\/\\\/www.montessoriostrava.cz\\\/jesle\\\/wp-content\\\/uploads\\\/sites\\\/5\\\/2024\\\/09\\\/Jesle-Montessori-Ostrava-24-scaled-1.jpg\",\"datePublished\":\"2024-09-12T13:33:25+00:00\",\"dateModified\":\"2024-09-12T13:37:37+00:00\",\"description\":\"Galerie Jesl\u00ed Montessori Ostrava. Pod\u00edvejte na nap\u0159. na akci Hrajeme si venku.\",\"breadcrumb\":{\"@id\":\"https:\\\/\\\/www.montessoriostrava.cz\\\/jesle\\\/fotogalerie\\\/hrajeme-si-venku\\\/#breadcrumb\"},\"inLanguage\":\"cs\",\"potentialAction\":[{\"@type\":\"ReadAction\",\"target\":[\"https:\\\/\\\/www.montessoriostrava.cz\\\/jesle\\\/fotogalerie\\\/hrajeme-si-venku\\\/\"]}]},{\"@type\":\"ImageObject\",\"inLanguage\":\"cs\",\"@id\":\"https:\\\/\\\/www.montessoriostrava.cz\\\/jesle\\\/fotogalerie\\\/hrajeme-si-venku\\\/#primaryimage\",\"url\":\"https:\\\/\\\/www.montessoriostrava.cz\\\/jesle\\\/wp-content\\\/uploads\\\/sites\\\/5\\\/2024\\\/09\\\/Jesle-Montessori-Ostrava-24-scaled-1.jpg\",\"contentUrl\":\"https:\\\/\\\/www.montessoriostrava.cz\\\/jesle\\\/wp-content\\\/uploads\\\/sites\\\/5\\\/2024\\\/09\\\/Jesle-Montessori-Ostrava-24-scaled-1.jpg\",\"width\":1920,\"height\":2560},{\"@type\":\"BreadcrumbList\",\"@id\":\"https:\\\/\\\/www.montessoriostrava.cz\\\/jesle\\\/fotogalerie\\\/hrajeme-si-venku\\\/#breadcrumb\",\"itemListElement\":[{\"@type\":\"ListItem\",\"position\":1,\"name\":\"Dom\u016f\",\"item\":\"https:\\\/\\\/www.montessoriostrava.cz\\\/jesle\\\/\"},{\"@type\":\"ListItem\",\"position\":2,\"name\":\"Fotogalerie\",\"item\":\"https:\\\/\\\/www.montessoriostrava.cz\\\/jesle\\\/fotogalerie\\\/\"},{\"@type\":\"ListItem\",\"position\":3,\"name\":\"Hrajeme si venku\"}]},{\"@type\":\"WebSite\",\"@id\":\"https:\\\/\\\/www.montessoriostrava.cz\\\/jesle\\\/#website\",\"url\":\"https:\\\/\\\/www.montessoriostrava.cz\\\/jesle\\\/\",\"name\":\"Jesle Montessori Ostrava\",\"description\":\"\",\"publisher\":{\"@id\":\"https:\\\/\\\/www.montessoriostrava.cz\\\/jesle\\\/#organization\"},\"potentialAction\":[{\"@type\":\"SearchAction\",\"target\":{\"@type\":\"EntryPoint\",\"urlTemplate\":\"https:\\\/\\\/www.montessoriostrava.cz\\\/jesle\\\/?s={search_term_string}\"},\"query-input\":{\"@type\":\"PropertyValueSpecification\",\"valueRequired\":true,\"valueName\":\"search_term_string\"}}],\"inLanguage\":\"cs\"},{\"@type\":\"Organization\",\"@id\":\"https:\\\/\\\/www.montessoriostrava.cz\\\/jesle\\\/#organization\",\"name\":\"Montessori Ostrava\",\"url\":\"https:\\\/\\\/www.montessoriostrava.cz\\\/jesle\\\/\",\"logo\":{\"@type\":\"ImageObject\",\"inLanguage\":\"cs\",\"@id\":\"https:\\\/\\\/www.montessoriostrava.cz\\\/jesle\\\/#\\\/schema\\\/logo\\\/image\\\/\",\"url\":\"https:\\\/\\\/www.montessoriostrava.cz\\\/jesle\\\/wp-content\\\/uploads\\\/sites\\\/5\\\/2025\\\/01\\\/logo-montessori.png\",\"contentUrl\":\"https:\\\/\\\/www.montessoriostrava.cz\\\/jesle\\\/wp-content\\\/uploads\\\/sites\\\/5\\\/2025\\\/01\\\/logo-montessori.png\",\"width\":1794,\"height\":527,\"caption\":\"Montessori Ostrava\"},\"image\":{\"@id\":\"https:\\\/\\\/www.montessoriostrava.cz\\\/jesle\\\/#\\\/schema\\\/logo\\\/image\\\/\"}}]}<\/script>\n<!-- \/ Yoast SEO plugin. -->","yoast_head_json":{"title":"Hrajeme si venku | Jesle Montessori Ostrava","description":"Galerie Jesl\u00ed Montessori Ostrava. Pod\u00edvejte na nap\u0159. na akci Hrajeme si venku.","robots":{"index":"index","follow":"follow","max-snippet":"max-snippet:-1","max-image-preview":"max-image-preview:large","max-video-preview":"max-video-preview:-1"},"canonical":"https:\/\/www.montessoriostrava.cz\/jesle\/fotogalerie\/hrajeme-si-venku\/","og_locale":"cs_CZ","og_type":"article","og_title":"Hrajeme si venku | Jesle Montessori Ostrava","og_description":"Galerie Jesl\u00ed Montessori Ostrava. Pod\u00edvejte na nap\u0159. na akci Hrajeme si venku.","og_url":"https:\/\/www.montessoriostrava.cz\/jesle\/fotogalerie\/hrajeme-si-venku\/","og_site_name":"Jesle Montessori Ostrava","article_modified_time":"2024-09-12T13:37:37+00:00","og_image":[{"width":1920,"height":2560,"url":"https:\/\/www.montessoriostrava.cz\/jesle\/wp-content\/uploads\/sites\/5\/2024\/09\/Jesle-Montessori-Ostrava-24-scaled-1.jpg","type":"image\/jpeg"}],"twitter_card":"summary_large_image","twitter_misc":{"Odhadovan\u00e1 doba \u010dten\u00ed":"3 minuty"},"schema":{"@context":"https:\/\/schema.org","@graph":[{"@type":"WebPage","@id":"https:\/\/www.montessoriostrava.cz\/jesle\/fotogalerie\/hrajeme-si-venku\/","url":"https:\/\/www.montessoriostrava.cz\/jesle\/fotogalerie\/hrajeme-si-venku\/","name":"Hrajeme si venku | Jesle Montessori Ostrava","isPartOf":{"@id":"https:\/\/www.montessoriostrava.cz\/jesle\/#website"},"primaryImageOfPage":{"@id":"https:\/\/www.montessoriostrava.cz\/jesle\/fotogalerie\/hrajeme-si-venku\/#primaryimage"},"image":{"@id":"https:\/\/www.montessoriostrava.cz\/jesle\/fotogalerie\/hrajeme-si-venku\/#primaryimage"},"thumbnailUrl":"https:\/\/www.montessoriostrava.cz\/jesle\/wp-content\/uploads\/sites\/5\/2024\/09\/Jesle-Montessori-Ostrava-24-scaled-1.jpg","datePublished":"2024-09-12T13:33:25+00:00","dateModified":"2024-09-12T13:37:37+00:00","description":"Galerie Jesl\u00ed Montessori Ostrava. Pod\u00edvejte na nap\u0159. na akci Hrajeme si venku.","breadcrumb":{"@id":"https:\/\/www.montessoriostrava.cz\/jesle\/fotogalerie\/hrajeme-si-venku\/#breadcrumb"},"inLanguage":"cs","potentialAction":[{"@type":"ReadAction","target":["https:\/\/www.montessoriostrava.cz\/jesle\/fotogalerie\/hrajeme-si-venku\/"]}]},{"@type":"ImageObject","inLanguage":"cs","@id":"https:\/\/www.montessoriostrava.cz\/jesle\/fotogalerie\/hrajeme-si-venku\/#primaryimage","url":"https:\/\/www.montessoriostrava.cz\/jesle\/wp-content\/uploads\/sites\/5\/2024\/09\/Jesle-Montessori-Ostrava-24-scaled-1.jpg","contentUrl":"https:\/\/www.montessoriostrava.cz\/jesle\/wp-content\/uploads\/sites\/5\/2024\/09\/Jesle-Montessori-Ostrava-24-scaled-1.jpg","width":1920,"height":2560},{"@type":"BreadcrumbList","@id":"https:\/\/www.montessoriostrava.cz\/jesle\/fotogalerie\/hrajeme-si-venku\/#breadcrumb","itemListElement":[{"@type":"ListItem","position":1,"name":"Dom\u016f","item":"https:\/\/www.montessoriostrava.cz\/jesle\/"},{"@type":"ListItem","position":2,"name":"Fotogalerie","item":"https:\/\/www.montessoriostrava.cz\/jesle\/fotogalerie\/"},{"@type":"ListItem","position":3,"name":"Hrajeme si venku"}]},{"@type":"WebSite","@id":"https:\/\/www.montessoriostrava.cz\/jesle\/#website","url":"https:\/\/www.montessoriostrava.cz\/jesle\/","name":"Jesle Montessori Ostrava","description":"","publisher":{"@id":"https:\/\/www.montessoriostrava.cz\/jesle\/#organization"},"potentialAction":[{"@type":"SearchAction","target":{"@type":"EntryPoint","urlTemplate":"https:\/\/www.montessoriostrava.cz\/jesle\/?s={search_term_string}"},"query-input":{"@type":"PropertyValueSpecification","valueRequired":true,"valueName":"search_term_string"}}],"inLanguage":"cs"},{"@type":"Organization","@id":"https:\/\/www.montessoriostrava.cz\/jesle\/#organization","name":"Montessori Ostrava","url":"https:\/\/www.montessoriostrava.cz\/jesle\/","logo":{"@type":"ImageObject","inLanguage":"cs","@id":"https:\/\/www.montessoriostrava.cz\/jesle\/#\/schema\/logo\/image\/","url":"https:\/\/www.montessoriostrava.cz\/jesle\/wp-content\/uploads\/sites\/5\/2025\/01\/logo-montessori.png","contentUrl":"https:\/\/www.montessoriostrava.cz\/jesle\/wp-content\/uploads\/sites\/5\/2025\/01\/logo-montessori.png","width":1794,"height":527,"caption":"Montessori Ostrava"},"image":{"@id":"https:\/\/www.montessoriostrava.cz\/jesle\/#\/schema\/logo\/image\/"}}]}},"_links":{"self":[{"href":"https:\/\/www.montessoriostrava.cz\/jesle\/wp-json\/wp\/v2\/photo_gallery\/331","targetHints":{"allow":["GET"]}}],"collection":[{"href":"https:\/\/www.montessoriostrava.cz\/jesle\/wp-json\/wp\/v2\/photo_gallery"}],"about":[{"href":"https:\/\/www.montessoriostrava.cz\/jesle\/wp-json\/wp\/v2\/types\/photo_gallery"}],"wp:featuredmedia":[{"embeddable":true,"href":"https:\/\/www.montessoriostrava.cz\/jesle\/wp-json\/wp\/v2\/media\/177"}],"wp:attachment":[{"href":"https:\/\/www.montessoriostrava.cz\/jesle\/wp-json\/wp\/v2\/media?parent=331"}],"curies":[{"name":"wp","href":"https:\/\/api.w.org\/{rel}","templated":true}]}}