{"id":332,"date":"2024-09-12T15:34:42","date_gmt":"2024-09-12T13:34:42","guid":{"rendered":"https:\/\/www.montessoriostrava.cz\/jesle\/?post_type=photo_gallery&#038;p=332"},"modified":"2024-09-12T15:36:16","modified_gmt":"2024-09-12T13:36:16","slug":"poznavame-prirodu","status":"publish","type":"photo_gallery","link":"https:\/\/www.montessoriostrava.cz\/jesle\/fotogalerie\/poznavame-prirodu\/","title":{"rendered":"Pozn\u00e1v\u00e1me p\u0159\u00edrodu"},"content":{"rendered":"\n<figure class=\"wp-block-gallery has-nested-images columns-default is-cropped wp-block-gallery-1 is-layout-flex wp-block-gallery-is-layout-flex\">\n<figure class=\"wp-block-image size-large\"><a href=\"https:\/\/www.montessoriostrava.cz\/jesle\/wp-content\/uploads\/sites\/5\/2024\/09\/Jesle-Montessori-Ostrava-34-scaled-1.jpg\"><img loading=\"lazy\" decoding=\"async\" width=\"768\" height=\"1024\" data-id=\"187\" src=\"https:\/\/www.montessoriostrava.cz\/jesle\/wp-content\/uploads\/sites\/5\/2024\/09\/Jesle-Montessori-Ostrava-34-scaled-1-768x1024.jpg\" alt=\"Pozn\u00e1v\u00e1me p\u0159\u00edrodu\" class=\"wp-image-187\" srcset=\"https:\/\/www.montessoriostrava.cz\/jesle\/wp-content\/uploads\/sites\/5\/2024\/09\/Jesle-Montessori-Ostrava-34-scaled-1-768x1024.jpg 768w, https:\/\/www.montessoriostrava.cz\/jesle\/wp-content\/uploads\/sites\/5\/2024\/09\/Jesle-Montessori-Ostrava-34-scaled-1-225x300.jpg 225w, https:\/\/www.montessoriostrava.cz\/jesle\/wp-content\/uploads\/sites\/5\/2024\/09\/Jesle-Montessori-Ostrava-34-scaled-1-1152x1536.jpg 1152w, https:\/\/www.montessoriostrava.cz\/jesle\/wp-content\/uploads\/sites\/5\/2024\/09\/Jesle-Montessori-Ostrava-34-scaled-1-1536x2048.jpg 1536w, https:\/\/www.montessoriostrava.cz\/jesle\/wp-content\/uploads\/sites\/5\/2024\/09\/Jesle-Montessori-Ostrava-34-scaled-1.jpg 1920w\" sizes=\"auto, (max-width: 768px) 100vw, 768px\" \/><\/a><\/figure>\n\n\n\n<figure class=\"wp-block-image size-large\"><a href=\"https:\/\/www.montessoriostrava.cz\/jesle\/wp-content\/uploads\/sites\/5\/2024\/09\/Jesle-Montessori-Ostrava-38-scaled-1.jpg\"><img loading=\"lazy\" decoding=\"async\" width=\"768\" height=\"1024\" data-id=\"191\" src=\"https:\/\/www.montessoriostrava.cz\/jesle\/wp-content\/uploads\/sites\/5\/2024\/09\/Jesle-Montessori-Ostrava-38-scaled-1-768x1024.jpg\" alt=\"Pozn\u00e1v\u00e1me p\u0159\u00edrodu\" class=\"wp-image-191\" srcset=\"https:\/\/www.montessoriostrava.cz\/jesle\/wp-content\/uploads\/sites\/5\/2024\/09\/Jesle-Montessori-Ostrava-38-scaled-1-768x1024.jpg 768w, https:\/\/www.montessoriostrava.cz\/jesle\/wp-content\/uploads\/sites\/5\/2024\/09\/Jesle-Montessori-Ostrava-38-scaled-1-225x300.jpg 225w, https:\/\/www.montessoriostrava.cz\/jesle\/wp-content\/uploads\/sites\/5\/2024\/09\/Jesle-Montessori-Ostrava-38-scaled-1-1152x1536.jpg 1152w, https:\/\/www.montessoriostrava.cz\/jesle\/wp-content\/uploads\/sites\/5\/2024\/09\/Jesle-Montessori-Ostrava-38-scaled-1-1536x2048.jpg 1536w, https:\/\/www.montessoriostrava.cz\/jesle\/wp-content\/uploads\/sites\/5\/2024\/09\/Jesle-Montessori-Ostrava-38-scaled-1.jpg 1920w\" sizes=\"auto, (max-width: 768px) 100vw, 768px\" \/><\/a><\/figure>\n\n\n\n<figure class=\"wp-block-image size-large\"><a href=\"https:\/\/www.montessoriostrava.cz\/jesle\/wp-content\/uploads\/sites\/5\/2024\/09\/Jesle-Montessori-Ostrava-14.jpg\"><img loading=\"lazy\" decoding=\"async\" width=\"473\" height=\"1024\" data-id=\"170\" src=\"https:\/\/www.montessoriostrava.cz\/jesle\/wp-content\/uploads\/sites\/5\/2024\/09\/Jesle-Montessori-Ostrava-14-473x1024.jpg\" alt=\"Pozn\u00e1v\u00e1me p\u0159\u00edrodu\" class=\"wp-image-170\" srcset=\"https:\/\/www.montessoriostrava.cz\/jesle\/wp-content\/uploads\/sites\/5\/2024\/09\/Jesle-Montessori-Ostrava-14-473x1024.jpg 473w, https:\/\/www.montessoriostrava.cz\/jesle\/wp-content\/uploads\/sites\/5\/2024\/09\/Jesle-Montessori-Ostrava-14-139x300.jpg 139w, https:\/\/www.montessoriostrava.cz\/jesle\/wp-content\/uploads\/sites\/5\/2024\/09\/Jesle-Montessori-Ostrava-14-709x1536.jpg 709w, https:\/\/www.montessoriostrava.cz\/jesle\/wp-content\/uploads\/sites\/5\/2024\/09\/Jesle-Montessori-Ostrava-14.jpg 739w\" sizes=\"auto, (max-width: 473px) 100vw, 473px\" \/><\/a><\/figure>\n\n\n\n<figure class=\"wp-block-image size-large\"><a href=\"https:\/\/www.montessoriostrava.cz\/jesle\/wp-content\/uploads\/sites\/5\/2024\/09\/Jesle-Montessori-Ostrava-12.jpg\"><img loading=\"lazy\" decoding=\"async\" width=\"1024\" height=\"473\" data-id=\"168\" src=\"https:\/\/www.montessoriostrava.cz\/jesle\/wp-content\/uploads\/sites\/5\/2024\/09\/Jesle-Montessori-Ostrava-12-1024x473.jpg\" alt=\"Pozn\u00e1v\u00e1me p\u0159\u00edrodu\" class=\"wp-image-168\" srcset=\"https:\/\/www.montessoriostrava.cz\/jesle\/wp-content\/uploads\/sites\/5\/2024\/09\/Jesle-Montessori-Ostrava-12-1024x473.jpg 1024w, https:\/\/www.montessoriostrava.cz\/jesle\/wp-content\/uploads\/sites\/5\/2024\/09\/Jesle-Montessori-Ostrava-12-300x139.jpg 300w, https:\/\/www.montessoriostrava.cz\/jesle\/wp-content\/uploads\/sites\/5\/2024\/09\/Jesle-Montessori-Ostrava-12-768x355.jpg 768w, https:\/\/www.montessoriostrava.cz\/jesle\/wp-content\/uploads\/sites\/5\/2024\/09\/Jesle-Montessori-Ostrava-12-1536x709.jpg 1536w, https:\/\/www.montessoriostrava.cz\/jesle\/wp-content\/uploads\/sites\/5\/2024\/09\/Jesle-Montessori-Ostrava-12.jpg 1600w\" sizes=\"auto, (max-width: 1024px) 100vw, 1024px\" \/><\/a><\/figure>\n\n\n\n<figure class=\"wp-block-image size-large\"><a href=\"https:\/\/www.montessoriostrava.cz\/jesle\/wp-content\/uploads\/sites\/5\/2024\/09\/Jesle-Montessori-Ostrava-11-scaled-1.jpg\"><img loading=\"lazy\" decoding=\"async\" width=\"768\" height=\"1024\" data-id=\"167\" src=\"https:\/\/www.montessoriostrava.cz\/jesle\/wp-content\/uploads\/sites\/5\/2024\/09\/Jesle-Montessori-Ostrava-11-scaled-1-768x1024.jpg\" alt=\"Pozn\u00e1v\u00e1me p\u0159\u00edrodu\" class=\"wp-image-167\" srcset=\"https:\/\/www.montessoriostrava.cz\/jesle\/wp-content\/uploads\/sites\/5\/2024\/09\/Jesle-Montessori-Ostrava-11-scaled-1-768x1024.jpg 768w, https:\/\/www.montessoriostrava.cz\/jesle\/wp-content\/uploads\/sites\/5\/2024\/09\/Jesle-Montessori-Ostrava-11-scaled-1-225x300.jpg 225w, https:\/\/www.montessoriostrava.cz\/jesle\/wp-content\/uploads\/sites\/5\/2024\/09\/Jesle-Montessori-Ostrava-11-scaled-1-1152x1536.jpg 1152w, https:\/\/www.montessoriostrava.cz\/jesle\/wp-content\/uploads\/sites\/5\/2024\/09\/Jesle-Montessori-Ostrava-11-scaled-1-1536x2048.jpg 1536w, https:\/\/www.montessoriostrava.cz\/jesle\/wp-content\/uploads\/sites\/5\/2024\/09\/Jesle-Montessori-Ostrava-11-scaled-1.jpg 1920w\" sizes=\"auto, (max-width: 768px) 100vw, 768px\" \/><\/a><\/figure>\n\n\n\n<figure class=\"wp-block-image size-large\"><a href=\"https:\/\/www.montessoriostrava.cz\/jesle\/wp-content\/uploads\/sites\/5\/2024\/09\/Jesle-Montessori-Ostrava-5.jpg\"><img loading=\"lazy\" decoding=\"async\" width=\"473\" height=\"1024\" data-id=\"163\" src=\"https:\/\/www.montessoriostrava.cz\/jesle\/wp-content\/uploads\/sites\/5\/2024\/09\/Jesle-Montessori-Ostrava-5-473x1024.jpg\" alt=\"Pozn\u00e1v\u00e1me p\u0159\u00edrodu\" class=\"wp-image-163\" srcset=\"https:\/\/www.montessoriostrava.cz\/jesle\/wp-content\/uploads\/sites\/5\/2024\/09\/Jesle-Montessori-Ostrava-5-473x1024.jpg 473w, https:\/\/www.montessoriostrava.cz\/jesle\/wp-content\/uploads\/sites\/5\/2024\/09\/Jesle-Montessori-Ostrava-5-139x300.jpg 139w, https:\/\/www.montessoriostrava.cz\/jesle\/wp-content\/uploads\/sites\/5\/2024\/09\/Jesle-Montessori-Ostrava-5-709x1536.jpg 709w, https:\/\/www.montessoriostrava.cz\/jesle\/wp-content\/uploads\/sites\/5\/2024\/09\/Jesle-Montessori-Ostrava-5.jpg 739w\" sizes=\"auto, (max-width: 473px) 100vw, 473px\" \/><\/a><\/figure>\n\n\n\n<figure class=\"wp-block-image size-large\"><a href=\"https:\/\/www.montessoriostrava.cz\/jesle\/wp-content\/uploads\/sites\/5\/2024\/09\/Jesle-Montessori-Ostrava-4.jpg\"><img loading=\"lazy\" decoding=\"async\" width=\"473\" height=\"1024\" data-id=\"162\" src=\"https:\/\/www.montessoriostrava.cz\/jesle\/wp-content\/uploads\/sites\/5\/2024\/09\/Jesle-Montessori-Ostrava-4-473x1024.jpg\" alt=\"Pozn\u00e1v\u00e1me p\u0159\u00edrodu\" class=\"wp-image-162\" srcset=\"https:\/\/www.montessoriostrava.cz\/jesle\/wp-content\/uploads\/sites\/5\/2024\/09\/Jesle-Montessori-Ostrava-4-473x1024.jpg 473w, https:\/\/www.montessoriostrava.cz\/jesle\/wp-content\/uploads\/sites\/5\/2024\/09\/Jesle-Montessori-Ostrava-4-139x300.jpg 139w, https:\/\/www.montessoriostrava.cz\/jesle\/wp-content\/uploads\/sites\/5\/2024\/09\/Jesle-Montessori-Ostrava-4-709x1536.jpg 709w, https:\/\/www.montessoriostrava.cz\/jesle\/wp-content\/uploads\/sites\/5\/2024\/09\/Jesle-Montessori-Ostrava-4.jpg 739w\" sizes=\"auto, (max-width: 473px) 100vw, 473px\" \/><\/a><\/figure>\n\n\n\n<figure class=\"wp-block-image size-large\"><a href=\"https:\/\/www.montessoriostrava.cz\/jesle\/wp-content\/uploads\/sites\/5\/2024\/09\/Jesle-Montessori-Ostrava-3.jpg\"><img loading=\"lazy\" decoding=\"async\" width=\"473\" height=\"1024\" data-id=\"161\" src=\"https:\/\/www.montessoriostrava.cz\/jesle\/wp-content\/uploads\/sites\/5\/2024\/09\/Jesle-Montessori-Ostrava-3-473x1024.jpg\" alt=\"Pozn\u00e1v\u00e1me p\u0159\u00edrodu\" class=\"wp-image-161\" srcset=\"https:\/\/www.montessoriostrava.cz\/jesle\/wp-content\/uploads\/sites\/5\/2024\/09\/Jesle-Montessori-Ostrava-3-473x1024.jpg 473w, https:\/\/www.montessoriostrava.cz\/jesle\/wp-content\/uploads\/sites\/5\/2024\/09\/Jesle-Montessori-Ostrava-3-139x300.jpg 139w, https:\/\/www.montessoriostrava.cz\/jesle\/wp-content\/uploads\/sites\/5\/2024\/09\/Jesle-Montessori-Ostrava-3-709x1536.jpg 709w, https:\/\/www.montessoriostrava.cz\/jesle\/wp-content\/uploads\/sites\/5\/2024\/09\/Jesle-Montessori-Ostrava-3.jpg 739w\" sizes=\"auto, (max-width: 473px) 100vw, 473px\" \/><\/a><\/figure>\n\n\n\n<figure class=\"wp-block-image size-large\"><a href=\"https:\/\/www.montessoriostrava.cz\/jesle\/wp-content\/uploads\/sites\/5\/2024\/09\/Jesle-Montessori-Ostrava-63-scaled-1.jpg\"><img loading=\"lazy\" decoding=\"async\" width=\"768\" height=\"1024\" data-id=\"152\" src=\"https:\/\/www.montessoriostrava.cz\/jesle\/wp-content\/uploads\/sites\/5\/2024\/09\/Jesle-Montessori-Ostrava-63-scaled-1-768x1024.jpg\" alt=\"Pozn\u00e1v\u00e1me p\u0159\u00edrodu\" class=\"wp-image-152\" srcset=\"https:\/\/www.montessoriostrava.cz\/jesle\/wp-content\/uploads\/sites\/5\/2024\/09\/Jesle-Montessori-Ostrava-63-scaled-1-768x1024.jpg 768w, https:\/\/www.montessoriostrava.cz\/jesle\/wp-content\/uploads\/sites\/5\/2024\/09\/Jesle-Montessori-Ostrava-63-scaled-1-225x300.jpg 225w, https:\/\/www.montessoriostrava.cz\/jesle\/wp-content\/uploads\/sites\/5\/2024\/09\/Jesle-Montessori-Ostrava-63-scaled-1-1152x1536.jpg 1152w, https:\/\/www.montessoriostrava.cz\/jesle\/wp-content\/uploads\/sites\/5\/2024\/09\/Jesle-Montessori-Ostrava-63-scaled-1-1536x2048.jpg 1536w, https:\/\/www.montessoriostrava.cz\/jesle\/wp-content\/uploads\/sites\/5\/2024\/09\/Jesle-Montessori-Ostrava-63-scaled-1.jpg 1920w\" sizes=\"auto, (max-width: 768px) 100vw, 768px\" \/><\/a><\/figure>\n<\/figure>\n","protected":false},"featured_media":152,"menu_order":0,"template":"","class_list":["post-332","photo_gallery","type-photo_gallery","status-publish","has-post-thumbnail","hentry"],"acf":[],"yoast_head":"<!-- This site is optimized with the Yoast SEO plugin v27.5 - https:\/\/yoast.com\/product\/yoast-seo-wordpress\/ -->\n<title>Pozn\u00e1v\u00e1me p\u0159\u00edrodu | Jesle Montessori Ostrava<\/title>\n<meta name=\"description\" content=\"Galerie Jesl\u00ed Montessori Ostrava. Pod\u00edvejte na nap\u0159. na akci Pozn\u00e1v\u00e1me p\u0159\u00edrodu.\" \/>\n<meta name=\"robots\" content=\"index, follow, max-snippet:-1, max-image-preview:large, max-video-preview:-1\" \/>\n<link rel=\"canonical\" href=\"https:\/\/www.montessoriostrava.cz\/jesle\/fotogalerie\/poznavame-prirodu\/\" \/>\n<meta property=\"og:locale\" content=\"cs_CZ\" \/>\n<meta property=\"og:type\" content=\"article\" \/>\n<meta property=\"og:title\" content=\"Pozn\u00e1v\u00e1me p\u0159\u00edrodu | Jesle Montessori Ostrava\" \/>\n<meta property=\"og:description\" content=\"Galerie Jesl\u00ed Montessori Ostrava. Pod\u00edvejte na nap\u0159. na akci Pozn\u00e1v\u00e1me p\u0159\u00edrodu.\" \/>\n<meta property=\"og:url\" content=\"https:\/\/www.montessoriostrava.cz\/jesle\/fotogalerie\/poznavame-prirodu\/\" \/>\n<meta property=\"og:site_name\" content=\"Jesle Montessori Ostrava\" \/>\n<meta property=\"article:modified_time\" content=\"2024-09-12T13:36:16+00:00\" \/>\n<meta property=\"og:image\" content=\"https:\/\/www.montessoriostrava.cz\/jesle\/wp-content\/uploads\/sites\/5\/2024\/09\/Jesle-Montessori-Ostrava-63-scaled-1.jpg\" \/>\n\t<meta property=\"og:image:width\" content=\"1920\" \/>\n\t<meta property=\"og:image:height\" content=\"2560\" \/>\n\t<meta property=\"og:image:type\" content=\"image\/jpeg\" \/>\n<meta name=\"twitter:card\" content=\"summary_large_image\" \/>\n<meta name=\"twitter:label1\" content=\"Odhadovan\u00e1 doba \u010dten\u00ed\" \/>\n\t<meta name=\"twitter:data1\" content=\"2 minuty\" \/>\n<script type=\"application\/ld+json\" class=\"yoast-schema-graph\">{\"@context\":\"https:\\\/\\\/schema.org\",\"@graph\":[{\"@type\":\"WebPage\",\"@id\":\"https:\\\/\\\/www.montessoriostrava.cz\\\/jesle\\\/fotogalerie\\\/poznavame-prirodu\\\/\",\"url\":\"https:\\\/\\\/www.montessoriostrava.cz\\\/jesle\\\/fotogalerie\\\/poznavame-prirodu\\\/\",\"name\":\"Pozn\u00e1v\u00e1me p\u0159\u00edrodu | Jesle Montessori Ostrava\",\"isPartOf\":{\"@id\":\"https:\\\/\\\/www.montessoriostrava.cz\\\/jesle\\\/#website\"},\"primaryImageOfPage\":{\"@id\":\"https:\\\/\\\/www.montessoriostrava.cz\\\/jesle\\\/fotogalerie\\\/poznavame-prirodu\\\/#primaryimage\"},\"image\":{\"@id\":\"https:\\\/\\\/www.montessoriostrava.cz\\\/jesle\\\/fotogalerie\\\/poznavame-prirodu\\\/#primaryimage\"},\"thumbnailUrl\":\"https:\\\/\\\/www.montessoriostrava.cz\\\/jesle\\\/wp-content\\\/uploads\\\/sites\\\/5\\\/2024\\\/09\\\/Jesle-Montessori-Ostrava-63-scaled-1.jpg\",\"datePublished\":\"2024-09-12T13:34:42+00:00\",\"dateModified\":\"2024-09-12T13:36:16+00:00\",\"description\":\"Galerie Jesl\u00ed Montessori Ostrava. Pod\u00edvejte na nap\u0159. na akci Pozn\u00e1v\u00e1me p\u0159\u00edrodu.\",\"breadcrumb\":{\"@id\":\"https:\\\/\\\/www.montessoriostrava.cz\\\/jesle\\\/fotogalerie\\\/poznavame-prirodu\\\/#breadcrumb\"},\"inLanguage\":\"cs\",\"potentialAction\":[{\"@type\":\"ReadAction\",\"target\":[\"https:\\\/\\\/www.montessoriostrava.cz\\\/jesle\\\/fotogalerie\\\/poznavame-prirodu\\\/\"]}]},{\"@type\":\"ImageObject\",\"inLanguage\":\"cs\",\"@id\":\"https:\\\/\\\/www.montessoriostrava.cz\\\/jesle\\\/fotogalerie\\\/poznavame-prirodu\\\/#primaryimage\",\"url\":\"https:\\\/\\\/www.montessoriostrava.cz\\\/jesle\\\/wp-content\\\/uploads\\\/sites\\\/5\\\/2024\\\/09\\\/Jesle-Montessori-Ostrava-63-scaled-1.jpg\",\"contentUrl\":\"https:\\\/\\\/www.montessoriostrava.cz\\\/jesle\\\/wp-content\\\/uploads\\\/sites\\\/5\\\/2024\\\/09\\\/Jesle-Montessori-Ostrava-63-scaled-1.jpg\",\"width\":1920,\"height\":2560},{\"@type\":\"BreadcrumbList\",\"@id\":\"https:\\\/\\\/www.montessoriostrava.cz\\\/jesle\\\/fotogalerie\\\/poznavame-prirodu\\\/#breadcrumb\",\"itemListElement\":[{\"@type\":\"ListItem\",\"position\":1,\"name\":\"Dom\u016f\",\"item\":\"https:\\\/\\\/www.montessoriostrava.cz\\\/jesle\\\/\"},{\"@type\":\"ListItem\",\"position\":2,\"name\":\"Fotogalerie\",\"item\":\"https:\\\/\\\/www.montessoriostrava.cz\\\/jesle\\\/fotogalerie\\\/\"},{\"@type\":\"ListItem\",\"position\":3,\"name\":\"Pozn\u00e1v\u00e1me p\u0159\u00edrodu\"}]},{\"@type\":\"WebSite\",\"@id\":\"https:\\\/\\\/www.montessoriostrava.cz\\\/jesle\\\/#website\",\"url\":\"https:\\\/\\\/www.montessoriostrava.cz\\\/jesle\\\/\",\"name\":\"Jesle Montessori Ostrava\",\"description\":\"\",\"publisher\":{\"@id\":\"https:\\\/\\\/www.montessoriostrava.cz\\\/jesle\\\/#organization\"},\"potentialAction\":[{\"@type\":\"SearchAction\",\"target\":{\"@type\":\"EntryPoint\",\"urlTemplate\":\"https:\\\/\\\/www.montessoriostrava.cz\\\/jesle\\\/?s={search_term_string}\"},\"query-input\":{\"@type\":\"PropertyValueSpecification\",\"valueRequired\":true,\"valueName\":\"search_term_string\"}}],\"inLanguage\":\"cs\"},{\"@type\":\"Organization\",\"@id\":\"https:\\\/\\\/www.montessoriostrava.cz\\\/jesle\\\/#organization\",\"name\":\"Montessori Ostrava\",\"url\":\"https:\\\/\\\/www.montessoriostrava.cz\\\/jesle\\\/\",\"logo\":{\"@type\":\"ImageObject\",\"inLanguage\":\"cs\",\"@id\":\"https:\\\/\\\/www.montessoriostrava.cz\\\/jesle\\\/#\\\/schema\\\/logo\\\/image\\\/\",\"url\":\"https:\\\/\\\/www.montessoriostrava.cz\\\/jesle\\\/wp-content\\\/uploads\\\/sites\\\/5\\\/2025\\\/01\\\/logo-montessori.png\",\"contentUrl\":\"https:\\\/\\\/www.montessoriostrava.cz\\\/jesle\\\/wp-content\\\/uploads\\\/sites\\\/5\\\/2025\\\/01\\\/logo-montessori.png\",\"width\":1794,\"height\":527,\"caption\":\"Montessori Ostrava\"},\"image\":{\"@id\":\"https:\\\/\\\/www.montessoriostrava.cz\\\/jesle\\\/#\\\/schema\\\/logo\\\/image\\\/\"}}]}<\/script>\n<!-- \/ Yoast SEO plugin. -->","yoast_head_json":{"title":"Pozn\u00e1v\u00e1me p\u0159\u00edrodu | Jesle Montessori Ostrava","description":"Galerie Jesl\u00ed Montessori Ostrava. Pod\u00edvejte na nap\u0159. na akci Pozn\u00e1v\u00e1me p\u0159\u00edrodu.","robots":{"index":"index","follow":"follow","max-snippet":"max-snippet:-1","max-image-preview":"max-image-preview:large","max-video-preview":"max-video-preview:-1"},"canonical":"https:\/\/www.montessoriostrava.cz\/jesle\/fotogalerie\/poznavame-prirodu\/","og_locale":"cs_CZ","og_type":"article","og_title":"Pozn\u00e1v\u00e1me p\u0159\u00edrodu | Jesle Montessori Ostrava","og_description":"Galerie Jesl\u00ed Montessori Ostrava. Pod\u00edvejte na nap\u0159. na akci Pozn\u00e1v\u00e1me p\u0159\u00edrodu.","og_url":"https:\/\/www.montessoriostrava.cz\/jesle\/fotogalerie\/poznavame-prirodu\/","og_site_name":"Jesle Montessori Ostrava","article_modified_time":"2024-09-12T13:36:16+00:00","og_image":[{"width":1920,"height":2560,"url":"https:\/\/www.montessoriostrava.cz\/jesle\/wp-content\/uploads\/sites\/5\/2024\/09\/Jesle-Montessori-Ostrava-63-scaled-1.jpg","type":"image\/jpeg"}],"twitter_card":"summary_large_image","twitter_misc":{"Odhadovan\u00e1 doba \u010dten\u00ed":"2 minuty"},"schema":{"@context":"https:\/\/schema.org","@graph":[{"@type":"WebPage","@id":"https:\/\/www.montessoriostrava.cz\/jesle\/fotogalerie\/poznavame-prirodu\/","url":"https:\/\/www.montessoriostrava.cz\/jesle\/fotogalerie\/poznavame-prirodu\/","name":"Pozn\u00e1v\u00e1me p\u0159\u00edrodu | Jesle Montessori Ostrava","isPartOf":{"@id":"https:\/\/www.montessoriostrava.cz\/jesle\/#website"},"primaryImageOfPage":{"@id":"https:\/\/www.montessoriostrava.cz\/jesle\/fotogalerie\/poznavame-prirodu\/#primaryimage"},"image":{"@id":"https:\/\/www.montessoriostrava.cz\/jesle\/fotogalerie\/poznavame-prirodu\/#primaryimage"},"thumbnailUrl":"https:\/\/www.montessoriostrava.cz\/jesle\/wp-content\/uploads\/sites\/5\/2024\/09\/Jesle-Montessori-Ostrava-63-scaled-1.jpg","datePublished":"2024-09-12T13:34:42+00:00","dateModified":"2024-09-12T13:36:16+00:00","description":"Galerie Jesl\u00ed Montessori Ostrava. Pod\u00edvejte na nap\u0159. na akci Pozn\u00e1v\u00e1me p\u0159\u00edrodu.","breadcrumb":{"@id":"https:\/\/www.montessoriostrava.cz\/jesle\/fotogalerie\/poznavame-prirodu\/#breadcrumb"},"inLanguage":"cs","potentialAction":[{"@type":"ReadAction","target":["https:\/\/www.montessoriostrava.cz\/jesle\/fotogalerie\/poznavame-prirodu\/"]}]},{"@type":"ImageObject","inLanguage":"cs","@id":"https:\/\/www.montessoriostrava.cz\/jesle\/fotogalerie\/poznavame-prirodu\/#primaryimage","url":"https:\/\/www.montessoriostrava.cz\/jesle\/wp-content\/uploads\/sites\/5\/2024\/09\/Jesle-Montessori-Ostrava-63-scaled-1.jpg","contentUrl":"https:\/\/www.montessoriostrava.cz\/jesle\/wp-content\/uploads\/sites\/5\/2024\/09\/Jesle-Montessori-Ostrava-63-scaled-1.jpg","width":1920,"height":2560},{"@type":"BreadcrumbList","@id":"https:\/\/www.montessoriostrava.cz\/jesle\/fotogalerie\/poznavame-prirodu\/#breadcrumb","itemListElement":[{"@type":"ListItem","position":1,"name":"Dom\u016f","item":"https:\/\/www.montessoriostrava.cz\/jesle\/"},{"@type":"ListItem","position":2,"name":"Fotogalerie","item":"https:\/\/www.montessoriostrava.cz\/jesle\/fotogalerie\/"},{"@type":"ListItem","position":3,"name":"Pozn\u00e1v\u00e1me p\u0159\u00edrodu"}]},{"@type":"WebSite","@id":"https:\/\/www.montessoriostrava.cz\/jesle\/#website","url":"https:\/\/www.montessoriostrava.cz\/jesle\/","name":"Jesle Montessori Ostrava","description":"","publisher":{"@id":"https:\/\/www.montessoriostrava.cz\/jesle\/#organization"},"potentialAction":[{"@type":"SearchAction","target":{"@type":"EntryPoint","urlTemplate":"https:\/\/www.montessoriostrava.cz\/jesle\/?s={search_term_string}"},"query-input":{"@type":"PropertyValueSpecification","valueRequired":true,"valueName":"search_term_string"}}],"inLanguage":"cs"},{"@type":"Organization","@id":"https:\/\/www.montessoriostrava.cz\/jesle\/#organization","name":"Montessori Ostrava","url":"https:\/\/www.montessoriostrava.cz\/jesle\/","logo":{"@type":"ImageObject","inLanguage":"cs","@id":"https:\/\/www.montessoriostrava.cz\/jesle\/#\/schema\/logo\/image\/","url":"https:\/\/www.montessoriostrava.cz\/jesle\/wp-content\/uploads\/sites\/5\/2025\/01\/logo-montessori.png","contentUrl":"https:\/\/www.montessoriostrava.cz\/jesle\/wp-content\/uploads\/sites\/5\/2025\/01\/logo-montessori.png","width":1794,"height":527,"caption":"Montessori Ostrava"},"image":{"@id":"https:\/\/www.montessoriostrava.cz\/jesle\/#\/schema\/logo\/image\/"}}]}},"_links":{"self":[{"href":"https:\/\/www.montessoriostrava.cz\/jesle\/wp-json\/wp\/v2\/photo_gallery\/332","targetHints":{"allow":["GET"]}}],"collection":[{"href":"https:\/\/www.montessoriostrava.cz\/jesle\/wp-json\/wp\/v2\/photo_gallery"}],"about":[{"href":"https:\/\/www.montessoriostrava.cz\/jesle\/wp-json\/wp\/v2\/types\/photo_gallery"}],"wp:featuredmedia":[{"embeddable":true,"href":"https:\/\/www.montessoriostrava.cz\/jesle\/wp-json\/wp\/v2\/media\/152"}],"wp:attachment":[{"href":"https:\/\/www.montessoriostrava.cz\/jesle\/wp-json\/wp\/v2\/media?parent=332"}],"curies":[{"name":"wp","href":"https:\/\/api.w.org\/{rel}","templated":true}]}}