{"id":115,"date":"2025-01-22T16:25:41","date_gmt":"2025-01-22T15:25:41","guid":{"rendered":"https:\/\/www.montessoriostrava.cz\/lyceum\/?page_id=115"},"modified":"2026-01-19T19:18:35","modified_gmt":"2026-01-19T18:18:35","slug":"kriteria-prijimacich-zkousek","status":"publish","type":"page","link":"https:\/\/www.montessoriostrava.cz\/lyceum\/kriteria-prijimacich-zkousek\/","title":{"rendered":"1. kolo p\u0159ij\u00edmac\u00edch zkou\u0161ek 2026, krit\u00e9ria"},"content":{"rendered":"\n<div class=\"wp-block-buttons is-content-justification-center is-layout-flex wp-container-core-buttons-is-layout-16018d1d wp-block-buttons-is-layout-flex\">\n<div class=\"wp-block-button\"><a class=\"wp-block-button__link wp-element-button\" href=\"https:\/\/drive.google.com\/file\/d\/1X5nlSVh-9pMgrAsxrUUg0QduyuI3dxFO\/view?usp=sharing\" target=\"_blank\" rel=\"noreferrer noopener\">St\u00e1hnout krit\u00e9ria p\u0159ij\u00edmac\u00edch zkou\u0161ek<\/a><\/div>\n<\/div>\n\n\n\n<h3 class=\"wp-block-heading\">Krit\u00e9ria pro obor vzd\u011bl\u00e1n\u00ed <a href=\"https:\/\/drive.google.com\/file\/d\/1GH6kZ1UPfLE1A-GWQSkF4YPwWd2pB4-d\/view?usp=share_link\">Kombinovan\u00e9 lyceum &#8211; 78-42-M\/06, forma denn\u00ed.<\/a><\/h3>\n\n\n\n<p>P\u0159edpokl\u00e1dan\u00fd po\u010det p\u0159ij\u00edman\u00fdch uchaze\u010d\u016f\u00a0do oboru vzd\u011bl\u00e1n\u00ed:\u00a0<strong><span style=\"text-decoration: underline;\">20\u00a0\u017e\u00e1k\u016f<\/span><\/strong><\/p>\n\n\n\n<p>\u0158editel \u0161koly vyhla\u0161uje n\u00e1sleduj\u00edc\u00ed krit\u00e9ria p\u0159ij\u00edmac\u00edho&nbsp;\u0159\u00edzen\u00ed:&nbsp;<\/p>\n\n\n\n<p>Uchaze\u010d&nbsp;m\u016f\u017ee v p\u0159ij\u00edmac\u00edch zkou\u0161k\u00e1ch z\u00edskat a\u017e&nbsp;<strong>166 bod<\/strong><strong>\u016f<\/strong>. Z toho&nbsp;<strong>100&nbsp;<\/strong>bod\u016f, tj. zhruba 60,24 %, tvo\u0159\u00ed&nbsp;<strong>jednotn\u00e1 p<\/strong><strong>\u0159<\/strong><strong>ij\u00edmac\u00ed zkou\u0161ka&nbsp;<\/strong>organizovan\u00e1 Cermatem. Jednotn\u00e1 p\u0159ij\u00edmac\u00ed zkou\u0161ka se kon\u00e1 v term\u00ednu 10. a 13. dubna 2026, n\u00e1hradn\u00ed term\u00edn se kon\u00e1 29. a 30. dubna 2026.&nbsp;<\/p>\n\n\n\n<ul class=\"wp-block-list\">\n<li>matematika &#8211; max. 50 bod\u016f<\/li>\n\n\n\n<li>\u010desk\u00fd jazyk &#8211; max. 50 bod\u016f<\/li>\n<\/ul>\n\n\n\n<p>Zbyl\u00fdch&nbsp;<strong>66&nbsp;<\/strong>bod\u016f&nbsp;tvo\u0159\u00ed&nbsp;<strong>\u0161koln\u00ed p<\/strong><strong>\u0159<\/strong><strong>ij\u00edmac\u00ed zkou\u0161ka<\/strong>, kter\u00e1 se kon\u00e1 v&nbsp;pond\u011bl\u00ed&nbsp;20. a ve st\u0159edu&nbsp;22. dubna 2026 a&nbsp;skl\u00e1d\u00e1 se z&nbsp;t\u011bchto&nbsp;\u010d\u00e1st\u00ed:<\/p>\n\n\n\n<ol style=\"list-style-type:lower-alpha\" class=\"wp-block-list\">\n<li><strong>0-26 bod<\/strong><strong>\u016f<\/strong><strong>&nbsp;z&nbsp;motiva<\/strong><strong>\u010d<\/strong><strong>n\u00edho videa,&nbsp;<\/strong>kter\u00e9 je hodnoceno dle krit\u00e9ri\u00ed uveden\u00fdch v&nbsp;p\u0159\u00edloze.&nbsp;<\/li>\n\n\n\n<li><strong>0-15 bod<\/strong><strong>\u016f<\/strong><strong>&nbsp;z&nbsp;<u>pohovoru<\/u><\/strong>, kter\u00fd bude trvat 10 minut u min. u 3\u010dlenn\u00e9&nbsp;komise jmenovan\u00e9&nbsp;\u0159editelem \u0161koly, ve kter\u00e9 zasedne i sou\u010dasn\u00fd student St\u0159edn\u00ed \u0161koly Montessori Lyceum Ostrava&nbsp;s&nbsp;c\u00edlem uleh\u010dit komunikaci s&nbsp;uchaze\u010dem.&nbsp;C\u00edlem bodovan\u00e9ho pohovoru je poskytnout uchaze\u010di mo\u017enost p\u0159edstavit svou osobnost, sv\u00e9 siln\u00e9 str\u00e1nky a motivaci ke studiu.<\/li>\n\n\n\n<li><strong>0-10 bod<\/strong><strong>\u016f z&nbsp;dolo\u017eiteln\u00fdch ocen\u011bn\u00ed<\/strong>, certifik\u00e1t\u016f, vlastn\u00edho portfolia a \u00fa\u010dast\u00ed z&nbsp;cel\u00e9 \u0159ady aktivit a ud\u00e1lost\u00ed v&nbsp;pr\u016fb\u011bhu dosavadn\u00edho vzd\u011bl\u00e1v\u00e1n\u00ed. (1 b za ka\u017edou d\u00edl\u010d\u00ed aktivitu.)<\/li>\n\n\n\n<li><strong>0-15 bod<\/strong><strong>\u016f<\/strong><strong>&nbsp;z&nbsp;aritmetick\u00e9ho pr<\/strong><strong>\u016f<\/strong><strong>m<\/strong><strong>\u011b<\/strong><strong>ru&nbsp;<u>vysv<\/u><\/strong><strong><u>\u011b<\/u><\/strong><strong><u>d<\/u><\/strong><strong><u>\u010d<\/u><\/strong><strong><u>en\u00ed<\/u><\/strong>&nbsp;z&nbsp;II. pololet\u00ed 8. t\u0159\u00eddy a I. pololet\u00ed 9. t\u0159\u00eddy Z\u0160 podle n\u00ed\u017ee uveden\u00e9 tabulky:<\/li>\n<\/ol>\n\n\n\n<figure class=\"wp-block-table has-medium-font-size\"><table class=\"has-fixed-layout\"><thead><tr><th>Pr\u016fm\u011br zn\u00e1mek II. pololet\u00ed 8. a I.pololet\u00ed 9. t\u0159\u00eddy<\/th><th>Po\u010det bod\u016f<\/th><\/tr><\/thead><tbody><tr><td><\/td><td><\/td><\/tr><tr><td>1,00 \u2013 1,09<\/td><td>15<\/td><\/tr><tr><td>1,10 \u2013 1,19<\/td><td>14<\/td><\/tr><tr><td>1,20 \u2013 1,29<\/td><td>13<\/td><\/tr><tr><td>1,30 \u2013 1,39<\/td><td>12<\/td><\/tr><tr><td>1,40 \u2013 1,49<\/td><td>11<\/td><\/tr><tr><td>1,50 \u2013 1,59<\/td><td>10<\/td><\/tr><tr><td>1,60 \u2013 1,79<\/td><td>8<\/td><\/tr><tr><td>1,80 \u2013 2,00<\/td><td>6<\/td><\/tr><tr><td>2,01 \u2013 2,29<\/td><td>4<\/td><\/tr><tr><td>2,30 \u2013 2,49<\/td><td>2<\/td><\/tr><tr><td>2,50 &gt;<\/td><td>0<\/td><\/tr><\/tbody><\/table><\/figure>\n\n\n\n<p>\u0160koln\u00ed&nbsp;\u010d\u00e1st p\u0159ij\u00edmac\u00edch zkou\u0161ek je t\u0159eba ch\u00e1pat jako snahu \u0161koly d\u00e1t uchaze\u010d\u016fm co mo\u017en\u00e1 nejv\u011bt\u0161\u00ed prostor, aby mohli prok\u00e1zat svou kvalitu, sv\u00e9 dovednosti, sv\u00e9 aktivity a z\u00e1jmy i dlouhodob\u00e9 v\u00fdsledky, co\u017e&nbsp;jednotn\u00e9 p\u0159ij\u00edmac\u00ed testy neumo\u017e\u0148uj\u00ed. Nejsou tedy dal\u0161\u00ed p\u0159ek\u00e1\u017ekou, ale naopak slu\u017ebou pro uchaze\u010de, snahou co nejv\u00edce spravedliv\u011b&nbsp;a komplexn\u011bzhodnotit dan\u00e9ho jednotlivce, jeho studijn\u00ed p\u0159edpoklady a jeho vnit\u0159n\u00ed motivaci se vzd\u011bl\u00e1vat.<\/p>\n\n\n\n<p><strong>Zp<\/strong><strong>\u016f<\/strong><strong>sob hodnocen\u00ed spln<\/strong><strong>\u011b<\/strong><strong>n\u00ed krit\u00e9ri\u00ed p<\/strong><strong>\u0159<\/strong><strong>ij\u00edmac\u00edho&nbsp;<\/strong><strong>\u0159<\/strong><strong>\u00edzen\u00ed a d\u00edl<\/strong><strong>\u010d<\/strong><strong>\u00ed krit\u00e9ria:<\/strong><strong><\/strong><\/p>\n\n\n\n<p>Bodov\u00e9 v\u00fdsledky dle uveden\u00fdch krit\u00e9ri\u00ed budou se\u010dteny a uchaze\u010di budou se\u0159azen\u00ed od&nbsp;nejvy\u0161\u0161\u00edho bodov\u00e9ho zisku (nejlep\u0161\u00ed) po nejni\u017e\u0161\u00ed sou\u010det (nejhor\u0161\u00ed).<\/p>\n\n\n\n<p>Pokud z\u00edskaj\u00ed uchaze\u010di stejn\u00fd celkov\u00fd po\u010det bod\u016f&nbsp;z p\u0159ij\u00edmac\u00edho&nbsp;\u0159\u00edzen\u00ed, jako pomocn\u00e9&nbsp;krit\u00e9rium rozhoduje po\u010det bod\u016f&nbsp;ze \u0161koln\u00ed p\u0159ij\u00edmac\u00ed zkou\u0161ky.&nbsp;<\/p>\n\n\n\n<p>V p\u0159\u00edpad\u011b,&nbsp;\u017ee je shodn\u00fd i ten, rozhoduje po\u010det bod\u016f&nbsp;z&nbsp;\u010de\u0161tiny v r\u00e1mci JPZ. Pokud maj\u00ed dva uchaze\u010di shodn\u00e9 v\u00fdsledky ve v\u0161ech t\u011bchto krit\u00e9ri\u00edch, dost\u00e1v\u00e1 p\u0159ednost uchaze\u010d, kter\u00fd uvedl vy\u0161\u0161\u00ed preferenci oboru v p\u0159ihl\u00e1\u0161ce. V p\u0159\u00edpad\u011b&nbsp;rovnosti i v tomto krit\u00e9riu rozhoduje los<em>.&nbsp;<\/em><\/p>\n\n\n\n<p><strong>Nezbytnou podm\u00ednkou pro p<\/strong><strong>\u0159<\/strong><strong>ijet\u00ed<\/strong>&nbsp;je spln\u011bn\u00ed hranice \u00fasp\u011b\u0161nosti&nbsp;(tzv. cut-off score)&nbsp;<strong><u>a to<\/u><\/strong><strong><u>&nbsp;50 bod<\/u><\/strong><strong><u>\u016f<\/u><\/strong>&nbsp;v r\u00e1mci cel\u00e9ho p\u0159ij\u00edmac\u00edho&nbsp;\u0159\u00edzen\u00ed.Pro ilustraci uv\u00e1d\u00edme vzorov\u00e9 situace:<\/p>\n\n\n\n<div class=\"wp-block-group\"><div class=\"wp-block-group__inner-container is-layout-constrained wp-block-group-is-layout-constrained\">\n<div class=\"wp-block-group\"><div class=\"wp-block-group__inner-container is-layout-constrained wp-block-group-is-layout-constrained\">\n<p><strong>Petr U\u010denliv\u00fd&nbsp;(Pravideln\u011b nav\u0161t\u011bvoval p\u0159\u00edpravn\u00e9 kurzy) z\u00edskal:<\/strong><br>40 bod\u016f&nbsp;z CERMAT testu z Matematiky, 45 bod\u016f&nbsp;z CERMAT testu z&nbsp;\u010cesk\u00e9ho jazyka a literatury , 55 bod\u016f ze \u0161koln\u00ed \u010d\u00e1sti, <strong>celkem 140b &#8211; splnil minim\u00e1ln\u00ed hranici \u00fasp\u011b\u0161nosti<\/strong><\/p>\n\n\n\n<p><strong>Jana Nerv\u00f3zn\u00ed (Nesedly ji CERMAT testy, jinak je velmi z\u00e1le\u017e\u00edv\u00e1.) z\u00edskala:<\/strong> <\/p>\n\n\n\n<p>8 bod\u016f&nbsp;z CERMAT testu z Matematiky, 12 bod\u016f&nbsp;z CERMAT testu z&nbsp;\u010cesk\u00e9ho jazyka a literatury, 37 bod\u016f ze \u0161koln\u00ed \u010d\u00e1sti, <strong>celkem 57b \u2013 splnila minim\u00e1ln\u00ed hranici \u00fasp\u011b\u0161nosti.<\/strong><\/p>\n<\/div><\/div>\n<\/div><\/div>\n\n\n\n<p><strong>Karel Lhostejn\u00fd (Posledn\u00ed dva roky se o vzd\u011bl\u00e1v\u00e1n\u00ed nezaj\u00edm\u00e1) z\u00edskal:<\/strong><\/p>\n\n\n\n<p>10 bod\u016f&nbsp;z CERMAT testu z Matematiky, 14 bod\u016f&nbsp;z CERMAT testu z&nbsp;\u010cesk\u00e9ho jazyka a literatury, 20 bod\u016f ze \u0161koln\u00ed \u010d\u00e1sti, <strong>celkem 44b <\/strong>\u2013&nbsp;<strong><u>nesplnil minim\u00e1ln\u00ed hranici \u00fasp\u011b\u0161nosti.<\/u><\/strong><\/p>\n","protected":false},"excerpt":{"rendered":"<p>Krit\u00e9ria pro obor vzd\u011bl\u00e1n\u00ed Kombinovan\u00e9 lyceum &#8211; 78-42-M\/06, forma denn\u00ed. P\u0159edpokl\u00e1dan\u00fd po\u010det p\u0159ij\u00edman\u00fdch uchaze\u010d\u016f\u00a0do oboru vzd\u011bl\u00e1n\u00ed:\u00a020\u00a0\u017e\u00e1k\u016f \u0158editel \u0161koly vyhla\u0161uje n\u00e1sleduj\u00edc\u00ed krit\u00e9ria p\u0159ij\u00edmac\u00edho&nbsp;\u0159\u00edzen\u00ed:&nbsp; Uchaze\u010d&nbsp;m\u016f\u017ee v p\u0159ij\u00edmac\u00edch zkou\u0161k\u00e1ch z\u00edskat a\u017e&nbsp;166 bod\u016f. Z toho&nbsp;100&nbsp;bod\u016f, tj. zhruba 60,24 %, tvo\u0159\u00ed&nbsp;jednotn\u00e1 p\u0159ij\u00edmac\u00ed zkou\u0161ka&nbsp;organizovan\u00e1 Cermatem. Jednotn\u00e1 p\u0159ij\u00edmac\u00ed zkou\u0161ka se kon\u00e1 v term\u00ednu 10. a 13. dubna 2026, n\u00e1hradn\u00ed term\u00edn se kon\u00e1 [&hellip;]<\/p>\n","protected":false},"author":1,"featured_media":0,"parent":0,"menu_order":0,"comment_status":"closed","ping_status":"closed","template":"","meta":{"footnotes":""},"class_list":["post-115","page","type-page","status-publish","hentry"],"acf":[],"yoast_head":"<!-- This site is optimized with the Yoast SEO plugin v27.5 - https:\/\/yoast.com\/product\/yoast-seo-wordpress\/ -->\n<title>1. kolo p\u0159ij\u00edmac\u00edch zkou\u0161ek 2026, krit\u00e9ria | Lyceum Montessori Ostrava<\/title>\n<meta name=\"description\" content=\"St\u00e1hn\u011bte si krit\u00e9ria p\u0159ij\u00edmac\u00edch zkou\u0161ek na ostravsk\u00e9 Montessori lyceum.\" \/>\n<meta name=\"robots\" content=\"index, follow, max-snippet:-1, max-image-preview:large, max-video-preview:-1\" \/>\n<link rel=\"canonical\" href=\"https:\/\/www.montessoriostrava.cz\/lyceum\/kriteria-prijimacich-zkousek\/\" \/>\n<meta property=\"og:locale\" content=\"cs_CZ\" \/>\n<meta property=\"og:type\" content=\"article\" \/>\n<meta property=\"og:title\" content=\"1. kolo p\u0159ij\u00edmac\u00edch zkou\u0161ek 2026, krit\u00e9ria | Lyceum Montessori Ostrava\" \/>\n<meta property=\"og:description\" content=\"St\u00e1hn\u011bte si krit\u00e9ria p\u0159ij\u00edmac\u00edch zkou\u0161ek na ostravsk\u00e9 Montessori lyceum.\" \/>\n<meta property=\"og:url\" content=\"https:\/\/www.montessoriostrava.cz\/lyceum\/kriteria-prijimacich-zkousek\/\" \/>\n<meta property=\"og:site_name\" content=\"Lyceum Montessori Ostrava\" \/>\n<meta property=\"article:modified_time\" content=\"2026-01-19T18:18:35+00:00\" \/>\n<meta property=\"og:image\" content=\"https:\/\/www.montessoriostrava.cz\/lyceum\/wp-content\/uploads\/sites\/6\/2024\/09\/24d1d4840b2b8b0cfd188af16b4db2cc-e1738758227736.jpeg\" \/>\n\t<meta property=\"og:image:width\" content=\"363\" \/>\n\t<meta property=\"og:image:height\" content=\"374\" \/>\n\t<meta property=\"og:image:type\" content=\"image\/jpeg\" \/>\n<meta name=\"twitter:card\" content=\"summary_large_image\" \/>\n<meta name=\"twitter:label1\" content=\"Odhadovan\u00e1 doba \u010dten\u00ed\" \/>\n\t<meta name=\"twitter:data1\" content=\"4 minuty\" \/>\n<script type=\"application\/ld+json\" class=\"yoast-schema-graph\">{\"@context\":\"https:\\\/\\\/schema.org\",\"@graph\":[{\"@type\":\"WebPage\",\"@id\":\"https:\\\/\\\/www.montessoriostrava.cz\\\/lyceum\\\/kriteria-prijimacich-zkousek\\\/\",\"url\":\"https:\\\/\\\/www.montessoriostrava.cz\\\/lyceum\\\/kriteria-prijimacich-zkousek\\\/\",\"name\":\"1. kolo p\u0159ij\u00edmac\u00edch zkou\u0161ek 2026, krit\u00e9ria | Lyceum Montessori Ostrava\",\"isPartOf\":{\"@id\":\"https:\\\/\\\/www.montessoriostrava.cz\\\/lyceum\\\/#website\"},\"datePublished\":\"2025-01-22T15:25:41+00:00\",\"dateModified\":\"2026-01-19T18:18:35+00:00\",\"description\":\"St\u00e1hn\u011bte si krit\u00e9ria p\u0159ij\u00edmac\u00edch zkou\u0161ek na ostravsk\u00e9 Montessori lyceum.\",\"breadcrumb\":{\"@id\":\"https:\\\/\\\/www.montessoriostrava.cz\\\/lyceum\\\/kriteria-prijimacich-zkousek\\\/#breadcrumb\"},\"inLanguage\":\"cs\",\"potentialAction\":[{\"@type\":\"ReadAction\",\"target\":[\"https:\\\/\\\/www.montessoriostrava.cz\\\/lyceum\\\/kriteria-prijimacich-zkousek\\\/\"]}]},{\"@type\":\"BreadcrumbList\",\"@id\":\"https:\\\/\\\/www.montessoriostrava.cz\\\/lyceum\\\/kriteria-prijimacich-zkousek\\\/#breadcrumb\",\"itemListElement\":[{\"@type\":\"ListItem\",\"position\":1,\"name\":\"Dom\u016f\",\"item\":\"https:\\\/\\\/www.montessoriostrava.cz\\\/lyceum\\\/\"},{\"@type\":\"ListItem\",\"position\":2,\"name\":\"1. kolo p\u0159ij\u00edmac\u00edch zkou\u0161ek 2026, krit\u00e9ria\"}]},{\"@type\":\"WebSite\",\"@id\":\"https:\\\/\\\/www.montessoriostrava.cz\\\/lyceum\\\/#website\",\"url\":\"https:\\\/\\\/www.montessoriostrava.cz\\\/lyceum\\\/\",\"name\":\"Lyceum Montessori Ostrava\",\"description\":\"\",\"publisher\":{\"@id\":\"https:\\\/\\\/www.montessoriostrava.cz\\\/lyceum\\\/#organization\"},\"potentialAction\":[{\"@type\":\"SearchAction\",\"target\":{\"@type\":\"EntryPoint\",\"urlTemplate\":\"https:\\\/\\\/www.montessoriostrava.cz\\\/lyceum\\\/?s={search_term_string}\"},\"query-input\":{\"@type\":\"PropertyValueSpecification\",\"valueRequired\":true,\"valueName\":\"search_term_string\"}}],\"inLanguage\":\"cs\"},{\"@type\":\"Organization\",\"@id\":\"https:\\\/\\\/www.montessoriostrava.cz\\\/lyceum\\\/#organization\",\"name\":\"Montessori Ostrava\",\"url\":\"https:\\\/\\\/www.montessoriostrava.cz\\\/lyceum\\\/\",\"logo\":{\"@type\":\"ImageObject\",\"inLanguage\":\"cs\",\"@id\":\"https:\\\/\\\/www.montessoriostrava.cz\\\/lyceum\\\/#\\\/schema\\\/logo\\\/image\\\/\",\"url\":\"https:\\\/\\\/www.montessoriostrava.cz\\\/lyceum\\\/wp-content\\\/uploads\\\/sites\\\/6\\\/2025\\\/01\\\/logo-montessori.png\",\"contentUrl\":\"https:\\\/\\\/www.montessoriostrava.cz\\\/lyceum\\\/wp-content\\\/uploads\\\/sites\\\/6\\\/2025\\\/01\\\/logo-montessori.png\",\"width\":1794,\"height\":527,\"caption\":\"Montessori Ostrava\"},\"image\":{\"@id\":\"https:\\\/\\\/www.montessoriostrava.cz\\\/lyceum\\\/#\\\/schema\\\/logo\\\/image\\\/\"}}]}<\/script>\n<!-- \/ Yoast SEO plugin. -->","yoast_head_json":{"title":"1. kolo p\u0159ij\u00edmac\u00edch zkou\u0161ek 2026, krit\u00e9ria | Lyceum Montessori Ostrava","description":"St\u00e1hn\u011bte si krit\u00e9ria p\u0159ij\u00edmac\u00edch zkou\u0161ek na ostravsk\u00e9 Montessori lyceum.","robots":{"index":"index","follow":"follow","max-snippet":"max-snippet:-1","max-image-preview":"max-image-preview:large","max-video-preview":"max-video-preview:-1"},"canonical":"https:\/\/www.montessoriostrava.cz\/lyceum\/kriteria-prijimacich-zkousek\/","og_locale":"cs_CZ","og_type":"article","og_title":"1. kolo p\u0159ij\u00edmac\u00edch zkou\u0161ek 2026, krit\u00e9ria | Lyceum Montessori Ostrava","og_description":"St\u00e1hn\u011bte si krit\u00e9ria p\u0159ij\u00edmac\u00edch zkou\u0161ek na ostravsk\u00e9 Montessori lyceum.","og_url":"https:\/\/www.montessoriostrava.cz\/lyceum\/kriteria-prijimacich-zkousek\/","og_site_name":"Lyceum Montessori Ostrava","article_modified_time":"2026-01-19T18:18:35+00:00","og_image":[{"width":363,"height":374,"url":"https:\/\/www.montessoriostrava.cz\/lyceum\/wp-content\/uploads\/sites\/6\/2024\/09\/24d1d4840b2b8b0cfd188af16b4db2cc-e1738758227736.jpeg","type":"image\/jpeg"}],"twitter_card":"summary_large_image","twitter_misc":{"Odhadovan\u00e1 doba \u010dten\u00ed":"4 minuty"},"schema":{"@context":"https:\/\/schema.org","@graph":[{"@type":"WebPage","@id":"https:\/\/www.montessoriostrava.cz\/lyceum\/kriteria-prijimacich-zkousek\/","url":"https:\/\/www.montessoriostrava.cz\/lyceum\/kriteria-prijimacich-zkousek\/","name":"1. kolo p\u0159ij\u00edmac\u00edch zkou\u0161ek 2026, krit\u00e9ria | Lyceum Montessori Ostrava","isPartOf":{"@id":"https:\/\/www.montessoriostrava.cz\/lyceum\/#website"},"datePublished":"2025-01-22T15:25:41+00:00","dateModified":"2026-01-19T18:18:35+00:00","description":"St\u00e1hn\u011bte si krit\u00e9ria p\u0159ij\u00edmac\u00edch zkou\u0161ek na ostravsk\u00e9 Montessori lyceum.","breadcrumb":{"@id":"https:\/\/www.montessoriostrava.cz\/lyceum\/kriteria-prijimacich-zkousek\/#breadcrumb"},"inLanguage":"cs","potentialAction":[{"@type":"ReadAction","target":["https:\/\/www.montessoriostrava.cz\/lyceum\/kriteria-prijimacich-zkousek\/"]}]},{"@type":"BreadcrumbList","@id":"https:\/\/www.montessoriostrava.cz\/lyceum\/kriteria-prijimacich-zkousek\/#breadcrumb","itemListElement":[{"@type":"ListItem","position":1,"name":"Dom\u016f","item":"https:\/\/www.montessoriostrava.cz\/lyceum\/"},{"@type":"ListItem","position":2,"name":"1. kolo p\u0159ij\u00edmac\u00edch zkou\u0161ek 2026, krit\u00e9ria"}]},{"@type":"WebSite","@id":"https:\/\/www.montessoriostrava.cz\/lyceum\/#website","url":"https:\/\/www.montessoriostrava.cz\/lyceum\/","name":"Lyceum Montessori Ostrava","description":"","publisher":{"@id":"https:\/\/www.montessoriostrava.cz\/lyceum\/#organization"},"potentialAction":[{"@type":"SearchAction","target":{"@type":"EntryPoint","urlTemplate":"https:\/\/www.montessoriostrava.cz\/lyceum\/?s={search_term_string}"},"query-input":{"@type":"PropertyValueSpecification","valueRequired":true,"valueName":"search_term_string"}}],"inLanguage":"cs"},{"@type":"Organization","@id":"https:\/\/www.montessoriostrava.cz\/lyceum\/#organization","name":"Montessori Ostrava","url":"https:\/\/www.montessoriostrava.cz\/lyceum\/","logo":{"@type":"ImageObject","inLanguage":"cs","@id":"https:\/\/www.montessoriostrava.cz\/lyceum\/#\/schema\/logo\/image\/","url":"https:\/\/www.montessoriostrava.cz\/lyceum\/wp-content\/uploads\/sites\/6\/2025\/01\/logo-montessori.png","contentUrl":"https:\/\/www.montessoriostrava.cz\/lyceum\/wp-content\/uploads\/sites\/6\/2025\/01\/logo-montessori.png","width":1794,"height":527,"caption":"Montessori Ostrava"},"image":{"@id":"https:\/\/www.montessoriostrava.cz\/lyceum\/#\/schema\/logo\/image\/"}}]}},"_links":{"self":[{"href":"https:\/\/www.montessoriostrava.cz\/lyceum\/wp-json\/wp\/v2\/pages\/115","targetHints":{"allow":["GET"]}}],"collection":[{"href":"https:\/\/www.montessoriostrava.cz\/lyceum\/wp-json\/wp\/v2\/pages"}],"about":[{"href":"https:\/\/www.montessoriostrava.cz\/lyceum\/wp-json\/wp\/v2\/types\/page"}],"author":[{"embeddable":true,"href":"https:\/\/www.montessoriostrava.cz\/lyceum\/wp-json\/wp\/v2\/users\/1"}],"replies":[{"embeddable":true,"href":"https:\/\/www.montessoriostrava.cz\/lyceum\/wp-json\/wp\/v2\/comments?post=115"}],"version-history":[{"count":30,"href":"https:\/\/www.montessoriostrava.cz\/lyceum\/wp-json\/wp\/v2\/pages\/115\/revisions"}],"predecessor-version":[{"id":598,"href":"https:\/\/www.montessoriostrava.cz\/lyceum\/wp-json\/wp\/v2\/pages\/115\/revisions\/598"}],"wp:attachment":[{"href":"https:\/\/www.montessoriostrava.cz\/lyceum\/wp-json\/wp\/v2\/media?parent=115"}],"curies":[{"name":"wp","href":"https:\/\/api.w.org\/{rel}","templated":true}]}}