{"id":190,"date":"2025-02-07T10:36:22","date_gmt":"2025-02-07T09:36:22","guid":{"rendered":"https:\/\/www.montessoriostrava.cz\/lyceum\/?page_id=190"},"modified":"2025-11-17T19:33:34","modified_gmt":"2025-11-17T18:33:34","slug":"o-nas","status":"publish","type":"page","link":"https:\/\/www.montessoriostrava.cz\/lyceum\/o-nas\/","title":{"rendered":"O n\u00e1s"},"content":{"rendered":"\n<p><a href=\"https:\/\/www.montessoriostrava.cz\/lyceum\/wp-content\/uploads\/sites\/6\/2025\/11\/Lyceum-112025.pdf\">PROJD\u011aTE SI NA\u0160I PREZENTACI<\/a><\/p>\n\n\n\n<div class=\"wp-block-columns is-layout-flex wp-container-core-columns-is-layout-9d6595d7 wp-block-columns-is-layout-flex\">\n<div class=\"wp-block-column is-layout-flow wp-block-column-is-layout-flow\" style=\"flex-basis:66.66%\">\n<p>Montessori lyceum Ostrava je sou\u010d\u00e1st\u00ed na\u0161\u00ed vize vytvo\u0159it propojenou s\u00ed\u0165 Montessori \u0161kol, kter\u00e1 bude prov\u00e1zet d\u011bti od jesl\u00ed a\u017e po st\u0159edn\u00ed vzd\u011bl\u00e1n\u00ed. V\u011b\u0159\u00edme, \u017ee vzd\u011bl\u00e1v\u00e1n\u00ed ve 21. stolet\u00ed by m\u011blo d\u011btem poskytnout nejen znalosti, ale hlavn\u011b schopnost u\u010dit se, p\u0159em\u00fd\u0161let v souvislostech a objevovat radost z pozn\u00e1v\u00e1n\u00ed.<\/p>\n\n\n\n<p>V oblasti vzd\u011bl\u00e1v\u00e1n\u00ed p\u016fsob\u00edme ji\u017e 30 let a za tuto dobu jsme nasb\u00edrali cenn\u00e9 zku\u0161enosti, kter\u00e9 n\u00e1m pom\u00e1haj\u00ed vytv\u00e1\u0159et inspirativn\u00ed a podn\u011bt\u00e9 prost\u0159ed\u00ed pro r\u016fznorod\u00e9 pot\u0159eby ka\u017ed\u00e9ho d\u00edt\u011bte. V na\u0161\u00ed \u0161kole d\u011bti nevedeme pouze k v\u00fdsledk\u016fm, ale p\u0159edev\u0161\u00edm k chuti vzd\u011bl\u00e1vat se po cel\u00fd \u017eivot. Podporujeme jejich p\u0159irozenou zv\u011bdavost, samostatnost i schopnost spolupr\u00e1ce.<\/p>\n\n\n\n<p>Na\u0161\u00edm c\u00edlem je p\u0159ipravit mlad\u00e9 lidi na sv\u011bt, kter\u00fd se neust\u00e1le m\u011bn\u00ed, a vybavit je dovednostmi, kter\u00e9 jim umo\u017en\u00ed usp\u011bt v jak\u00e9koli oblasti, kterou si zvol\u00ed. Montessori principy u\u010den\u00ed v kombinaci s modern\u00edmi vzd\u011bl\u00e1vac\u00edmi metodami d\u00e1vaj\u00ed d\u011btem svobodu a zodpov\u011bdnost za vlastn\u00ed rozvoj.<\/p>\n<\/div>\n\n\n\n<div class=\"wp-block-column is-layout-flow wp-block-column-is-layout-flow\" style=\"flex-basis:33.33%\"><div class=\"wp-block-image\">\n<figure data-wp-context=\"{&quot;imageId&quot;:&quot;69f435b3ef9f7&quot;}\" data-wp-interactive=\"core\/image\" data-wp-key=\"69f435b3ef9f7\" class=\"aligncenter size-full wp-lightbox-container\"><img loading=\"lazy\" decoding=\"async\" width=\"945\" height=\"945\" data-wp-class--hide=\"state.isContentHidden\" data-wp-class--show=\"state.isContentVisible\" data-wp-init=\"callbacks.setButtonStyles\" data-wp-on--click=\"actions.showLightbox\" data-wp-on--load=\"callbacks.setButtonStyles\" data-wp-on-window--resize=\"callbacks.setButtonStyles\" src=\"https:\/\/www.montessoriostrava.cz\/lyceum\/wp-content\/uploads\/sites\/6\/2025\/02\/Logo_Montessori_2025I-1.jpg\" alt=\"O n\u00e1s\" class=\"wp-image-312\" srcset=\"https:\/\/www.montessoriostrava.cz\/lyceum\/wp-content\/uploads\/sites\/6\/2025\/02\/Logo_Montessori_2025I-1.jpg 945w, https:\/\/www.montessoriostrava.cz\/lyceum\/wp-content\/uploads\/sites\/6\/2025\/02\/Logo_Montessori_2025I-1-300x300.jpg 300w, https:\/\/www.montessoriostrava.cz\/lyceum\/wp-content\/uploads\/sites\/6\/2025\/02\/Logo_Montessori_2025I-1-150x150.jpg 150w, https:\/\/www.montessoriostrava.cz\/lyceum\/wp-content\/uploads\/sites\/6\/2025\/02\/Logo_Montessori_2025I-1-768x768.jpg 768w\" sizes=\"auto, (max-width: 945px) 100vw, 945px\" \/><button\n\t\t\tclass=\"lightbox-trigger\"\n\t\t\ttype=\"button\"\n\t\t\taria-haspopup=\"dialog\"\n\t\t\taria-label=\"Zv\u011bt\u0161it\"\n\t\t\tdata-wp-init=\"callbacks.initTriggerButton\"\n\t\t\tdata-wp-on--click=\"actions.showLightbox\"\n\t\t\tdata-wp-style--right=\"state.imageButtonRight\"\n\t\t\tdata-wp-style--top=\"state.imageButtonTop\"\n\t\t>\n\t\t\t<svg xmlns=\"http:\/\/www.w3.org\/2000\/svg\" width=\"12\" height=\"12\" fill=\"none\" viewBox=\"0 0 12 12\">\n\t\t\t\t<path fill=\"#fff\" d=\"M2 0a2 2 0 0 0-2 2v2h1.5V2a.5.5 0 0 1 .5-.5h2V0H2Zm2 10.5H2a.5.5 0 0 1-.5-.5V8H0v2a2 2 0 0 0 2 2h2v-1.5ZM8 12v-1.5h2a.5.5 0 0 0 .5-.5V8H12v2a2 2 0 0 1-2 2H8Zm2-12a2 2 0 0 1 2 2v2h-1.5V2a.5.5 0 0 0-.5-.5H8V0h2Z\" \/>\n\t\t\t<\/svg>\n\t\t<\/button><\/figure>\n<\/div><\/div>\n<\/div>\n\n\n\n<h3 class=\"wp-block-heading\">Posl\u00e1n\u00ed<\/h3>\n\n\n\n<ul class=\"wp-block-list\">\n<li>Posl\u00e1n\u00edm Montessori Ostrava \u0161kol je vzbudit v&nbsp;ka\u017ed\u00e9m \u017e\u00e1kovi celo\u017eivotn\u00ed l\u00e1sku k&nbsp;u\u010den\u00ed. Poskytovat smyslupln\u00e9 z\u00e1\u017eitky, kter\u00e9 pln\u011b zapoj\u00ed mladou mysl do \u00fasil\u00ed o akademickou dokonalost, samostatnost a odhodl\u00e1n\u00ed p\u0159isp\u00edvat k&nbsp;na\u0161emu rychle se m\u011bn\u00edc\u00edmu spole\u010denstvu a sv\u011btu.<\/li>\n\n\n\n<li>Poskytovat vzd\u011bl\u00e1vac\u00ed z\u00e1\u017eitek, kter\u00fd posiluje d\u011btskou mysl, soci\u00e1ln\u00ed dovednosti a sebev\u011bdom\u00ed.&nbsp;V\u011b\u0159\u00edme v s\u00edlu a potenci\u00e1l ka\u017ed\u00e9ho d\u00edt\u011bte a na\u0161\u00edm posl\u00e1n\u00edm je zajistit, aby prosp\u00edvalo.&nbsp;Kdy\u017e d\u011bti pochop\u00ed, jak se u\u010dit, stanou se nez\u00e1visl\u00fdmi a samostatn\u00fdmi.<\/li>\n\n\n\n<li>Z\u00e1kladn\u00edmi hodnotami je poskytov\u00e1n\u00ed kvalitn\u00edho modern\u00edho vzd\u011bl\u00e1v\u00e1n\u00ed, profesionalita u\u010ditel\u016f, jejich individu\u00e1ln\u00ed p\u0159\u00edstup k&nbsp;\u017e\u00e1k\u016fm a respektuj\u00edc\u00ed p\u0159\u00edstup.<\/li>\n<\/ul>\n\n\n\n<h3 class=\"wp-block-heading\">Vize:<\/h3>\n\n\n\n<ul class=\"wp-block-list\">\n<li>\u201eB\u00ddT ORGANICKOU U\u010c\u00cdC\u00cd A Z\u00c1ROVE\u0147 U\u010c\u00cdC\u00cd SE SKUPINOU \u0160KOL S&nbsp;KO\u0158ENY V&nbsp;MONTESSORI FILOZOFII A \u0160KOLOU RESPEKTUJ\u00cdC\u00cd GLOB\u00c1LN\u00cd V\u00ddVOJ SV\u011aTA, \u0160KOLOU, KTER\u00c1 JE PRO SV\u00c9 SYSTEMATICK\u00c9 A MODERN\u00cd SM\u011a\u0158OV\u00c1N\u00cd KE KVALIT\u011a VE VZD\u011aL\u00c1V\u00c1N\u00cd RESPEKTOV\u00c1NA A Z\u00c1ROVE\u0147 P\u0158ITA\u017dLIV\u00c1, JAK PRO SV\u00c9 \u017d\u00c1KY A JEJICH RODI\u010cE, TAK PRO SV\u00c9 SPOLUPRACOVN\u00cdKY.\u201c<\/li>\n\n\n\n<li>S glob\u00e1ln\u00ed prom\u011bnou sv\u011bta m\u011bn\u00edme tv\u00e1\u0159 tradi\u010dn\u00edho vzd\u011bl\u00e1v\u00e1n\u00ed. Vzd\u011bl\u00e1v\u00e1n\u00ed je p\u0159\u00edprava na \u017eivot!<\/li>\n\n\n\n<li>Rozhoduj\u00edc\u00edm faktorem pro vytv\u00e1\u0159en\u00ed efektivn\u00ed \u201eu\u010d\u00edc\u00ed a u\u010d\u00edc\u00ed se \u0161koly\u201c jsou lid\u00e9, kte\u0159\u00ed jsou nejcenn\u011bj\u0161\u00edm kapit\u00e1lem, kter\u00e9 \u0161kola m\u00e1. U\u010d\u00edc\u00ed se organizace (Learning Organization) jsou dynamick\u00fdm syst\u00e9mem, kter\u00fd funguje na z\u00e1klad\u011b adaptace a zlep\u0161ov\u00e1n\u00ed organizace jako celku. V takov\u00e9 organizaci \u2013 \u0161kole lid\u00e9 zlep\u0161uj\u00ed sv\u00e9 schopnosti dosahovat po\u017eadovan\u00fdch v\u00fdsledk\u016f, u\u010d\u00ed se, jak se u\u010dit spole\u010dn\u011b s ostatn\u00edmi. U\u010d\u00edc\u00ed se \u0161kola se vyzna\u010duje syst\u00e9mov\u00fdm my\u0161len\u00edm, kulturou organizace, nad\u0161en\u00edm kvalitn\u00edch zam\u011bstnanc\u016f, pozitivn\u00edm a profesion\u00e1ln\u00edm p\u0159\u00edstupem a je z\u00e1rukou napln\u011bn\u00ed vize \u0161koly.<\/li>\n<\/ul>\n\n\n\n<p><strong>&nbsp;Radan J\u00fcnger, zakladatel Montessori Ostrava<\/strong><\/p>\n","protected":false},"excerpt":{"rendered":"<p>PROJD\u011aTE SI NA\u0160I PREZENTACI Montessori lyceum Ostrava je sou\u010d\u00e1st\u00ed na\u0161\u00ed vize vytvo\u0159it propojenou s\u00ed\u0165 Montessori \u0161kol, kter\u00e1 bude prov\u00e1zet d\u011bti od jesl\u00ed a\u017e po st\u0159edn\u00ed vzd\u011bl\u00e1n\u00ed. V\u011b\u0159\u00edme, \u017ee vzd\u011bl\u00e1v\u00e1n\u00ed ve 21. stolet\u00ed by m\u011blo d\u011btem poskytnout nejen znalosti, ale hlavn\u011b schopnost u\u010dit se, p\u0159em\u00fd\u0161let v souvislostech a objevovat radost z pozn\u00e1v\u00e1n\u00ed. V oblasti vzd\u011bl\u00e1v\u00e1n\u00ed p\u016fsob\u00edme [&hellip;]<\/p>\n","protected":false},"author":1,"featured_media":0,"parent":0,"menu_order":0,"comment_status":"closed","ping_status":"closed","template":"","meta":{"footnotes":""},"class_list":["post-190","page","type-page","status-publish","hentry"],"acf":[],"yoast_head":"<!-- This site is optimized with the Yoast SEO plugin v27.5 - https:\/\/yoast.com\/product\/yoast-seo-wordpress\/ -->\n<title>O n\u00e1s | Lyceum Montessori Ostrava<\/title>\n<meta name=\"robots\" content=\"index, follow, max-snippet:-1, max-image-preview:large, max-video-preview:-1\" \/>\n<link rel=\"canonical\" href=\"https:\/\/www.montessoriostrava.cz\/lyceum\/o-nas\/\" \/>\n<meta property=\"og:locale\" content=\"cs_CZ\" \/>\n<meta property=\"og:type\" content=\"article\" \/>\n<meta property=\"og:title\" content=\"O n\u00e1s | Lyceum Montessori Ostrava\" \/>\n<meta property=\"og:description\" content=\"PROJD\u011aTE SI NA\u0160I PREZENTACI Montessori lyceum Ostrava je sou\u010d\u00e1st\u00ed na\u0161\u00ed vize vytvo\u0159it propojenou s\u00ed\u0165 Montessori \u0161kol, kter\u00e1 bude prov\u00e1zet d\u011bti od jesl\u00ed a\u017e po st\u0159edn\u00ed vzd\u011bl\u00e1n\u00ed. V\u011b\u0159\u00edme, \u017ee vzd\u011bl\u00e1v\u00e1n\u00ed ve 21. stolet\u00ed by m\u011blo d\u011btem poskytnout nejen znalosti, ale hlavn\u011b schopnost u\u010dit se, p\u0159em\u00fd\u0161let v souvislostech a objevovat radost z pozn\u00e1v\u00e1n\u00ed. V oblasti vzd\u011bl\u00e1v\u00e1n\u00ed p\u016fsob\u00edme [&hellip;]\" \/>\n<meta property=\"og:url\" content=\"https:\/\/www.montessoriostrava.cz\/lyceum\/o-nas\/\" \/>\n<meta property=\"og:site_name\" content=\"Lyceum Montessori Ostrava\" \/>\n<meta property=\"article:modified_time\" content=\"2025-11-17T18:33:34+00:00\" \/>\n<meta property=\"og:image\" content=\"https:\/\/www.montessoriostrava.cz\/lyceum\/wp-content\/uploads\/sites\/6\/2025\/02\/Logo_Montessori_2025I-1.jpg\" \/>\n\t<meta property=\"og:image:width\" content=\"945\" \/>\n\t<meta property=\"og:image:height\" content=\"945\" \/>\n\t<meta property=\"og:image:type\" content=\"image\/jpeg\" \/>\n<meta name=\"twitter:card\" content=\"summary_large_image\" \/>\n<meta name=\"twitter:label1\" content=\"Odhadovan\u00e1 doba \u010dten\u00ed\" \/>\n\t<meta name=\"twitter:data1\" content=\"3 minuty\" \/>\n<script type=\"application\/ld+json\" class=\"yoast-schema-graph\">{\"@context\":\"https:\\\/\\\/schema.org\",\"@graph\":[{\"@type\":\"WebPage\",\"@id\":\"https:\\\/\\\/www.montessoriostrava.cz\\\/lyceum\\\/o-nas\\\/\",\"url\":\"https:\\\/\\\/www.montessoriostrava.cz\\\/lyceum\\\/o-nas\\\/\",\"name\":\"O n\u00e1s | Lyceum Montessori Ostrava\",\"isPartOf\":{\"@id\":\"https:\\\/\\\/www.montessoriostrava.cz\\\/lyceum\\\/#website\"},\"primaryImageOfPage\":{\"@id\":\"https:\\\/\\\/www.montessoriostrava.cz\\\/lyceum\\\/o-nas\\\/#primaryimage\"},\"image\":{\"@id\":\"https:\\\/\\\/www.montessoriostrava.cz\\\/lyceum\\\/o-nas\\\/#primaryimage\"},\"thumbnailUrl\":\"https:\\\/\\\/www.montessoriostrava.cz\\\/lyceum\\\/wp-content\\\/uploads\\\/sites\\\/6\\\/2025\\\/02\\\/Logo_Montessori_2025I-1.jpg\",\"datePublished\":\"2025-02-07T09:36:22+00:00\",\"dateModified\":\"2025-11-17T18:33:34+00:00\",\"breadcrumb\":{\"@id\":\"https:\\\/\\\/www.montessoriostrava.cz\\\/lyceum\\\/o-nas\\\/#breadcrumb\"},\"inLanguage\":\"cs\",\"potentialAction\":[{\"@type\":\"ReadAction\",\"target\":[\"https:\\\/\\\/www.montessoriostrava.cz\\\/lyceum\\\/o-nas\\\/\"]}]},{\"@type\":\"ImageObject\",\"inLanguage\":\"cs\",\"@id\":\"https:\\\/\\\/www.montessoriostrava.cz\\\/lyceum\\\/o-nas\\\/#primaryimage\",\"url\":\"https:\\\/\\\/www.montessoriostrava.cz\\\/lyceum\\\/wp-content\\\/uploads\\\/sites\\\/6\\\/2025\\\/02\\\/Logo_Montessori_2025I-1.jpg\",\"contentUrl\":\"https:\\\/\\\/www.montessoriostrava.cz\\\/lyceum\\\/wp-content\\\/uploads\\\/sites\\\/6\\\/2025\\\/02\\\/Logo_Montessori_2025I-1.jpg\",\"width\":945,\"height\":945},{\"@type\":\"BreadcrumbList\",\"@id\":\"https:\\\/\\\/www.montessoriostrava.cz\\\/lyceum\\\/o-nas\\\/#breadcrumb\",\"itemListElement\":[{\"@type\":\"ListItem\",\"position\":1,\"name\":\"Dom\u016f\",\"item\":\"https:\\\/\\\/www.montessoriostrava.cz\\\/lyceum\\\/\"},{\"@type\":\"ListItem\",\"position\":2,\"name\":\"O n\u00e1s\"}]},{\"@type\":\"WebSite\",\"@id\":\"https:\\\/\\\/www.montessoriostrava.cz\\\/lyceum\\\/#website\",\"url\":\"https:\\\/\\\/www.montessoriostrava.cz\\\/lyceum\\\/\",\"name\":\"Lyceum Montessori Ostrava\",\"description\":\"\",\"publisher\":{\"@id\":\"https:\\\/\\\/www.montessoriostrava.cz\\\/lyceum\\\/#organization\"},\"potentialAction\":[{\"@type\":\"SearchAction\",\"target\":{\"@type\":\"EntryPoint\",\"urlTemplate\":\"https:\\\/\\\/www.montessoriostrava.cz\\\/lyceum\\\/?s={search_term_string}\"},\"query-input\":{\"@type\":\"PropertyValueSpecification\",\"valueRequired\":true,\"valueName\":\"search_term_string\"}}],\"inLanguage\":\"cs\"},{\"@type\":\"Organization\",\"@id\":\"https:\\\/\\\/www.montessoriostrava.cz\\\/lyceum\\\/#organization\",\"name\":\"Montessori Ostrava\",\"url\":\"https:\\\/\\\/www.montessoriostrava.cz\\\/lyceum\\\/\",\"logo\":{\"@type\":\"ImageObject\",\"inLanguage\":\"cs\",\"@id\":\"https:\\\/\\\/www.montessoriostrava.cz\\\/lyceum\\\/#\\\/schema\\\/logo\\\/image\\\/\",\"url\":\"https:\\\/\\\/www.montessoriostrava.cz\\\/lyceum\\\/wp-content\\\/uploads\\\/sites\\\/6\\\/2025\\\/01\\\/logo-montessori.png\",\"contentUrl\":\"https:\\\/\\\/www.montessoriostrava.cz\\\/lyceum\\\/wp-content\\\/uploads\\\/sites\\\/6\\\/2025\\\/01\\\/logo-montessori.png\",\"width\":1794,\"height\":527,\"caption\":\"Montessori Ostrava\"},\"image\":{\"@id\":\"https:\\\/\\\/www.montessoriostrava.cz\\\/lyceum\\\/#\\\/schema\\\/logo\\\/image\\\/\"}}]}<\/script>\n<!-- \/ Yoast SEO plugin. -->","yoast_head_json":{"title":"O n\u00e1s | Lyceum Montessori Ostrava","robots":{"index":"index","follow":"follow","max-snippet":"max-snippet:-1","max-image-preview":"max-image-preview:large","max-video-preview":"max-video-preview:-1"},"canonical":"https:\/\/www.montessoriostrava.cz\/lyceum\/o-nas\/","og_locale":"cs_CZ","og_type":"article","og_title":"O n\u00e1s | Lyceum Montessori Ostrava","og_description":"PROJD\u011aTE SI NA\u0160I PREZENTACI Montessori lyceum Ostrava je sou\u010d\u00e1st\u00ed na\u0161\u00ed vize vytvo\u0159it propojenou s\u00ed\u0165 Montessori \u0161kol, kter\u00e1 bude prov\u00e1zet d\u011bti od jesl\u00ed a\u017e po st\u0159edn\u00ed vzd\u011bl\u00e1n\u00ed. V\u011b\u0159\u00edme, \u017ee vzd\u011bl\u00e1v\u00e1n\u00ed ve 21. stolet\u00ed by m\u011blo d\u011btem poskytnout nejen znalosti, ale hlavn\u011b schopnost u\u010dit se, p\u0159em\u00fd\u0161let v souvislostech a objevovat radost z pozn\u00e1v\u00e1n\u00ed. V oblasti vzd\u011bl\u00e1v\u00e1n\u00ed p\u016fsob\u00edme [&hellip;]","og_url":"https:\/\/www.montessoriostrava.cz\/lyceum\/o-nas\/","og_site_name":"Lyceum Montessori Ostrava","article_modified_time":"2025-11-17T18:33:34+00:00","og_image":[{"width":945,"height":945,"url":"https:\/\/www.montessoriostrava.cz\/lyceum\/wp-content\/uploads\/sites\/6\/2025\/02\/Logo_Montessori_2025I-1.jpg","type":"image\/jpeg"}],"twitter_card":"summary_large_image","twitter_misc":{"Odhadovan\u00e1 doba \u010dten\u00ed":"3 minuty"},"schema":{"@context":"https:\/\/schema.org","@graph":[{"@type":"WebPage","@id":"https:\/\/www.montessoriostrava.cz\/lyceum\/o-nas\/","url":"https:\/\/www.montessoriostrava.cz\/lyceum\/o-nas\/","name":"O n\u00e1s | Lyceum Montessori Ostrava","isPartOf":{"@id":"https:\/\/www.montessoriostrava.cz\/lyceum\/#website"},"primaryImageOfPage":{"@id":"https:\/\/www.montessoriostrava.cz\/lyceum\/o-nas\/#primaryimage"},"image":{"@id":"https:\/\/www.montessoriostrava.cz\/lyceum\/o-nas\/#primaryimage"},"thumbnailUrl":"https:\/\/www.montessoriostrava.cz\/lyceum\/wp-content\/uploads\/sites\/6\/2025\/02\/Logo_Montessori_2025I-1.jpg","datePublished":"2025-02-07T09:36:22+00:00","dateModified":"2025-11-17T18:33:34+00:00","breadcrumb":{"@id":"https:\/\/www.montessoriostrava.cz\/lyceum\/o-nas\/#breadcrumb"},"inLanguage":"cs","potentialAction":[{"@type":"ReadAction","target":["https:\/\/www.montessoriostrava.cz\/lyceum\/o-nas\/"]}]},{"@type":"ImageObject","inLanguage":"cs","@id":"https:\/\/www.montessoriostrava.cz\/lyceum\/o-nas\/#primaryimage","url":"https:\/\/www.montessoriostrava.cz\/lyceum\/wp-content\/uploads\/sites\/6\/2025\/02\/Logo_Montessori_2025I-1.jpg","contentUrl":"https:\/\/www.montessoriostrava.cz\/lyceum\/wp-content\/uploads\/sites\/6\/2025\/02\/Logo_Montessori_2025I-1.jpg","width":945,"height":945},{"@type":"BreadcrumbList","@id":"https:\/\/www.montessoriostrava.cz\/lyceum\/o-nas\/#breadcrumb","itemListElement":[{"@type":"ListItem","position":1,"name":"Dom\u016f","item":"https:\/\/www.montessoriostrava.cz\/lyceum\/"},{"@type":"ListItem","position":2,"name":"O n\u00e1s"}]},{"@type":"WebSite","@id":"https:\/\/www.montessoriostrava.cz\/lyceum\/#website","url":"https:\/\/www.montessoriostrava.cz\/lyceum\/","name":"Lyceum Montessori Ostrava","description":"","publisher":{"@id":"https:\/\/www.montessoriostrava.cz\/lyceum\/#organization"},"potentialAction":[{"@type":"SearchAction","target":{"@type":"EntryPoint","urlTemplate":"https:\/\/www.montessoriostrava.cz\/lyceum\/?s={search_term_string}"},"query-input":{"@type":"PropertyValueSpecification","valueRequired":true,"valueName":"search_term_string"}}],"inLanguage":"cs"},{"@type":"Organization","@id":"https:\/\/www.montessoriostrava.cz\/lyceum\/#organization","name":"Montessori Ostrava","url":"https:\/\/www.montessoriostrava.cz\/lyceum\/","logo":{"@type":"ImageObject","inLanguage":"cs","@id":"https:\/\/www.montessoriostrava.cz\/lyceum\/#\/schema\/logo\/image\/","url":"https:\/\/www.montessoriostrava.cz\/lyceum\/wp-content\/uploads\/sites\/6\/2025\/01\/logo-montessori.png","contentUrl":"https:\/\/www.montessoriostrava.cz\/lyceum\/wp-content\/uploads\/sites\/6\/2025\/01\/logo-montessori.png","width":1794,"height":527,"caption":"Montessori Ostrava"},"image":{"@id":"https:\/\/www.montessoriostrava.cz\/lyceum\/#\/schema\/logo\/image\/"}}]}},"_links":{"self":[{"href":"https:\/\/www.montessoriostrava.cz\/lyceum\/wp-json\/wp\/v2\/pages\/190","targetHints":{"allow":["GET"]}}],"collection":[{"href":"https:\/\/www.montessoriostrava.cz\/lyceum\/wp-json\/wp\/v2\/pages"}],"about":[{"href":"https:\/\/www.montessoriostrava.cz\/lyceum\/wp-json\/wp\/v2\/types\/page"}],"author":[{"embeddable":true,"href":"https:\/\/www.montessoriostrava.cz\/lyceum\/wp-json\/wp\/v2\/users\/1"}],"replies":[{"embeddable":true,"href":"https:\/\/www.montessoriostrava.cz\/lyceum\/wp-json\/wp\/v2\/comments?post=190"}],"version-history":[{"count":16,"href":"https:\/\/www.montessoriostrava.cz\/lyceum\/wp-json\/wp\/v2\/pages\/190\/revisions"}],"predecessor-version":[{"id":530,"href":"https:\/\/www.montessoriostrava.cz\/lyceum\/wp-json\/wp\/v2\/pages\/190\/revisions\/530"}],"wp:attachment":[{"href":"https:\/\/www.montessoriostrava.cz\/lyceum\/wp-json\/wp\/v2\/media?parent=190"}],"curies":[{"name":"wp","href":"https:\/\/api.w.org\/{rel}","templated":true}]}}