{"id":217,"date":"2025-02-07T10:48:43","date_gmt":"2025-02-07T09:48:43","guid":{"rendered":"https:\/\/www.montessoriostrava.cz\/lyceum\/?page_id=217"},"modified":"2026-03-05T09:32:15","modified_gmt":"2026-03-05T08:32:15","slug":"ucitele","status":"publish","type":"page","link":"https:\/\/www.montessoriostrava.cz\/lyceum\/ucitele\/","title":{"rendered":"Mento\u0159i"},"content":{"rendered":"\n<p class=\"has-text-align-center\"><strong>Pe\u010dliv\u011b vybran\u00fd t\u00fdm <span style=\"text-decoration: underline\"><\/span>St\u0159edn\u00ed \u0161koly Montessori lycea Ostrava se v\u00e1m p\u0159edstavuje.<\/strong><\/p>\n\n\n\n<div class=\"wp-block-columns is-layout-flex wp-container-core-columns-is-layout-9d6595d7 wp-block-columns-is-layout-flex\">\n<div class=\"wp-block-column is-layout-flow wp-block-column-is-layout-flow\" style=\"flex-basis:66.66%\">\n<h2 class=\"wp-block-heading\">Ing. Tom\u00e1\u0161 Bouchal, Ph.D., Ing. Paed. IGIP<\/h2>\n\n\n\n<p><\/p>\n\n\n\n<p><strong>\u201e<\/strong><em><strong>Kdo se zab\u00fdv\u00e1 studiem neu\u017eite\u010dn\u00fdch v\u011bc\u00ed,<\/strong><\/em> <em><strong>jako by nic ned\u011blal,<\/strong><\/em> <em><strong>i kdy\u017e se p\u0159i tom hodn\u011b nad\u0159e<\/strong><\/em><strong>\u201c<\/strong> Lucius Annaeus Seneca<\/p>\n\n\n\n<p><br>Nov\u00e9 Montessori lyceum s sebou nese mnoho v\u00fdzev, ale tak\u00e9 radostnou pr\u00e1ci s t\u00fdmem motivovan\u00fdch student\u016f. Student\u016f, kte\u0159\u00ed cht\u011bj\u00ed porozum\u011bt a hlavn\u011b pochopit souvislosti.<\/p>\n\n\n\n<p>Umo\u017en\u00edm p\u0159izp\u016fsoben\u00ed p\u0159edm\u011bt\u016f a jejich propojen\u00ed k&nbsp;pot\u0159eb\u00e1m dne\u0161n\u00ed slo\u017eit\u00e9 doby a zejm\u00e9na va\u0161\u00ed budoucnosti. P\u0159edm\u011bty maj\u00ed b\u00fdt inspirac\u00ed a prostorem pro rozvoj kreativity a hlavn\u011b svobody.<\/p>\n\n\n\n<p>Jsme jeden t\u00fdm, ne t\u00fdmy dva.<br>&#8230;&#8230;&#8230;&#8230;&#8230;&#8230;&#8230;&#8230;.. c\u00edl je cesta &#8230;&#8230;&#8230;&#8230;&#8230;&#8230;&#8230;&#8230;&#8230;.<\/p>\n\n\n\n<hr class=\"wp-block-separator has-alpha-channel-opacity\" \/>\n\n\n\n<p>Tom\u00e1\u0161 p\u0159edn\u00e1\u0161el a vyu\u010doval na r\u016fzn\u00fdch stupn\u00edch a typech \u0161kol.&nbsp; Na univerzit\u011b publikoval a jeho odborn\u00e9 \u010dl\u00e1nky&nbsp;v&nbsp;presti\u017en\u00edch periodik\u00e1ch jsou hojn\u011b citov\u00e1ny.<\/p>\n<\/div>\n\n\n\n<div class=\"wp-block-column is-vertically-aligned-center is-layout-flow wp-block-column-is-layout-flow\" style=\"flex-basis:33.33%\"><div class=\"wp-block-image\">\n<figure class=\"aligncenter size-full\"><img loading=\"lazy\" decoding=\"async\" width=\"737\" height=\"736\" src=\"https:\/\/www.montessoriostrava.cz\/lyceum\/wp-content\/uploads\/sites\/6\/2025\/05\/tomas.png\" alt=\"Mento\u0159i\" class=\"wp-image-380\" srcset=\"https:\/\/www.montessoriostrava.cz\/lyceum\/wp-content\/uploads\/sites\/6\/2025\/05\/tomas.png 737w, https:\/\/www.montessoriostrava.cz\/lyceum\/wp-content\/uploads\/sites\/6\/2025\/05\/tomas-300x300.png 300w, https:\/\/www.montessoriostrava.cz\/lyceum\/wp-content\/uploads\/sites\/6\/2025\/05\/tomas-150x150.png 150w\" sizes=\"auto, (max-width: 737px) 100vw, 737px\" \/><\/figure>\n<\/div><\/div>\n<\/div>\n\n\n\n<div class=\"wp-block-columns is-layout-flex wp-container-core-columns-is-layout-9d6595d7 wp-block-columns-is-layout-flex\">\n<div class=\"wp-block-column is-layout-flow wp-block-column-is-layout-flow\" style=\"flex-basis:66.66%\">\n<h2 class=\"wp-block-heading\">Mgr. Petra Nohov\u00e1<\/h2>\n\n\n\n<p><\/p>\n\n\n\n<p>U\u017e na gymn\u00e1ziu jsem v\u011bd\u011bla, \u017ee sv\u00e9 dal\u0161\u00ed kroky budu sm\u011b\u0159ovat humanitn\u00edm sm\u011brem. Na filozofick\u00e9 fakult\u011b Ostravsk\u00e9 univerzity jsem proto studovala \u010desk\u00fd jazyk a literaturu spolu se spole\u010densk\u00fdmi v\u011bdami nejprve jako samostatn\u00e9 obory a pot\u00e9 jako p\u0159edm\u011bty v r\u00e1mci u\u010ditelsk\u00e9ho programu.<\/p>\n\n\n\n<p><br>Ale a\u017e samotn\u00e1 praxe na st\u0159edn\u00edch \u0161kol\u00e1ch m\u011b p\u0159esv\u011bd\u010dila, \u017ee u\u010ditelstv\u00ed je povol\u00e1n\u00ed, kter\u00e9 chci s respektem vykon\u00e1vat a kter\u00e9 vn\u00edm\u00e1m jako posl\u00e1n\u00ed.<br><\/p>\n\n\n\n<p>M\u011bla jsem p\u0159\u00edle\u017eitost u\u010dit na v\u00edce druz\u00edch st\u0159edn\u00edch \u0161kol v Praze a Ostrav\u011b, abych se p\u0159esv\u011bd\u010dila o tom, co je pro m\u011b ve v\u00fduce d\u016fle\u017eit\u00e9. Je to snaha, aby studenti a studentky ch\u00e1pali podstaty jev\u016f a fenom\u00e9n\u016f, i proto mi nen\u00ed ciz\u00ed u\u010den\u00ed zalo\u017een\u00e9 na projektov\u00e9 v\u00fduce, kter\u00e1 mimo jin\u00e9 umo\u017e\u0148uje u\u010den\u00ed kriticky a v souvislostech. Respektuji rozd\u00edln\u00e9 tempo ka\u017ed\u00e9ho a v neposledn\u00ed \u0159ad\u011b usiluji o to, aby u\u010den\u00ed byla i zodpov\u011bdnost i z\u00e1bava.<\/p>\n<\/div>\n\n\n\n<div class=\"wp-block-column is-vertically-aligned-center is-layout-flow wp-block-column-is-layout-flow\" style=\"flex-basis:33.33%\"><div class=\"wp-block-image\">\n<figure class=\"aligncenter size-full\"><img loading=\"lazy\" decoding=\"async\" width=\"454\" height=\"433\" src=\"https:\/\/www.montessoriostrava.cz\/lyceum\/wp-content\/uploads\/sites\/6\/2025\/05\/p-nohova.png\" alt=\"Mento\u0159i\" class=\"wp-image-376\" srcset=\"https:\/\/www.montessoriostrava.cz\/lyceum\/wp-content\/uploads\/sites\/6\/2025\/05\/p-nohova.png 454w, https:\/\/www.montessoriostrava.cz\/lyceum\/wp-content\/uploads\/sites\/6\/2025\/05\/p-nohova-300x286.png 300w\" sizes=\"auto, (max-width: 454px) 100vw, 454px\" \/><\/figure>\n<\/div><\/div>\n<\/div>\n\n\n\n<div class=\"wp-block-columns is-layout-flex wp-container-core-columns-is-layout-9d6595d7 wp-block-columns-is-layout-flex\">\n<div class=\"wp-block-column is-layout-flow wp-block-column-is-layout-flow\" style=\"flex-basis:66.66%\">\n<h2 class=\"wp-block-heading\">Mgr. Petra Short<\/h2>\n\n\n\n<p><\/p>\n\n\n\n<p>Kdo jsem?<br>Jmenuji se Petra Short a jsem nad\u0161en\u00e1 u\u010ditelka angli\u010dtiny.<br>Vystudovala jsem magistersk\u00e9 studium u\u010ditelstv\u00ed angli\u010dtiny pro z\u00e1kladn\u00ed \u0161koly (program completus &#8211; prvn\u00ed a druh\u00fd stupe\u0148) na PdF Univerzity Palack\u00e9ho v Olomouci. Bakal\u00e1\u0159sk\u00e9 studium jsem z\u00edskala na FF OU v programu anglick\u00e1 lingvistika. Angli\u010dtina je moje velk\u00e1 l\u00e1ska. Ve Velk\u00e9 Brit\u00e1nii jsem str\u00e1vila zhruba 4 roky a ka\u017ed\u00fd rok se tam na dva m\u011bs\u00edce vrac\u00edm. Anglicky mluv\u00edm denn\u011b, nebo\u0165 m\u016fj man\u017eel je Brit, a s n\u00edm i s na\u0161imi d\u011btmi doma mluv\u00edme p\u0159ev\u00e1\u017en\u011b anglicky.<\/p>\n\n\n\n<p>V \u010desk\u00e9m \u0161kolstv\u00ed se pohybuji od z\u00e1\u0159\u00ed 2020, u\u010dila jsem na z\u00e1kladn\u00ed i st\u0159edn\u00ed \u0161kole. P\u0159ed u\u010ditelskou dr\u00e1hou jsem se cca 15 let profesn\u011b v\u011bnovala personalistice na r\u016fzn\u00fdch \u00farovn\u00edch (HR Generalista, Recruitment Specialist, apod.) a v r\u016fzn\u011b velk\u00fdch, v\u011bt\u0161inou zahrani\u010dn\u00edch, organizac\u00edch.<\/p>\n\n\n\n<p>Co m\u011b bav\u00ed?<br>Slunce, teplo, oce\u00e1n, v\u00edtr, les, b\u00fdt m\u00e1ma a man\u017eelka, bav\u00ed m\u011b u\u010dit a b\u00fdt mezi d\u011btmi. R\u00e1da se vzd\u011bl\u00e1v\u00e1m, \u010dtu, poslouch\u00e1m muziku, plavu, jezd\u00edm kempovat. Bav\u00ed m\u011b cvi\u010dit psy, m\u00e1m r\u00e1da dobr\u00e9 j\u00eddlo a dobr\u00e9 kafe. R\u00e1da se sm\u011bju a tr\u00e1v\u00edm \u010das s rodinou a kamar\u00e1dy.<\/p>\n<\/div>\n\n\n\n<div class=\"wp-block-column is-vertically-aligned-center is-layout-flow wp-block-column-is-layout-flow\" style=\"flex-basis:33.33%\"><div class=\"wp-block-image\">\n<figure class=\"aligncenter size-full\"><img loading=\"lazy\" decoding=\"async\" width=\"960\" height=\"960\" src=\"https:\/\/www.montessoriostrava.cz\/lyceum\/wp-content\/uploads\/sites\/6\/2025\/05\/p-short.png\" alt=\"Mento\u0159i\" class=\"wp-image-402\" srcset=\"https:\/\/www.montessoriostrava.cz\/lyceum\/wp-content\/uploads\/sites\/6\/2025\/05\/p-short.png 960w, https:\/\/www.montessoriostrava.cz\/lyceum\/wp-content\/uploads\/sites\/6\/2025\/05\/p-short-300x300.png 300w, https:\/\/www.montessoriostrava.cz\/lyceum\/wp-content\/uploads\/sites\/6\/2025\/05\/p-short-150x150.png 150w, https:\/\/www.montessoriostrava.cz\/lyceum\/wp-content\/uploads\/sites\/6\/2025\/05\/p-short-768x768.png 768w\" sizes=\"auto, (max-width: 960px) 100vw, 960px\" \/><\/figure>\n<\/div><\/div>\n<\/div>\n\n\n\n<div class=\"wp-block-columns is-layout-flex wp-container-core-columns-is-layout-9d6595d7 wp-block-columns-is-layout-flex\">\n<div class=\"wp-block-column is-layout-flow wp-block-column-is-layout-flow\" style=\"flex-basis:66.66%\">\n<h2 class=\"wp-block-heading\">Renuka Palaniveloo<\/h2>\n\n\n\n<p><\/p>\n\n\n\n<p>Originally from Singapore, I received my degree from NHL Stenden University of Applied Sciences, where I studied Business Administration and Maritime Business. My passion for education began early, as I started tutoring younger students while I was in secondary school.<\/p>\n\n\n\n<p>In 2019, I became TEFL certified, and since then, I\u2019ve had the opportunity to teach English in Singapore, Costa Rica, and the Czech Republic, gaining valuable experience working with a diverse range of students.<\/p>\n\n\n\n<p>What excites me most about teaching is empowering students. It\u2019s incredibly fulfilling to witness them not only mastering new skills but also gaining confidence and a deeper understanding of themselves and the world. I am especially grateful to be part of the pedagogical team here at Montessori Ostrava. Outside of the classroom, I enjoy painting, going to the cinema, and watching Formula 1. Recently, I\u2019ve also been trying to learn Czech.<\/p>\n<\/div>\n\n\n\n<div class=\"wp-block-column is-vertically-aligned-center is-layout-flow wp-block-column-is-layout-flow\" style=\"flex-basis:33.33%\"><div class=\"wp-block-image\">\n<figure class=\"aligncenter size-full\"><img loading=\"lazy\" decoding=\"async\" width=\"480\" height=\"481\" src=\"https:\/\/www.montessoriostrava.cz\/lyceum\/wp-content\/uploads\/sites\/6\/2025\/05\/r-palaniveloo-1.png\" alt=\"Mento\u0159i\" class=\"wp-image-409\" srcset=\"https:\/\/www.montessoriostrava.cz\/lyceum\/wp-content\/uploads\/sites\/6\/2025\/05\/r-palaniveloo-1.png 480w, https:\/\/www.montessoriostrava.cz\/lyceum\/wp-content\/uploads\/sites\/6\/2025\/05\/r-palaniveloo-1-300x300.png 300w, https:\/\/www.montessoriostrava.cz\/lyceum\/wp-content\/uploads\/sites\/6\/2025\/05\/r-palaniveloo-1-150x150.png 150w\" sizes=\"auto, (max-width: 480px) 100vw, 480px\" \/><\/figure>\n<\/div><\/div>\n<\/div>\n\n\n\n<div class=\"wp-block-columns is-layout-flex wp-container-core-columns-is-layout-9d6595d7 wp-block-columns-is-layout-flex\">\n<div class=\"wp-block-column is-layout-flow wp-block-column-is-layout-flow\" style=\"flex-basis:66.66%\">\n<h2 class=\"wp-block-heading\">MgA. Barbora Knobov\u00e1<\/h2>\n\n\n\n<p><\/p>\n\n\n\n<p>Barboru zaj\u00edm\u00e1 sv\u011bt kultury a um\u011bn\u00ed cel\u00fd \u017eivot. R\u00e1da kombinuje d\u011bjiny um\u011bn\u00ed a sou\u010dasn\u00e9 trendy v&nbsp;kultu\u0159e. V&nbsp;jej\u00edch hodin\u00e1ch se prob\u00edraj\u00ed tak\u00e9 d\u011bjiny fotografie a audiovizu\u00e1ln\u00ed tvorby. Vedle z\u00e1kladn\u00edch v\u00fdtvarn\u00fdch technik malby a kresby m\u00e1 tak\u00e9 bl\u00edzko ke grafice a grafick\u00e9mu designu. Rozv\u00edjen\u00ed kreativity pova\u017euje za jednu z&nbsp;nejd\u016fle\u017eit\u011bj\u0161\u00edch dovednost\u00ed do \u017eivota sou\u010dasn\u00e9ho rychle se m\u011bn\u00edc\u00edho sv\u011bta. &nbsp;Ve sv\u00e9 praxi se dosud v\u011bnovala p\u0159ev\u00e1\u017en\u011b st\u0159edo\u0161kolsk\u00fdm student\u016fm v\u010detn\u011b p\u0159\u00edpravy na maturitu a p\u0159ij\u00edmac\u00ed zkou\u0161ky na vysokou \u0161kolu. M\u00e1 zku\u0161enosti i s&nbsp;v\u00fdukou na univerzit\u011b. Se studenty r\u00e1da nav\u0161t\u011bvuje galerie po cel\u00e9 \u010cesk\u00e9 republice i v&nbsp;zahrani\u010d\u00ed. Vystudovala plze\u0148skou Fakultu designu a um\u011bn\u00ed Ladislava Sutnara v&nbsp;ateli\u00e9ru Ad\u00e9ly Matasov\u00e9 a Vladim\u00edra Merty a nyn\u00ed dokon\u010duje studium fotografie na Institutu tv\u016fr\u010d\u00ed fotografie v&nbsp;Opav\u011b.<br><\/p>\n\n\n\n<p>Ve sv\u00e9 tvorb\u011b se zam\u011b\u0159uje na subjektivn\u00ed dokument a experiment\u00e1ln\u00ed fotografii.<br><br>Ve voln\u00e9m \u010dase nejrad\u011bji chod\u00ed do p\u0159\u00edrody, sleduje aktu\u00e1ln\u00ed filmovou a seri\u00e1lovou tvorbu a r\u00e1da se aktivn\u011b i pasivn\u011b z\u00fa\u010dast\u0148uje cel\u00e9 \u0159ady kulturn\u00edch akc\u00ed (Blatensk\u00fd fotofestival).<\/p>\n<\/div>\n\n\n\n<div class=\"wp-block-column is-vertically-aligned-center is-layout-flow wp-block-column-is-layout-flow\" style=\"flex-basis:33.33%\"><div class=\"wp-block-image\">\n<figure class=\"aligncenter size-full\"><img loading=\"lazy\" decoding=\"async\" width=\"960\" height=\"960\" src=\"https:\/\/www.montessoriostrava.cz\/lyceum\/wp-content\/uploads\/sites\/6\/2025\/05\/b-knobova.png\" alt=\"Mento\u0159i\" class=\"wp-image-386\" srcset=\"https:\/\/www.montessoriostrava.cz\/lyceum\/wp-content\/uploads\/sites\/6\/2025\/05\/b-knobova.png 960w, https:\/\/www.montessoriostrava.cz\/lyceum\/wp-content\/uploads\/sites\/6\/2025\/05\/b-knobova-300x300.png 300w, https:\/\/www.montessoriostrava.cz\/lyceum\/wp-content\/uploads\/sites\/6\/2025\/05\/b-knobova-150x150.png 150w, https:\/\/www.montessoriostrava.cz\/lyceum\/wp-content\/uploads\/sites\/6\/2025\/05\/b-knobova-768x768.png 768w\" sizes=\"auto, (max-width: 960px) 100vw, 960px\" \/><\/figure>\n<\/div><\/div>\n<\/div>\n\n\n\n<div class=\"wp-block-columns is-layout-flex wp-container-core-columns-is-layout-9d6595d7 wp-block-columns-is-layout-flex\">\n<div class=\"wp-block-column is-layout-flow wp-block-column-is-layout-flow\" style=\"flex-basis:66.66%\">\n<h2 class=\"wp-block-heading\">Mgr. Adriana Ivani\u010dov\u00e1 Kol\u00e1\u0159ov\u00e1<\/h2>\n\n\n\n<p><\/p>\n\n\n\n<p>Ji\u017e od mala jsem cht\u011bla b\u00fdt pan\u00ed u\u010ditelkou, ale v\u00edce m\u011b v\u00e1bily humanitn\u00ed p\u0159edm\u011bty. Na st\u0159edn\u00ed \u0161kole jsem v\u0161ak m\u011bla tak skv\u011blou pan\u00ed u\u010ditelku na matematiku a fyziku, \u017ee jsem se nakonec rozhodla zkusit j\u00edt stejn\u00fdm sm\u011brem.<\/p>\n\n\n\n<p>Na Z\u0160 jsem v&nbsp;matematice a fyzice nevynikala, ale na jazykov\u00e9m gymn\u00e1ziu jsem byla ta, kter\u00e1 n\u011bkter\u00fdm sv\u00fdm spolu\u017e\u00e1k\u016fm pom\u00e1hala zvl\u00e1dat u\u010divo, a tak jsem po studiu sm\u011b\u0159ovala do Olomouce studovat u\u010ditelstv\u00ed matematiky (PdF) a fyziky (P\u0159F).<\/p>\n\n\n\n<p>B\u011bhem bakal\u00e1\u0159sk\u00e9ho studia jsem m\u011bla mo\u017enost pracovat v&nbsp;Pevnosti pozn\u00e1n\u00ed, kde jsme se ob\u00e1van\u00e9 p\u0159edm\u011bty sna\u017eili uchopit tro\u0161ku jinak ne\u017e biflov\u00e1n\u00edm. Ukazovali jsme, \u017ee p\u0159\u00edrodn\u00ed v\u011bdy mohou b\u00fdt nejen praktick\u00e9, ale tak\u00e9 z\u00e1bavn\u00e9.<\/p>\n\n\n\n<p>Nabyt\u00e9 zku\u0161enosti jsem p\u0159i navazuj\u00edc\u00edm studiu uplat\u0148ovala p\u0159i pr\u00e1ci s&nbsp;\u017e\u00e1ky na z\u00e1kladn\u00ed \u0161kole, kde jsem u\u010dila.<\/p>\n\n\n\n<p>N\u00e1sledn\u011b jsem ode\u0161la na mate\u0159skou dovolenou a jeliko\u017e mi pr\u00e1ce se star\u0161\u00edmi d\u011btmi chyb\u011bla, vedla jsem alespo\u0148 krou\u017eek Vesel\u00e9 v\u011bdy a dal\u0161\u00ed rok Krou\u017eek nadan\u00fdch \u017e\u00e1k\u016f. Do toho jsem n\u011bkter\u00e9 sv\u00e9 b\u00fdval\u00e9 \u017e\u00e1ky p\u0159ipravovala na p\u0159ij\u00edmac\u00ed zkou\u0161ky. Zde na lyceu je m\u00fdm c\u00edlem studenty u\u010dit s&nbsp;respektem a uk\u00e1zat jim, \u017ee matematika a fyzika nemus\u00ed b\u00fdt tak hrozn\u00e9, jak se mohou na prvn\u00ed pohled zd\u00e1t.<\/p>\n<\/div>\n\n\n\n<div class=\"wp-block-column is-vertically-aligned-center is-layout-flow wp-block-column-is-layout-flow\" style=\"flex-basis:33.33%\"><div class=\"wp-block-image\">\n<figure class=\"aligncenter size-full\"><img loading=\"lazy\" decoding=\"async\" width=\"960\" height=\"960\" src=\"https:\/\/www.montessoriostrava.cz\/lyceum\/wp-content\/uploads\/sites\/6\/2025\/06\/IMG_9577.png\" alt=\"Mento\u0159i\" class=\"wp-image-425\" srcset=\"https:\/\/www.montessoriostrava.cz\/lyceum\/wp-content\/uploads\/sites\/6\/2025\/06\/IMG_9577.png 960w, https:\/\/www.montessoriostrava.cz\/lyceum\/wp-content\/uploads\/sites\/6\/2025\/06\/IMG_9577-300x300.png 300w, https:\/\/www.montessoriostrava.cz\/lyceum\/wp-content\/uploads\/sites\/6\/2025\/06\/IMG_9577-150x150.png 150w, https:\/\/www.montessoriostrava.cz\/lyceum\/wp-content\/uploads\/sites\/6\/2025\/06\/IMG_9577-768x768.png 768w\" sizes=\"auto, (max-width: 960px) 100vw, 960px\" \/><\/figure>\n<\/div><\/div>\n<\/div>\n\n\n\n<div class=\"wp-block-columns is-layout-flex wp-container-core-columns-is-layout-9d6595d7 wp-block-columns-is-layout-flex\">\n<div class=\"wp-block-column is-layout-flow wp-block-column-is-layout-flow\" style=\"flex-basis:66.66%\">\n<h2 class=\"wp-block-heading\">Mgr. Milan Pasty\u0159\u00edk<\/h2>\n\n\n\n<p><\/p>\n\n\n\n<p>Technologie m\u011b fascinuj\u00ed od d\u011btstv\u00ed. Byl jsem mezi prvn\u00edmi kluky v okol\u00ed, kdo dr\u017eel v ruce VHS kameru, postavil si po\u010d\u00edta\u010d, pa\u0159il prvn\u00ed 3D hry, p\u0159ipojil se k internetu a testoval dotykov\u00e9 mobily. Dnes u\u010d\u00edm ICT a st\u00e1le m\u011b bav\u00ed objevovat nov\u00e9 v\u011bci. R\u00e1d propojuji techniku s lidstv\u00edm \u2013 t\u0159eba jako svatebn\u00ed DJ.<\/p>\n\n\n\n<p>Jsem t\u00e1tou dvou d\u011bt\u00ed a dob\u0159e v\u00edm, jak d\u016fle\u017eit\u00e9 je prost\u0159ed\u00ed, ve kter\u00e9m d\u011bti vyr\u016fstaj\u00ed. Pr\u00e1v\u011b proto m\u011b oslovil p\u0159\u00edstup Montessori \u2013 respektuj\u00edc\u00ed, tvo\u0159iv\u00fd a smyslupln\u00fd. U\u010dit pro m\u011b neznamen\u00e1 jen p\u0159ed\u00e1vat znalosti, ale tak\u00e9 sd\u00edlet nad\u0161en\u00ed, podporovat zv\u00eddavost a z\u00e1rove\u0148 se neust\u00e1le u\u010dit a rozv\u00edjet i s\u00e1m sebe. Velkou inspirac\u00ed je mi J. A. Komensk\u00fd a jeho my\u0161lenka, \u017ee \u201e\u0161kola m\u00e1 b\u00fdt d\u00edlnou lidskosti.\u201c<\/p>\n\n\n\n<p>Vystudoval jsem obor ICT ve vzd\u011bl\u00e1v\u00e1n\u00ed na Pedagogick\u00e9 fakult\u011b Ostravsk\u00e9 univerzity. ICT vyu\u010duji p\u0159es deset let \u2013 od z\u00e1kladn\u00ed \u0161koly a\u017e po vysokou. A kdy\u017e zrovna neu\u010d\u00edm, najdete m\u011b na motorce, v saun\u011b nebo v d\u011btsk\u00e9m pokoj\u00ed\u010dku p\u0159i hled\u00e1n\u00ed ztracen\u00e9ho Marshalla z Tlapkov\u00e9 patroly.<\/p>\n<\/div>\n\n\n\n<div class=\"wp-block-column is-vertically-aligned-center is-layout-flow wp-block-column-is-layout-flow\" style=\"flex-basis:33.33%\"><div class=\"wp-block-image\">\n<figure class=\"aligncenter size-full\"><img loading=\"lazy\" decoding=\"async\" width=\"1024\" height=\"1024\" src=\"https:\/\/www.montessoriostrava.cz\/lyceum\/wp-content\/uploads\/sites\/6\/2025\/06\/Milan-foto.png\" alt=\"Mento\u0159i\" class=\"wp-image-428\" srcset=\"https:\/\/www.montessoriostrava.cz\/lyceum\/wp-content\/uploads\/sites\/6\/2025\/06\/Milan-foto.png 1024w, https:\/\/www.montessoriostrava.cz\/lyceum\/wp-content\/uploads\/sites\/6\/2025\/06\/Milan-foto-300x300.png 300w, https:\/\/www.montessoriostrava.cz\/lyceum\/wp-content\/uploads\/sites\/6\/2025\/06\/Milan-foto-150x150.png 150w, https:\/\/www.montessoriostrava.cz\/lyceum\/wp-content\/uploads\/sites\/6\/2025\/06\/Milan-foto-768x768.png 768w\" sizes=\"auto, (max-width: 1024px) 100vw, 1024px\" \/><\/figure>\n<\/div><\/div>\n<\/div>\n\n\n\n<div class=\"wp-block-columns is-layout-flex wp-container-core-columns-is-layout-9d6595d7 wp-block-columns-is-layout-flex\">\n<div class=\"wp-block-column is-layout-flow wp-block-column-is-layout-flow\" style=\"flex-basis:66.66%\">\n<h2 class=\"wp-block-heading\">Mgr. Vendula P\u00ed\u0161alov\u00e1<\/h2>\n\n\n\n<p><\/p>\n\n\n\n<p>U\u017e od d\u011btstv\u00ed m\u011b rodi\u010de vedli ke sportovn\u00ed v\u0161estrannosti a hlavn\u011b k l\u00e1sce k pohybu. A p\u0159esn\u011b to chci p\u0159ed\u00e1vat i d\u011btem. Proto jsem po absolvov\u00e1n\u00ed Slezsk\u00e9ho gymn\u00e1zia v Opav\u011b nastoupila na Ostravskou univerzitu studovat obor T\u011blesn\u00e1 v\u00fdchova a V\u00fdchova ke zdrav\u00ed. Zdrav\u00ed pova\u017euji za jednu z nejvy\u0161\u0161\u00edch \u017eivotn\u00edch priorit, a proto vn\u00edm\u00e1m jeho v\u00fduku jako velmi smysluplnou a v dne\u0161n\u00ed dob\u011b i velice pot\u0159ebnou.<\/p>\n\n\n\n<p>B\u011bhem studia jsem se u\u017e pr\u016fb\u011b\u017en\u011b v\u011bnovala pr\u00e1ci s d\u011btmi \u2013 tr\u00e9novala jsem v\u0161eobecnou sportovn\u00ed p\u0159\u00edpravu, p\u016fsobila jako instruktorka ly\u017eov\u00e1n\u00ed, u\u010dila t\u011blesnou v\u00fdchovu na gymn\u00e1ziu a sou\u010dasn\u011b pracovala jako vychovatelka ve \u0161koln\u00ed dru\u017ein\u011b pr\u00e1v\u011b zde na Montessori.<\/p>\n\n\n\n<p>Pro\u010d pr\u00e1v\u011b Montessori? Nem\u00e1m kr\u00e1sn\u00fd p\u0159\u00edb\u011bh o tom, \u017ee bych v\u017edy v\u011bd\u011bla, \u017ee je to m\u016fj sm\u011br. Montessori se do m\u00e9ho \u017eivota dost\u00e1valo sp\u00ed\u0161e nen\u00e1padn\u011b \u2013 od spolupr\u00e1ce s Montessori \u0161kolou u\u017e na gymn\u00e1ziu, p\u0159es ot\u00e1zku alternativn\u00edho \u0161kolstv\u00ed, kterou jsem si na vysok\u00e9 \u0161kole vytahovala snad u ka\u017ed\u00e9 zkou\u0161ky z pedagogiky, a\u017e po brig\u00e1du, kterou jsem zde z\u00edskala. To u\u017e nemohla b\u00fdt n\u00e1hoda.<\/p>\n\n\n\n<p>Za dobu p\u016fsoben\u00ed v dru\u017ein\u011b si m\u011b Montessori vzd\u011bl\u00e1v\u00e1n\u00ed z\u00edskalo. Zjistila jsem, \u017ee se shoduje s m\u00fdmi vzd\u011bl\u00e1vac\u00edmi hodnotami a vid\u00edm v n\u011bm velk\u00fd smysl. Proto jsem moc r\u00e1da, \u017ee zde nyn\u00ed mohu p\u016fsobit jako u\u010ditelka t\u011blesn\u00e9 v\u00fdchovy a pr\u016fvodce ve 2. trojro\u010d\u00ed.<\/p>\n<\/div>\n\n\n\n<div class=\"wp-block-column is-vertically-aligned-center is-layout-flow wp-block-column-is-layout-flow\" style=\"flex-basis:33.33%\"><div class=\"wp-block-image\">\n<figure class=\"aligncenter size-full\"><img loading=\"lazy\" decoding=\"async\" width=\"969\" height=\"969\" src=\"https:\/\/www.montessoriostrava.cz\/lyceum\/wp-content\/uploads\/sites\/6\/2025\/08\/Vendula-Pisalova.png\" alt=\"Mento\u0159i\" class=\"wp-image-455\" srcset=\"https:\/\/www.montessoriostrava.cz\/lyceum\/wp-content\/uploads\/sites\/6\/2025\/08\/Vendula-Pisalova.png 969w, https:\/\/www.montessoriostrava.cz\/lyceum\/wp-content\/uploads\/sites\/6\/2025\/08\/Vendula-Pisalova-300x300.png 300w, https:\/\/www.montessoriostrava.cz\/lyceum\/wp-content\/uploads\/sites\/6\/2025\/08\/Vendula-Pisalova-150x150.png 150w, https:\/\/www.montessoriostrava.cz\/lyceum\/wp-content\/uploads\/sites\/6\/2025\/08\/Vendula-Pisalova-768x768.png 768w\" sizes=\"auto, (max-width: 969px) 100vw, 969px\" \/><\/figure>\n<\/div><\/div>\n<\/div>\n\n\n\n<div class=\"wp-block-columns is-layout-flex wp-container-core-columns-is-layout-9d6595d7 wp-block-columns-is-layout-flex\">\n<div class=\"wp-block-column is-layout-flow wp-block-column-is-layout-flow\" style=\"flex-basis:66.66%\">\n<h2 class=\"wp-block-heading\">Mgr. Michal Mar\u0161o<\/h2>\n\n\n\n<p>Usm\u011bvav\u00fd chlap s hlavou plnou n\u00e1pad\u016f.<\/p>\n\n\n\n<p>Michal poskytuje individu\u00e1ln\u00ed i t\u00fdmov\u00e9 kou\u010dinky a pom\u00e1h\u00e1 s rozvojem lid\u00ed v oblastech jako nap\u0159. veden\u00ed obchodn\u00edho t\u00fdmu, \u0159\u00edzen\u00ed zm\u011bn, vyjedn\u00e1v\u00e1n\u00ed, zvl\u00e1d\u00e1n\u00ed n\u00e1ro\u010dn\u00fdch situac\u00ed a komunika\u010dn\u00edch \u010di prezenta\u010dn\u00edch dovednostech.<br><\/p>\n\n\n\n<p>Interaktivn\u00ed, praktick\u00fd a v\u011bcn\u00fd.<\/p>\n\n\n\n<p><\/p>\n<\/div>\n\n\n\n<div class=\"wp-block-column is-vertically-aligned-center is-layout-flow wp-block-column-is-layout-flow\" style=\"flex-basis:33.33%\">\n<figure class=\"wp-block-image size-full is-style-rounded\"><img loading=\"lazy\" decoding=\"async\" width=\"948\" height=\"968\" src=\"https:\/\/www.montessoriostrava.cz\/lyceum\/wp-content\/uploads\/sites\/6\/2026\/03\/Michal-1-1.png\" alt=\"Mento\u0159i\" class=\"wp-image-654\" srcset=\"https:\/\/www.montessoriostrava.cz\/lyceum\/wp-content\/uploads\/sites\/6\/2026\/03\/Michal-1-1.png 948w, https:\/\/www.montessoriostrava.cz\/lyceum\/wp-content\/uploads\/sites\/6\/2026\/03\/Michal-1-1-294x300.png 294w, https:\/\/www.montessoriostrava.cz\/lyceum\/wp-content\/uploads\/sites\/6\/2026\/03\/Michal-1-1-768x784.png 768w\" sizes=\"auto, (max-width: 948px) 100vw, 948px\" \/><\/figure>\n<\/div>\n<\/div>\n\n\n\n<div class=\"wp-block-columns is-layout-flex wp-container-core-columns-is-layout-9d6595d7 wp-block-columns-is-layout-flex\">\n<div class=\"wp-block-column is-layout-flow wp-block-column-is-layout-flow\" style=\"flex-basis:66.66%\">\n<h2 class=\"wp-block-heading\">Orriana Parraga<\/h2>\n\n\n\n<p><\/p>\n\n\n\n<p>Poch\u00e1z\u00edm z Venezuely, v \u010cesk\u00e9 republice u\u010d\u00edm \u0161pan\u011bl\u0161tinu od roku 2010. M\u00e1m zku\u0161enosti s v\u00fdukou student\u016f Mati\u010dn\u00edho gymn\u00e1zia i dosp\u011bl\u00fdch na soukrom\u00e9 jazykov\u00e9 \u0161kole Toplingva. V\u00fduku vn\u00edm\u00e1m jako kreativn\u00ed proces a je pro mne velmi inspiruj\u00edc\u00ed, kdy\u017e studenti z\u00edsk\u00e1vaj\u00ed z\u00e1bavnou formou praktick\u00e9 znalosti.<\/p>\n<\/div>\n\n\n\n<div class=\"wp-block-column is-vertically-aligned-center is-layout-flow wp-block-column-is-layout-flow\" style=\"flex-basis:33.33%\"><div class=\"wp-block-image\">\n<figure class=\"aligncenter size-full\"><img loading=\"lazy\" decoding=\"async\" width=\"960\" height=\"960\" src=\"https:\/\/www.montessoriostrava.cz\/lyceum\/wp-content\/uploads\/sites\/6\/2025\/05\/o-parraga.png\" alt=\"Mento\u0159i\" class=\"wp-image-412\" srcset=\"https:\/\/www.montessoriostrava.cz\/lyceum\/wp-content\/uploads\/sites\/6\/2025\/05\/o-parraga.png 960w, https:\/\/www.montessoriostrava.cz\/lyceum\/wp-content\/uploads\/sites\/6\/2025\/05\/o-parraga-300x300.png 300w, https:\/\/www.montessoriostrava.cz\/lyceum\/wp-content\/uploads\/sites\/6\/2025\/05\/o-parraga-150x150.png 150w, https:\/\/www.montessoriostrava.cz\/lyceum\/wp-content\/uploads\/sites\/6\/2025\/05\/o-parraga-768x768.png 768w\" sizes=\"auto, (max-width: 960px) 100vw, 960px\" \/><\/figure>\n<\/div><\/div>\n<\/div>\n\n\n\n<div class=\"wp-block-columns is-layout-flex wp-container-core-columns-is-layout-9d6595d7 wp-block-columns-is-layout-flex\">\n<div class=\"wp-block-column is-layout-flow wp-block-column-is-layout-flow\"><\/div>\n\n\n\n<div class=\"wp-block-column is-layout-flow wp-block-column-is-layout-flow\"><\/div>\n<\/div>\n\n\n\n<div class=\"wp-block-columns is-layout-flex wp-container-core-columns-is-layout-9d6595d7 wp-block-columns-is-layout-flex\">\n<div class=\"wp-block-column is-layout-flow wp-block-column-is-layout-flow\" style=\"flex-basis:66.66%\">\n<p><strong>(Aktu\u00e1ln\u011b RD)<\/strong><\/p>\n\n\n\n<h2 class=\"wp-block-heading\">Ing. Jana Bouchalov\u00e1, Ph.D.<\/h2>\n\n\n\n<p>M\u016fj profesn\u00ed start zapo\u010dal na Vysok\u00e9 \u0161kole b\u00e1\u0148sk\u00e9, kde jsem se v\u011bnovala oboru Environmet\u00e1ln\u00ed in\u017een\u00fdrstv\u00ed. Po ukon\u010den\u00ed studia jsem pokra\u010dovala ve stejn\u00fdch \u0161l\u00e9p\u011bj\u00edch<br>na doktorsk\u00e9m studiu v oboru Ochrana \u017eivotn\u00edho prost\u0159ed\u00ed v pr\u016fmyslu. B\u011bhem tohoto studia jsem mohla p\u0159i\u010dichnout k v\u00fduce student\u016f, kde zapo\u010dal m\u016fj z\u00e1jem o vzd\u011bl\u00e1v\u00e1n\u00ed mlad\u00fdch lid\u00ed.<br>Zku\u0161enosti jsem ji\u017e m\u011bla z dou\u010dov\u00e1n\u00ed \u017e\u00e1k\u016f, r\u016fzn\u00fdch t\u00e1bor\u016f, ly\u017ea\u0159sk\u00fdch kurz\u016f apod., tud\u00ed\u017e jsem se p\u0159ihl\u00e1sila ke studiu u\u010ditelstv\u00ed odborn\u00fdch p\u0159edm\u011bt\u016f a vysoko\u0161kolsk\u00e9 pedagogiky.<br>V pr\u016fb\u011bhu studia u\u010ditelstv\u00ed jsem byla \u010dlenem v\u00fdzkumn\u00e9ho \u00fastavu na V\u0160B \u2013 TUO. Mohla jsem tak rozv\u00edjet svou v\u00e1\u0161e\u0148 pro v\u011bdu, kterou bych nyn\u00ed r\u00e1da p\u0159edala d\u011btem. Z\u00e1rove\u0148 jsem v posledn\u00edm roce absolvovala semin\u00e1\u0159e Montessori pro d\u011bti ve v\u011bku 6 \u2013 12, d\u00edky nim\u017e jsem mohla nahl\u00e9dnout do taj\u016f p\u0159ed\u00e1v\u00e1n\u00ed informac\u00ed d\u011btem ojedin\u011bl\u00fdm zp\u016fsobem.<\/p>\n\n\n\n<p>V posledn\u00edch dob\u011b postr\u00e1d\u00e1m smysl front\u00e1ln\u00ed v\u00fduky a oslovila m\u011b filosofie individu\u00e1ln\u00edho p\u0159\u00edstupu k d\u011btem. Mohu \u0159\u00edci, \u017ee od prvn\u00ed chv\u00edle str\u00e1ven\u00e9 na t\u00e9to \u0161kole na m\u011b d\u00fdchla velmi pozitivn\u00ed atmosf\u00e9ra a energie. Je to pro m\u011b p\u0159\u00edle\u017eitost st\u00e1t se sou\u010d\u00e1st\u00ed kvalitn\u00edho t\u00fdmu a t\u011b\u0161\u00edm se na spolupr\u00e1ci s kolegy i d\u011btmi. M\u00e1m bl\u00edzko k p\u0159\u00edrod\u011b a k v\u011bd\u011b. R\u00e1da bych d\u011btem pomohla odhalit tajemstv\u00ed na\u0161\u00ed Zem\u011b z\u00e1bavnou formou nap\u0159\u00edklad pomoc\u00ed pokus\u016f.<\/p>\n<\/div>\n\n\n\n<div class=\"wp-block-column is-vertically-aligned-center is-layout-flow wp-block-column-is-layout-flow\" style=\"flex-basis:33.33%\"><div class=\"wp-block-image\">\n<figure class=\"aligncenter size-large\"><img decoding=\"async\" src=\"https:\/\/www.montessoriostrava.cz\/zs\/wp-content\/uploads\/sites\/3\/2024\/09\/J-Bouchalova-scaled-1-1024x1024.jpg\" alt=\"Mento\u0159i\" class=\"wp-image-373\" \/><\/figure>\n<\/div><\/div>\n<\/div>\n","protected":false},"excerpt":{"rendered":"<p>Pe\u010dliv\u011b vybran\u00fd t\u00fdm St\u0159edn\u00ed \u0161koly Montessori lycea Ostrava se v\u00e1m p\u0159edstavuje. Ing. Tom\u00e1\u0161 Bouchal, Ph.D., Ing. Paed. IGIP \u201eKdo se zab\u00fdv\u00e1 studiem neu\u017eite\u010dn\u00fdch v\u011bc\u00ed, jako by nic ned\u011blal, i kdy\u017e se p\u0159i tom hodn\u011b nad\u0159e\u201c Lucius Annaeus Seneca Nov\u00e9 Montessori lyceum s sebou nese mnoho v\u00fdzev, ale tak\u00e9 radostnou pr\u00e1ci s t\u00fdmem motivovan\u00fdch student\u016f. Student\u016f, [&hellip;]<\/p>\n","protected":false},"author":1,"featured_media":0,"parent":0,"menu_order":0,"comment_status":"closed","ping_status":"closed","template":"","meta":{"footnotes":""},"class_list":["post-217","page","type-page","status-publish","hentry"],"acf":[],"yoast_head":"<!-- This site is optimized with the Yoast SEO plugin v27.5 - https:\/\/yoast.com\/product\/yoast-seo-wordpress\/ -->\n<title>Mento\u0159i | Lyceum Montessori Ostrava<\/title>\n<meta name=\"robots\" content=\"index, follow, max-snippet:-1, max-image-preview:large, max-video-preview:-1\" \/>\n<link rel=\"canonical\" href=\"https:\/\/www.montessoriostrava.cz\/lyceum\/ucitele\/\" \/>\n<meta property=\"og:locale\" content=\"cs_CZ\" \/>\n<meta property=\"og:type\" content=\"article\" \/>\n<meta property=\"og:title\" content=\"Mento\u0159i | Lyceum Montessori Ostrava\" \/>\n<meta property=\"og:description\" content=\"Pe\u010dliv\u011b vybran\u00fd t\u00fdm St\u0159edn\u00ed \u0161koly Montessori lycea Ostrava se v\u00e1m p\u0159edstavuje. Ing. Tom\u00e1\u0161 Bouchal, Ph.D., Ing. Paed. IGIP \u201eKdo se zab\u00fdv\u00e1 studiem neu\u017eite\u010dn\u00fdch v\u011bc\u00ed, jako by nic ned\u011blal, i kdy\u017e se p\u0159i tom hodn\u011b nad\u0159e\u201c Lucius Annaeus Seneca Nov\u00e9 Montessori lyceum s sebou nese mnoho v\u00fdzev, ale tak\u00e9 radostnou pr\u00e1ci s t\u00fdmem motivovan\u00fdch student\u016f. Student\u016f, [&hellip;]\" \/>\n<meta property=\"og:url\" content=\"https:\/\/www.montessoriostrava.cz\/lyceum\/ucitele\/\" \/>\n<meta property=\"og:site_name\" content=\"Lyceum Montessori Ostrava\" \/>\n<meta property=\"article:modified_time\" content=\"2026-03-05T08:32:15+00:00\" \/>\n<meta property=\"og:image\" content=\"https:\/\/www.montessoriostrava.cz\/lyceum\/wp-content\/uploads\/sites\/6\/2025\/05\/tomas.png\" \/>\n\t<meta property=\"og:image:width\" content=\"737\" \/>\n\t<meta property=\"og:image:height\" content=\"736\" \/>\n\t<meta property=\"og:image:type\" content=\"image\/png\" \/>\n<meta name=\"twitter:card\" content=\"summary_large_image\" \/>\n<meta name=\"twitter:label1\" content=\"Odhadovan\u00e1 doba \u010dten\u00ed\" \/>\n\t<meta name=\"twitter:data1\" content=\"11 minut\" \/>\n<script type=\"application\/ld+json\" class=\"yoast-schema-graph\">{\"@context\":\"https:\\\/\\\/schema.org\",\"@graph\":[{\"@type\":\"WebPage\",\"@id\":\"https:\\\/\\\/www.montessoriostrava.cz\\\/lyceum\\\/ucitele\\\/\",\"url\":\"https:\\\/\\\/www.montessoriostrava.cz\\\/lyceum\\\/ucitele\\\/\",\"name\":\"Mento\u0159i | Lyceum Montessori Ostrava\",\"isPartOf\":{\"@id\":\"https:\\\/\\\/www.montessoriostrava.cz\\\/lyceum\\\/#website\"},\"primaryImageOfPage\":{\"@id\":\"https:\\\/\\\/www.montessoriostrava.cz\\\/lyceum\\\/ucitele\\\/#primaryimage\"},\"image\":{\"@id\":\"https:\\\/\\\/www.montessoriostrava.cz\\\/lyceum\\\/ucitele\\\/#primaryimage\"},\"thumbnailUrl\":\"https:\\\/\\\/www.montessoriostrava.cz\\\/lyceum\\\/wp-content\\\/uploads\\\/sites\\\/6\\\/2025\\\/05\\\/tomas.png\",\"datePublished\":\"2025-02-07T09:48:43+00:00\",\"dateModified\":\"2026-03-05T08:32:15+00:00\",\"breadcrumb\":{\"@id\":\"https:\\\/\\\/www.montessoriostrava.cz\\\/lyceum\\\/ucitele\\\/#breadcrumb\"},\"inLanguage\":\"cs\",\"potentialAction\":[{\"@type\":\"ReadAction\",\"target\":[\"https:\\\/\\\/www.montessoriostrava.cz\\\/lyceum\\\/ucitele\\\/\"]}]},{\"@type\":\"ImageObject\",\"inLanguage\":\"cs\",\"@id\":\"https:\\\/\\\/www.montessoriostrava.cz\\\/lyceum\\\/ucitele\\\/#primaryimage\",\"url\":\"https:\\\/\\\/www.montessoriostrava.cz\\\/lyceum\\\/wp-content\\\/uploads\\\/sites\\\/6\\\/2025\\\/05\\\/tomas.png\",\"contentUrl\":\"https:\\\/\\\/www.montessoriostrava.cz\\\/lyceum\\\/wp-content\\\/uploads\\\/sites\\\/6\\\/2025\\\/05\\\/tomas.png\",\"width\":737,\"height\":736},{\"@type\":\"BreadcrumbList\",\"@id\":\"https:\\\/\\\/www.montessoriostrava.cz\\\/lyceum\\\/ucitele\\\/#breadcrumb\",\"itemListElement\":[{\"@type\":\"ListItem\",\"position\":1,\"name\":\"Dom\u016f\",\"item\":\"https:\\\/\\\/www.montessoriostrava.cz\\\/lyceum\\\/\"},{\"@type\":\"ListItem\",\"position\":2,\"name\":\"Mento\u0159i\"}]},{\"@type\":\"WebSite\",\"@id\":\"https:\\\/\\\/www.montessoriostrava.cz\\\/lyceum\\\/#website\",\"url\":\"https:\\\/\\\/www.montessoriostrava.cz\\\/lyceum\\\/\",\"name\":\"Lyceum Montessori Ostrava\",\"description\":\"\",\"publisher\":{\"@id\":\"https:\\\/\\\/www.montessoriostrava.cz\\\/lyceum\\\/#organization\"},\"potentialAction\":[{\"@type\":\"SearchAction\",\"target\":{\"@type\":\"EntryPoint\",\"urlTemplate\":\"https:\\\/\\\/www.montessoriostrava.cz\\\/lyceum\\\/?s={search_term_string}\"},\"query-input\":{\"@type\":\"PropertyValueSpecification\",\"valueRequired\":true,\"valueName\":\"search_term_string\"}}],\"inLanguage\":\"cs\"},{\"@type\":\"Organization\",\"@id\":\"https:\\\/\\\/www.montessoriostrava.cz\\\/lyceum\\\/#organization\",\"name\":\"Montessori Ostrava\",\"url\":\"https:\\\/\\\/www.montessoriostrava.cz\\\/lyceum\\\/\",\"logo\":{\"@type\":\"ImageObject\",\"inLanguage\":\"cs\",\"@id\":\"https:\\\/\\\/www.montessoriostrava.cz\\\/lyceum\\\/#\\\/schema\\\/logo\\\/image\\\/\",\"url\":\"https:\\\/\\\/www.montessoriostrava.cz\\\/lyceum\\\/wp-content\\\/uploads\\\/sites\\\/6\\\/2025\\\/01\\\/logo-montessori.png\",\"contentUrl\":\"https:\\\/\\\/www.montessoriostrava.cz\\\/lyceum\\\/wp-content\\\/uploads\\\/sites\\\/6\\\/2025\\\/01\\\/logo-montessori.png\",\"width\":1794,\"height\":527,\"caption\":\"Montessori Ostrava\"},\"image\":{\"@id\":\"https:\\\/\\\/www.montessoriostrava.cz\\\/lyceum\\\/#\\\/schema\\\/logo\\\/image\\\/\"}}]}<\/script>\n<!-- \/ Yoast SEO plugin. -->","yoast_head_json":{"title":"Mento\u0159i | Lyceum Montessori Ostrava","robots":{"index":"index","follow":"follow","max-snippet":"max-snippet:-1","max-image-preview":"max-image-preview:large","max-video-preview":"max-video-preview:-1"},"canonical":"https:\/\/www.montessoriostrava.cz\/lyceum\/ucitele\/","og_locale":"cs_CZ","og_type":"article","og_title":"Mento\u0159i | Lyceum Montessori Ostrava","og_description":"Pe\u010dliv\u011b vybran\u00fd t\u00fdm St\u0159edn\u00ed \u0161koly Montessori lycea Ostrava se v\u00e1m p\u0159edstavuje. Ing. Tom\u00e1\u0161 Bouchal, Ph.D., Ing. Paed. IGIP \u201eKdo se zab\u00fdv\u00e1 studiem neu\u017eite\u010dn\u00fdch v\u011bc\u00ed, jako by nic ned\u011blal, i kdy\u017e se p\u0159i tom hodn\u011b nad\u0159e\u201c Lucius Annaeus Seneca Nov\u00e9 Montessori lyceum s sebou nese mnoho v\u00fdzev, ale tak\u00e9 radostnou pr\u00e1ci s t\u00fdmem motivovan\u00fdch student\u016f. Student\u016f, [&hellip;]","og_url":"https:\/\/www.montessoriostrava.cz\/lyceum\/ucitele\/","og_site_name":"Lyceum Montessori Ostrava","article_modified_time":"2026-03-05T08:32:15+00:00","og_image":[{"width":737,"height":736,"url":"https:\/\/www.montessoriostrava.cz\/lyceum\/wp-content\/uploads\/sites\/6\/2025\/05\/tomas.png","type":"image\/png"}],"twitter_card":"summary_large_image","twitter_misc":{"Odhadovan\u00e1 doba \u010dten\u00ed":"11 minut"},"schema":{"@context":"https:\/\/schema.org","@graph":[{"@type":"WebPage","@id":"https:\/\/www.montessoriostrava.cz\/lyceum\/ucitele\/","url":"https:\/\/www.montessoriostrava.cz\/lyceum\/ucitele\/","name":"Mento\u0159i | Lyceum Montessori Ostrava","isPartOf":{"@id":"https:\/\/www.montessoriostrava.cz\/lyceum\/#website"},"primaryImageOfPage":{"@id":"https:\/\/www.montessoriostrava.cz\/lyceum\/ucitele\/#primaryimage"},"image":{"@id":"https:\/\/www.montessoriostrava.cz\/lyceum\/ucitele\/#primaryimage"},"thumbnailUrl":"https:\/\/www.montessoriostrava.cz\/lyceum\/wp-content\/uploads\/sites\/6\/2025\/05\/tomas.png","datePublished":"2025-02-07T09:48:43+00:00","dateModified":"2026-03-05T08:32:15+00:00","breadcrumb":{"@id":"https:\/\/www.montessoriostrava.cz\/lyceum\/ucitele\/#breadcrumb"},"inLanguage":"cs","potentialAction":[{"@type":"ReadAction","target":["https:\/\/www.montessoriostrava.cz\/lyceum\/ucitele\/"]}]},{"@type":"ImageObject","inLanguage":"cs","@id":"https:\/\/www.montessoriostrava.cz\/lyceum\/ucitele\/#primaryimage","url":"https:\/\/www.montessoriostrava.cz\/lyceum\/wp-content\/uploads\/sites\/6\/2025\/05\/tomas.png","contentUrl":"https:\/\/www.montessoriostrava.cz\/lyceum\/wp-content\/uploads\/sites\/6\/2025\/05\/tomas.png","width":737,"height":736},{"@type":"BreadcrumbList","@id":"https:\/\/www.montessoriostrava.cz\/lyceum\/ucitele\/#breadcrumb","itemListElement":[{"@type":"ListItem","position":1,"name":"Dom\u016f","item":"https:\/\/www.montessoriostrava.cz\/lyceum\/"},{"@type":"ListItem","position":2,"name":"Mento\u0159i"}]},{"@type":"WebSite","@id":"https:\/\/www.montessoriostrava.cz\/lyceum\/#website","url":"https:\/\/www.montessoriostrava.cz\/lyceum\/","name":"Lyceum Montessori Ostrava","description":"","publisher":{"@id":"https:\/\/www.montessoriostrava.cz\/lyceum\/#organization"},"potentialAction":[{"@type":"SearchAction","target":{"@type":"EntryPoint","urlTemplate":"https:\/\/www.montessoriostrava.cz\/lyceum\/?s={search_term_string}"},"query-input":{"@type":"PropertyValueSpecification","valueRequired":true,"valueName":"search_term_string"}}],"inLanguage":"cs"},{"@type":"Organization","@id":"https:\/\/www.montessoriostrava.cz\/lyceum\/#organization","name":"Montessori Ostrava","url":"https:\/\/www.montessoriostrava.cz\/lyceum\/","logo":{"@type":"ImageObject","inLanguage":"cs","@id":"https:\/\/www.montessoriostrava.cz\/lyceum\/#\/schema\/logo\/image\/","url":"https:\/\/www.montessoriostrava.cz\/lyceum\/wp-content\/uploads\/sites\/6\/2025\/01\/logo-montessori.png","contentUrl":"https:\/\/www.montessoriostrava.cz\/lyceum\/wp-content\/uploads\/sites\/6\/2025\/01\/logo-montessori.png","width":1794,"height":527,"caption":"Montessori Ostrava"},"image":{"@id":"https:\/\/www.montessoriostrava.cz\/lyceum\/#\/schema\/logo\/image\/"}}]}},"_links":{"self":[{"href":"https:\/\/www.montessoriostrava.cz\/lyceum\/wp-json\/wp\/v2\/pages\/217","targetHints":{"allow":["GET"]}}],"collection":[{"href":"https:\/\/www.montessoriostrava.cz\/lyceum\/wp-json\/wp\/v2\/pages"}],"about":[{"href":"https:\/\/www.montessoriostrava.cz\/lyceum\/wp-json\/wp\/v2\/types\/page"}],"author":[{"embeddable":true,"href":"https:\/\/www.montessoriostrava.cz\/lyceum\/wp-json\/wp\/v2\/users\/1"}],"replies":[{"embeddable":true,"href":"https:\/\/www.montessoriostrava.cz\/lyceum\/wp-json\/wp\/v2\/comments?post=217"}],"version-history":[{"count":41,"href":"https:\/\/www.montessoriostrava.cz\/lyceum\/wp-json\/wp\/v2\/pages\/217\/revisions"}],"predecessor-version":[{"id":662,"href":"https:\/\/www.montessoriostrava.cz\/lyceum\/wp-json\/wp\/v2\/pages\/217\/revisions\/662"}],"wp:attachment":[{"href":"https:\/\/www.montessoriostrava.cz\/lyceum\/wp-json\/wp\/v2\/media?parent=217"}],"curies":[{"name":"wp","href":"https:\/\/api.w.org\/{rel}","templated":true}]}}