{"id":229,"date":"2025-02-07T10:53:44","date_gmt":"2025-02-07T09:53:44","guid":{"rendered":"https:\/\/www.montessoriostrava.cz\/lyceum\/?page_id=229"},"modified":"2025-02-07T20:03:58","modified_gmt":"2025-02-07T19:03:58","slug":"montessori-kavarna","status":"publish","type":"page","link":"https:\/\/www.montessoriostrava.cz\/lyceum\/montessori-kavarna\/","title":{"rendered":"Montessori kav\u00e1rna"},"content":{"rendered":"\n<h2 class=\"wp-block-heading\">Montessori pedagogika aneb jak to chod\u00ed v na\u0161\u00ed \u0161kole.<\/h2>\n\n\n\n<div class=\"wp-block-columns is-layout-flex wp-container-core-columns-is-layout-9d6595d7 wp-block-columns-is-layout-flex\">\n<div class=\"wp-block-column is-layout-flow wp-block-column-is-layout-flow\" style=\"flex-basis:66.66%\">\n<p><strong>V\u00e1\u017een\u00ed rodi\u010de, objevte s n\u00e1mi modern\u00ed vzd\u011bl\u00e1vac\u00ed p\u0159\u00edstupy!<\/strong><\/p>\n\n\n\n<p>V dne\u0161n\u00ed rychle se m\u011bn\u00edc\u00ed spole\u010dnosti je kl\u00ed\u010dov\u00e9, aby vzd\u011bl\u00e1vac\u00ed metody reflektovaly nejnov\u011bj\u0161\u00ed poznatky a technologie. <\/p>\n\n\n\n<p>Na na\u0161em setk\u00e1n\u00ed se dozv\u00edte, jak Montessori pedagogika reaguje na tyto v\u00fdzvy a integruje modern\u00ed vzd\u011bl\u00e1vac\u00ed principy, kter\u00e9 p\u0159ipravuj\u00ed d\u011bti na budoucnost. <\/p>\n\n\n\n<p>Toto setk\u00e1n\u00ed je ide\u00e1ln\u00ed pro rodi\u010de zva\u017euj\u00edc\u00ed, jakou vzd\u011bl\u00e1vac\u00ed cestu pro sv\u00e9 d\u011bti zvolit. <strong>Registrace je nutn\u00e1!<\/strong><\/p>\n\n\n\n<p><strong>Diskutovat budeme o t\u011bchto t\u00e9matech:<\/strong><\/p>\n<\/div>\n\n\n\n<div class=\"wp-block-column is-vertically-aligned-center is-layout-flow wp-block-column-is-layout-flow\" style=\"flex-basis:33.33%\">\n<figure class=\"wp-block-image size-full\"><img decoding=\"async\" src=\"https:\/\/www.montessoriostrava.cz\/zs\/wp-content\/uploads\/sites\/3\/2024\/09\/ig-montessori-kavarna-1080-\u00d7-1080-px-300x300-1.png\" alt=\"Montessori kav\u00e1rna\" class=\"wp-image-339\"\/><\/figure>\n<\/div>\n<\/div>\n\n\n\n<ul class=\"wp-block-list\">\n<li><strong>P\u0159edstaven\u00ed na\u0161\u00ed \u0161koly:<\/strong>&nbsp;Prohl\u00e9dn\u011bte si, jak na\u0161e prost\u0159ed\u00ed podporuje samostatn\u00e9 u\u010den\u00ed a rozvoj d\u011bt\u00ed. Sezn\u00e1m\u00edme v\u00e1s s organizac\u00ed dne, hodnocen\u00edm a zp\u011btnou vazbou ve vztahu k d\u011btem a praktick\u00fdmi informacemi o chodu \u0161koly.<\/li>\n\n\n\n<li><strong>Montessori principy a metody:<\/strong>&nbsp;Zjist\u011bte, jak praktick\u00e9 a smyslupln\u00e9 aktivity formuj\u00ed z\u00e1klady celo\u017eivotn\u00edho u\u010den\u00ed.<\/li>\n\n\n\n<li><strong>Diskuse o modern\u00edm vzd\u011bl\u00e1v\u00e1n\u00ed:<\/strong>&nbsp;Prozkoumejte s n\u00e1mi, jak m\u016f\u017ee b\u00fdt vzd\u011bl\u00e1n\u00ed adaptabiln\u00ed, dynamick\u00e9 a odpov\u00eddaj\u00edc\u00ed pot\u0159eb\u00e1m dne\u0161n\u00edch d\u011bt\u00ed.<\/li>\n\n\n\n<li><strong>Integraci technologi\u00ed:<\/strong>&nbsp;Jak\u00fdm zp\u016fsobem technologie obohacuj\u00ed Montessori v\u00fduku a podporuj\u00ed samostatn\u00e9 u\u010den\u00ed a kreativitu.<\/li>\n\n\n\n<li><strong>Kritick\u00e9m my\u0161len\u00ed a \u0159e\u0161en\u00ed probl\u00e9m\u016f:<\/strong>&nbsp;Jak Montessori metody podporuj\u00ed rozvoj t\u011bchto dovednost\u00ed, kter\u00e9 jsou z\u00e1sadn\u00ed pro \u00fasp\u011bch v 21. stolet\u00ed.<\/li>\n\n\n\n<li><strong>Personalizovan\u00e9m u\u010den\u00ed:<\/strong>&nbsp;P\u0159\u00edstup, kter\u00fd umo\u017e\u0148uje d\u011btem postupovat ve sv\u00e9m vlastn\u00edm tempu a podle sv\u00fdch jedine\u010dn\u00fdch schopnost\u00ed a z\u00e1jm\u016f.<\/li>\n\n\n\n<li><strong>Spolupr\u00e1ci a komunikaci:<\/strong>&nbsp;D\u016fraz na soci\u00e1ln\u00ed interakce a t\u00fdmovou pr\u00e1ci, kter\u00e9 jsou kl\u00ed\u010dov\u00e9 pro rozvoj empatie a efektivn\u00ed komunikace.<\/li>\n<\/ul>\n\n\n\n<div class=\"wp-block-columns is-layout-flex wp-container-core-columns-is-layout-9d6595d7 wp-block-columns-is-layout-flex\">\n<div class=\"wp-block-column is-layout-flow wp-block-column-is-layout-flow\">\n<h2 class=\"wp-block-heading\"><strong>Kdy?<\/strong><\/h2>\n\n\n\n<p><strong>P\u0159ipravujeme<\/strong><\/p>\n<\/div>\n\n\n\n<div class=\"wp-block-column is-layout-flow wp-block-column-is-layout-flow\">\n<h2 class=\"wp-block-heading\"><strong>Kde?<\/strong><\/h2>\n\n\n\n<p><strong>Z\u00e1kladn\u00ed \u0161kola Montessori Ostrava, Matrosovova 833\/14, Ostrava-Hulv\u00e1ky<\/strong><\/p>\n<\/div>\n\n\n\n<div class=\"wp-block-column is-layout-flow wp-block-column-is-layout-flow\">\n<h2 class=\"wp-block-heading\"><strong>Kapacita:<\/strong>&nbsp;<\/h2>\n\n\n\n<p><strong>Omezeno na 10 \u00fa\u010dastn\u00edk\u016f<\/strong><\/p>\n<\/div>\n<\/div>\n\n\n\n<h2 class=\"wp-block-heading\">Pro\u010d d\u00e1t va\u0161e d\u00edt\u011b pr\u00e1v\u011b k n\u00e1m?<\/h2>\n\n\n\n<div class=\"wp-block-columns is-layout-flex wp-container-core-columns-is-layout-9d6595d7 wp-block-columns-is-layout-flex\">\n<div class=\"wp-block-column is-layout-flow wp-block-column-is-layout-flow\">\n<ul class=\"wp-block-list\">\n<li>Mal\u00fd po\u010det d\u011bt\u00ed ve t\u0159\u00edd\u011b, 2 pedagogov\u00e9.<\/li>\n\n\n\n<li>Certifikovan\u00ed u\u010ditel\u00e9 Montessori pedagogiky.<\/li>\n\n\n\n<li>Bilingvn\u00ed v\u00fduka s rodil\u00fdmi mluv\u010d\u00edmi.<\/li>\n\n\n\n<li>Vzd\u011bl\u00e1v\u00e1n\u00ed na t\u00e9 nejvy\u0161\u0161\u00ed \u00farovni.<\/li>\n\n\n\n<li>Laskav\u00fd a individu\u00e1ln\u00ed p\u0159\u00edstup, rodinn\u00e9 prost\u0159ed\u00ed.<\/li>\n\n\n\n<li>Nejnov\u011bj\u0161\u00ed u\u010debn\u00ed pom\u016fcky a modern\u00ed technologie ve v\u00fduce.<\/li>\n\n\n\n<li>Modern\u00ed, vzdu\u0161n\u00e9 a kreativn\u00ed prostory.<\/li>\n\n\n\n<li>\u0160irok\u00e1 nab\u00eddka krou\u017ek\u016f.<\/li>\n<\/ul>\n<\/div>\n\n\n\n<div class=\"wp-block-column is-layout-flow wp-block-column-is-layout-flow\">\n<ul class=\"wp-block-list\">\n<li>Vlastn\u00ed t\u011blocvi\u010dna a \u0161irok\u00e9 sportovn\u00ed aktivity.<\/li>\n\n\n\n<li>Jsme \u0161kolou pro v\u0161echny va\u0161e d\u011bti, za\u010d\u00e1tek vzd\u011bl\u00e1v\u00e1n\u00ed v na\u0161\u00ed vlastn\u00ed mate\u0159sk\u00e9 \u0161kole.<\/li>\n\n\n\n<li>Nem\u00e1me tradici 30 let, \u017eijeme z\u00edt\u0159kem a vzd\u011bl\u00e1v\u00e1n\u00ed p\u0159izp\u016fsobujeme modern\u00edm trend\u016fm.<\/li>\n\n\n\n<li>Za kvalitou si stoj\u00edme, vzd\u011bl\u00e1v\u00e1me zde i sv\u00e9 vlastn\u00ed d\u011bti.<\/li>\n\n\n\n<li>D\u011bti k n\u00e1m chod\u00ed r\u00e1dy a ka\u017ed\u00fd den se t\u011b\u0161\u00ed na nov\u00e9 z\u00e1\u017eitky.<\/li>\n\n\n\n<li>Nejsme z\u0159\u00edzeni za \u00fa\u010delem dosa\u017een\u00ed zisku, ale chceme se pod\u00edlet na kvalitn\u00edm vzd\u011bl\u00e1v\u00e1n\u00ed va\u0161ich d\u011bt\u00ed.<\/li>\n\n\n\n<li>Jsme lid\u0161t\u00ed a um\u00edme p\u0159i v\u00fdpadku p\u0159\u00edjmu sn\u00ed\u017eit \u010di odpustit \u0161koln\u00e9<\/li>\n<\/ul>\n<\/div>\n<\/div>\n","protected":false},"excerpt":{"rendered":"<p>Montessori pedagogika aneb jak to chod\u00ed v na\u0161\u00ed \u0161kole. V\u00e1\u017een\u00ed rodi\u010de, objevte s n\u00e1mi modern\u00ed vzd\u011bl\u00e1vac\u00ed p\u0159\u00edstupy! V dne\u0161n\u00ed rychle se m\u011bn\u00edc\u00ed spole\u010dnosti je kl\u00ed\u010dov\u00e9, aby vzd\u011bl\u00e1vac\u00ed metody reflektovaly nejnov\u011bj\u0161\u00ed poznatky a technologie. Na na\u0161em setk\u00e1n\u00ed se dozv\u00edte, jak Montessori pedagogika reaguje na tyto v\u00fdzvy a integruje modern\u00ed vzd\u011bl\u00e1vac\u00ed principy, kter\u00e9 p\u0159ipravuj\u00ed d\u011bti na budoucnost. [&hellip;]<\/p>\n","protected":false},"author":1,"featured_media":0,"parent":0,"menu_order":0,"comment_status":"closed","ping_status":"closed","template":"","meta":{"footnotes":""},"class_list":["post-229","page","type-page","status-publish","hentry"],"acf":[],"yoast_head":"<!-- This site is optimized with the Yoast SEO plugin v27.5 - https:\/\/yoast.com\/product\/yoast-seo-wordpress\/ -->\n<title>Montessori kav\u00e1rna | Lyceum Montessori Ostrava<\/title>\n<meta name=\"robots\" content=\"index, follow, max-snippet:-1, max-image-preview:large, max-video-preview:-1\" \/>\n<link rel=\"canonical\" href=\"https:\/\/www.montessoriostrava.cz\/lyceum\/montessori-kavarna\/\" \/>\n<meta property=\"og:locale\" content=\"cs_CZ\" \/>\n<meta property=\"og:type\" content=\"article\" \/>\n<meta property=\"og:title\" content=\"Montessori kav\u00e1rna | Lyceum Montessori Ostrava\" \/>\n<meta property=\"og:description\" content=\"Montessori pedagogika aneb jak to chod\u00ed v na\u0161\u00ed \u0161kole. V\u00e1\u017een\u00ed rodi\u010de, objevte s n\u00e1mi modern\u00ed vzd\u011bl\u00e1vac\u00ed p\u0159\u00edstupy! V dne\u0161n\u00ed rychle se m\u011bn\u00edc\u00ed spole\u010dnosti je kl\u00ed\u010dov\u00e9, aby vzd\u011bl\u00e1vac\u00ed metody reflektovaly nejnov\u011bj\u0161\u00ed poznatky a technologie. Na na\u0161em setk\u00e1n\u00ed se dozv\u00edte, jak Montessori pedagogika reaguje na tyto v\u00fdzvy a integruje modern\u00ed vzd\u011bl\u00e1vac\u00ed principy, kter\u00e9 p\u0159ipravuj\u00ed d\u011bti na budoucnost. [&hellip;]\" \/>\n<meta property=\"og:url\" content=\"https:\/\/www.montessoriostrava.cz\/lyceum\/montessori-kavarna\/\" \/>\n<meta property=\"og:site_name\" content=\"Lyceum Montessori Ostrava\" \/>\n<meta property=\"article:modified_time\" content=\"2025-02-07T19:03:58+00:00\" \/>\n<meta property=\"og:image\" content=\"https:\/\/www.montessoriostrava.cz\/lyceum\/wp-content\/uploads\/sites\/6\/2024\/09\/24d1d4840b2b8b0cfd188af16b4db2cc-e1738758227736.jpeg\" \/>\n\t<meta property=\"og:image:width\" content=\"363\" \/>\n\t<meta property=\"og:image:height\" content=\"374\" \/>\n\t<meta property=\"og:image:type\" content=\"image\/jpeg\" \/>\n<meta name=\"twitter:card\" content=\"summary_large_image\" \/>\n<meta name=\"twitter:label1\" content=\"Odhadovan\u00e1 doba \u010dten\u00ed\" \/>\n\t<meta name=\"twitter:data1\" content=\"3 minuty\" \/>\n<script type=\"application\/ld+json\" class=\"yoast-schema-graph\">{\"@context\":\"https:\\\/\\\/schema.org\",\"@graph\":[{\"@type\":\"WebPage\",\"@id\":\"https:\\\/\\\/www.montessoriostrava.cz\\\/lyceum\\\/montessori-kavarna\\\/\",\"url\":\"https:\\\/\\\/www.montessoriostrava.cz\\\/lyceum\\\/montessori-kavarna\\\/\",\"name\":\"Montessori kav\u00e1rna | Lyceum Montessori Ostrava\",\"isPartOf\":{\"@id\":\"https:\\\/\\\/www.montessoriostrava.cz\\\/lyceum\\\/#website\"},\"datePublished\":\"2025-02-07T09:53:44+00:00\",\"dateModified\":\"2025-02-07T19:03:58+00:00\",\"breadcrumb\":{\"@id\":\"https:\\\/\\\/www.montessoriostrava.cz\\\/lyceum\\\/montessori-kavarna\\\/#breadcrumb\"},\"inLanguage\":\"cs\",\"potentialAction\":[{\"@type\":\"ReadAction\",\"target\":[\"https:\\\/\\\/www.montessoriostrava.cz\\\/lyceum\\\/montessori-kavarna\\\/\"]}]},{\"@type\":\"BreadcrumbList\",\"@id\":\"https:\\\/\\\/www.montessoriostrava.cz\\\/lyceum\\\/montessori-kavarna\\\/#breadcrumb\",\"itemListElement\":[{\"@type\":\"ListItem\",\"position\":1,\"name\":\"Dom\u016f\",\"item\":\"https:\\\/\\\/www.montessoriostrava.cz\\\/lyceum\\\/\"},{\"@type\":\"ListItem\",\"position\":2,\"name\":\"Montessori kav\u00e1rna\"}]},{\"@type\":\"WebSite\",\"@id\":\"https:\\\/\\\/www.montessoriostrava.cz\\\/lyceum\\\/#website\",\"url\":\"https:\\\/\\\/www.montessoriostrava.cz\\\/lyceum\\\/\",\"name\":\"Lyceum Montessori Ostrava\",\"description\":\"\",\"publisher\":{\"@id\":\"https:\\\/\\\/www.montessoriostrava.cz\\\/lyceum\\\/#organization\"},\"potentialAction\":[{\"@type\":\"SearchAction\",\"target\":{\"@type\":\"EntryPoint\",\"urlTemplate\":\"https:\\\/\\\/www.montessoriostrava.cz\\\/lyceum\\\/?s={search_term_string}\"},\"query-input\":{\"@type\":\"PropertyValueSpecification\",\"valueRequired\":true,\"valueName\":\"search_term_string\"}}],\"inLanguage\":\"cs\"},{\"@type\":\"Organization\",\"@id\":\"https:\\\/\\\/www.montessoriostrava.cz\\\/lyceum\\\/#organization\",\"name\":\"Montessori Ostrava\",\"url\":\"https:\\\/\\\/www.montessoriostrava.cz\\\/lyceum\\\/\",\"logo\":{\"@type\":\"ImageObject\",\"inLanguage\":\"cs\",\"@id\":\"https:\\\/\\\/www.montessoriostrava.cz\\\/lyceum\\\/#\\\/schema\\\/logo\\\/image\\\/\",\"url\":\"https:\\\/\\\/www.montessoriostrava.cz\\\/lyceum\\\/wp-content\\\/uploads\\\/sites\\\/6\\\/2025\\\/01\\\/logo-montessori.png\",\"contentUrl\":\"https:\\\/\\\/www.montessoriostrava.cz\\\/lyceum\\\/wp-content\\\/uploads\\\/sites\\\/6\\\/2025\\\/01\\\/logo-montessori.png\",\"width\":1794,\"height\":527,\"caption\":\"Montessori Ostrava\"},\"image\":{\"@id\":\"https:\\\/\\\/www.montessoriostrava.cz\\\/lyceum\\\/#\\\/schema\\\/logo\\\/image\\\/\"}}]}<\/script>\n<!-- \/ Yoast SEO plugin. -->","yoast_head_json":{"title":"Montessori kav\u00e1rna | Lyceum Montessori Ostrava","robots":{"index":"index","follow":"follow","max-snippet":"max-snippet:-1","max-image-preview":"max-image-preview:large","max-video-preview":"max-video-preview:-1"},"canonical":"https:\/\/www.montessoriostrava.cz\/lyceum\/montessori-kavarna\/","og_locale":"cs_CZ","og_type":"article","og_title":"Montessori kav\u00e1rna | Lyceum Montessori Ostrava","og_description":"Montessori pedagogika aneb jak to chod\u00ed v na\u0161\u00ed \u0161kole. V\u00e1\u017een\u00ed rodi\u010de, objevte s n\u00e1mi modern\u00ed vzd\u011bl\u00e1vac\u00ed p\u0159\u00edstupy! V dne\u0161n\u00ed rychle se m\u011bn\u00edc\u00ed spole\u010dnosti je kl\u00ed\u010dov\u00e9, aby vzd\u011bl\u00e1vac\u00ed metody reflektovaly nejnov\u011bj\u0161\u00ed poznatky a technologie. Na na\u0161em setk\u00e1n\u00ed se dozv\u00edte, jak Montessori pedagogika reaguje na tyto v\u00fdzvy a integruje modern\u00ed vzd\u011bl\u00e1vac\u00ed principy, kter\u00e9 p\u0159ipravuj\u00ed d\u011bti na budoucnost. [&hellip;]","og_url":"https:\/\/www.montessoriostrava.cz\/lyceum\/montessori-kavarna\/","og_site_name":"Lyceum Montessori Ostrava","article_modified_time":"2025-02-07T19:03:58+00:00","og_image":[{"width":363,"height":374,"url":"https:\/\/www.montessoriostrava.cz\/lyceum\/wp-content\/uploads\/sites\/6\/2024\/09\/24d1d4840b2b8b0cfd188af16b4db2cc-e1738758227736.jpeg","type":"image\/jpeg"}],"twitter_card":"summary_large_image","twitter_misc":{"Odhadovan\u00e1 doba \u010dten\u00ed":"3 minuty"},"schema":{"@context":"https:\/\/schema.org","@graph":[{"@type":"WebPage","@id":"https:\/\/www.montessoriostrava.cz\/lyceum\/montessori-kavarna\/","url":"https:\/\/www.montessoriostrava.cz\/lyceum\/montessori-kavarna\/","name":"Montessori kav\u00e1rna | Lyceum Montessori Ostrava","isPartOf":{"@id":"https:\/\/www.montessoriostrava.cz\/lyceum\/#website"},"datePublished":"2025-02-07T09:53:44+00:00","dateModified":"2025-02-07T19:03:58+00:00","breadcrumb":{"@id":"https:\/\/www.montessoriostrava.cz\/lyceum\/montessori-kavarna\/#breadcrumb"},"inLanguage":"cs","potentialAction":[{"@type":"ReadAction","target":["https:\/\/www.montessoriostrava.cz\/lyceum\/montessori-kavarna\/"]}]},{"@type":"BreadcrumbList","@id":"https:\/\/www.montessoriostrava.cz\/lyceum\/montessori-kavarna\/#breadcrumb","itemListElement":[{"@type":"ListItem","position":1,"name":"Dom\u016f","item":"https:\/\/www.montessoriostrava.cz\/lyceum\/"},{"@type":"ListItem","position":2,"name":"Montessori kav\u00e1rna"}]},{"@type":"WebSite","@id":"https:\/\/www.montessoriostrava.cz\/lyceum\/#website","url":"https:\/\/www.montessoriostrava.cz\/lyceum\/","name":"Lyceum Montessori Ostrava","description":"","publisher":{"@id":"https:\/\/www.montessoriostrava.cz\/lyceum\/#organization"},"potentialAction":[{"@type":"SearchAction","target":{"@type":"EntryPoint","urlTemplate":"https:\/\/www.montessoriostrava.cz\/lyceum\/?s={search_term_string}"},"query-input":{"@type":"PropertyValueSpecification","valueRequired":true,"valueName":"search_term_string"}}],"inLanguage":"cs"},{"@type":"Organization","@id":"https:\/\/www.montessoriostrava.cz\/lyceum\/#organization","name":"Montessori Ostrava","url":"https:\/\/www.montessoriostrava.cz\/lyceum\/","logo":{"@type":"ImageObject","inLanguage":"cs","@id":"https:\/\/www.montessoriostrava.cz\/lyceum\/#\/schema\/logo\/image\/","url":"https:\/\/www.montessoriostrava.cz\/lyceum\/wp-content\/uploads\/sites\/6\/2025\/01\/logo-montessori.png","contentUrl":"https:\/\/www.montessoriostrava.cz\/lyceum\/wp-content\/uploads\/sites\/6\/2025\/01\/logo-montessori.png","width":1794,"height":527,"caption":"Montessori Ostrava"},"image":{"@id":"https:\/\/www.montessoriostrava.cz\/lyceum\/#\/schema\/logo\/image\/"}}]}},"_links":{"self":[{"href":"https:\/\/www.montessoriostrava.cz\/lyceum\/wp-json\/wp\/v2\/pages\/229","targetHints":{"allow":["GET"]}}],"collection":[{"href":"https:\/\/www.montessoriostrava.cz\/lyceum\/wp-json\/wp\/v2\/pages"}],"about":[{"href":"https:\/\/www.montessoriostrava.cz\/lyceum\/wp-json\/wp\/v2\/types\/page"}],"author":[{"embeddable":true,"href":"https:\/\/www.montessoriostrava.cz\/lyceum\/wp-json\/wp\/v2\/users\/1"}],"replies":[{"embeddable":true,"href":"https:\/\/www.montessoriostrava.cz\/lyceum\/wp-json\/wp\/v2\/comments?post=229"}],"version-history":[{"count":1,"href":"https:\/\/www.montessoriostrava.cz\/lyceum\/wp-json\/wp\/v2\/pages\/229\/revisions"}],"predecessor-version":[{"id":230,"href":"https:\/\/www.montessoriostrava.cz\/lyceum\/wp-json\/wp\/v2\/pages\/229\/revisions\/230"}],"wp:attachment":[{"href":"https:\/\/www.montessoriostrava.cz\/lyceum\/wp-json\/wp\/v2\/media?parent=229"}],"curies":[{"name":"wp","href":"https:\/\/api.w.org\/{rel}","templated":true}]}}