{"id":1024,"date":"2025-01-30T16:57:59","date_gmt":"2025-01-30T15:57:59","guid":{"rendered":"https:\/\/www.montessoriostrava.cz\/ms\/?page_id=1024"},"modified":"2025-01-31T10:08:36","modified_gmt":"2025-01-31T09:08:36","slug":"ochrana-osobnich-udaju","status":"publish","type":"page","link":"https:\/\/www.montessoriostrava.cz\/ms\/ochrana-osobnich-udaju\/","title":{"rendered":"Ochrana osobn\u00edch \u00fadaj\u016f"},"content":{"rendered":"\n<p>Ochranu va\u0161ich osobn\u00edch \u00fadaj\u016f nebereme na lehkou v\u00e1hu, p\u0159e\u010dt\u011bte si, co v\u0161e d\u011bl\u00e1me proto, aby va\u0161e sd\u011blen\u00e9 osobn\u00ed \u00fadaje byly u n\u00e1s v bezpe\u010d\u00ed.<\/p>\n\n\n\n<p>Zpracov\u00e1n\u00ed osobn\u00edch \u00fadaj\u016f prob\u00edh\u00e1 v souladu se z\u00e1konem \u010d. 101\/2000 Sb., o ochran\u011b osobn\u00edch \u00fadaj\u016f a o zm\u011bn\u011b dal\u0161\u00edch z\u00e1kon\u016f a evropsk\u00fdm na\u0159\u00edzen\u00edm GDPR, kter\u00fd h\u00e1j\u00ed pr\u00e1va na\u0161ich n\u00e1v\u0161t\u011bvn\u00edk\u016f a z\u00e1kazn\u00edk\u016f proti neopr\u00e1vn\u011bn\u00e9mu zach\u00e1zen\u00ed s jejich \u00fadaji. V n\u00e1sleduj\u00edc\u00edch \u0159\u00e1dc\u00edch v\u00e1m p\u0159ibl\u00ed\u017e\u00edme, jak\u00fdm zp\u016fsobem a za jak\u00fdm \u00fa\u010delem zpracov\u00e1v\u00e1me va\u0161e osobn\u00ed \u00fadaje a kdo mohou b\u00fdt jejich zpracovatele. Tyto informace jsou d\u016fle\u017eit\u00e9, proto douf\u00e1me, \u017ee si najdete \u010das a pe\u010dliv\u011b si v\u0161e p\u0159e\u010dtete.<\/p>\n\n\n\n<h2 class=\"wp-block-heading\">Kdo je spr\u00e1vcem va\u0161ich \u00fadaj\u016f?<\/h2>\n\n\n\n<p>Souhlasem ud\u011blujete spole\u010dnosti Weiron Dynamics, s.r.o., I\u010cO:28111401, se s\u00eddlem Hlavn\u00ed t\u0159\u00edda 107, 738 01 Fr\u00fddek-M\u00edstek, zapsan\u00e9 ve ve\u0159ejn\u00e9m rejst\u0159\u00edku veden\u00e9m u m\u011bstsk\u00e9ho soudu v Ostrav\u011b Spisov\u00e1 zna\u010dka: C 35244, aby v souladu se z\u00e1konem o ochran\u011b osobn\u00edch \u00fadaj\u016f a na\u0159\u00edzen\u00ed GDPR zpracov\u00e1vala jako spr\u00e1vce osobn\u00ed \u00fadaje dle podm\u00ednek n\u00ed\u017ee.<\/p>\n\n\n\n<h2 class=\"wp-block-heading\">Jak\u00e9 \u00fadaje jako spr\u00e1vci zpracov\u00e1v\u00e1me?<\/h2>\n\n\n\n<p>V r\u00e1mci na\u0161ich webov\u00fdch str\u00e1nek zpracov\u00e1v\u00e1me \u00fadaje, kter\u00e9 n\u00e1m m\u016f\u017eete poskytnout v r\u00e1mci registrace \u00fa\u010dtu, vypln\u011bn\u00ed formul\u00e1\u0159e, p\u0159ihl\u00e1\u0161en\u00ed k odb\u011bru newsletteru, vlo\u017een\u00ed koment\u00e1\u0159e nebo jin\u00e9 aktivity souvisej\u00edc\u00ed s va\u0161\u00edm dobrovoln\u00fdm sd\u011blen\u00edm osobn\u00edch \u00fadaj\u016f. Konkr\u00e9tn\u011b doch\u00e1z\u00ed ke zpracov\u00e1n\u00edm n\u00e1sleduj\u00edc\u00edch \u00fadaj\u016f.<\/p>\n\n\n\n<ul class=\"wp-block-list\">\n<li>Vypln\u011bn\u00ed formul\u00e1\u0159e<\/li>\n\n\n\n<li>Telefonn\u00ed \u010d\u00edslo<\/li>\n\n\n\n<li>E-mailov\u00e1 adresa<\/li>\n\n\n\n<li>Dal\u0161\u00ed nep\u0159\u00edm\u00e9 \u00fadaje<\/li>\n\n\n\n<li>IP adresa<\/li>\n\n\n\n<li>Soubory cookies (pro \u00fa\u010dely nab\u00edzen\u00ed relevantn\u00edho obsahu jen pro v\u00e1s a usnadn\u011bn\u00ed proch\u00e1zen\u00ed webov\u00fdch str\u00e1nek)<\/li>\n\n\n\n<li>Informace o verzi prohl\u00ed\u017ee\u010de a opera\u010dn\u00edho syst\u00e9mu pro zaji\u0161t\u011bn\u00ed spr\u00e1vn\u00e9ho zobrazen\u00ed webov\u00fdch str\u00e1nek<\/li>\n<\/ul>\n\n\n\n<h2 class=\"wp-block-heading\">Za jak\u00fdm \u00fa\u010delem zm\u00edn\u011bn\u00e9 \u00fadaje spravujeme a jak dlouho?<\/h2>\n\n\n\n<p>Va\u0161e osobn\u00ed \u00fadaje shroma\u017e\u010fujeme za \u00fa\u010delem mo\u017enosti vyu\u017e\u00edvat na\u0161e slu\u017eby a informovat v\u00e1s o novink\u00e1ch. P\u0159e\u010dtete si v\u00edce, za jak\u00fdm \u00fa\u010delem spravujeme jednotliv\u00e9 \u00fadaje podle m\u00edsta jejich vypln\u011bn\u00ed.<\/p>\n\n\n\n<p>Vypln\u011bn\u00ed formul\u00e1\u0159e pro kontaktv\u00e1n\u00ed \u2013 Osobn\u00ed \u00fadaje obsa\u017een\u00e9 ve formul\u00e1\u0159i spravujeme pouze za \u00fa\u010delem odpov\u011bdi nebo vy\u0159\u00edzen\u00ed va\u0161eho dotazu \u010di popt\u00e1vky. Va\u0161e osobn\u00ed \u00fadaje nebudou d\u00e1le zpracov\u00e1v\u00e1ny ani p\u0159ed\u00e1v\u00e1ny t\u0159et\u00ed stran\u011b.<\/p>\n\n\n\n<p>Polo\u017een\u00ed dotazu v poradn\u011b \u2013 Osobn\u00ed \u00fadaje obsa\u017een\u00e9 ve formul\u00e1\u0159i spravujeme pouze za \u00fa\u010delem odpov\u011bdi nebo vy\u0159\u00edzen\u00ed va\u0161eho dotazu \u010di popt\u00e1vky. Va\u0161e osobn\u00ed \u00fadaje nebudou d\u00e1le zpracov\u00e1v\u00e1ny ani p\u0159ed\u00e1v\u00e1ny t\u0159et\u00ed stran\u011b. Vyhrazujeme si pr\u00e1vo vybran\u00e9 dotazy a odpov\u011bdi zve\u0159ejnit na na\u0161ich webov\u00fdch str\u00e1nk\u00e1ch bez uveden\u00ed osobn\u00edch \u00fadaj\u016f a v anonymizovan\u00e9 podob\u011b.<\/p>\n\n\n\n<h2 class=\"wp-block-heading\">Kdy nen\u00ed pot\u0159eba d\u00e1vat souhlas se zpracov\u00e1n\u00edm osobn\u00edch \u00fadaj\u016f?<\/h2>\n\n\n\n<p>Osobn\u00ed \u00fadaje m\u016f\u017eeme zpracov\u00e1vat i bez va\u0161eho souhlasu pouze za \u00fa\u010dely:<\/p>\n\n\n\n<p>Pln\u011bn\u00ed smlouvy jej\u00edm\u017e p\u0159edm\u011btem je poskytnut\u00ed nami nab\u00edzen\u00fdch slu\u017eeb nebo produktu, o kterou byl aktivn\u011b projeven\u00fd ze strany z\u00e1kazn\u00edka z\u00e1jem.<br>Pln\u011bn\u00ed pr\u00e1vn\u00edch povinnost\u00ed, kter\u00e9 pro n\u00e1s vypl\u00fdvaj\u00ed z obecn\u011b z\u00e1vazn\u00fdch pr\u00e1vn\u00edch p\u0159edpis\u016f.<br>Zpracov\u00e1n\u00ed v r\u00e1mci opr\u00e1vn\u011bn\u00e9ho z\u00e1jm\u016f (nap\u0159. k p\u0159\u00edm\u00e9mu marketingu, zaji\u0161t\u011bn\u00ed bezpe\u010dnosti a ochrany \u017eivota).<\/p>\n\n\n\n<h2 class=\"wp-block-heading\">Jak jsou m\u00e9 \u00fadaje chr\u00e1n\u011bn\u00e9?<\/h2>\n\n\n\n<p>Ve\u0161ker\u00e9 osobn\u00ed \u00fadaje, kter\u00e9 zpracov\u00e1v\u00e1me, se sna\u017e\u00edme v maxim\u00e1ln\u00ed m\u00ed\u0159e zabezpe\u010dit proti jejich \u00faniku nebo odcizen\u00ed. Z tohoto d\u016fvodu omezujeme jejich manipulaci, kop\u00edrov\u00e1n\u00ed, p\u0159en\u00e1\u0161en\u00ed nebo p\u0159\u00edstup k nim jen pro nezbytn\u011b nutn\u00fd \u00fa\u010dely, ke kter\u00fdm jste n\u00e1m ud\u011blili souhlas nebo tento \u00fa\u010del definuje z\u00e1kon.<\/p>\n\n\n\n<p>D\u00e1le na\u0161e webov\u00e9 str\u00e1nky disponuj\u00ed HTTPS protokolem (platn\u00fdm SSL certifik\u00e1tem) pro \u0161ifrovan\u00e9 spojen\u00ed mezi webem a u\u017eivatelem, d\u00edky \u010demu\u017e se minimalizuje mo\u017enost jejich odcizen\u00ed b\u011bhem p\u0159enosu dat (registrace, p\u0159ihla\u0161ov\u00e1ni, odes\u00edl\u00e1n\u00ed v r\u00e1mci formul\u00e1\u0159e apod.)<\/p>\n\n\n\n<p>Webov\u00e9 str\u00e1nky jsou um\u00edst\u011bn\u00e9 na bezpe\u010dn\u00fdch serverech spole\u010dnosti WEDOS Internet, a.s., I\u010c: 28115708, se s\u00eddlem Masarykova 1230, 373 41 Hlubok\u00e1 nad Vltavou, zapsanou u Krajsk\u00e9ho soudu v \u010cesk\u00fdch Bud\u011bjovic\u00edch, pod spisovou zna\u010dkou: B \/ 1886 od 21.12.2009.<\/p>\n\n\n\n<h2 class=\"wp-block-heading\">Jak\u00e1 jsou moje pr\u00e1va v souvislosti s ochranou osobn\u00edch \u00fadaj\u016f?<\/h2>\n\n\n\n<ul class=\"wp-block-list\">\n<li>Po\u017eadovat po n\u00e1s informaci, jak\u00e9 Va\u0161e osobn\u00ed \u00fadaje zpracov\u00e1v\u00e1me.<\/li>\n\n\n\n<li>Po\u017eadovat po n\u00e1s vysv\u011btlen\u00ed ohledn\u011b zpracov\u00e1n\u00ed osobn\u00edch \u00fadaj\u016f.<\/li>\n\n\n\n<li>Vy\u017e\u00e1dat si u n\u00e1s p\u0159\u00edstup k t\u011bmto \u00fadaj\u016fm a tyto nechat aktualizovat nebo opravit.<\/li>\n\n\n\n<li>Po\u017eadovat po n\u00e1s v\u00fdmaz t\u011bchto osobn\u00edch \u00fadaj\u016f.<\/li>\n\n\n\n<li>Po\u017eadovat p\u0159enesen\u00ed \u00fadaj\u016f.<\/li>\n\n\n\n<li>Pr\u00e1vo b\u00fdt informov\u00e1n o poru\u0161en\u00ed zabezpe\u010den\u00ed osobn\u00edch \u00fadaj\u016f v ur\u010dit\u00fdch p\u0159\u00edpadech.<\/li>\n<\/ul>\n\n\n\n<p>M\u016f\u017eete kdykoliv podat st\u00ed\u017enost t\u00fdkaj\u00edc\u00ed se zpracov\u00e1n\u00ed va\u0161ich osobn\u00edch \u00fadaj\u016f nebo nepln\u011bn\u00ed povinnost\u00ed spr\u00e1vce plynouc\u00edch z GDPR k dozorov\u00e9mu \u00fa\u0159adu. Dozorov\u00fdm \u00fa\u0159adem je v \u010cR \u00da\u0159ad pro ochranu osobn\u00edch \u00fadaj\u016f, se s\u00eddlem Pplk. Sochora 27, 170 00 Praha 7, www.uoou.cz.<\/p>\n\n\n\n<h2 class=\"wp-block-heading\">Cookies<\/h2>\n\n\n\n<p>V souladu s ustanoven\u00edm \u00a7 89 z\u00e1kona \u010d. 127\/2005 Sb., o elektronick\u00fdch komunikac\u00edch, v\u00e1s t\u00edmto informujeme, \u017ee na\u0161e webov\u00e9 str\u00e1nky vyu\u017e\u00edvaj\u00ed pro svoji \u010dinnost tzv. cookies.<\/p>\n\n\n\n<p>Jedn\u00e1 se o kr\u00e1tk\u00e9 textov\u00e9 soubory, kter\u00e9 webov\u00e1 str\u00e1nka ukl\u00e1d\u00e1 v n\u00e1v\u0161t\u011bvn\u00edkov\u011b po\u010d\u00edta\u010di, a kter\u00e9 poskytuje internetov\u00fd prohl\u00ed\u017ee\u010d poka\u017ed\u00e9, kdy\u017e se u\u017eivatel na str\u00e1nku vr\u00e1t\u00ed. www.weiron-dynamics.cz pou\u017e\u00edv\u00e1 cookies k identifikaci a sledov\u00e1n\u00ed n\u00e1v\u0161t\u011bvn\u00edk\u016f, kte\u0159\u00ed pou\u017e\u00edvaj\u00ed na\u0161e webov\u00e9 str\u00e1nky a k jejich p\u0159edvolb\u011b pro p\u0159\u00edstup k webov\u00e9 str\u00e1nce.<\/p>\n\n\n\n<p>Standardn\u00ed webov\u00e9 prohl\u00ed\u017ee\u010de (Internet Explorer, Mozilla Firefox, Google Chrome apod.) podporuj\u00ed spr\u00e1vu cookies. V r\u00e1mci nastaven\u00ed prohl\u00ed\u017ee\u010d\u016f m\u016f\u017eete jednotliv\u00e9 cookie ru\u010dn\u011b mazat, blokovat \u010di zcela zak\u00e1zat jejich pou\u017eit\u00ed, lze je tak\u00e9 blokovat nebo povolit jen pro jednotliv\u00e9 internetov\u00e9 str\u00e1nky.<\/p>\n\n\n\n<p>Pro detailn\u011bj\u0161\u00ed informace, pros\u00edm, pou\u017eijte n\u00e1pov\u011bdu va\u0161eho prohl\u00ed\u017ee\u010de. Pokud bude m\u00edt v\u00e1\u0161 prohl\u00ed\u017ee\u010d pou\u017eit\u00ed cookies povoleno, budeme vych\u00e1zet z toho, \u017ee souhlas\u00edte s vyu\u017e\u00edv\u00e1n\u00edm standardn\u00edch cookies ze strany na\u0161eho serveru.<\/p>\n\n\n\n<h2 class=\"wp-block-heading\">Jak\u00e9 existuj\u00ed druhy Cookies?<\/h2>\n\n\n\n<p>V\u0161eobecn\u011b lze soubory Cookies, nebo-li do\u010dasn\u00e9 soubory ulo\u017een\u00e9 v prohl\u00ed\u017ee\u010di, rozd\u011blit na dva druhy. Ty kter\u00e9 se ukl\u00e1daj\u00ed jen kr\u00e1tkodob\u011b a na webu \u010di e-shopu slou\u017e\u00ed k usnadn\u011bn\u00ed jeho vyu\u017e\u00edv\u00e1n\u00ed (nap\u0159. zapamatov\u00e1ni si vlo\u017een\u00e9ho zbo\u017e\u00ed v ko\u0161\u00edku, nav\u0161t\u00edven\u00e9ho produktu, zav\u0159en\u00ed vyskakovac\u00edho okna apod.). Tyto do\u010dasn\u00e9 cookies umo\u017e\u0148uj\u00ed uchov\u00e1v\u00e1n\u00ed informac\u00ed p\u0159i p\u0159ech\u00e1zen\u00ed z jedn\u00e9 webov\u00e9 str\u00e1nky na druhou a odstra\u0148uj\u00ed tak pot\u0159ebu opakovan\u00e9ho zad\u00e1v\u00e1n\u00ed n\u011bkter\u00fdch \u00fadaj\u016f.<\/p>\n\n\n\n<p>Druh\u00fd typ soubor\u016f cookies se ukl\u00e1d\u00e1 del\u0161\u00ed dobu (nap\u0159. n\u011bkolik t\u00fddnu a\u017e m\u011bs\u00edc\u016f). Tyto cookies pom\u00e1haj\u00ed k tomu, aby bylo mo\u017en\u00e9 identifikovat v\u00e1\u0161 po\u010d\u00edta\u010d p\u0159i opakovan\u00e9 n\u00e1v\u0161t\u011bv\u011b na\u0161ich webov\u00fdch str\u00e1nek. Neumo\u017e\u0148uj\u00ed v\u00e1s v\u0161ak identifikovat jako konkr\u00e9tn\u00ed osobu.<\/p>\n\n\n\n<p>Dlouhodob\u00e9 cookies soubory n\u00e1m umo\u017e\u0148uj\u00ed l\u00e9pe personalizovat na\u0161e str\u00e1nky a nab\u00eddnout v\u00e1m pro v\u00e1s relevantn\u00ed obsah nebo reklamu. Sb\u00edran\u00e1 data jsou zcela anonymn\u00ed a nem\u016f\u017eeme je spojovat s jak\u00fdmikoliv jin\u00fdmi daty.<\/p>\n\n\n\n<h2 class=\"wp-block-heading\">Za jak\u00fdm \u00fa\u010delem soubory Cookies vyu\u017e\u00edv\u00e1me?<\/h2>\n\n\n\n<p>Zapamatov\u00e1ni si osobn\u00edho nastaven\u00ed \u2013 Cookies na\u0161im webov\u00fdm str\u00e1nk\u00e1m umo\u017e\u0148uj\u00ed usnadnit va\u0161e proch\u00e1zen\u00ed webov\u00fdch str\u00e1nek a personalizaci zobrazovan\u00e9ho obsahu. Umo\u017e\u0148uj\u00ed tak\u00e9 nap\u0159\u00edklad pamatovat si obsah ko\u0161\u00edku, p\u0159ihl\u00e1\u0161en\u00ed \u010di odhl\u00e1\u0161en\u00ed, souhlas s upozorn\u011bn\u00edm apod.<\/p>\n\n\n\n<p>Statistick\u00e9 \u00fadaje \u2013 Abychom mohli zlep\u0161ovat kvalitu na\u0161ich str\u00e1nek, shroma\u017e\u010fujeme anonymn\u00ed statistiky n\u00e1v\u0161t\u011bvnosti, kter\u00e9 n\u00e1m pom\u00e1haj\u00ed k dal\u0161\u00edmu rozvoji na\u0161eho podnik\u00e1n\u00ed. Pro evidenci vyu\u017e\u00edv\u00e1me n\u00e1stroj Google Analytics s platn\u00fdm dodatkem pro zpracov\u00e1n\u00ed osobn\u00edch \u00fadaj\u016f t\u0159et\u00ed stranou. Tato data nen\u00ed mo\u017en\u00e9 spojovat s konkr\u00e9tn\u00ed osobou.<\/p>\n\n\n\n<p>Zobrazov\u00e1n\u00ed reklamy \u2013 Cookies umo\u017e\u0148uj\u00ed lep\u0161\u00ed c\u00edlen\u00ed reklamy pro na\u0161e u\u017eivatele a n\u00e1v\u0161t\u011bvn\u00edky d\u00edky personalizaci jejich obsahu tak, aby z\u00e1kazn\u00edk dost\u00e1val reklamu na produkty nebo slu\u017eby, kter\u00e9 jsou pro n\u011bj relevantn\u00ed a projevil o n\u011b v minulosti potenci\u00e1ln\u00ed z\u00e1jem.<\/p>\n\n\n\n<h2 class=\"wp-block-heading\">Jak Cookies deaktivovat nebo vymazat?<\/h2>\n\n\n\n<p>Pokud nechcete soubory cookies vyu\u017e\u00edvat nebo smazat jejich obsah, kter\u00fd webov\u00e9 str\u00e1nky o va\u0161ich n\u00e1v\u0161t\u011bv\u00e1ch na r\u016fzn\u00fdch webov\u00fdch str\u00e1nk\u00e1ch a port\u00e1lech ulo\u017eily, m\u016f\u017eete vyu\u017e\u00edt n\u00e1vody pro jednotliv\u00e9 nej\u010dast\u011bji vyu\u017e\u00edvan\u00e9 prohl\u00ed\u017ee\u010de n\u00ed\u017ee:<\/p>\n\n\n\n<p>Chrome: support.google.com<br>Opera: help.opera.com<br>Firefox: support.mozilla.org<br>MSIE: windows.microsoft.com<br>Safari: support.apple.com<br>Aktualizace z\u00e1sad pro ochranu osobn\u00edch \u00fadaj\u016f<br>Pr\u016fb\u011b\u017en\u011b m\u016f\u017eeme Z\u00e1sady ochrany osobn\u00edch \u00fadaj\u016f upravovat \u010di aktualizovat. Jak\u00e9koliv zm\u011bny t\u011bchto Z\u00e1sad ochrany osobn\u00edch \u00fadaj\u016f se stanou \u00fa\u010dinn\u00fdmi po jejich zve\u0159ejn\u011bn\u00ed na t\u00e9to str\u00e1nce.<\/p>\n\n\n\n<p>Posledn\u00ed aktualizace 28. 05. 2019<\/p>\n","protected":false},"excerpt":{"rendered":"<p>Ochranu va\u0161ich osobn\u00edch \u00fadaj\u016f nebereme na lehkou v\u00e1hu, p\u0159e\u010dt\u011bte si, co v\u0161e d\u011bl\u00e1me proto, aby va\u0161e sd\u011blen\u00e9 osobn\u00ed \u00fadaje byly u n\u00e1s v bezpe\u010d\u00ed. Zpracov\u00e1n\u00ed osobn\u00edch \u00fadaj\u016f prob\u00edh\u00e1 v souladu se z\u00e1konem \u010d. 101\/2000 Sb., o ochran\u011b osobn\u00edch \u00fadaj\u016f a o zm\u011bn\u011b dal\u0161\u00edch z\u00e1kon\u016f a evropsk\u00fdm na\u0159\u00edzen\u00edm GDPR, kter\u00fd h\u00e1j\u00ed pr\u00e1va na\u0161ich n\u00e1v\u0161t\u011bvn\u00edk\u016f a z\u00e1kazn\u00edk\u016f [&hellip;]<\/p>\n","protected":false},"author":1,"featured_media":0,"parent":0,"menu_order":0,"comment_status":"closed","ping_status":"closed","template":"","meta":{"footnotes":""},"class_list":["post-1024","page","type-page","status-publish","hentry"],"acf":[],"yoast_head":"<!-- This site is optimized with the Yoast SEO plugin v27.5 - https:\/\/yoast.com\/product\/yoast-seo-wordpress\/ -->\n<title>Ochrana osobn\u00edch \u00fadaj\u016f | M\u0160 Montessori Ostrava<\/title>\n<meta name=\"description\" content=\"Zjist\u011bte, jak chr\u00e1n\u00edme osobn\u00ed \u00fadaje d\u011bt\u00ed, rodi\u010d\u016f a zam\u011bstnanc\u016f. Transparentn\u00ed z\u00e1sady ochrany dat podle platn\u00e9 legislativy.\" \/>\n<meta name=\"robots\" content=\"index, follow, max-snippet:-1, max-image-preview:large, max-video-preview:-1\" \/>\n<link rel=\"canonical\" href=\"https:\/\/www.montessoriostrava.cz\/ms\/ochrana-osobnich-udaju\/\" \/>\n<meta property=\"og:locale\" content=\"cs_CZ\" \/>\n<meta property=\"og:type\" content=\"article\" \/>\n<meta property=\"og:title\" content=\"Ochrana osobn\u00edch \u00fadaj\u016f | M\u0160 Montessori Ostrava\" \/>\n<meta property=\"og:description\" content=\"Zjist\u011bte, jak chr\u00e1n\u00edme osobn\u00ed \u00fadaje d\u011bt\u00ed, rodi\u010d\u016f a zam\u011bstnanc\u016f. Transparentn\u00ed z\u00e1sady ochrany dat podle platn\u00e9 legislativy.\" \/>\n<meta property=\"og:url\" content=\"https:\/\/www.montessoriostrava.cz\/ms\/ochrana-osobnich-udaju\/\" \/>\n<meta property=\"og:site_name\" content=\"M\u0160 Montessori Ostrava\" \/>\n<meta property=\"article:modified_time\" content=\"2025-01-31T09:08:36+00:00\" \/>\n<meta property=\"og:image\" content=\"https:\/\/www.montessoriostrava.cz\/ms\/wp-content\/uploads\/sites\/4\/2024\/09\/5-1.png\" \/>\n\t<meta property=\"og:image:width\" content=\"493\" \/>\n\t<meta property=\"og:image:height\" content=\"521\" \/>\n\t<meta property=\"og:image:type\" content=\"image\/png\" \/>\n<meta name=\"twitter:card\" content=\"summary_large_image\" \/>\n<meta name=\"twitter:label1\" content=\"Odhadovan\u00e1 doba \u010dten\u00ed\" \/>\n\t<meta name=\"twitter:data1\" content=\"7 minut\" \/>\n<script type=\"application\/ld+json\" class=\"yoast-schema-graph\">{\"@context\":\"https:\\\/\\\/schema.org\",\"@graph\":[{\"@type\":\"WebPage\",\"@id\":\"https:\\\/\\\/www.montessoriostrava.cz\\\/ms\\\/ochrana-osobnich-udaju\\\/\",\"url\":\"https:\\\/\\\/www.montessoriostrava.cz\\\/ms\\\/ochrana-osobnich-udaju\\\/\",\"name\":\"Ochrana osobn\u00edch \u00fadaj\u016f | M\u0160 Montessori Ostrava\",\"isPartOf\":{\"@id\":\"https:\\\/\\\/www.montessoriostrava.cz\\\/ms\\\/#website\"},\"datePublished\":\"2025-01-30T15:57:59+00:00\",\"dateModified\":\"2025-01-31T09:08:36+00:00\",\"description\":\"Zjist\u011bte, jak chr\u00e1n\u00edme osobn\u00ed \u00fadaje d\u011bt\u00ed, rodi\u010d\u016f a zam\u011bstnanc\u016f. Transparentn\u00ed z\u00e1sady ochrany dat podle platn\u00e9 legislativy.\",\"breadcrumb\":{\"@id\":\"https:\\\/\\\/www.montessoriostrava.cz\\\/ms\\\/ochrana-osobnich-udaju\\\/#breadcrumb\"},\"inLanguage\":\"cs\",\"potentialAction\":[{\"@type\":\"ReadAction\",\"target\":[\"https:\\\/\\\/www.montessoriostrava.cz\\\/ms\\\/ochrana-osobnich-udaju\\\/\"]}]},{\"@type\":\"BreadcrumbList\",\"@id\":\"https:\\\/\\\/www.montessoriostrava.cz\\\/ms\\\/ochrana-osobnich-udaju\\\/#breadcrumb\",\"itemListElement\":[{\"@type\":\"ListItem\",\"position\":1,\"name\":\"Dom\u016f\",\"item\":\"https:\\\/\\\/www.montessoriostrava.cz\\\/ms\\\/\"},{\"@type\":\"ListItem\",\"position\":2,\"name\":\"Ochrana osobn\u00edch \u00fadaj\u016f\"}]},{\"@type\":\"WebSite\",\"@id\":\"https:\\\/\\\/www.montessoriostrava.cz\\\/ms\\\/#website\",\"url\":\"https:\\\/\\\/www.montessoriostrava.cz\\\/ms\\\/\",\"name\":\"M\u0160 Montessori Ostrava\",\"description\":\"\",\"publisher\":{\"@id\":\"https:\\\/\\\/www.montessoriostrava.cz\\\/ms\\\/#organization\"},\"potentialAction\":[{\"@type\":\"SearchAction\",\"target\":{\"@type\":\"EntryPoint\",\"urlTemplate\":\"https:\\\/\\\/www.montessoriostrava.cz\\\/ms\\\/?s={search_term_string}\"},\"query-input\":{\"@type\":\"PropertyValueSpecification\",\"valueRequired\":true,\"valueName\":\"search_term_string\"}}],\"inLanguage\":\"cs\"},{\"@type\":\"Organization\",\"@id\":\"https:\\\/\\\/www.montessoriostrava.cz\\\/ms\\\/#organization\",\"name\":\"Montessori Ostrava\",\"url\":\"https:\\\/\\\/www.montessoriostrava.cz\\\/ms\\\/\",\"logo\":{\"@type\":\"ImageObject\",\"inLanguage\":\"cs\",\"@id\":\"https:\\\/\\\/www.montessoriostrava.cz\\\/ms\\\/#\\\/schema\\\/logo\\\/image\\\/\",\"url\":\"https:\\\/\\\/www.montessoriostrava.cz\\\/ms\\\/wp-content\\\/uploads\\\/sites\\\/4\\\/2025\\\/01\\\/logo-montessori.png\",\"contentUrl\":\"https:\\\/\\\/www.montessoriostrava.cz\\\/ms\\\/wp-content\\\/uploads\\\/sites\\\/4\\\/2025\\\/01\\\/logo-montessori.png\",\"width\":1794,\"height\":527,\"caption\":\"Montessori Ostrava\"},\"image\":{\"@id\":\"https:\\\/\\\/www.montessoriostrava.cz\\\/ms\\\/#\\\/schema\\\/logo\\\/image\\\/\"}}]}<\/script>\n<!-- \/ Yoast SEO plugin. -->","yoast_head_json":{"title":"Ochrana osobn\u00edch \u00fadaj\u016f | M\u0160 Montessori Ostrava","description":"Zjist\u011bte, jak chr\u00e1n\u00edme osobn\u00ed \u00fadaje d\u011bt\u00ed, rodi\u010d\u016f a zam\u011bstnanc\u016f. Transparentn\u00ed z\u00e1sady ochrany dat podle platn\u00e9 legislativy.","robots":{"index":"index","follow":"follow","max-snippet":"max-snippet:-1","max-image-preview":"max-image-preview:large","max-video-preview":"max-video-preview:-1"},"canonical":"https:\/\/www.montessoriostrava.cz\/ms\/ochrana-osobnich-udaju\/","og_locale":"cs_CZ","og_type":"article","og_title":"Ochrana osobn\u00edch \u00fadaj\u016f | M\u0160 Montessori Ostrava","og_description":"Zjist\u011bte, jak chr\u00e1n\u00edme osobn\u00ed \u00fadaje d\u011bt\u00ed, rodi\u010d\u016f a zam\u011bstnanc\u016f. Transparentn\u00ed z\u00e1sady ochrany dat podle platn\u00e9 legislativy.","og_url":"https:\/\/www.montessoriostrava.cz\/ms\/ochrana-osobnich-udaju\/","og_site_name":"M\u0160 Montessori Ostrava","article_modified_time":"2025-01-31T09:08:36+00:00","og_image":[{"width":493,"height":521,"url":"https:\/\/www.montessoriostrava.cz\/ms\/wp-content\/uploads\/sites\/4\/2024\/09\/5-1.png","type":"image\/png"}],"twitter_card":"summary_large_image","twitter_misc":{"Odhadovan\u00e1 doba \u010dten\u00ed":"7 minut"},"schema":{"@context":"https:\/\/schema.org","@graph":[{"@type":"WebPage","@id":"https:\/\/www.montessoriostrava.cz\/ms\/ochrana-osobnich-udaju\/","url":"https:\/\/www.montessoriostrava.cz\/ms\/ochrana-osobnich-udaju\/","name":"Ochrana osobn\u00edch \u00fadaj\u016f | M\u0160 Montessori Ostrava","isPartOf":{"@id":"https:\/\/www.montessoriostrava.cz\/ms\/#website"},"datePublished":"2025-01-30T15:57:59+00:00","dateModified":"2025-01-31T09:08:36+00:00","description":"Zjist\u011bte, jak chr\u00e1n\u00edme osobn\u00ed \u00fadaje d\u011bt\u00ed, rodi\u010d\u016f a zam\u011bstnanc\u016f. Transparentn\u00ed z\u00e1sady ochrany dat podle platn\u00e9 legislativy.","breadcrumb":{"@id":"https:\/\/www.montessoriostrava.cz\/ms\/ochrana-osobnich-udaju\/#breadcrumb"},"inLanguage":"cs","potentialAction":[{"@type":"ReadAction","target":["https:\/\/www.montessoriostrava.cz\/ms\/ochrana-osobnich-udaju\/"]}]},{"@type":"BreadcrumbList","@id":"https:\/\/www.montessoriostrava.cz\/ms\/ochrana-osobnich-udaju\/#breadcrumb","itemListElement":[{"@type":"ListItem","position":1,"name":"Dom\u016f","item":"https:\/\/www.montessoriostrava.cz\/ms\/"},{"@type":"ListItem","position":2,"name":"Ochrana osobn\u00edch \u00fadaj\u016f"}]},{"@type":"WebSite","@id":"https:\/\/www.montessoriostrava.cz\/ms\/#website","url":"https:\/\/www.montessoriostrava.cz\/ms\/","name":"M\u0160 Montessori Ostrava","description":"","publisher":{"@id":"https:\/\/www.montessoriostrava.cz\/ms\/#organization"},"potentialAction":[{"@type":"SearchAction","target":{"@type":"EntryPoint","urlTemplate":"https:\/\/www.montessoriostrava.cz\/ms\/?s={search_term_string}"},"query-input":{"@type":"PropertyValueSpecification","valueRequired":true,"valueName":"search_term_string"}}],"inLanguage":"cs"},{"@type":"Organization","@id":"https:\/\/www.montessoriostrava.cz\/ms\/#organization","name":"Montessori Ostrava","url":"https:\/\/www.montessoriostrava.cz\/ms\/","logo":{"@type":"ImageObject","inLanguage":"cs","@id":"https:\/\/www.montessoriostrava.cz\/ms\/#\/schema\/logo\/image\/","url":"https:\/\/www.montessoriostrava.cz\/ms\/wp-content\/uploads\/sites\/4\/2025\/01\/logo-montessori.png","contentUrl":"https:\/\/www.montessoriostrava.cz\/ms\/wp-content\/uploads\/sites\/4\/2025\/01\/logo-montessori.png","width":1794,"height":527,"caption":"Montessori Ostrava"},"image":{"@id":"https:\/\/www.montessoriostrava.cz\/ms\/#\/schema\/logo\/image\/"}}]}},"_links":{"self":[{"href":"https:\/\/www.montessoriostrava.cz\/ms\/wp-json\/wp\/v2\/pages\/1024","targetHints":{"allow":["GET"]}}],"collection":[{"href":"https:\/\/www.montessoriostrava.cz\/ms\/wp-json\/wp\/v2\/pages"}],"about":[{"href":"https:\/\/www.montessoriostrava.cz\/ms\/wp-json\/wp\/v2\/types\/page"}],"author":[{"embeddable":true,"href":"https:\/\/www.montessoriostrava.cz\/ms\/wp-json\/wp\/v2\/users\/1"}],"replies":[{"embeddable":true,"href":"https:\/\/www.montessoriostrava.cz\/ms\/wp-json\/wp\/v2\/comments?post=1024"}],"version-history":[{"count":1,"href":"https:\/\/www.montessoriostrava.cz\/ms\/wp-json\/wp\/v2\/pages\/1024\/revisions"}],"predecessor-version":[{"id":1025,"href":"https:\/\/www.montessoriostrava.cz\/ms\/wp-json\/wp\/v2\/pages\/1024\/revisions\/1025"}],"wp:attachment":[{"href":"https:\/\/www.montessoriostrava.cz\/ms\/wp-json\/wp\/v2\/media?parent=1024"}],"curies":[{"name":"wp","href":"https:\/\/api.w.org\/{rel}","templated":true}]}}