{"id":180,"date":"2024-09-09T12:14:30","date_gmt":"2024-09-09T10:14:30","guid":{"rendered":"https:\/\/www.montessoriostrava.cz\/ms\/?page_id=180"},"modified":"2026-02-11T17:32:30","modified_gmt":"2026-02-11T16:32:30","slug":"proc-dat-vase-dite-prave-k-nam","status":"publish","type":"page","link":"https:\/\/www.montessoriostrava.cz\/ms\/o-nas\/proc-dat-vase-dite-prave-k-nam\/","title":{"rendered":"Pro\u010d d\u00e1t va\u0161e d\u00edt\u011b pr\u00e1v\u011b k n\u00e1m"},"content":{"rendered":"\n<div class=\"wp-block-columns is-layout-flex wp-container-core-columns-is-layout-9d6595d7 wp-block-columns-is-layout-flex\">\n<div class=\"wp-block-column is-layout-flow wp-block-column-is-layout-flow\">\n<ul class=\"wp-block-list\">\n<li><strong>Celoro\u010dn\u00ed<\/strong> provoz.<\/li>\n\n\n\n<li><strong>T\u0159i <\/strong>pr\u016fvodci na t\u0159\u00eddu.<\/li>\n\n\n\n<li>Angli\u010dtina s <strong>rodil\u00fdm mluv\u010d\u00edm.<\/strong><\/li>\n\n\n\n<li>Vlastn\u00ed \u0161kolsk\u00e9 <strong>poradensk\u00e9 pracovi\u0161t\u011b<\/strong> (Logoped, speci\u00e1ln\u00ed pedagog, \u0161koln\u00ed psycholog).<\/li>\n\n\n\n<li><strong>Propojenost<\/strong> se Z\u00e1kladn\u00ed \u0161kolou Montessori Ostrava.<\/li>\n\n\n\n<li>P\u0159ipraven\u00e9 Montessori <strong>prost\u0159ed\u00ed.<\/strong><\/li>\n\n\n\n<li><strong>Individualizovan\u00fd<\/strong> p\u0159\u00edstup a pr\u00e1ce s nadan\u00fdmi d\u011btmi.<\/li>\n\n\n\n<li>Modern\u00ed diagnostika <strong>Isophi <\/strong>(P\u00edsemn\u00e9 p\u0159ehledy v\u00fdsledk\u016f d\u011bt\u00ed.)<\/li>\n\n\n\n<li>Komunikace prost\u0159ednictv\u00edm <strong>Twigsee <\/strong>(Mobiln\u00ed aplikace).<\/li>\n\n\n\n<li>T\u00fddenn\u00ed <strong>reporty.<\/strong><\/li>\n\n\n\n<li><strong>Samostatn\u00e1<\/strong> lo\u017enice a j\u00eddelna (Matrosovova).<\/li>\n\n\n\n<li><strong>T\u011blocvi\u010dna<\/strong> v budov\u011b (Matrosovova).<\/li>\n\n\n\n<li>Vlastn\u00ed multifunk\u010dn\u00ed <strong>h\u0159i\u0161t\u011b<\/strong>. (Matrosovova)<\/li>\n\n\n\n<li>Velk\u00e1 <strong>zahrada.<\/strong><\/li>\n\n\n\n<li>Pravideln\u00e9 <strong>akce<\/strong> s rodi\u010di.<\/li>\n\n\n\n<li>Jsme zdravou \u0161kolkou s mo\u017enost\u00ed <strong>speci\u00e1ln\u00edho stravov\u00e1n\u00ed.<\/strong><\/li>\n\n\n\n<li>Pravideln\u00e1 <strong>j\u00f3ga<\/strong>.<\/li>\n\n\n\n<li><strong>Va\u0159en\u00ed <\/strong>ve \u0161kolce.<\/li>\n\n\n\n<li>Ly\u017ea\u0159k\u00fd v\u00fdcvik, plav\u00e1n\u00ed.<\/li>\n\n\n\n<li>N\u00e1v\u0161t\u011bvy divadel, hasi\u010d\u016f, knihovny&#8230;<\/li>\n\n\n\n<li>Jsme <strong>lid\u0161t\u00ed <\/strong>a um\u00edme p\u0159i v\u00fdpadku p\u0159\u00edjmu sn\u00ed\u017eit \u010di odpustit \u0161koln\u00e9.<\/li>\n<\/ul>\n\n\n\n<figure class=\"wp-block-image alignfull size-full\"><img loading=\"lazy\" decoding=\"async\" width=\"1024\" height=\"683\" src=\"https:\/\/www.montessoriostrava.cz\/ms\/wp-content\/uploads\/sites\/4\/2024\/09\/DSCF6819-1024x683-1.jpg\" alt=\"Pro\u010d d\u00e1t va\u0161e d\u00edt\u011b pr\u00e1v\u011b k n\u00e1m\" class=\"wp-image-182\" srcset=\"https:\/\/www.montessoriostrava.cz\/ms\/wp-content\/uploads\/sites\/4\/2024\/09\/DSCF6819-1024x683-1.jpg 1024w, https:\/\/www.montessoriostrava.cz\/ms\/wp-content\/uploads\/sites\/4\/2024\/09\/DSCF6819-1024x683-1-300x200.jpg 300w, https:\/\/www.montessoriostrava.cz\/ms\/wp-content\/uploads\/sites\/4\/2024\/09\/DSCF6819-1024x683-1-768x512.jpg 768w\" sizes=\"auto, (max-width: 1024px) 100vw, 1024px\" \/><\/figure>\n<\/div>\n<\/div>\n\n\n\n<p>Na ka\u017ed\u00e9 tvrzen\u00ed V\u00e1m poskytneme d\u016fkaz. Volejte nebo pi\u0161te: +420 739 527 500, <a href=\"mailto:info@montessoriostrava.cz\">info@montessoriostrava.cz<\/a>.<\/p>\n","protected":false},"excerpt":{"rendered":"<p>Na ka\u017ed\u00e9 tvrzen\u00ed V\u00e1m poskytneme d\u016fkaz. Volejte nebo pi\u0161te: +420 739 527 500, info@montessoriostrava.cz.<\/p>\n","protected":false},"author":1,"featured_media":0,"parent":9,"menu_order":0,"comment_status":"closed","ping_status":"closed","template":"","meta":{"footnotes":""},"class_list":["post-180","page","type-page","status-publish","hentry"],"acf":[],"yoast_head":"<!-- This site is optimized with the Yoast SEO plugin v27.5 - https:\/\/yoast.com\/product\/yoast-seo-wordpress\/ -->\n<title>Pro\u010d d\u00e1t va\u0161e d\u00edt\u011b pr\u00e1v\u011b k n\u00e1m | M\u0160 Montessori Ostrava<\/title>\n<meta name=\"description\" content=\"Zjist\u011bte, pro\u010d zvolit Montessori mate\u0159skou \u0161kolu. Zakl\u00e1d\u00e1me si na individu\u00e1ln\u00ed p\u00e9\u010di a p\u0159irozen\u00e9m rozvoji osobnosti va\u0161eho d\u00edt\u011bte.\" \/>\n<meta name=\"robots\" content=\"index, follow, max-snippet:-1, max-image-preview:large, max-video-preview:-1\" \/>\n<link rel=\"canonical\" href=\"https:\/\/www.montessoriostrava.cz\/ms\/o-nas\/proc-dat-vase-dite-prave-k-nam\/\" \/>\n<meta property=\"og:locale\" content=\"cs_CZ\" \/>\n<meta property=\"og:type\" content=\"article\" \/>\n<meta property=\"og:title\" content=\"Pro\u010d d\u00e1t va\u0161e d\u00edt\u011b pr\u00e1v\u011b k n\u00e1m | M\u0160 Montessori Ostrava\" \/>\n<meta property=\"og:description\" content=\"Zjist\u011bte, pro\u010d zvolit Montessori mate\u0159skou \u0161kolu. Zakl\u00e1d\u00e1me si na individu\u00e1ln\u00ed p\u00e9\u010di a p\u0159irozen\u00e9m rozvoji osobnosti va\u0161eho d\u00edt\u011bte.\" \/>\n<meta property=\"og:url\" content=\"https:\/\/www.montessoriostrava.cz\/ms\/o-nas\/proc-dat-vase-dite-prave-k-nam\/\" \/>\n<meta property=\"og:site_name\" content=\"M\u0160 Montessori Ostrava\" \/>\n<meta property=\"article:modified_time\" content=\"2026-02-11T16:32:30+00:00\" \/>\n<meta property=\"og:image\" content=\"https:\/\/www.montessoriostrava.cz\/ms\/wp-content\/uploads\/sites\/4\/2024\/09\/DSCF6819-1024x683-1.jpg\" \/>\n\t<meta property=\"og:image:width\" content=\"1024\" \/>\n\t<meta property=\"og:image:height\" content=\"683\" \/>\n\t<meta property=\"og:image:type\" content=\"image\/jpeg\" \/>\n<meta name=\"twitter:card\" content=\"summary_large_image\" \/>\n<meta name=\"twitter:label1\" content=\"Odhadovan\u00e1 doba \u010dten\u00ed\" \/>\n\t<meta name=\"twitter:data1\" content=\"1 minuta\" \/>\n<script type=\"application\/ld+json\" class=\"yoast-schema-graph\">{\"@context\":\"https:\\\/\\\/schema.org\",\"@graph\":[{\"@type\":\"WebPage\",\"@id\":\"https:\\\/\\\/www.montessoriostrava.cz\\\/ms\\\/o-nas\\\/proc-dat-vase-dite-prave-k-nam\\\/\",\"url\":\"https:\\\/\\\/www.montessoriostrava.cz\\\/ms\\\/o-nas\\\/proc-dat-vase-dite-prave-k-nam\\\/\",\"name\":\"Pro\u010d d\u00e1t va\u0161e d\u00edt\u011b pr\u00e1v\u011b k n\u00e1m | M\u0160 Montessori Ostrava\",\"isPartOf\":{\"@id\":\"https:\\\/\\\/www.montessoriostrava.cz\\\/ms\\\/#website\"},\"primaryImageOfPage\":{\"@id\":\"https:\\\/\\\/www.montessoriostrava.cz\\\/ms\\\/o-nas\\\/proc-dat-vase-dite-prave-k-nam\\\/#primaryimage\"},\"image\":{\"@id\":\"https:\\\/\\\/www.montessoriostrava.cz\\\/ms\\\/o-nas\\\/proc-dat-vase-dite-prave-k-nam\\\/#primaryimage\"},\"thumbnailUrl\":\"https:\\\/\\\/www.montessoriostrava.cz\\\/ms\\\/wp-content\\\/uploads\\\/sites\\\/4\\\/2024\\\/09\\\/DSCF6819-1024x683-1.jpg\",\"datePublished\":\"2024-09-09T10:14:30+00:00\",\"dateModified\":\"2026-02-11T16:32:30+00:00\",\"description\":\"Zjist\u011bte, pro\u010d zvolit Montessori mate\u0159skou \u0161kolu. Zakl\u00e1d\u00e1me si na individu\u00e1ln\u00ed p\u00e9\u010di a p\u0159irozen\u00e9m rozvoji osobnosti va\u0161eho d\u00edt\u011bte.\",\"breadcrumb\":{\"@id\":\"https:\\\/\\\/www.montessoriostrava.cz\\\/ms\\\/o-nas\\\/proc-dat-vase-dite-prave-k-nam\\\/#breadcrumb\"},\"inLanguage\":\"cs\",\"potentialAction\":[{\"@type\":\"ReadAction\",\"target\":[\"https:\\\/\\\/www.montessoriostrava.cz\\\/ms\\\/o-nas\\\/proc-dat-vase-dite-prave-k-nam\\\/\"]}]},{\"@type\":\"ImageObject\",\"inLanguage\":\"cs\",\"@id\":\"https:\\\/\\\/www.montessoriostrava.cz\\\/ms\\\/o-nas\\\/proc-dat-vase-dite-prave-k-nam\\\/#primaryimage\",\"url\":\"https:\\\/\\\/www.montessoriostrava.cz\\\/ms\\\/wp-content\\\/uploads\\\/sites\\\/4\\\/2024\\\/09\\\/DSCF6819-1024x683-1.jpg\",\"contentUrl\":\"https:\\\/\\\/www.montessoriostrava.cz\\\/ms\\\/wp-content\\\/uploads\\\/sites\\\/4\\\/2024\\\/09\\\/DSCF6819-1024x683-1.jpg\",\"width\":1024,\"height\":683},{\"@type\":\"BreadcrumbList\",\"@id\":\"https:\\\/\\\/www.montessoriostrava.cz\\\/ms\\\/o-nas\\\/proc-dat-vase-dite-prave-k-nam\\\/#breadcrumb\",\"itemListElement\":[{\"@type\":\"ListItem\",\"position\":1,\"name\":\"Dom\u016f\",\"item\":\"https:\\\/\\\/www.montessoriostrava.cz\\\/ms\\\/\"},{\"@type\":\"ListItem\",\"position\":2,\"name\":\"O n\u00e1s\",\"item\":\"https:\\\/\\\/www.montessoriostrava.cz\\\/ms\\\/o-nas\\\/\"},{\"@type\":\"ListItem\",\"position\":3,\"name\":\"Pro\u010d d\u00e1t va\u0161e d\u00edt\u011b pr\u00e1v\u011b k n\u00e1m\"}]},{\"@type\":\"WebSite\",\"@id\":\"https:\\\/\\\/www.montessoriostrava.cz\\\/ms\\\/#website\",\"url\":\"https:\\\/\\\/www.montessoriostrava.cz\\\/ms\\\/\",\"name\":\"M\u0160 Montessori Ostrava\",\"description\":\"\",\"publisher\":{\"@id\":\"https:\\\/\\\/www.montessoriostrava.cz\\\/ms\\\/#organization\"},\"potentialAction\":[{\"@type\":\"SearchAction\",\"target\":{\"@type\":\"EntryPoint\",\"urlTemplate\":\"https:\\\/\\\/www.montessoriostrava.cz\\\/ms\\\/?s={search_term_string}\"},\"query-input\":{\"@type\":\"PropertyValueSpecification\",\"valueRequired\":true,\"valueName\":\"search_term_string\"}}],\"inLanguage\":\"cs\"},{\"@type\":\"Organization\",\"@id\":\"https:\\\/\\\/www.montessoriostrava.cz\\\/ms\\\/#organization\",\"name\":\"Montessori Ostrava\",\"url\":\"https:\\\/\\\/www.montessoriostrava.cz\\\/ms\\\/\",\"logo\":{\"@type\":\"ImageObject\",\"inLanguage\":\"cs\",\"@id\":\"https:\\\/\\\/www.montessoriostrava.cz\\\/ms\\\/#\\\/schema\\\/logo\\\/image\\\/\",\"url\":\"https:\\\/\\\/www.montessoriostrava.cz\\\/ms\\\/wp-content\\\/uploads\\\/sites\\\/4\\\/2025\\\/01\\\/logo-montessori.png\",\"contentUrl\":\"https:\\\/\\\/www.montessoriostrava.cz\\\/ms\\\/wp-content\\\/uploads\\\/sites\\\/4\\\/2025\\\/01\\\/logo-montessori.png\",\"width\":1794,\"height\":527,\"caption\":\"Montessori Ostrava\"},\"image\":{\"@id\":\"https:\\\/\\\/www.montessoriostrava.cz\\\/ms\\\/#\\\/schema\\\/logo\\\/image\\\/\"}}]}<\/script>\n<!-- \/ Yoast SEO plugin. -->","yoast_head_json":{"title":"Pro\u010d d\u00e1t va\u0161e d\u00edt\u011b pr\u00e1v\u011b k n\u00e1m | M\u0160 Montessori Ostrava","description":"Zjist\u011bte, pro\u010d zvolit Montessori mate\u0159skou \u0161kolu. Zakl\u00e1d\u00e1me si na individu\u00e1ln\u00ed p\u00e9\u010di a p\u0159irozen\u00e9m rozvoji osobnosti va\u0161eho d\u00edt\u011bte.","robots":{"index":"index","follow":"follow","max-snippet":"max-snippet:-1","max-image-preview":"max-image-preview:large","max-video-preview":"max-video-preview:-1"},"canonical":"https:\/\/www.montessoriostrava.cz\/ms\/o-nas\/proc-dat-vase-dite-prave-k-nam\/","og_locale":"cs_CZ","og_type":"article","og_title":"Pro\u010d d\u00e1t va\u0161e d\u00edt\u011b pr\u00e1v\u011b k n\u00e1m | M\u0160 Montessori Ostrava","og_description":"Zjist\u011bte, pro\u010d zvolit Montessori mate\u0159skou \u0161kolu. Zakl\u00e1d\u00e1me si na individu\u00e1ln\u00ed p\u00e9\u010di a p\u0159irozen\u00e9m rozvoji osobnosti va\u0161eho d\u00edt\u011bte.","og_url":"https:\/\/www.montessoriostrava.cz\/ms\/o-nas\/proc-dat-vase-dite-prave-k-nam\/","og_site_name":"M\u0160 Montessori Ostrava","article_modified_time":"2026-02-11T16:32:30+00:00","og_image":[{"width":1024,"height":683,"url":"https:\/\/www.montessoriostrava.cz\/ms\/wp-content\/uploads\/sites\/4\/2024\/09\/DSCF6819-1024x683-1.jpg","type":"image\/jpeg"}],"twitter_card":"summary_large_image","twitter_misc":{"Odhadovan\u00e1 doba \u010dten\u00ed":"1 minuta"},"schema":{"@context":"https:\/\/schema.org","@graph":[{"@type":"WebPage","@id":"https:\/\/www.montessoriostrava.cz\/ms\/o-nas\/proc-dat-vase-dite-prave-k-nam\/","url":"https:\/\/www.montessoriostrava.cz\/ms\/o-nas\/proc-dat-vase-dite-prave-k-nam\/","name":"Pro\u010d d\u00e1t va\u0161e d\u00edt\u011b pr\u00e1v\u011b k n\u00e1m | M\u0160 Montessori Ostrava","isPartOf":{"@id":"https:\/\/www.montessoriostrava.cz\/ms\/#website"},"primaryImageOfPage":{"@id":"https:\/\/www.montessoriostrava.cz\/ms\/o-nas\/proc-dat-vase-dite-prave-k-nam\/#primaryimage"},"image":{"@id":"https:\/\/www.montessoriostrava.cz\/ms\/o-nas\/proc-dat-vase-dite-prave-k-nam\/#primaryimage"},"thumbnailUrl":"https:\/\/www.montessoriostrava.cz\/ms\/wp-content\/uploads\/sites\/4\/2024\/09\/DSCF6819-1024x683-1.jpg","datePublished":"2024-09-09T10:14:30+00:00","dateModified":"2026-02-11T16:32:30+00:00","description":"Zjist\u011bte, pro\u010d zvolit Montessori mate\u0159skou \u0161kolu. Zakl\u00e1d\u00e1me si na individu\u00e1ln\u00ed p\u00e9\u010di a p\u0159irozen\u00e9m rozvoji osobnosti va\u0161eho d\u00edt\u011bte.","breadcrumb":{"@id":"https:\/\/www.montessoriostrava.cz\/ms\/o-nas\/proc-dat-vase-dite-prave-k-nam\/#breadcrumb"},"inLanguage":"cs","potentialAction":[{"@type":"ReadAction","target":["https:\/\/www.montessoriostrava.cz\/ms\/o-nas\/proc-dat-vase-dite-prave-k-nam\/"]}]},{"@type":"ImageObject","inLanguage":"cs","@id":"https:\/\/www.montessoriostrava.cz\/ms\/o-nas\/proc-dat-vase-dite-prave-k-nam\/#primaryimage","url":"https:\/\/www.montessoriostrava.cz\/ms\/wp-content\/uploads\/sites\/4\/2024\/09\/DSCF6819-1024x683-1.jpg","contentUrl":"https:\/\/www.montessoriostrava.cz\/ms\/wp-content\/uploads\/sites\/4\/2024\/09\/DSCF6819-1024x683-1.jpg","width":1024,"height":683},{"@type":"BreadcrumbList","@id":"https:\/\/www.montessoriostrava.cz\/ms\/o-nas\/proc-dat-vase-dite-prave-k-nam\/#breadcrumb","itemListElement":[{"@type":"ListItem","position":1,"name":"Dom\u016f","item":"https:\/\/www.montessoriostrava.cz\/ms\/"},{"@type":"ListItem","position":2,"name":"O n\u00e1s","item":"https:\/\/www.montessoriostrava.cz\/ms\/o-nas\/"},{"@type":"ListItem","position":3,"name":"Pro\u010d d\u00e1t va\u0161e d\u00edt\u011b pr\u00e1v\u011b k n\u00e1m"}]},{"@type":"WebSite","@id":"https:\/\/www.montessoriostrava.cz\/ms\/#website","url":"https:\/\/www.montessoriostrava.cz\/ms\/","name":"M\u0160 Montessori Ostrava","description":"","publisher":{"@id":"https:\/\/www.montessoriostrava.cz\/ms\/#organization"},"potentialAction":[{"@type":"SearchAction","target":{"@type":"EntryPoint","urlTemplate":"https:\/\/www.montessoriostrava.cz\/ms\/?s={search_term_string}"},"query-input":{"@type":"PropertyValueSpecification","valueRequired":true,"valueName":"search_term_string"}}],"inLanguage":"cs"},{"@type":"Organization","@id":"https:\/\/www.montessoriostrava.cz\/ms\/#organization","name":"Montessori Ostrava","url":"https:\/\/www.montessoriostrava.cz\/ms\/","logo":{"@type":"ImageObject","inLanguage":"cs","@id":"https:\/\/www.montessoriostrava.cz\/ms\/#\/schema\/logo\/image\/","url":"https:\/\/www.montessoriostrava.cz\/ms\/wp-content\/uploads\/sites\/4\/2025\/01\/logo-montessori.png","contentUrl":"https:\/\/www.montessoriostrava.cz\/ms\/wp-content\/uploads\/sites\/4\/2025\/01\/logo-montessori.png","width":1794,"height":527,"caption":"Montessori Ostrava"},"image":{"@id":"https:\/\/www.montessoriostrava.cz\/ms\/#\/schema\/logo\/image\/"}}]}},"_links":{"self":[{"href":"https:\/\/www.montessoriostrava.cz\/ms\/wp-json\/wp\/v2\/pages\/180","targetHints":{"allow":["GET"]}}],"collection":[{"href":"https:\/\/www.montessoriostrava.cz\/ms\/wp-json\/wp\/v2\/pages"}],"about":[{"href":"https:\/\/www.montessoriostrava.cz\/ms\/wp-json\/wp\/v2\/types\/page"}],"author":[{"embeddable":true,"href":"https:\/\/www.montessoriostrava.cz\/ms\/wp-json\/wp\/v2\/users\/1"}],"replies":[{"embeddable":true,"href":"https:\/\/www.montessoriostrava.cz\/ms\/wp-json\/wp\/v2\/comments?post=180"}],"version-history":[{"count":5,"href":"https:\/\/www.montessoriostrava.cz\/ms\/wp-json\/wp\/v2\/pages\/180\/revisions"}],"predecessor-version":[{"id":1448,"href":"https:\/\/www.montessoriostrava.cz\/ms\/wp-json\/wp\/v2\/pages\/180\/revisions\/1448"}],"up":[{"embeddable":true,"href":"https:\/\/www.montessoriostrava.cz\/ms\/wp-json\/wp\/v2\/pages\/9"}],"wp:attachment":[{"href":"https:\/\/www.montessoriostrava.cz\/ms\/wp-json\/wp\/v2\/media?parent=180"}],"curies":[{"name":"wp","href":"https:\/\/api.w.org\/{rel}","templated":true}]}}