{"id":207,"date":"2024-09-09T12:29:32","date_gmt":"2024-09-09T10:29:32","guid":{"rendered":"https:\/\/www.montessoriostrava.cz\/ms\/?page_id=207"},"modified":"2025-01-31T09:58:42","modified_gmt":"2025-01-31T08:58:42","slug":"den-v-nasi-skolce","status":"publish","type":"page","link":"https:\/\/www.montessoriostrava.cz\/ms\/o-nas\/den-v-nasi-skolce\/","title":{"rendered":"Den v na\u0161\u00ed \u0161kolce"},"content":{"rendered":"\n<div class=\"wp-block-columns is-layout-flex wp-container-core-columns-is-layout-9d6595d7 wp-block-columns-is-layout-flex\">\n<div class=\"wp-block-column is-layout-flow wp-block-column-is-layout-flow\">\n<h2 class=\"wp-block-heading\">Kdy\u017e jedno video vyd\u00e1 za tis\u00edc slov!<\/h2>\n\n\n\n<h2 class=\"wp-block-heading\"><strong>Jak u n\u00e1s vlastn\u011b den prob\u00edh\u00e1?<\/strong><\/h2>\n\n\n\n<p>Uv\u00e1d\u00edme zde orienta\u010dn\u00ed rozpis organizace dne v&nbsp;mate\u0159sk\u00e9 \u0161kole, kter\u00fd je v&nbsp;r\u00e1mcov\u00e9m konceptu spole\u010dn\u00fd ob\u011bma t\u0159\u00edd\u00e1m. Harmonogram jednotliv\u00fdch t\u0159\u00edd se m\u00edrn\u011b odli\u0161uje, a to v&nbsp;z\u00e1vislosti na specifik\u00e1ch v\u00fduky ka\u017ed\u00e9 z&nbsp;t\u0159\u00edd dle v\u011bku d\u011bt\u00ed a odli\u0161nostech t\u0159\u00eddn\u00edch pl\u00e1n\u016f.<\/p>\n<\/div>\n\n\n\n<div class=\"wp-block-column is-layout-flow wp-block-column-is-layout-flow\">\n<figure class=\"wp-block-embed is-type-video is-provider-youtube wp-block-embed-youtube wp-embed-aspect-16-9 wp-has-aspect-ratio\"><div class=\"wp-block-embed__wrapper\">\n<iframe loading=\"lazy\" title=\"Den v na\u0161\u00ed \u0161kolce a \u0161kole - z\u00e1\u017eitky, l\u00e1ska, u\u010den\u00ed, Montessori\" width=\"500\" height=\"281\" src=\"https:\/\/www.youtube.com\/embed\/Cszyz9MMB6Q?feature=oembed\" frameborder=\"0\" allow=\"accelerometer; autoplay; clipboard-write; encrypted-media; gyroscope; picture-in-picture; web-share\" referrerpolicy=\"strict-origin-when-cross-origin\" allowfullscreen><\/iframe>\n<\/div><\/figure>\n<\/div>\n<\/div>\n\n\n\n<div class=\"wp-block-columns is-layout-flex wp-container-core-columns-is-layout-9d6595d7 wp-block-columns-is-layout-flex\">\n<div class=\"wp-block-column is-layout-flow wp-block-column-is-layout-flow\" style=\"flex-basis:66.66%\"><\/div>\n\n\n\n<div class=\"wp-block-column is-layout-flow wp-block-column-is-layout-flow\" style=\"flex-basis:33.33%\"><\/div>\n<\/div>\n\n\n\n<figure class=\"wp-block-table\"><table><tbody><tr><td><strong>7:00 \u2013 8:30<\/strong><\/td><td><strong>P\u0159\u00edchod d\u011bt\u00ed do mate\u0159sk\u00e9 \u0161koly.<\/strong><\/td><\/tr><tr><td><strong>7:00 \u2013 8:30<\/strong><\/td><td>Spont\u00e1nn\u00ed hry, pokud nen\u00ed stanoveno jinak, d\u011bti se sch\u00e1z\u00ed v hern\u011b.<\/td><\/tr><tr><td><strong>8:30 \u2013 10:30<\/strong><\/td><td><strong>MONTESSORI BLOK<\/strong>&nbsp;\u2013 individu\u00e1ln\u00ed a skupinov\u00e1 pr\u00e1ce s Montessori pom\u016fckami, individu\u00e1ln\u00ed prezentace nov\u00fdch pom\u016fcek, angli\u010dtina s rodil\u00fdmi mluv\u010d\u00edmi, pr\u016fb\u011b\u017en\u00e1 sva\u010dina (d\u011bti mohou sva\u010dit dle pot\u0159eby v pr\u016fb\u011bhu pracovn\u00edho bloku od 8:30 do 10:00), \u0159\u00edzen\u00e9 \u010dinnosti \u2013 dle T\u0159\u00eddn\u00edho vzd\u011bl\u00e1vac\u00edho programu, t\u00e9ma dne, p\u00edsni\u010dky, b\u00e1sni\u010dky, prota\u017een\u00ed cel\u00e9ho t\u011bla, p\u0159\u00edprava na pobyt venku.(T\u0159\u00edda Benja od 8:30 do 10:15 hodin)<\/td><\/tr><tr><td><strong>10:45 \u2013 11:45<\/strong><\/td><td><strong>Pobyt d\u011bt\u00ed venku<\/strong>&nbsp;\u2013 \u0161koln\u00ed zahrada, \u0161koln\u00ed h\u0159i\u0161t\u011b, p\u0159ilehl\u00e9 okol\u00ed.(T\u0159\u00edda Benja od 10:30 do 11:30)<\/td><\/tr><tr><td><strong>11:45 \u2013 12:00<\/strong><\/td><td>Hygiena, p\u0159\u00edprava d\u011bt\u00ed na ob\u011bd.(T\u0159\u00edda Benja od 11:30 do 11:45)<\/td><\/tr><tr><td><strong>11:45 \u2013 12:30<\/strong><\/td><td><strong>Ob\u011bd&nbsp;\u2013 p\u0159\u00edchod d\u011bt\u00ed ze t\u0159\u00eddy Benja 11:45, p\u0159\u00edchod d\u011bt\u00ed ze t\u0159\u00eddy Monte 12:00<\/strong><\/td><\/tr><tr><td><strong>12:30 \u2013 13:00<\/strong><\/td><td><strong><em><strong>Odchod d\u011bt\u00ed, kter\u00e9 si rodi\u010de vyzved\u00e1vaj\u00ed po ob\u011bd\u011b<\/strong><\/em><\/strong>Klidov\u00e9 \u010dinnosti, relaxace p\u0159i poslechu poh\u00e1dky, hudby.<\/td><\/tr><tr><td><strong>12:30 \u2013 14:00<\/strong><\/td><td>Hygiena, sp\u00e1nek nebo odpo\u010dinek mlad\u0161\u00edch d\u011bt\u00ed, \u010dten\u00ed p\u0159\u00edb\u011bhu, poslech hudby.<\/td><\/tr><tr><td><strong>13:00 \u2013 13:30<\/strong><\/td><td><strong>Hygiena, odpo\u010dinek star\u0161\u00edch d\u011bt\u00ed, \u010dten\u00ed p\u0159\u00edb\u011bhu, poslech hudby, relaxace.<\/strong><\/td><\/tr><tr><td><strong>13:30 \u2013 16:00<\/strong><\/td><td><strong>ODPOLEDN\u00cd BLOK&nbsp;\u2013 \u0159\u00edzen\u00e9 \u010dinnosti odpoledn\u00edho bloku: dle T\u0159\u00eddn\u00edho vzd\u011bl\u00e1vac\u00edho programu, pokra\u010dov\u00e1n\u00ed t\u00e9matu dne se zam\u011b\u0159en\u00edm na r\u016fzn\u00e9 v\u00fdchovy, spole\u010dn\u00e1 pr\u00e1ce d\u011bt\u00ed, z\u00e1jmov\u00e9 aktivity d\u011bt\u00ed (keramika, va\u0159en\u00ed, tanec, hra na hudebn\u00ed n\u00e1stroj, sportovn\u00ed pr\u016fprava), reedukace d\u011bt\u00ed, logopedick\u00e1 p\u00e9\u010de, p\u0159ed\u0161koln\u00ed p\u0159\u00edprava, pr\u016fb\u011b\u017en\u00e1 sva\u010dina 14:15 \u2013 15:00, pobyt venku.<\/strong><\/td><\/tr><tr><td><strong>16:00 \u2013 17:00<\/strong><\/td><td>Voln\u00e9 hry d\u011bt\u00ed v&nbsp;hern\u011b, pobyt venku.<\/td><\/tr><tr><td><strong>14:30 \u2013 17:00<\/strong><\/td><td><strong>Odchod d\u011bt\u00ed dom\u016f.<\/strong><\/td><\/tr><\/tbody><\/table><\/figure>\n","protected":false},"excerpt":{"rendered":"<p>Kdy\u017e jedno video vyd\u00e1 za tis\u00edc slov! Jak u n\u00e1s vlastn\u011b den prob\u00edh\u00e1? Uv\u00e1d\u00edme zde orienta\u010dn\u00ed rozpis organizace dne v&nbsp;mate\u0159sk\u00e9 \u0161kole, kter\u00fd je v&nbsp;r\u00e1mcov\u00e9m konceptu spole\u010dn\u00fd ob\u011bma t\u0159\u00edd\u00e1m. Harmonogram jednotliv\u00fdch t\u0159\u00edd se m\u00edrn\u011b odli\u0161uje, a to v&nbsp;z\u00e1vislosti na specifik\u00e1ch v\u00fduky ka\u017ed\u00e9 z&nbsp;t\u0159\u00edd dle v\u011bku d\u011bt\u00ed a odli\u0161nostech t\u0159\u00eddn\u00edch pl\u00e1n\u016f. 7:00 \u2013 8:30 P\u0159\u00edchod d\u011bt\u00ed do [&hellip;]<\/p>\n","protected":false},"author":1,"featured_media":0,"parent":9,"menu_order":0,"comment_status":"closed","ping_status":"closed","template":"","meta":{"footnotes":""},"class_list":["post-207","page","type-page","status-publish","hentry"],"acf":[],"yoast_head":"<!-- This site is optimized with the Yoast SEO plugin v27.5 - https:\/\/yoast.com\/product\/yoast-seo-wordpress\/ -->\n<title>Den v na\u0161\u00ed \u0161kolce | M\u0160 Montessori Ostrava<\/title>\n<meta name=\"description\" content=\"Jak prob\u00edh\u00e1 b\u011b\u017en\u00fd den v Montessori mate\u0159sk\u00e9 \u0161kole? Nahl\u00e9dn\u011bte do na\u0161eho denn\u00edho programu a aktivit pro d\u011bti.\" \/>\n<meta name=\"robots\" content=\"index, follow, max-snippet:-1, max-image-preview:large, max-video-preview:-1\" \/>\n<link rel=\"canonical\" href=\"https:\/\/www.montessoriostrava.cz\/ms\/o-nas\/den-v-nasi-skolce\/\" \/>\n<meta property=\"og:locale\" content=\"cs_CZ\" \/>\n<meta property=\"og:type\" content=\"article\" \/>\n<meta property=\"og:title\" content=\"Den v na\u0161\u00ed \u0161kolce | M\u0160 Montessori Ostrava\" \/>\n<meta property=\"og:description\" content=\"Jak prob\u00edh\u00e1 b\u011b\u017en\u00fd den v Montessori mate\u0159sk\u00e9 \u0161kole? Nahl\u00e9dn\u011bte do na\u0161eho denn\u00edho programu a aktivit pro d\u011bti.\" \/>\n<meta property=\"og:url\" content=\"https:\/\/www.montessoriostrava.cz\/ms\/o-nas\/den-v-nasi-skolce\/\" \/>\n<meta property=\"og:site_name\" content=\"M\u0160 Montessori Ostrava\" \/>\n<meta property=\"article:modified_time\" content=\"2025-01-31T08:58:42+00:00\" \/>\n<meta property=\"og:image\" content=\"https:\/\/www.montessoriostrava.cz\/ms\/wp-content\/uploads\/sites\/4\/2024\/09\/5-1.png\" \/>\n\t<meta property=\"og:image:width\" content=\"493\" \/>\n\t<meta property=\"og:image:height\" content=\"521\" \/>\n\t<meta property=\"og:image:type\" content=\"image\/png\" \/>\n<meta name=\"twitter:card\" content=\"summary_large_image\" \/>\n<meta name=\"twitter:label1\" content=\"Odhadovan\u00e1 doba \u010dten\u00ed\" \/>\n\t<meta name=\"twitter:data1\" content=\"2 minuty\" \/>\n<script type=\"application\/ld+json\" class=\"yoast-schema-graph\">{\"@context\":\"https:\\\/\\\/schema.org\",\"@graph\":[{\"@type\":\"WebPage\",\"@id\":\"https:\\\/\\\/www.montessoriostrava.cz\\\/ms\\\/o-nas\\\/den-v-nasi-skolce\\\/\",\"url\":\"https:\\\/\\\/www.montessoriostrava.cz\\\/ms\\\/o-nas\\\/den-v-nasi-skolce\\\/\",\"name\":\"Den v na\u0161\u00ed \u0161kolce | M\u0160 Montessori Ostrava\",\"isPartOf\":{\"@id\":\"https:\\\/\\\/www.montessoriostrava.cz\\\/ms\\\/#website\"},\"datePublished\":\"2024-09-09T10:29:32+00:00\",\"dateModified\":\"2025-01-31T08:58:42+00:00\",\"description\":\"Jak prob\u00edh\u00e1 b\u011b\u017en\u00fd den v Montessori mate\u0159sk\u00e9 \u0161kole? Nahl\u00e9dn\u011bte do na\u0161eho denn\u00edho programu a aktivit pro d\u011bti.\",\"breadcrumb\":{\"@id\":\"https:\\\/\\\/www.montessoriostrava.cz\\\/ms\\\/o-nas\\\/den-v-nasi-skolce\\\/#breadcrumb\"},\"inLanguage\":\"cs\",\"potentialAction\":[{\"@type\":\"ReadAction\",\"target\":[\"https:\\\/\\\/www.montessoriostrava.cz\\\/ms\\\/o-nas\\\/den-v-nasi-skolce\\\/\"]}]},{\"@type\":\"BreadcrumbList\",\"@id\":\"https:\\\/\\\/www.montessoriostrava.cz\\\/ms\\\/o-nas\\\/den-v-nasi-skolce\\\/#breadcrumb\",\"itemListElement\":[{\"@type\":\"ListItem\",\"position\":1,\"name\":\"Dom\u016f\",\"item\":\"https:\\\/\\\/www.montessoriostrava.cz\\\/ms\\\/\"},{\"@type\":\"ListItem\",\"position\":2,\"name\":\"O n\u00e1s\",\"item\":\"https:\\\/\\\/www.montessoriostrava.cz\\\/ms\\\/o-nas\\\/\"},{\"@type\":\"ListItem\",\"position\":3,\"name\":\"Den v na\u0161\u00ed \u0161kolce\"}]},{\"@type\":\"WebSite\",\"@id\":\"https:\\\/\\\/www.montessoriostrava.cz\\\/ms\\\/#website\",\"url\":\"https:\\\/\\\/www.montessoriostrava.cz\\\/ms\\\/\",\"name\":\"M\u0160 Montessori Ostrava\",\"description\":\"\",\"publisher\":{\"@id\":\"https:\\\/\\\/www.montessoriostrava.cz\\\/ms\\\/#organization\"},\"potentialAction\":[{\"@type\":\"SearchAction\",\"target\":{\"@type\":\"EntryPoint\",\"urlTemplate\":\"https:\\\/\\\/www.montessoriostrava.cz\\\/ms\\\/?s={search_term_string}\"},\"query-input\":{\"@type\":\"PropertyValueSpecification\",\"valueRequired\":true,\"valueName\":\"search_term_string\"}}],\"inLanguage\":\"cs\"},{\"@type\":\"Organization\",\"@id\":\"https:\\\/\\\/www.montessoriostrava.cz\\\/ms\\\/#organization\",\"name\":\"Montessori Ostrava\",\"url\":\"https:\\\/\\\/www.montessoriostrava.cz\\\/ms\\\/\",\"logo\":{\"@type\":\"ImageObject\",\"inLanguage\":\"cs\",\"@id\":\"https:\\\/\\\/www.montessoriostrava.cz\\\/ms\\\/#\\\/schema\\\/logo\\\/image\\\/\",\"url\":\"https:\\\/\\\/www.montessoriostrava.cz\\\/ms\\\/wp-content\\\/uploads\\\/sites\\\/4\\\/2025\\\/01\\\/logo-montessori.png\",\"contentUrl\":\"https:\\\/\\\/www.montessoriostrava.cz\\\/ms\\\/wp-content\\\/uploads\\\/sites\\\/4\\\/2025\\\/01\\\/logo-montessori.png\",\"width\":1794,\"height\":527,\"caption\":\"Montessori Ostrava\"},\"image\":{\"@id\":\"https:\\\/\\\/www.montessoriostrava.cz\\\/ms\\\/#\\\/schema\\\/logo\\\/image\\\/\"}}]}<\/script>\n<!-- \/ Yoast SEO plugin. -->","yoast_head_json":{"title":"Den v na\u0161\u00ed \u0161kolce | M\u0160 Montessori Ostrava","description":"Jak prob\u00edh\u00e1 b\u011b\u017en\u00fd den v Montessori mate\u0159sk\u00e9 \u0161kole? Nahl\u00e9dn\u011bte do na\u0161eho denn\u00edho programu a aktivit pro d\u011bti.","robots":{"index":"index","follow":"follow","max-snippet":"max-snippet:-1","max-image-preview":"max-image-preview:large","max-video-preview":"max-video-preview:-1"},"canonical":"https:\/\/www.montessoriostrava.cz\/ms\/o-nas\/den-v-nasi-skolce\/","og_locale":"cs_CZ","og_type":"article","og_title":"Den v na\u0161\u00ed \u0161kolce | M\u0160 Montessori Ostrava","og_description":"Jak prob\u00edh\u00e1 b\u011b\u017en\u00fd den v Montessori mate\u0159sk\u00e9 \u0161kole? Nahl\u00e9dn\u011bte do na\u0161eho denn\u00edho programu a aktivit pro d\u011bti.","og_url":"https:\/\/www.montessoriostrava.cz\/ms\/o-nas\/den-v-nasi-skolce\/","og_site_name":"M\u0160 Montessori Ostrava","article_modified_time":"2025-01-31T08:58:42+00:00","og_image":[{"width":493,"height":521,"url":"https:\/\/www.montessoriostrava.cz\/ms\/wp-content\/uploads\/sites\/4\/2024\/09\/5-1.png","type":"image\/png"}],"twitter_card":"summary_large_image","twitter_misc":{"Odhadovan\u00e1 doba \u010dten\u00ed":"2 minuty"},"schema":{"@context":"https:\/\/schema.org","@graph":[{"@type":"WebPage","@id":"https:\/\/www.montessoriostrava.cz\/ms\/o-nas\/den-v-nasi-skolce\/","url":"https:\/\/www.montessoriostrava.cz\/ms\/o-nas\/den-v-nasi-skolce\/","name":"Den v na\u0161\u00ed \u0161kolce | M\u0160 Montessori Ostrava","isPartOf":{"@id":"https:\/\/www.montessoriostrava.cz\/ms\/#website"},"datePublished":"2024-09-09T10:29:32+00:00","dateModified":"2025-01-31T08:58:42+00:00","description":"Jak prob\u00edh\u00e1 b\u011b\u017en\u00fd den v Montessori mate\u0159sk\u00e9 \u0161kole? Nahl\u00e9dn\u011bte do na\u0161eho denn\u00edho programu a aktivit pro d\u011bti.","breadcrumb":{"@id":"https:\/\/www.montessoriostrava.cz\/ms\/o-nas\/den-v-nasi-skolce\/#breadcrumb"},"inLanguage":"cs","potentialAction":[{"@type":"ReadAction","target":["https:\/\/www.montessoriostrava.cz\/ms\/o-nas\/den-v-nasi-skolce\/"]}]},{"@type":"BreadcrumbList","@id":"https:\/\/www.montessoriostrava.cz\/ms\/o-nas\/den-v-nasi-skolce\/#breadcrumb","itemListElement":[{"@type":"ListItem","position":1,"name":"Dom\u016f","item":"https:\/\/www.montessoriostrava.cz\/ms\/"},{"@type":"ListItem","position":2,"name":"O n\u00e1s","item":"https:\/\/www.montessoriostrava.cz\/ms\/o-nas\/"},{"@type":"ListItem","position":3,"name":"Den v na\u0161\u00ed \u0161kolce"}]},{"@type":"WebSite","@id":"https:\/\/www.montessoriostrava.cz\/ms\/#website","url":"https:\/\/www.montessoriostrava.cz\/ms\/","name":"M\u0160 Montessori Ostrava","description":"","publisher":{"@id":"https:\/\/www.montessoriostrava.cz\/ms\/#organization"},"potentialAction":[{"@type":"SearchAction","target":{"@type":"EntryPoint","urlTemplate":"https:\/\/www.montessoriostrava.cz\/ms\/?s={search_term_string}"},"query-input":{"@type":"PropertyValueSpecification","valueRequired":true,"valueName":"search_term_string"}}],"inLanguage":"cs"},{"@type":"Organization","@id":"https:\/\/www.montessoriostrava.cz\/ms\/#organization","name":"Montessori Ostrava","url":"https:\/\/www.montessoriostrava.cz\/ms\/","logo":{"@type":"ImageObject","inLanguage":"cs","@id":"https:\/\/www.montessoriostrava.cz\/ms\/#\/schema\/logo\/image\/","url":"https:\/\/www.montessoriostrava.cz\/ms\/wp-content\/uploads\/sites\/4\/2025\/01\/logo-montessori.png","contentUrl":"https:\/\/www.montessoriostrava.cz\/ms\/wp-content\/uploads\/sites\/4\/2025\/01\/logo-montessori.png","width":1794,"height":527,"caption":"Montessori Ostrava"},"image":{"@id":"https:\/\/www.montessoriostrava.cz\/ms\/#\/schema\/logo\/image\/"}}]}},"_links":{"self":[{"href":"https:\/\/www.montessoriostrava.cz\/ms\/wp-json\/wp\/v2\/pages\/207","targetHints":{"allow":["GET"]}}],"collection":[{"href":"https:\/\/www.montessoriostrava.cz\/ms\/wp-json\/wp\/v2\/pages"}],"about":[{"href":"https:\/\/www.montessoriostrava.cz\/ms\/wp-json\/wp\/v2\/types\/page"}],"author":[{"embeddable":true,"href":"https:\/\/www.montessoriostrava.cz\/ms\/wp-json\/wp\/v2\/users\/1"}],"replies":[{"embeddable":true,"href":"https:\/\/www.montessoriostrava.cz\/ms\/wp-json\/wp\/v2\/comments?post=207"}],"version-history":[{"count":10,"href":"https:\/\/www.montessoriostrava.cz\/ms\/wp-json\/wp\/v2\/pages\/207\/revisions"}],"predecessor-version":[{"id":1027,"href":"https:\/\/www.montessoriostrava.cz\/ms\/wp-json\/wp\/v2\/pages\/207\/revisions\/1027"}],"up":[{"embeddable":true,"href":"https:\/\/www.montessoriostrava.cz\/ms\/wp-json\/wp\/v2\/pages\/9"}],"wp:attachment":[{"href":"https:\/\/www.montessoriostrava.cz\/ms\/wp-json\/wp\/v2\/media?parent=207"}],"curies":[{"name":"wp","href":"https:\/\/api.w.org\/{rel}","templated":true}]}}