{"id":344,"date":"2024-09-09T13:53:51","date_gmt":"2024-09-09T11:53:51","guid":{"rendered":"https:\/\/www.montessoriostrava.cz\/ms\/?page_id=344"},"modified":"2026-06-11T12:14:28","modified_gmt":"2026-06-11T10:14:28","slug":"vedeni","status":"publish","type":"page","link":"https:\/\/www.montessoriostrava.cz\/ms\/vedeni\/","title":{"rendered":"Veden\u00ed"},"content":{"rendered":"\n<div class=\"wp-block-columns is-layout-flex wp-container-core-columns-is-layout-9d6595d7 wp-block-columns-is-layout-flex\">\n<div class=\"wp-block-column is-layout-flow wp-block-column-is-layout-flow\" style=\"flex-basis:66.66%\">\n<h2 class=\"wp-block-heading\">Z\u0158IZOVATEL, \u0158EDITEL<\/h2>\n\n\n\n<ul class=\"wp-block-list\">\n<li><strong>Ing. Radan J\u00fcnger<\/strong><\/li>\n<\/ul>\n\n\n\n<p class=\"wp-block-paragraph\">Ostravsk\u00fd patriot, inov\u00e1tor, kreativec, podnikatel a pedagog, kter\u00fd v letech 2010-2019 vybudoval a \u0159\u00eddil nejv\u011bt\u0161\u00ed vzd\u011bl\u00e1vac\u00ed holding \u0161kol v \u010cesk\u00e9 republice.<\/p>\n\n\n\n<p class=\"wp-block-paragraph\">Po \u00fasp\u011b\u0161n\u00e9m exitu z vysok\u00e9ho \u0161kolstv\u00ed se, v roli rodi\u010de sv\u00fdch d\u011bt\u00ed, kter\u00fd chce jejich vzd\u011bl\u00e1v\u00e1n\u00ed aktivn\u011b ovlivnit, v\u011bnuje rozvoji p\u0159ed\u0161koln\u00edch a \u0161kolsk\u00fdch za\u0159\u00edzen\u00ed. Za c\u00edl si klade vytvo\u0159it modern\u00ed \u0161kolsk\u00e9 instituce, kter\u00e9 reaguj\u00ed na m\u011bn\u00edc\u00ed se vzd\u011bl\u00e1vac\u00ed pot\u0159eby a tvo\u0159\u00ed jinou volbu k m\u00edsty zastaral\u00e9mu tradi\u010dn\u00edmu vzd\u011bl\u00e1vac\u00edmu syst\u00e9mu. Svou vizi zalo\u017eil na celosv\u011btov\u00e9m a respektovan\u00e9m vzd\u011bl\u00e1vac\u00edm syst\u00e9mu Montessori pedagogiky. Absolvoval mezin\u00e1rodn\u011b certifikovan\u00fd kurz AMI pro Montessori \u0159editele, kter\u00fd vedli Sue Pritzker and Eder Cuevas.<\/p>\n\n\n\n<p class=\"wp-block-paragraph\">\u201eNejv\u00edce si cen\u00edm na sv\u00e9m pedagogick\u00e9m sboru, s jakou p\u00e9\u010d\u00ed se v\u011bnuj\u00ed na\u0161im \u017e\u00e1k\u016fm. Jsou nen\u00e1padn\u00fdmi pr\u016fvodci v jejich sv\u011bt\u011b a touze po pozn\u00e1n\u00ed. M\u016fj t\u00fdm pln\u011b kvalifikovan\u00fdch odborn\u00edk\u016f je nekone\u010dn\u00fdm procesem hled\u00e1n\u00ed, a je pe\u010dliv\u011b vyb\u00edr\u00e1n z t\u011bch nejlep\u0161\u00edch pedagog\u016f. A\u0165 u\u017e se jedn\u00e1 o veden\u00ed \u0161koly, t\u0159\u00eddn\u00ed u\u010ditele, asistentky nebo rodil\u00e9 mluv\u010d\u00ed.\u201c<\/p>\n\n\n\n<p class=\"wp-block-paragraph\">Z\u00e1kladn\u00edmi kameny v\u0161ech \u0161kol Montessori Ostrava jsou zap\u00e1len\u00ed u\u010ditel\u00e9, nov\u00e9 p\u0159\u00edstupy, modern\u00ed vzd\u011bl\u00e1vac\u00ed trendy a z\u00e1rove\u0148 kombinace osv\u011bd\u010den\u00fdch metod z klasick\u00e9 didaktiky a Montessori pedagogiky, s d\u016frazem na v\u00fduku ciz\u00edch jazyk\u016f.<\/p>\n\n\n\n<p class=\"wp-block-paragraph\">Seznamte se chromologicky s \u010dl\u00e1nky kter\u00e9 byly publikov\u00e1ny:<\/p>\n\n\n\n<p class=\"wp-block-paragraph\"><a href=\"https:\/\/www.freshtime.cz\/wp-content\/uploads\/2012\/10\/FreshTime_2012_09.pdf\">Vzd\u011bl\u00e1n\u00ed je slu\u017eba, rovn\u011b\u017e tak\u00e9 investice. 2012<\/a>, <\/p>\n\n\n\n<p class=\"wp-block-paragraph\"><a href=\"https:\/\/www.iprosperita.cz\/images\/pdf_prosperita\/2015-10_issue.pdf\">O reeingeneeringu vzd\u011bl\u00e1vac\u00edch proces\u016f. 2015<\/a>, <\/p>\n\n\n\n<p class=\"wp-block-paragraph\"><a href=\"https:\/\/www.montessoriostrava.cz\/ms\/zeptali-jsme-se-reditele\/\">Rozhovor s&nbsp;\u0159editelem Montessori Ostrava. 2018<\/a>, <\/p>\n\n\n\n<p class=\"wp-block-paragraph\"><a href=\"https:\/\/www.montessoriostrava.cz\/zs\/montessori-ostrava-kdyz-je-pedagog-nejen-ucitelem-ale-i-pruvodcem\/\">Kdy\u017e je pedagog nejen u\u010ditelem, ale i pr\u016fvodcem. 2020<\/a>, <\/p>\n\n\n\n<p class=\"wp-block-paragraph\"><a href=\"https:\/\/www.vosmet.cz\/tiskova-zprava-multimedialni-studio-novy-svet-pro-studenty\">Otev\u0159en\u00ed medi\u00e1ln\u00edho studia. 2021<\/a>,<\/p>\n\n\n\n<p class=\"wp-block-paragraph\"><a href=\"https:\/\/moravskoslezsky.denik.cz\/zpravy-z-ceska\/vzdelani-daval-deseti-tisicum-studentu-nyni-mentoruje-ty-nejmensi-20210208.html\"><\/a><a href=\"https:\/\/moravskoslezsky.denik.cz\/zpravy-z-ceska\/vzdelani-daval-deseti-tisicum-studentu-nyni-mentoruje-ty-nejmensi-20210208.html\">Vzd\u011bl\u00e1n\u00ed d\u00e1val deseti tis\u00edc\u016fm student\u016f. Nyn\u00ed mentoruje ty nejmen\u0161\u00ed. 2021<\/a>,<\/p>\n\n\n\n<p class=\"wp-block-paragraph\"><a href=\"https:\/\/www.novinky.cz\/clanek\/bydleni-zahrada-skola-v-ostrave-ma-zrejme-jako-prvni-v-cesku-autonomni-hydroponickou-farmu-40450887\">Prvn\u00ed z\u00e1kladn\u00ed \u0161kola s&nbsp;hydroponickou farmou. 2023<\/a>,<\/p>\n\n\n\n<p class=\"wp-block-paragraph\"><a href=\"https:\/\/moravskoslezsky.denik.cz\/zpravy_region\/ostrava-nova-stredni-skola-montessori-lyceum-2025.html\">Moravskoslezsk\u00fd kraj m\u00e1 prvn\u00ed Montessori lyceum. 2025<\/a><\/p>\n\n\n\n<p class=\"wp-block-paragraph\"><a href=\"https:\/\/drive.google.com\/file\/d\/1ekxwhSIsL0dRKHRFCdRj7XI-snFviR5n\/view?usp=sharing\">Prima CNN NEWS &#8211; rostouc\u00ed z\u00e1jem o soukrom\u00e9 \u0161koly. 2025<\/a><\/p>\n\n\n\n<p class=\"wp-block-paragraph\"><a href=\"https:\/\/moravskoslezsky.denik.cz\/zpravy_region\/ostrava-hulvaky-montessori-skola-skolka-hriste-otevreno-deti-verejnost-2025.html\">Slavnostn\u00ed otev\u0159en\u00ed multifunk\u010dn\u00edho h\u0159i\u0161t\u011b 2025<\/a><\/p>\n\n\n\n<p class=\"wp-block-paragraph\"><a href=\"https:\/\/denikreferendum.cz\/clanek\/238798-zrusme-cermat-vzdelavani-devataku-promenil-v-drezuru\" id=\"https:\/\/denikreferendum.cz\/clanek\/238798-zrusme-cermat-vzdelavani-devataku-promenil-v-drezuru\">Zru\u0161me Cermat. Vzd\u011bl\u00e1v\u00e1n\u00ed dev\u00e1\u0165\u00e1k\u016f prom\u011bnil v&nbsp;drez\u00faru, 2026<\/a><\/p>\n\n\n\n<p class=\"wp-block-paragraph\"><a href=\"https:\/\/www.dvtv.cz\/dvtv\/videos\/reditel-z-prijimacek-jsou-rodiny-paralyzovane-devaty-rocnik-neresi-pripravu-na-zivot-ale-jednu-zkousku-cermat-bych-zrusil?fbclid=IwY2xjawSG1epleHRuA2FlbQIxMABicmlkETBpdHJPSndKR2R4azZsbEVpc3J0YwZhcHBfaWQQMjIyMDM5MTc4ODIwMDg5MgABHn5Dvn8gDRiY7RcX2p-erQhigMgE2znb_jUTnb0HMKJW4mRxEy5phrKRPzci_aem_B_RUparTAS7DVWhm5AYVnA\" id=\"https:\/\/www.dvtv.cz\/dvtv\/videos\/reditel-z-prijimacek-jsou-rodiny-paralyzovane-devaty-rocnik-neresi-pripravu-na-zivot-ale-jednu-zkousku-cermat-bych-zrusil?fbclid=IwY2xjawSG1epleHRuA2FlbQIxMABicmlkETBpdHJPSndKR2R4azZsbEVpc3J0YwZhcHBfaWQQMjIyMDM5MTc4ODIwMDg5MgABHn5Dvn8gDRiY7RcX2p-erQhigMgE2znb_jUTnb0HMKJW4mRxEy5phrKRPzci_aem_B_RUparTAS7DVWhm5AYVnA\">Z p\u0159ij\u00edma\u010dek jsou rodiny paralyzovan\u00e9. Dev\u00e1t\u00fd ro\u010dn\u00edk ne\u0159e\u0161\u00ed p\u0159\u00edpravu na \u017eivot, ale jednu zkou\u0161ku. &#8211; Rozhovor pro DVTV, 2026<\/a><\/p>\n<\/div>\n\n\n\n<div class=\"wp-block-column is-layout-flow wp-block-column-is-layout-flow\" style=\"flex-basis:33.33%\">\n<figure data-wp-context=\"{&quot;imageId&quot;:&quot;6a9d1bb373f1a&quot;}\" data-wp-interactive=\"core\/image\" data-wp-key=\"6a9d1bb373f1a\" class=\"wp-block-image size-large wp-lightbox-container\"><img loading=\"lazy\" decoding=\"async\" width=\"1024\" height=\"1024\" data-wp-class--hide=\"state.isContentHidden\" data-wp-class--show=\"state.isContentVisible\" data-wp-init=\"callbacks.setButtonStyles\" data-wp-on--click=\"actions.showLightbox\" data-wp-on--load=\"callbacks.setButtonStyles\" data-wp-on--pointerdown=\"actions.preloadImage\" data-wp-on--pointerenter=\"actions.preloadImageWithDelay\" data-wp-on--pointerleave=\"actions.cancelPreload\" data-wp-on-window--resize=\"callbacks.setButtonStyles\" src=\"https:\/\/www.montessoriostrava.cz\/ms\/wp-content\/uploads\/sites\/4\/2024\/09\/Radan-Junger-1-1024x1024.jpg\" alt=\"Veden\u00ed\" class=\"wp-image-345\" srcset=\"https:\/\/www.montessoriostrava.cz\/ms\/wp-content\/uploads\/sites\/4\/2024\/09\/Radan-Junger-1-1024x1024.jpg 1024w, https:\/\/www.montessoriostrava.cz\/ms\/wp-content\/uploads\/sites\/4\/2024\/09\/Radan-Junger-1-300x300.jpg 300w, https:\/\/www.montessoriostrava.cz\/ms\/wp-content\/uploads\/sites\/4\/2024\/09\/Radan-Junger-1-150x150.jpg 150w, https:\/\/www.montessoriostrava.cz\/ms\/wp-content\/uploads\/sites\/4\/2024\/09\/Radan-Junger-1-768x768.jpg 768w, https:\/\/www.montessoriostrava.cz\/ms\/wp-content\/uploads\/sites\/4\/2024\/09\/Radan-Junger-1.jpg 1200w\" sizes=\"auto, (max-width: 1024px) 100vw, 1024px\" \/><button\n\t\t\tclass=\"lightbox-trigger\"\n\t\t\ttype=\"button\"\n\t\t\taria-haspopup=\"dialog\"\n\t\t\tdata-wp-bind--aria-label=\"state.thisImage.triggerButtonAriaLabel\"\n\t\t\tdata-wp-init=\"callbacks.initTriggerButton\"\n\t\t\tdata-wp-on--click=\"actions.showLightbox\"\n\t\t\tdata-wp-style--right=\"state.thisImage.buttonRight\"\n\t\t\tdata-wp-style--top=\"state.thisImage.buttonTop\"\n\t\t>\n\t\t\t<svg xmlns=\"http:\/\/www.w3.org\/2000\/svg\" width=\"12\" height=\"12\" fill=\"none\" viewBox=\"0 0 12 12\">\n\t\t\t\t<path fill=\"#fff\" d=\"M2 0a2 2 0 0 0-2 2v2h1.5V2a.5.5 0 0 1 .5-.5h2V0H2Zm2 10.5H2a.5.5 0 0 1-.5-.5V8H0v2a2 2 0 0 0 2 2h2v-1.5ZM8 12v-1.5h2a.5.5 0 0 0 .5-.5V8H12v2a2 2 0 0 1-2 2H8Zm2-12a2 2 0 0 1 2 2v2h-1.5V2a.5.5 0 0 0-.5-.5H8V0h2Z\" \/>\n\t\t\t<\/svg>\n\t\t<\/button><\/figure>\n<\/div>\n<\/div>\n\n\n\n<div class=\"wp-block-columns is-layout-flex wp-container-core-columns-is-layout-9d6595d7 wp-block-columns-is-layout-flex\">\n<div class=\"wp-block-column is-layout-flow wp-block-column-is-layout-flow\" style=\"flex-basis:66.66%\">\n<h2 class=\"wp-block-heading\">VEDOUC\u00cd U\u010cITELKA MATE\u0158SK\u00c9 \u0160KOLY MATROSOVOVA<\/h2>\n\n\n\n<ul class=\"wp-block-list\">\n<li><strong>Mgr. Magdal\u00e9na Kup\u010d\u00edkov\u00e1<\/strong><\/li>\n<\/ul>\n\n\n\n<p class=\"wp-block-paragraph\">U\u017e na st\u0159edn\u00ed \u0161kole si zvolila obor s pedagogick\u00fdm zam\u011b\u0159en\u00edm. B\u011bhem studia na vysok\u00e9 \u0161kole aktivn\u011b sb\u00edrala praktick\u00e9 zku\u0161enosti a vypom\u00e1hala v r\u016fzn\u00fdch mate\u0159sk\u00fdch \u0161kol\u00e1ch. V posledn\u00edch dvou letech sv\u00e9ho studia na Ostravsk\u00e9 univerzit\u011b, kde se v\u011bnovala speci\u00e1ln\u00ed pedagogice, se takto dostala i k n\u00e1m do Montessori Ostrava. Zastupovala kolegyn\u011b b\u011bhem jejich dovolen\u00fdch i nemocensk\u00fdch a osv\u011bd\u010dila se sv\u00fdm nad\u0161en\u00edm a respektuj\u00edc\u00edm p\u0159\u00edstupem k d\u011btem.<\/p>\n\n\n\n<p class=\"wp-block-paragraph\">Proto jsme se dohodli, \u017ee od \u0161koln\u00edho roku 2025\/2026 bude plnohodnotnou sou\u010d\u00e1st\u00ed na\u0161eho t\u00fdmu a nyn\u00ed p\u016fsob\u00ed jako u\u010ditelka ve t\u0159\u00edd\u011b Benja. S d\u011btmi se nejrad\u011bji v\u011bnuje hudebn\u00edm, v\u00fdtvarn\u00fdm a tvo\u0159iv\u00fdm aktivit\u00e1m. Ve voln\u00e9m \u010dase chod\u00ed na lekce j\u00f3gy nebo si r\u00e1da p\u0159e\u010dte kn\u00ed\u017eku.<\/p>\n<\/div>\n\n\n\n<div class=\"wp-block-column is-layout-flow wp-block-column-is-layout-flow\" style=\"flex-basis:33.33%\">\n<figure data-wp-context=\"{&quot;imageId&quot;:&quot;6a9d1bb374956&quot;}\" data-wp-interactive=\"core\/image\" data-wp-key=\"6a9d1bb374956\" class=\"wp-block-image size-full wp-lightbox-container\"><img loading=\"lazy\" decoding=\"async\" width=\"1920\" height=\"2560\" data-wp-class--hide=\"state.isContentHidden\" data-wp-class--show=\"state.isContentVisible\" data-wp-init=\"callbacks.setButtonStyles\" data-wp-on--click=\"actions.showLightbox\" data-wp-on--load=\"callbacks.setButtonStyles\" data-wp-on--pointerdown=\"actions.preloadImage\" data-wp-on--pointerenter=\"actions.preloadImageWithDelay\" data-wp-on--pointerleave=\"actions.cancelPreload\" data-wp-on-window--resize=\"callbacks.setButtonStyles\" src=\"https:\/\/www.montessoriostrava.cz\/ms\/wp-content\/uploads\/sites\/4\/2025\/09\/Magdalena-Kupcikova.png\" alt=\"Veden\u00ed\" class=\"wp-image-1337\" srcset=\"https:\/\/www.montessoriostrava.cz\/ms\/wp-content\/uploads\/sites\/4\/2025\/09\/Magdalena-Kupcikova.png 1920w, https:\/\/www.montessoriostrava.cz\/ms\/wp-content\/uploads\/sites\/4\/2025\/09\/Magdalena-Kupcikova-225x300.png 225w, https:\/\/www.montessoriostrava.cz\/ms\/wp-content\/uploads\/sites\/4\/2025\/09\/Magdalena-Kupcikova-768x1024.png 768w, https:\/\/www.montessoriostrava.cz\/ms\/wp-content\/uploads\/sites\/4\/2025\/09\/Magdalena-Kupcikova-1152x1536.png 1152w, https:\/\/www.montessoriostrava.cz\/ms\/wp-content\/uploads\/sites\/4\/2025\/09\/Magdalena-Kupcikova-1536x2048.png 1536w\" sizes=\"auto, (max-width: 1920px) 100vw, 1920px\" \/><button\n\t\t\tclass=\"lightbox-trigger\"\n\t\t\ttype=\"button\"\n\t\t\taria-haspopup=\"dialog\"\n\t\t\tdata-wp-bind--aria-label=\"state.thisImage.triggerButtonAriaLabel\"\n\t\t\tdata-wp-init=\"callbacks.initTriggerButton\"\n\t\t\tdata-wp-on--click=\"actions.showLightbox\"\n\t\t\tdata-wp-style--right=\"state.thisImage.buttonRight\"\n\t\t\tdata-wp-style--top=\"state.thisImage.buttonTop\"\n\t\t>\n\t\t\t<svg xmlns=\"http:\/\/www.w3.org\/2000\/svg\" width=\"12\" height=\"12\" fill=\"none\" viewBox=\"0 0 12 12\">\n\t\t\t\t<path fill=\"#fff\" d=\"M2 0a2 2 0 0 0-2 2v2h1.5V2a.5.5 0 0 1 .5-.5h2V0H2Zm2 10.5H2a.5.5 0 0 1-.5-.5V8H0v2a2 2 0 0 0 2 2h2v-1.5ZM8 12v-1.5h2a.5.5 0 0 0 .5-.5V8H12v2a2 2 0 0 1-2 2H8Zm2-12a2 2 0 0 1 2 2v2h-1.5V2a.5.5 0 0 0-.5-.5H8V0h2Z\" \/>\n\t\t\t<\/svg>\n\t\t<\/button><\/figure>\n<\/div>\n<\/div>\n\n\n\n<div class=\"wp-block-columns is-layout-flex wp-container-core-columns-is-layout-9d6595d7 wp-block-columns-is-layout-flex\">\n<div class=\"wp-block-column is-layout-flow wp-block-column-is-layout-flow\" style=\"flex-basis:66.66%\">\n<h2 class=\"wp-block-heading\">VEDOUC\u00cd U\u010cITELKA MATE\u0158SK\u00c9 \u0160KOLY B\u00cdLOVECK\u00c1<\/h2>\n\n\n\n<ul class=\"wp-block-list\">\n<li><strong>Jana Pe\u0161atov\u00e1, DiS.<\/strong><\/li>\n<\/ul>\n\n\n\n<p class=\"wp-block-paragraph\">Cel\u00fd \u017eivot mne to k d\u011btem t\u00e1hlo, fascinoval m\u011b jejich pohled na sv\u011bt, energie a zv\u011bdavost, pokud d\u011btem d\u00e1me to spr\u00e1vn\u00e9 prost\u0159ed\u00ed, p\u0159ekvap\u00ed n\u00e1s svou samostatnost\u00ed a nedok\u00e1\u017e\u00ed n\u00e1s udivovat, a proto si mysl\u00edm, \u017ee Montessori prost\u0159ed\u00ed d\u00e1 ka\u017ed\u00e9mu d\u00edtku individu\u00e1ln\u00ed prostor k objeven\u00ed samo sebe. D\u00edky tomu, m\u00e9 dal\u0161\u00ed kroky vedly na studium p\u0159ed\u0161koln\u00ed a mimo\u0161koln\u00ed&nbsp;pedagogiky.<\/p>\n\n\n\n<p class=\"wp-block-paragraph\">Jsem velmi vd\u011b\u010dn\u00e1, za p\u0159\u00edle\u017eitosti, kter\u00e9 mi byly nab\u00eddnuty. D\u00edky tomu pracuji s d\u011btmi v Montessori prost\u0159ed\u00ed ji\u017e 6 let.<\/p>\n\n\n\n<p class=\"wp-block-paragraph\">Absolvovala jsem mezin\u00e1rodn\u011b certifikovan\u00fd kurz AMI \u2013 asistentsk\u00fd kurz pro v\u011bk 0 \u2013 3 u tren\u00e9rky Heidi Philippart.<\/p>\n\n\n\n<p class=\"wp-block-paragraph\">,,V d\u00edt\u011bti le\u017e\u00ed osud budoucnosti.\u2019\u2019 \u2013 M. Montessori<\/p>\n<\/div>\n\n\n\n<div class=\"wp-block-column is-layout-flow wp-block-column-is-layout-flow\" style=\"flex-basis:33.33%\">\n<figure data-wp-context=\"{&quot;imageId&quot;:&quot;6a9d1bb37531d&quot;}\" data-wp-interactive=\"core\/image\" data-wp-key=\"6a9d1bb37531d\" class=\"wp-block-image size-large wp-lightbox-container\"><img loading=\"lazy\" decoding=\"async\" width=\"770\" height=\"1024\" data-wp-class--hide=\"state.isContentHidden\" data-wp-class--show=\"state.isContentVisible\" data-wp-init=\"callbacks.setButtonStyles\" data-wp-on--click=\"actions.showLightbox\" data-wp-on--load=\"callbacks.setButtonStyles\" data-wp-on--pointerdown=\"actions.preloadImage\" data-wp-on--pointerenter=\"actions.preloadImageWithDelay\" data-wp-on--pointerleave=\"actions.cancelPreload\" data-wp-on-window--resize=\"callbacks.setButtonStyles\" src=\"https:\/\/www.montessoriostrava.cz\/ms\/wp-content\/uploads\/sites\/4\/2024\/09\/jana-pesatova-scaled-1-770x1024.jpg\" alt=\"Veden\u00ed\" class=\"wp-image-321\" srcset=\"https:\/\/www.montessoriostrava.cz\/ms\/wp-content\/uploads\/sites\/4\/2024\/09\/jana-pesatova-scaled-1-770x1024.jpg 770w, https:\/\/www.montessoriostrava.cz\/ms\/wp-content\/uploads\/sites\/4\/2024\/09\/jana-pesatova-scaled-1-226x300.jpg 226w, https:\/\/www.montessoriostrava.cz\/ms\/wp-content\/uploads\/sites\/4\/2024\/09\/jana-pesatova-scaled-1-768x1021.jpg 768w, https:\/\/www.montessoriostrava.cz\/ms\/wp-content\/uploads\/sites\/4\/2024\/09\/jana-pesatova-scaled-1-1155x1536.jpg 1155w, https:\/\/www.montessoriostrava.cz\/ms\/wp-content\/uploads\/sites\/4\/2024\/09\/jana-pesatova-scaled-1-1540x2048.jpg 1540w, https:\/\/www.montessoriostrava.cz\/ms\/wp-content\/uploads\/sites\/4\/2024\/09\/jana-pesatova-scaled-1.jpg 1680w\" sizes=\"auto, (max-width: 770px) 100vw, 770px\" \/><button\n\t\t\tclass=\"lightbox-trigger\"\n\t\t\ttype=\"button\"\n\t\t\taria-haspopup=\"dialog\"\n\t\t\tdata-wp-bind--aria-label=\"state.thisImage.triggerButtonAriaLabel\"\n\t\t\tdata-wp-init=\"callbacks.initTriggerButton\"\n\t\t\tdata-wp-on--click=\"actions.showLightbox\"\n\t\t\tdata-wp-style--right=\"state.thisImage.buttonRight\"\n\t\t\tdata-wp-style--top=\"state.thisImage.buttonTop\"\n\t\t>\n\t\t\t<svg xmlns=\"http:\/\/www.w3.org\/2000\/svg\" width=\"12\" height=\"12\" fill=\"none\" viewBox=\"0 0 12 12\">\n\t\t\t\t<path fill=\"#fff\" d=\"M2 0a2 2 0 0 0-2 2v2h1.5V2a.5.5 0 0 1 .5-.5h2V0H2Zm2 10.5H2a.5.5 0 0 1-.5-.5V8H0v2a2 2 0 0 0 2 2h2v-1.5ZM8 12v-1.5h2a.5.5 0 0 0 .5-.5V8H12v2a2 2 0 0 1-2 2H8Zm2-12a2 2 0 0 1 2 2v2h-1.5V2a.5.5 0 0 0-.5-.5H8V0h2Z\" \/>\n\t\t\t<\/svg>\n\t\t<\/button><\/figure>\n<\/div>\n<\/div>\n","protected":false},"excerpt":{"rendered":"<p>Z\u0158IZOVATEL, \u0158EDITEL Ostravsk\u00fd patriot, inov\u00e1tor, kreativec, podnikatel a pedagog, kter\u00fd v letech 2010-2019 vybudoval a \u0159\u00eddil nejv\u011bt\u0161\u00ed vzd\u011bl\u00e1vac\u00ed holding \u0161kol v \u010cesk\u00e9 republice. Po \u00fasp\u011b\u0161n\u00e9m exitu z vysok\u00e9ho \u0161kolstv\u00ed se, v roli rodi\u010de sv\u00fdch d\u011bt\u00ed, kter\u00fd chce jejich vzd\u011bl\u00e1v\u00e1n\u00ed aktivn\u011b ovlivnit, v\u011bnuje rozvoji p\u0159ed\u0161koln\u00edch a \u0161kolsk\u00fdch za\u0159\u00edzen\u00ed. Za c\u00edl si klade vytvo\u0159it modern\u00ed \u0161kolsk\u00e9 instituce, [&hellip;]<\/p>\n","protected":false},"author":1,"featured_media":0,"parent":0,"menu_order":0,"comment_status":"closed","ping_status":"closed","template":"","meta":{"footnotes":""},"class_list":["post-344","page","type-page","status-publish","hentry"],"acf":[],"yoast_head":"<!-- This site is optimized with the Yoast SEO plugin v28.4 - https:\/\/yoast.com\/product\/yoast-seo-wordpress\/ -->\n<title>Veden\u00ed | M\u0160 Montessori Ostrava<\/title>\n<meta name=\"description\" content=\"P\u0159edstavujeme veden\u00ed Montessori mate\u0159sk\u00e9 \u0161koly. Na\u0161i \u0159editel\u00e9 a koordin\u00e1to\u0159i zaji\u0161\u0165uj\u00ed kvalitn\u00ed vzd\u011bl\u00e1v\u00e1n\u00ed a plynul\u00fd chod \u0161kolky.\" \/>\n<meta name=\"robots\" content=\"index, follow, max-snippet:-1, max-image-preview:large, max-video-preview:-1\" \/>\n<link rel=\"canonical\" href=\"https:\/\/www.montessoriostrava.cz\/ms\/vedeni\/\" \/>\n<meta property=\"og:locale\" content=\"cs_CZ\" \/>\n<meta property=\"og:type\" content=\"article\" \/>\n<meta property=\"og:title\" content=\"Veden\u00ed | M\u0160 Montessori Ostrava\" \/>\n<meta property=\"og:description\" content=\"P\u0159edstavujeme veden\u00ed Montessori mate\u0159sk\u00e9 \u0161koly. Na\u0161i \u0159editel\u00e9 a koordin\u00e1to\u0159i zaji\u0161\u0165uj\u00ed kvalitn\u00ed vzd\u011bl\u00e1v\u00e1n\u00ed a plynul\u00fd chod \u0161kolky.\" \/>\n<meta property=\"og:url\" content=\"https:\/\/www.montessoriostrava.cz\/ms\/vedeni\/\" \/>\n<meta property=\"og:site_name\" content=\"M\u0160 Montessori Ostrava\" \/>\n<meta property=\"article:modified_time\" content=\"2026-06-11T10:14:28+00:00\" \/>\n<meta property=\"og:image\" content=\"https:\/\/www.montessoriostrava.cz\/ms\/wp-content\/uploads\/sites\/4\/2024\/09\/Radan-Junger-1.jpg\" \/>\n\t<meta property=\"og:image:width\" content=\"1200\" \/>\n\t<meta property=\"og:image:height\" content=\"1200\" \/>\n\t<meta property=\"og:image:type\" content=\"image\/jpeg\" \/>\n<meta name=\"twitter:card\" content=\"summary_large_image\" \/>\n<meta name=\"twitter:label1\" content=\"Odhadovan\u00e1 doba \u010dten\u00ed\" \/>\n\t<meta name=\"twitter:data1\" content=\"4 minuty\" \/>\n<script type=\"application\/ld+json\" class=\"yoast-schema-graph\">{\"@context\":\"https:\\\/\\\/schema.org\",\"@graph\":[{\"@type\":\"WebPage\",\"@id\":\"https:\\\/\\\/www.montessoriostrava.cz\\\/ms\\\/vedeni\\\/\",\"url\":\"https:\\\/\\\/www.montessoriostrava.cz\\\/ms\\\/vedeni\\\/\",\"name\":\"Veden\u00ed | M\u0160 Montessori Ostrava\",\"isPartOf\":{\"@id\":\"https:\\\/\\\/www.montessoriostrava.cz\\\/ms\\\/#website\"},\"primaryImageOfPage\":{\"@id\":\"https:\\\/\\\/www.montessoriostrava.cz\\\/ms\\\/vedeni\\\/#primaryimage\"},\"image\":{\"@id\":\"https:\\\/\\\/www.montessoriostrava.cz\\\/ms\\\/vedeni\\\/#primaryimage\"},\"thumbnailUrl\":\"https:\\\/\\\/www.montessoriostrava.cz\\\/ms\\\/wp-content\\\/uploads\\\/sites\\\/4\\\/2024\\\/09\\\/Radan-Junger-1-1024x1024.jpg\",\"datePublished\":\"2024-09-09T11:53:51+00:00\",\"dateModified\":\"2026-06-11T10:14:28+00:00\",\"description\":\"P\u0159edstavujeme veden\u00ed Montessori mate\u0159sk\u00e9 \u0161koly. Na\u0161i \u0159editel\u00e9 a koordin\u00e1to\u0159i zaji\u0161\u0165uj\u00ed kvalitn\u00ed vzd\u011bl\u00e1v\u00e1n\u00ed a plynul\u00fd chod \u0161kolky.\",\"breadcrumb\":{\"@id\":\"https:\\\/\\\/www.montessoriostrava.cz\\\/ms\\\/vedeni\\\/#breadcrumb\"},\"inLanguage\":\"cs\",\"potentialAction\":[{\"@type\":\"ReadAction\",\"target\":[\"https:\\\/\\\/www.montessoriostrava.cz\\\/ms\\\/vedeni\\\/\"]}]},{\"@type\":\"ImageObject\",\"inLanguage\":\"cs\",\"@id\":\"https:\\\/\\\/www.montessoriostrava.cz\\\/ms\\\/vedeni\\\/#primaryimage\",\"url\":\"https:\\\/\\\/www.montessoriostrava.cz\\\/ms\\\/wp-content\\\/uploads\\\/sites\\\/4\\\/2024\\\/09\\\/Radan-Junger-1.jpg\",\"contentUrl\":\"https:\\\/\\\/www.montessoriostrava.cz\\\/ms\\\/wp-content\\\/uploads\\\/sites\\\/4\\\/2024\\\/09\\\/Radan-Junger-1.jpg\",\"width\":1200,\"height\":1200},{\"@type\":\"BreadcrumbList\",\"@id\":\"https:\\\/\\\/www.montessoriostrava.cz\\\/ms\\\/vedeni\\\/#breadcrumb\",\"itemListElement\":[{\"@type\":\"ListItem\",\"position\":1,\"name\":\"Dom\u016f\",\"item\":\"https:\\\/\\\/www.montessoriostrava.cz\\\/ms\\\/\"},{\"@type\":\"ListItem\",\"position\":2,\"name\":\"Veden\u00ed\"}]},{\"@type\":\"WebSite\",\"@id\":\"https:\\\/\\\/www.montessoriostrava.cz\\\/ms\\\/#website\",\"url\":\"https:\\\/\\\/www.montessoriostrava.cz\\\/ms\\\/\",\"name\":\"M\u0160 Montessori Ostrava\",\"description\":\"\",\"publisher\":{\"@id\":\"https:\\\/\\\/www.montessoriostrava.cz\\\/ms\\\/#organization\"},\"potentialAction\":[{\"@type\":\"SearchAction\",\"target\":{\"@type\":\"EntryPoint\",\"urlTemplate\":\"https:\\\/\\\/www.montessoriostrava.cz\\\/ms\\\/?s={search_term_string}\"},\"query-input\":{\"@type\":\"PropertyValueSpecification\",\"valueRequired\":true,\"valueName\":\"search_term_string\"}}],\"inLanguage\":\"cs\"},{\"@type\":\"Organization\",\"@id\":\"https:\\\/\\\/www.montessoriostrava.cz\\\/ms\\\/#organization\",\"name\":\"Montessori Ostrava\",\"url\":\"https:\\\/\\\/www.montessoriostrava.cz\\\/ms\\\/\",\"logo\":{\"@type\":\"ImageObject\",\"inLanguage\":\"cs\",\"@id\":\"https:\\\/\\\/www.montessoriostrava.cz\\\/ms\\\/#\\\/schema\\\/logo\\\/image\\\/\",\"url\":\"https:\\\/\\\/www.montessoriostrava.cz\\\/ms\\\/wp-content\\\/uploads\\\/sites\\\/4\\\/2025\\\/01\\\/logo-montessori.png\",\"contentUrl\":\"https:\\\/\\\/www.montessoriostrava.cz\\\/ms\\\/wp-content\\\/uploads\\\/sites\\\/4\\\/2025\\\/01\\\/logo-montessori.png\",\"width\":1794,\"height\":527,\"caption\":\"Montessori Ostrava\"},\"image\":{\"@id\":\"https:\\\/\\\/www.montessoriostrava.cz\\\/ms\\\/#\\\/schema\\\/logo\\\/image\\\/\"}}]}<\/script>\n<!-- \/ Yoast SEO plugin. -->","yoast_head_json":{"title":"Veden\u00ed | M\u0160 Montessori Ostrava","description":"P\u0159edstavujeme veden\u00ed Montessori mate\u0159sk\u00e9 \u0161koly. Na\u0161i \u0159editel\u00e9 a koordin\u00e1to\u0159i zaji\u0161\u0165uj\u00ed kvalitn\u00ed vzd\u011bl\u00e1v\u00e1n\u00ed a plynul\u00fd chod \u0161kolky.","robots":{"index":"index","follow":"follow","max-snippet":"max-snippet:-1","max-image-preview":"max-image-preview:large","max-video-preview":"max-video-preview:-1"},"canonical":"https:\/\/www.montessoriostrava.cz\/ms\/vedeni\/","og_locale":"cs_CZ","og_type":"article","og_title":"Veden\u00ed | M\u0160 Montessori Ostrava","og_description":"P\u0159edstavujeme veden\u00ed Montessori mate\u0159sk\u00e9 \u0161koly. Na\u0161i \u0159editel\u00e9 a koordin\u00e1to\u0159i zaji\u0161\u0165uj\u00ed kvalitn\u00ed vzd\u011bl\u00e1v\u00e1n\u00ed a plynul\u00fd chod \u0161kolky.","og_url":"https:\/\/www.montessoriostrava.cz\/ms\/vedeni\/","og_site_name":"M\u0160 Montessori Ostrava","article_modified_time":"2026-06-11T10:14:28+00:00","og_image":[{"width":1200,"height":1200,"url":"https:\/\/www.montessoriostrava.cz\/ms\/wp-content\/uploads\/sites\/4\/2024\/09\/Radan-Junger-1.jpg","type":"image\/jpeg"}],"twitter_card":"summary_large_image","twitter_misc":{"Odhadovan\u00e1 doba \u010dten\u00ed":"4 minuty"},"schema":{"@context":"https:\/\/schema.org","@graph":[{"@type":"WebPage","@id":"https:\/\/www.montessoriostrava.cz\/ms\/vedeni\/","url":"https:\/\/www.montessoriostrava.cz\/ms\/vedeni\/","name":"Veden\u00ed | M\u0160 Montessori Ostrava","isPartOf":{"@id":"https:\/\/www.montessoriostrava.cz\/ms\/#website"},"primaryImageOfPage":{"@id":"https:\/\/www.montessoriostrava.cz\/ms\/vedeni\/#primaryimage"},"image":{"@id":"https:\/\/www.montessoriostrava.cz\/ms\/vedeni\/#primaryimage"},"thumbnailUrl":"https:\/\/www.montessoriostrava.cz\/ms\/wp-content\/uploads\/sites\/4\/2024\/09\/Radan-Junger-1-1024x1024.jpg","datePublished":"2024-09-09T11:53:51+00:00","dateModified":"2026-06-11T10:14:28+00:00","description":"P\u0159edstavujeme veden\u00ed Montessori mate\u0159sk\u00e9 \u0161koly. Na\u0161i \u0159editel\u00e9 a koordin\u00e1to\u0159i zaji\u0161\u0165uj\u00ed kvalitn\u00ed vzd\u011bl\u00e1v\u00e1n\u00ed a plynul\u00fd chod \u0161kolky.","breadcrumb":{"@id":"https:\/\/www.montessoriostrava.cz\/ms\/vedeni\/#breadcrumb"},"inLanguage":"cs","potentialAction":[{"@type":"ReadAction","target":["https:\/\/www.montessoriostrava.cz\/ms\/vedeni\/"]}]},{"@type":"ImageObject","inLanguage":"cs","@id":"https:\/\/www.montessoriostrava.cz\/ms\/vedeni\/#primaryimage","url":"https:\/\/www.montessoriostrava.cz\/ms\/wp-content\/uploads\/sites\/4\/2024\/09\/Radan-Junger-1.jpg","contentUrl":"https:\/\/www.montessoriostrava.cz\/ms\/wp-content\/uploads\/sites\/4\/2024\/09\/Radan-Junger-1.jpg","width":1200,"height":1200},{"@type":"BreadcrumbList","@id":"https:\/\/www.montessoriostrava.cz\/ms\/vedeni\/#breadcrumb","itemListElement":[{"@type":"ListItem","position":1,"name":"Dom\u016f","item":"https:\/\/www.montessoriostrava.cz\/ms\/"},{"@type":"ListItem","position":2,"name":"Veden\u00ed"}]},{"@type":"WebSite","@id":"https:\/\/www.montessoriostrava.cz\/ms\/#website","url":"https:\/\/www.montessoriostrava.cz\/ms\/","name":"M\u0160 Montessori Ostrava","description":"","publisher":{"@id":"https:\/\/www.montessoriostrava.cz\/ms\/#organization"},"potentialAction":[{"@type":"SearchAction","target":{"@type":"EntryPoint","urlTemplate":"https:\/\/www.montessoriostrava.cz\/ms\/?s={search_term_string}"},"query-input":{"@type":"PropertyValueSpecification","valueRequired":true,"valueName":"search_term_string"}}],"inLanguage":"cs"},{"@type":"Organization","@id":"https:\/\/www.montessoriostrava.cz\/ms\/#organization","name":"Montessori Ostrava","url":"https:\/\/www.montessoriostrava.cz\/ms\/","logo":{"@type":"ImageObject","inLanguage":"cs","@id":"https:\/\/www.montessoriostrava.cz\/ms\/#\/schema\/logo\/image\/","url":"https:\/\/www.montessoriostrava.cz\/ms\/wp-content\/uploads\/sites\/4\/2025\/01\/logo-montessori.png","contentUrl":"https:\/\/www.montessoriostrava.cz\/ms\/wp-content\/uploads\/sites\/4\/2025\/01\/logo-montessori.png","width":1794,"height":527,"caption":"Montessori Ostrava"},"image":{"@id":"https:\/\/www.montessoriostrava.cz\/ms\/#\/schema\/logo\/image\/"}}]}},"_links":{"self":[{"href":"https:\/\/www.montessoriostrava.cz\/ms\/wp-json\/wp\/v2\/pages\/344","targetHints":{"allow":["GET"]}}],"collection":[{"href":"https:\/\/www.montessoriostrava.cz\/ms\/wp-json\/wp\/v2\/pages"}],"about":[{"href":"https:\/\/www.montessoriostrava.cz\/ms\/wp-json\/wp\/v2\/types\/page"}],"author":[{"embeddable":true,"href":"https:\/\/www.montessoriostrava.cz\/ms\/wp-json\/wp\/v2\/users\/1"}],"replies":[{"embeddable":true,"href":"https:\/\/www.montessoriostrava.cz\/ms\/wp-json\/wp\/v2\/comments?post=344"}],"version-history":[{"count":9,"href":"https:\/\/www.montessoriostrava.cz\/ms\/wp-json\/wp\/v2\/pages\/344\/revisions"}],"predecessor-version":[{"id":1517,"href":"https:\/\/www.montessoriostrava.cz\/ms\/wp-json\/wp\/v2\/pages\/344\/revisions\/1517"}],"wp:attachment":[{"href":"https:\/\/www.montessoriostrava.cz\/ms\/wp-json\/wp\/v2\/media?parent=344"}],"curies":[{"name":"wp","href":"https:\/\/api.w.org\/{rel}","templated":true}]}}