{"id":361,"date":"2024-09-09T14:05:23","date_gmt":"2024-09-09T12:05:23","guid":{"rendered":"https:\/\/www.montessoriostrava.cz\/ms\/?page_id=361"},"modified":"2025-01-31T09:57:20","modified_gmt":"2025-01-31T08:57:20","slug":"kariera","status":"publish","type":"page","link":"https:\/\/www.montessoriostrava.cz\/ms\/kariera\/","title":{"rendered":"Kari\u00e9ra"},"content":{"rendered":"\n<p>Procesu v\u00fdb\u011bru spolupracovn\u00edk\u016f v\u011bnujeme nejvy\u0161\u0161\u00ed pozornost a neust\u00e1le vyhled\u00e1v\u00e1me&nbsp;r\u016fznorod\u00e9, motivovan\u00e9, nad\u0161en\u00e9, srde\u010dn\u00e9 a modern\u00ed spolupracovn\u00edky pro v\u0161echny vzd\u011bl\u00e1vac\u00ed stupn\u011b, kte\u0159\u00ed by se r\u00e1di stali sou\u010d\u00e1st\u00ed na\u0161eho t\u00fdmu a cht\u011bj\u00ed spole\u010dn\u011b s n\u00e1mi napl\u0148ovat na\u0161e vize, posl\u00e1n\u00ed a c\u00edle. L\u00edb\u00ed se V\u00e1m na\u0161e n\u011bkter\u00e9 z nich? Pak mo\u017en\u00e1 hled\u00e1me pr\u00e1v\u011b v\u00e1s. Pros\u00edm odpov\u011bzte na konkr\u00e9tn\u00ed volnou pozici nebo n\u00e1m po\u0161lete \u017eivotopis na&nbsp;<a href=\"mailto:michal.hradecny@montessoriostrava.cz\">michal.hradecny@montessoriostrava.cz.<\/a><\/p>\n\n\n\n<h3 class=\"wp-block-heading\"><strong>T\u011b\u0161\u00edme se na v\u00e1s!&nbsp;<\/strong><\/h3>\n\n\n\n<p>Mate\u0159sk\u00e1 \u0161kola Montessori Ostrava m\u00e1 rovn\u011b\u017e dv\u011b pracovi\u0161t\u011b, jedno v Mari\u00e1nsk\u00fdch Hor\u00e1ch na ul. Matrosovove a druh\u00e9 ve Svinov\u011b na ul. B\u00edloveck\u00e1.<\/p>\n\n\n\n<div class=\"wp-block-columns is-layout-flex wp-container-core-columns-is-layout-9d6595d7 wp-block-columns-is-layout-flex\">\n<div class=\"wp-block-column is-layout-flow wp-block-column-is-layout-flow\" style=\"flex-basis:66.66%\">\n<h4 class=\"wp-block-heading\"><strong>Bc. Aneta Chalupov\u00e1,&nbsp;<\/strong>vedouc\u00ed u\u010ditelka (M\u0160 Hulv\u00e1ky)<\/h4>\n\n\n\n<p>Je u\u010ditelkou t\u0159\u00eddy Monte. Vystudovala obor u\u010ditelstv\u00ed pro mate\u0159sk\u00e9 \u0161koly na pedagogick\u00e9 fakult\u011b Univerzity Karlovy se zam\u011b\u0159en\u00edm na t\u011blesnou v\u00fdchovu. Inspirac\u00ed pro toto povol\u00e1n\u00ed j\u00ed byla radost z \u010dinnost\u00ed s d\u011btmi. Na profesi u\u010ditelky ji nejv\u00edc bav\u00ed jej\u00ed pestrost a fakt, \u017ee je sou\u010d\u00e1st\u00ed \u017eivota d\u00edt\u011bte v p\u0159ed\u0161koln\u00edm v\u011bku, tedy v nejd\u016fle\u017eit\u011bj\u0161\u00ed etap\u011b \u017eivota. Bav\u00ed ji, jak m\u016f\u017ee pozorovat , jak se d\u011bti u\u010d\u00ed nov\u00fdm v\u011bcem, jak se u\u010d\u00ed spr\u00e1vn\u011b jednat a \u017e\u00edt a pozn\u00e1vat sv\u00e9 mo\u017enosti v r\u016fzn\u00fdch \u017eivotn\u00edch etap\u00e1ch. Je kreativn\u00ed a s oblibou se d\u00e1le vzd\u011bl\u00e1v\u00e1 ve speci\u00e1ln\u00ed pedagogice a psychologii. V mate\u0159sk\u00e9 \u0161kole vede krou\u017eek Sport\u00edk. Mimo jin\u00e9 r\u00e1da chod\u00ed po hor\u00e1ch a sportuje.<\/p>\n\n\n\n<p>Absolvovala jsem mezin\u00e1rodn\u011b certifikovan\u00fd kurz AMI \u2013 asistentsk\u00fd kurz pro v\u011bk 3 \u2013 6 u tren\u00e9rky Eliny Rautasalo.<\/p>\n<\/div>\n\n\n\n<div class=\"wp-block-column is-layout-flow wp-block-column-is-layout-flow\" style=\"flex-basis:33.33%\">\n<figure class=\"wp-block-image size-large\"><img loading=\"lazy\" decoding=\"async\" width=\"1024\" height=\"1000\" src=\"https:\/\/www.montessoriostrava.cz\/ms\/wp-content\/uploads\/sites\/4\/2024\/09\/aneta-chalupova-scaled-1-1024x1000.jpg\" alt=\"Kari\u00e9ra\" class=\"wp-image-318\" srcset=\"https:\/\/www.montessoriostrava.cz\/ms\/wp-content\/uploads\/sites\/4\/2024\/09\/aneta-chalupova-scaled-1-1024x1000.jpg 1024w, https:\/\/www.montessoriostrava.cz\/ms\/wp-content\/uploads\/sites\/4\/2024\/09\/aneta-chalupova-scaled-1-300x293.jpg 300w, https:\/\/www.montessoriostrava.cz\/ms\/wp-content\/uploads\/sites\/4\/2024\/09\/aneta-chalupova-scaled-1-768x750.jpg 768w, https:\/\/www.montessoriostrava.cz\/ms\/wp-content\/uploads\/sites\/4\/2024\/09\/aneta-chalupova-scaled-1-1536x1500.jpg 1536w, https:\/\/www.montessoriostrava.cz\/ms\/wp-content\/uploads\/sites\/4\/2024\/09\/aneta-chalupova-scaled-1-2048x2000.jpg 2048w\" sizes=\"auto, (max-width: 1024px) 100vw, 1024px\" \/><\/figure>\n<\/div>\n<\/div>\n\n\n\n<div class=\"wp-block-columns is-layout-flex wp-container-core-columns-is-layout-9d6595d7 wp-block-columns-is-layout-flex\">\n<div class=\"wp-block-column is-layout-flow wp-block-column-is-layout-flow\" style=\"flex-basis:66.66%\">\n<h4 class=\"wp-block-heading\"><strong>Jana Pe\u0161atov\u00e1,&nbsp;<\/strong>vedouc\u00ed u\u010ditelka (M\u0160 Svinov)<\/h4>\n\n\n\n<p>Cel\u00fd \u017eivot mne to k d\u011btem t\u00e1hlo, fascinoval m\u011b jejich pohled na sv\u011bt, energie a zv\u011bdavost, pokud d\u011btem d\u00e1me to spr\u00e1vn\u00e9 prost\u0159ed\u00ed, p\u0159ekvap\u00ed n\u00e1s svou samostatnost\u00ed a nedok\u00e1\u017e\u00ed n\u00e1s udivovat, a proto si mysl\u00edm, \u017ee Montessori prost\u0159ed\u00ed d\u00e1 ka\u017ed\u00e9mu d\u00edtku individu\u00e1ln\u00ed prostor k objeven\u00ed samo sebe. St\u0159edn\u00ed \u0161kola grafick\u00e9ho designu mi dala z\u00e1klad a v\u0161eobecn\u00fd p\u0159ehled, ale ji\u017e p\u0159i studiu jsem v\u011bd\u011bla, \u017ee chci pracovat s d\u011btmi, proto m\u011b dal\u0161\u00ed kroky vedly ke studiu p\u0159ed\u0161koln\u00ed pedagogiky.<\/p>\n\n\n\n<p>Absolvovala jsem mezin\u00e1rodn\u011b certifikovan\u00fd kurz AMI \u2013 asistentsk\u00fd kurz pro v\u011bk 0 \u2013 3 u tren\u00e9rky Heidi Philippart.<br>S Montessori prost\u0159ed\u00edm pracuji ji\u017e 3 roky, a tak jsem byla velmi nad\u0161en\u00e1 s p\u0159ijet\u00edm jako Montessori pedagog do \u0161kolky v Ostrav\u011b a vzd\u011bl\u00e1vat tak d\u011bti v t\u00e9to mate\u0159sk\u00e9 \u0161kole.<\/p>\n\n\n\n<p><em>,,V d\u00edt\u011bti le\u017e\u00ed osud budoucnosti.\u2019\u2019 \u2013 M. Montessori<\/em><\/p>\n<\/div>\n\n\n\n<div class=\"wp-block-column is-layout-flow wp-block-column-is-layout-flow\" style=\"flex-basis:33.33%\">\n<figure class=\"wp-block-image size-large\"><img loading=\"lazy\" decoding=\"async\" width=\"770\" height=\"1024\" src=\"https:\/\/www.montessoriostrava.cz\/ms\/wp-content\/uploads\/sites\/4\/2024\/09\/jana-pesatova-scaled-2-770x1024.jpg\" alt=\"Kari\u00e9ra\" class=\"wp-image-362\" srcset=\"https:\/\/www.montessoriostrava.cz\/ms\/wp-content\/uploads\/sites\/4\/2024\/09\/jana-pesatova-scaled-2-770x1024.jpg 770w, https:\/\/www.montessoriostrava.cz\/ms\/wp-content\/uploads\/sites\/4\/2024\/09\/jana-pesatova-scaled-2-226x300.jpg 226w, https:\/\/www.montessoriostrava.cz\/ms\/wp-content\/uploads\/sites\/4\/2024\/09\/jana-pesatova-scaled-2-768x1021.jpg 768w, https:\/\/www.montessoriostrava.cz\/ms\/wp-content\/uploads\/sites\/4\/2024\/09\/jana-pesatova-scaled-2-1155x1536.jpg 1155w, https:\/\/www.montessoriostrava.cz\/ms\/wp-content\/uploads\/sites\/4\/2024\/09\/jana-pesatova-scaled-2-1540x2048.jpg 1540w, https:\/\/www.montessoriostrava.cz\/ms\/wp-content\/uploads\/sites\/4\/2024\/09\/jana-pesatova-scaled-2.jpg 1680w\" sizes=\"auto, (max-width: 770px) 100vw, 770px\" \/><\/figure>\n<\/div>\n<\/div>\n\n\n\n<h2 class=\"wp-block-heading\"><strong>Pro\u010d pracovat v Montessori Ostrava<\/strong><\/h2>\n\n\n\n<div class=\"wp-block-columns is-layout-flex wp-container-core-columns-is-layout-9d6595d7 wp-block-columns-is-layout-flex\">\n<div class=\"wp-block-column is-layout-flow wp-block-column-is-layout-flow\">\n<h4 class=\"wp-block-heading\"><strong>Co Montessori Ostrava nab\u00edz\u00ed<\/strong><\/h4>\n\n\n\n<ul class=\"wp-block-list\">\n<li>Osobn\u00ed rozvoj ve vzd\u011bl\u00e1v\u00e1n\u00ed<\/li>\n\n\n\n<li>Prost\u0159ed\u00ed \u201erodinn\u00e9\u201c \u0161koly s&nbsp;pestr\u00fdmi osobnostmi<\/li>\n\n\n\n<li>Respektuj\u00edc\u00ed p\u0159\u00edstup<\/li>\n\n\n\n<li>Napl\u0148uj\u00edc\u00ed pr\u00e1ce s&nbsp;d\u011btmi<\/li>\n\n\n\n<li>Bilingvn\u00ed prost\u0159ed\u00ed<\/li>\n<\/ul>\n<\/div>\n\n\n\n<div class=\"wp-block-column is-layout-flow wp-block-column-is-layout-flow\">\n<h4 class=\"wp-block-heading\"><strong>Zam\u011bstnaneck\u00e9 benefity<\/strong><\/h4>\n\n\n\n<ul class=\"wp-block-list\">\n<li>Finan\u010dn\u00ed podpora Montessori a dal\u0161\u00edho vzd\u011bl\u00e1v\u00e1n\u00ed<\/li>\n\n\n\n<li>Studijn\u00ed volno na vzd\u011bl\u00e1v\u00e1n\u00ed<\/li>\n\n\n\n<li>8 t\u00fddn\u016f dovolen\u00e9 (Mo\u017enost \u010derpat i b\u011bhem roku), mo\u017enost home office<\/li>\n\n\n\n<li>Sleva na \u0161koln\u00e9 pro va\u0161e d\u011bti<\/li>\n\n\n\n<li>Zv\u00fdhodn\u011bn\u00e9 stravov\u00e1n\u00ed p\u0159\u00edmo ve \u0161kole<\/li>\n<\/ul>\n<\/div>\n<\/div>\n","protected":false},"excerpt":{"rendered":"<p>Procesu v\u00fdb\u011bru spolupracovn\u00edk\u016f v\u011bnujeme nejvy\u0161\u0161\u00ed pozornost a neust\u00e1le vyhled\u00e1v\u00e1me&nbsp;r\u016fznorod\u00e9, motivovan\u00e9, nad\u0161en\u00e9, srde\u010dn\u00e9 a modern\u00ed spolupracovn\u00edky pro v\u0161echny vzd\u011bl\u00e1vac\u00ed stupn\u011b, kte\u0159\u00ed by se r\u00e1di stali sou\u010d\u00e1st\u00ed na\u0161eho t\u00fdmu a cht\u011bj\u00ed spole\u010dn\u011b s n\u00e1mi napl\u0148ovat na\u0161e vize, posl\u00e1n\u00ed a c\u00edle. L\u00edb\u00ed se V\u00e1m na\u0161e n\u011bkter\u00e9 z nich? Pak mo\u017en\u00e1 hled\u00e1me pr\u00e1v\u011b v\u00e1s. Pros\u00edm odpov\u011bzte na konkr\u00e9tn\u00ed volnou [&hellip;]<\/p>\n","protected":false},"author":1,"featured_media":0,"parent":0,"menu_order":0,"comment_status":"closed","ping_status":"closed","template":"","meta":{"footnotes":""},"class_list":["post-361","page","type-page","status-publish","hentry"],"acf":[],"yoast_head":"<!-- This site is optimized with the Yoast SEO plugin v27.5 - https:\/\/yoast.com\/product\/yoast-seo-wordpress\/ -->\n<title>Kari\u00e9ra | M\u0160 Montessori Ostrava<\/title>\n<meta name=\"description\" content=\"Hled\u00e1me nov\u00e9 kolegy do Montessori mate\u0159sk\u00e9 \u0161koly. P\u0159idejte se k na\u0161emu t\u00fdmu pedagog\u016f a pod\u00edlejte se na vzd\u011bl\u00e1v\u00e1n\u00ed d\u011bt\u00ed.\" \/>\n<meta name=\"robots\" content=\"index, follow, max-snippet:-1, max-image-preview:large, max-video-preview:-1\" \/>\n<link rel=\"canonical\" href=\"https:\/\/www.montessoriostrava.cz\/ms\/kariera\/\" \/>\n<meta property=\"og:locale\" content=\"cs_CZ\" \/>\n<meta property=\"og:type\" content=\"article\" \/>\n<meta property=\"og:title\" content=\"Kari\u00e9ra | M\u0160 Montessori Ostrava\" \/>\n<meta property=\"og:description\" content=\"Hled\u00e1me nov\u00e9 kolegy do Montessori mate\u0159sk\u00e9 \u0161koly. P\u0159idejte se k na\u0161emu t\u00fdmu pedagog\u016f a pod\u00edlejte se na vzd\u011bl\u00e1v\u00e1n\u00ed d\u011bt\u00ed.\" \/>\n<meta property=\"og:url\" content=\"https:\/\/www.montessoriostrava.cz\/ms\/kariera\/\" \/>\n<meta property=\"og:site_name\" content=\"M\u0160 Montessori Ostrava\" \/>\n<meta property=\"article:modified_time\" content=\"2025-01-31T08:57:20+00:00\" \/>\n<meta property=\"og:image\" content=\"https:\/\/www.montessoriostrava.cz\/ms\/wp-content\/uploads\/sites\/4\/2024\/09\/aneta-chalupova-scaled-1.jpg\" \/>\n\t<meta property=\"og:image:width\" content=\"2560\" \/>\n\t<meta property=\"og:image:height\" content=\"2500\" \/>\n\t<meta property=\"og:image:type\" content=\"image\/jpeg\" \/>\n<meta name=\"twitter:card\" content=\"summary_large_image\" \/>\n<meta name=\"twitter:label1\" content=\"Odhadovan\u00e1 doba \u010dten\u00ed\" \/>\n\t<meta name=\"twitter:data1\" content=\"3 minuty\" \/>\n<script type=\"application\/ld+json\" class=\"yoast-schema-graph\">{\"@context\":\"https:\\\/\\\/schema.org\",\"@graph\":[{\"@type\":\"WebPage\",\"@id\":\"https:\\\/\\\/www.montessoriostrava.cz\\\/ms\\\/kariera\\\/\",\"url\":\"https:\\\/\\\/www.montessoriostrava.cz\\\/ms\\\/kariera\\\/\",\"name\":\"Kari\u00e9ra | M\u0160 Montessori Ostrava\",\"isPartOf\":{\"@id\":\"https:\\\/\\\/www.montessoriostrava.cz\\\/ms\\\/#website\"},\"primaryImageOfPage\":{\"@id\":\"https:\\\/\\\/www.montessoriostrava.cz\\\/ms\\\/kariera\\\/#primaryimage\"},\"image\":{\"@id\":\"https:\\\/\\\/www.montessoriostrava.cz\\\/ms\\\/kariera\\\/#primaryimage\"},\"thumbnailUrl\":\"https:\\\/\\\/www.montessoriostrava.cz\\\/ms\\\/wp-content\\\/uploads\\\/sites\\\/4\\\/2024\\\/09\\\/aneta-chalupova-scaled-1-1024x1000.jpg\",\"datePublished\":\"2024-09-09T12:05:23+00:00\",\"dateModified\":\"2025-01-31T08:57:20+00:00\",\"description\":\"Hled\u00e1me nov\u00e9 kolegy do Montessori mate\u0159sk\u00e9 \u0161koly. P\u0159idejte se k na\u0161emu t\u00fdmu pedagog\u016f a pod\u00edlejte se na vzd\u011bl\u00e1v\u00e1n\u00ed d\u011bt\u00ed.\",\"breadcrumb\":{\"@id\":\"https:\\\/\\\/www.montessoriostrava.cz\\\/ms\\\/kariera\\\/#breadcrumb\"},\"inLanguage\":\"cs\",\"potentialAction\":[{\"@type\":\"ReadAction\",\"target\":[\"https:\\\/\\\/www.montessoriostrava.cz\\\/ms\\\/kariera\\\/\"]}]},{\"@type\":\"ImageObject\",\"inLanguage\":\"cs\",\"@id\":\"https:\\\/\\\/www.montessoriostrava.cz\\\/ms\\\/kariera\\\/#primaryimage\",\"url\":\"https:\\\/\\\/www.montessoriostrava.cz\\\/ms\\\/wp-content\\\/uploads\\\/sites\\\/4\\\/2024\\\/09\\\/aneta-chalupova-scaled-1.jpg\",\"contentUrl\":\"https:\\\/\\\/www.montessoriostrava.cz\\\/ms\\\/wp-content\\\/uploads\\\/sites\\\/4\\\/2024\\\/09\\\/aneta-chalupova-scaled-1.jpg\",\"width\":2560,\"height\":2500},{\"@type\":\"BreadcrumbList\",\"@id\":\"https:\\\/\\\/www.montessoriostrava.cz\\\/ms\\\/kariera\\\/#breadcrumb\",\"itemListElement\":[{\"@type\":\"ListItem\",\"position\":1,\"name\":\"Dom\u016f\",\"item\":\"https:\\\/\\\/www.montessoriostrava.cz\\\/ms\\\/\"},{\"@type\":\"ListItem\",\"position\":2,\"name\":\"Kari\u00e9ra\"}]},{\"@type\":\"WebSite\",\"@id\":\"https:\\\/\\\/www.montessoriostrava.cz\\\/ms\\\/#website\",\"url\":\"https:\\\/\\\/www.montessoriostrava.cz\\\/ms\\\/\",\"name\":\"M\u0160 Montessori Ostrava\",\"description\":\"\",\"publisher\":{\"@id\":\"https:\\\/\\\/www.montessoriostrava.cz\\\/ms\\\/#organization\"},\"potentialAction\":[{\"@type\":\"SearchAction\",\"target\":{\"@type\":\"EntryPoint\",\"urlTemplate\":\"https:\\\/\\\/www.montessoriostrava.cz\\\/ms\\\/?s={search_term_string}\"},\"query-input\":{\"@type\":\"PropertyValueSpecification\",\"valueRequired\":true,\"valueName\":\"search_term_string\"}}],\"inLanguage\":\"cs\"},{\"@type\":\"Organization\",\"@id\":\"https:\\\/\\\/www.montessoriostrava.cz\\\/ms\\\/#organization\",\"name\":\"Montessori Ostrava\",\"url\":\"https:\\\/\\\/www.montessoriostrava.cz\\\/ms\\\/\",\"logo\":{\"@type\":\"ImageObject\",\"inLanguage\":\"cs\",\"@id\":\"https:\\\/\\\/www.montessoriostrava.cz\\\/ms\\\/#\\\/schema\\\/logo\\\/image\\\/\",\"url\":\"https:\\\/\\\/www.montessoriostrava.cz\\\/ms\\\/wp-content\\\/uploads\\\/sites\\\/4\\\/2025\\\/01\\\/logo-montessori.png\",\"contentUrl\":\"https:\\\/\\\/www.montessoriostrava.cz\\\/ms\\\/wp-content\\\/uploads\\\/sites\\\/4\\\/2025\\\/01\\\/logo-montessori.png\",\"width\":1794,\"height\":527,\"caption\":\"Montessori Ostrava\"},\"image\":{\"@id\":\"https:\\\/\\\/www.montessoriostrava.cz\\\/ms\\\/#\\\/schema\\\/logo\\\/image\\\/\"}}]}<\/script>\n<!-- \/ Yoast SEO plugin. -->","yoast_head_json":{"title":"Kari\u00e9ra | M\u0160 Montessori Ostrava","description":"Hled\u00e1me nov\u00e9 kolegy do Montessori mate\u0159sk\u00e9 \u0161koly. P\u0159idejte se k na\u0161emu t\u00fdmu pedagog\u016f a pod\u00edlejte se na vzd\u011bl\u00e1v\u00e1n\u00ed d\u011bt\u00ed.","robots":{"index":"index","follow":"follow","max-snippet":"max-snippet:-1","max-image-preview":"max-image-preview:large","max-video-preview":"max-video-preview:-1"},"canonical":"https:\/\/www.montessoriostrava.cz\/ms\/kariera\/","og_locale":"cs_CZ","og_type":"article","og_title":"Kari\u00e9ra | M\u0160 Montessori Ostrava","og_description":"Hled\u00e1me nov\u00e9 kolegy do Montessori mate\u0159sk\u00e9 \u0161koly. P\u0159idejte se k na\u0161emu t\u00fdmu pedagog\u016f a pod\u00edlejte se na vzd\u011bl\u00e1v\u00e1n\u00ed d\u011bt\u00ed.","og_url":"https:\/\/www.montessoriostrava.cz\/ms\/kariera\/","og_site_name":"M\u0160 Montessori Ostrava","article_modified_time":"2025-01-31T08:57:20+00:00","og_image":[{"width":2560,"height":2500,"url":"https:\/\/www.montessoriostrava.cz\/ms\/wp-content\/uploads\/sites\/4\/2024\/09\/aneta-chalupova-scaled-1.jpg","type":"image\/jpeg"}],"twitter_card":"summary_large_image","twitter_misc":{"Odhadovan\u00e1 doba \u010dten\u00ed":"3 minuty"},"schema":{"@context":"https:\/\/schema.org","@graph":[{"@type":"WebPage","@id":"https:\/\/www.montessoriostrava.cz\/ms\/kariera\/","url":"https:\/\/www.montessoriostrava.cz\/ms\/kariera\/","name":"Kari\u00e9ra | M\u0160 Montessori Ostrava","isPartOf":{"@id":"https:\/\/www.montessoriostrava.cz\/ms\/#website"},"primaryImageOfPage":{"@id":"https:\/\/www.montessoriostrava.cz\/ms\/kariera\/#primaryimage"},"image":{"@id":"https:\/\/www.montessoriostrava.cz\/ms\/kariera\/#primaryimage"},"thumbnailUrl":"https:\/\/www.montessoriostrava.cz\/ms\/wp-content\/uploads\/sites\/4\/2024\/09\/aneta-chalupova-scaled-1-1024x1000.jpg","datePublished":"2024-09-09T12:05:23+00:00","dateModified":"2025-01-31T08:57:20+00:00","description":"Hled\u00e1me nov\u00e9 kolegy do Montessori mate\u0159sk\u00e9 \u0161koly. P\u0159idejte se k na\u0161emu t\u00fdmu pedagog\u016f a pod\u00edlejte se na vzd\u011bl\u00e1v\u00e1n\u00ed d\u011bt\u00ed.","breadcrumb":{"@id":"https:\/\/www.montessoriostrava.cz\/ms\/kariera\/#breadcrumb"},"inLanguage":"cs","potentialAction":[{"@type":"ReadAction","target":["https:\/\/www.montessoriostrava.cz\/ms\/kariera\/"]}]},{"@type":"ImageObject","inLanguage":"cs","@id":"https:\/\/www.montessoriostrava.cz\/ms\/kariera\/#primaryimage","url":"https:\/\/www.montessoriostrava.cz\/ms\/wp-content\/uploads\/sites\/4\/2024\/09\/aneta-chalupova-scaled-1.jpg","contentUrl":"https:\/\/www.montessoriostrava.cz\/ms\/wp-content\/uploads\/sites\/4\/2024\/09\/aneta-chalupova-scaled-1.jpg","width":2560,"height":2500},{"@type":"BreadcrumbList","@id":"https:\/\/www.montessoriostrava.cz\/ms\/kariera\/#breadcrumb","itemListElement":[{"@type":"ListItem","position":1,"name":"Dom\u016f","item":"https:\/\/www.montessoriostrava.cz\/ms\/"},{"@type":"ListItem","position":2,"name":"Kari\u00e9ra"}]},{"@type":"WebSite","@id":"https:\/\/www.montessoriostrava.cz\/ms\/#website","url":"https:\/\/www.montessoriostrava.cz\/ms\/","name":"M\u0160 Montessori Ostrava","description":"","publisher":{"@id":"https:\/\/www.montessoriostrava.cz\/ms\/#organization"},"potentialAction":[{"@type":"SearchAction","target":{"@type":"EntryPoint","urlTemplate":"https:\/\/www.montessoriostrava.cz\/ms\/?s={search_term_string}"},"query-input":{"@type":"PropertyValueSpecification","valueRequired":true,"valueName":"search_term_string"}}],"inLanguage":"cs"},{"@type":"Organization","@id":"https:\/\/www.montessoriostrava.cz\/ms\/#organization","name":"Montessori Ostrava","url":"https:\/\/www.montessoriostrava.cz\/ms\/","logo":{"@type":"ImageObject","inLanguage":"cs","@id":"https:\/\/www.montessoriostrava.cz\/ms\/#\/schema\/logo\/image\/","url":"https:\/\/www.montessoriostrava.cz\/ms\/wp-content\/uploads\/sites\/4\/2025\/01\/logo-montessori.png","contentUrl":"https:\/\/www.montessoriostrava.cz\/ms\/wp-content\/uploads\/sites\/4\/2025\/01\/logo-montessori.png","width":1794,"height":527,"caption":"Montessori Ostrava"},"image":{"@id":"https:\/\/www.montessoriostrava.cz\/ms\/#\/schema\/logo\/image\/"}}]}},"_links":{"self":[{"href":"https:\/\/www.montessoriostrava.cz\/ms\/wp-json\/wp\/v2\/pages\/361","targetHints":{"allow":["GET"]}}],"collection":[{"href":"https:\/\/www.montessoriostrava.cz\/ms\/wp-json\/wp\/v2\/pages"}],"about":[{"href":"https:\/\/www.montessoriostrava.cz\/ms\/wp-json\/wp\/v2\/types\/page"}],"author":[{"embeddable":true,"href":"https:\/\/www.montessoriostrava.cz\/ms\/wp-json\/wp\/v2\/users\/1"}],"replies":[{"embeddable":true,"href":"https:\/\/www.montessoriostrava.cz\/ms\/wp-json\/wp\/v2\/comments?post=361"}],"version-history":[{"count":3,"href":"https:\/\/www.montessoriostrava.cz\/ms\/wp-json\/wp\/v2\/pages\/361\/revisions"}],"predecessor-version":[{"id":535,"href":"https:\/\/www.montessoriostrava.cz\/ms\/wp-json\/wp\/v2\/pages\/361\/revisions\/535"}],"wp:attachment":[{"href":"https:\/\/www.montessoriostrava.cz\/ms\/wp-json\/wp\/v2\/media?parent=361"}],"curies":[{"name":"wp","href":"https:\/\/api.w.org\/{rel}","templated":true}]}}