{"id":227,"date":"2024-09-05T16:00:34","date_gmt":"2024-09-05T14:00:34","guid":{"rendered":"https:\/\/www.montessoriostrava.cz\/zs\/?page_id=227"},"modified":"2025-01-31T08:57:47","modified_gmt":"2025-01-31T07:57:47","slug":"kariera","status":"publish","type":"page","link":"https:\/\/www.montessoriostrava.cz\/zs\/kariera\/","title":{"rendered":"Kari\u00e9ra"},"content":{"rendered":"\n<p>Procesu v\u00fdb\u011bru spolupracovn\u00edk\u016f v\u011bnujeme nejvy\u0161\u0161\u00ed pozornost a neust\u00e1le vyhled\u00e1v\u00e1me&nbsp;r\u016fznorod\u00e9,&nbsp;<strong>motivovan\u00e9, nad\u0161en\u00e9, srde\u010dn\u00e9 a modern\u00ed spolupracovn\u00edky pro v\u0161echny vzd\u011bl\u00e1vac\u00ed stupn\u011b,&nbsp;<\/strong>kte\u0159\u00ed by se r\u00e1di stali sou\u010d\u00e1st\u00ed na\u0161eho t\u00fdmu a cht\u011bj\u00ed spole\u010dn\u011b s n\u00e1mi napl\u0148ovat na\u0161e vize, posl\u00e1n\u00ed a c\u00edle. L\u00edb\u00ed se V\u00e1m na\u0161e n\u011bkter\u00e9 z nich? Pak mo\u017en\u00e1 hled\u00e1me pr\u00e1v\u011b v\u00e1s. Pros\u00edm odpov\u011bzte na konkr\u00e9tn\u00ed volnou pozici nebo n\u00e1m po\u0161lete \u017eivotopis na&nbsp;<a href=\"mailto:michal.hradecny@montessoriostrava.cz\">michal.hradecny@montessoriostrava.cz.<\/a><\/p>\n\n\n\n<p><strong>T\u011b\u0161\u00edme se na v\u00e1s!&nbsp;<\/strong><\/p>\n\n\n\n<div class=\"wp-block-columns is-layout-flex wp-container-core-columns-is-layout-9d6595d7 wp-block-columns-is-layout-flex\">\n<div class=\"wp-block-column is-layout-flow wp-block-column-is-layout-flow\">\n<h3 class=\"wp-block-heading\"><strong>Pro\u010d pracovat v Montessori Ostrava<\/strong><\/h3>\n\n\n\n<ul class=\"wp-block-list\">\n<li>Co Montessori Ostrava nab\u00edz\u00ed<\/li>\n\n\n\n<li>Osobn\u00ed rozvoj ve vzd\u011bl\u00e1v\u00e1n\u00ed<\/li>\n\n\n\n<li>Prost\u0159ed\u00ed \u201erodinn\u00e9\u201c \u0161koly s pestr\u00fdmi osobnostmi<\/li>\n\n\n\n<li>Respektuj\u00edc\u00ed p\u0159\u00edstup<\/li>\n\n\n\n<li>Napl\u0148uj\u00edc\u00ed pr\u00e1ce s d\u011btmi<\/li>\n\n\n\n<li>Bilingvn\u00ed prost\u0159ed\u00ed<\/li>\n<\/ul>\n<\/div>\n\n\n\n<div class=\"wp-block-column is-layout-flow wp-block-column-is-layout-flow\">\n<h3 class=\"wp-block-heading\"><strong>Zam\u011bstnaneck\u00e9 benefity<\/strong><\/h3>\n\n\n\n<ul class=\"wp-block-list\">\n<li>Finan\u010dn\u00ed podpora Montessori a dal\u0161\u00edho vzd\u011bl\u00e1v\u00e1n\u00ed<\/li>\n\n\n\n<li>Studijn\u00ed volno na vzd\u011bl\u00e1v\u00e1n\u00ed<\/li>\n\n\n\n<li>8 t\u00fddn\u016f dovolen\u00e9 (Mo\u017enost \u010derpat i b\u011bhem roku), mo\u017enost home office<\/li>\n\n\n\n<li>Sleva na \u0161koln\u00e9 pro va\u0161e d\u011bti<\/li>\n\n\n\n<li>Zv\u00fdhodn\u011bn\u00e9 stravov\u00e1n\u00ed p\u0159\u00edmo ve \u0161kole<\/li>\n<\/ul>\n<\/div>\n<\/div>\n","protected":false},"excerpt":{"rendered":"<p>Procesu v\u00fdb\u011bru spolupracovn\u00edk\u016f v\u011bnujeme nejvy\u0161\u0161\u00ed pozornost a neust\u00e1le vyhled\u00e1v\u00e1me&nbsp;r\u016fznorod\u00e9,&nbsp;motivovan\u00e9, nad\u0161en\u00e9, srde\u010dn\u00e9 a modern\u00ed spolupracovn\u00edky pro v\u0161echny vzd\u011bl\u00e1vac\u00ed stupn\u011b,&nbsp;kte\u0159\u00ed by se r\u00e1di stali sou\u010d\u00e1st\u00ed na\u0161eho t\u00fdmu a cht\u011bj\u00ed spole\u010dn\u011b s n\u00e1mi napl\u0148ovat na\u0161e vize, posl\u00e1n\u00ed a c\u00edle. L\u00edb\u00ed se V\u00e1m na\u0161e n\u011bkter\u00e9 z nich? Pak mo\u017en\u00e1 hled\u00e1me pr\u00e1v\u011b v\u00e1s. Pros\u00edm odpov\u011bzte na konkr\u00e9tn\u00ed volnou pozici nebo [&hellip;]<\/p>\n","protected":false},"author":1,"featured_media":0,"parent":0,"menu_order":0,"comment_status":"closed","ping_status":"closed","template":"","meta":{"footnotes":""},"class_list":["post-227","page","type-page","status-publish","hentry"],"acf":[],"yoast_head":"<!-- This site is optimized with the Yoast SEO plugin v27.5 - https:\/\/yoast.com\/product\/yoast-seo-wordpress\/ -->\n<title>Kari\u00e9ra | Z\u0160 Montessori Ostrava<\/title>\n<meta name=\"description\" content=\"Sta\u0148te se sou\u010d\u00e1st\u00ed Montessori Z\u0160! Hled\u00e1me nad\u0161en\u00e9 pedagogy a odborn\u00edky do na\u0161eho t\u00fdmu. Posu\u0148te svou kari\u00e9ru v\u00fd\u0161 pr\u00e1v\u011b u n\u00e1s.\" \/>\n<meta name=\"robots\" content=\"index, follow, max-snippet:-1, max-image-preview:large, max-video-preview:-1\" \/>\n<link rel=\"canonical\" href=\"https:\/\/www.montessoriostrava.cz\/zs\/kariera\/\" \/>\n<meta property=\"og:locale\" content=\"cs_CZ\" \/>\n<meta property=\"og:type\" content=\"article\" \/>\n<meta property=\"og:title\" content=\"Kari\u00e9ra | Z\u0160 Montessori Ostrava\" \/>\n<meta property=\"og:description\" content=\"Sta\u0148te se sou\u010d\u00e1st\u00ed Montessori Z\u0160! Hled\u00e1me nad\u0161en\u00e9 pedagogy a odborn\u00edky do na\u0161eho t\u00fdmu. Posu\u0148te svou kari\u00e9ru v\u00fd\u0161 pr\u00e1v\u011b u n\u00e1s.\" \/>\n<meta property=\"og:url\" content=\"https:\/\/www.montessoriostrava.cz\/zs\/kariera\/\" \/>\n<meta property=\"og:site_name\" content=\"Z\u0160 Montessori Ostrava\" \/>\n<meta property=\"article:modified_time\" content=\"2025-01-31T07:57:47+00:00\" \/>\n<meta property=\"og:image\" content=\"https:\/\/www.montessoriostrava.cz\/zs\/wp-content\/uploads\/sites\/3\/2024\/09\/9a24f4ac6f0934060ce15cbb2a87d445.png\" \/>\n\t<meta property=\"og:image:width\" content=\"2048\" \/>\n\t<meta property=\"og:image:height\" content=\"2048\" \/>\n\t<meta property=\"og:image:type\" content=\"image\/png\" \/>\n<meta name=\"twitter:card\" content=\"summary_large_image\" \/>\n<meta name=\"twitter:label1\" content=\"Odhadovan\u00e1 doba \u010dten\u00ed\" \/>\n\t<meta name=\"twitter:data1\" content=\"1 minuta\" \/>\n<script type=\"application\/ld+json\" class=\"yoast-schema-graph\">{\"@context\":\"https:\\\/\\\/schema.org\",\"@graph\":[{\"@type\":\"WebPage\",\"@id\":\"https:\\\/\\\/www.montessoriostrava.cz\\\/zs\\\/kariera\\\/\",\"url\":\"https:\\\/\\\/www.montessoriostrava.cz\\\/zs\\\/kariera\\\/\",\"name\":\"Kari\u00e9ra | Z\u0160 Montessori Ostrava\",\"isPartOf\":{\"@id\":\"https:\\\/\\\/www.montessoriostrava.cz\\\/zs\\\/#website\"},\"datePublished\":\"2024-09-05T14:00:34+00:00\",\"dateModified\":\"2025-01-31T07:57:47+00:00\",\"description\":\"Sta\u0148te se sou\u010d\u00e1st\u00ed Montessori Z\u0160! Hled\u00e1me nad\u0161en\u00e9 pedagogy a odborn\u00edky do na\u0161eho t\u00fdmu. Posu\u0148te svou kari\u00e9ru v\u00fd\u0161 pr\u00e1v\u011b u n\u00e1s.\",\"breadcrumb\":{\"@id\":\"https:\\\/\\\/www.montessoriostrava.cz\\\/zs\\\/kariera\\\/#breadcrumb\"},\"inLanguage\":\"cs\",\"potentialAction\":[{\"@type\":\"ReadAction\",\"target\":[\"https:\\\/\\\/www.montessoriostrava.cz\\\/zs\\\/kariera\\\/\"]}]},{\"@type\":\"BreadcrumbList\",\"@id\":\"https:\\\/\\\/www.montessoriostrava.cz\\\/zs\\\/kariera\\\/#breadcrumb\",\"itemListElement\":[{\"@type\":\"ListItem\",\"position\":1,\"name\":\"Dom\u016f\",\"item\":\"https:\\\/\\\/www.montessoriostrava.cz\\\/zs\\\/\"},{\"@type\":\"ListItem\",\"position\":2,\"name\":\"Kari\u00e9ra\"}]},{\"@type\":\"WebSite\",\"@id\":\"https:\\\/\\\/www.montessoriostrava.cz\\\/zs\\\/#website\",\"url\":\"https:\\\/\\\/www.montessoriostrava.cz\\\/zs\\\/\",\"name\":\"Z\u0160 Montessori Ostrava\",\"description\":\"Z\u00e1kladn\u00ed \u0161kola s respektem!\",\"publisher\":{\"@id\":\"https:\\\/\\\/www.montessoriostrava.cz\\\/zs\\\/#organization\"},\"potentialAction\":[{\"@type\":\"SearchAction\",\"target\":{\"@type\":\"EntryPoint\",\"urlTemplate\":\"https:\\\/\\\/www.montessoriostrava.cz\\\/zs\\\/?s={search_term_string}\"},\"query-input\":{\"@type\":\"PropertyValueSpecification\",\"valueRequired\":true,\"valueName\":\"search_term_string\"}}],\"inLanguage\":\"cs\"},{\"@type\":\"Organization\",\"@id\":\"https:\\\/\\\/www.montessoriostrava.cz\\\/zs\\\/#organization\",\"name\":\"Montessori Ostrava\",\"url\":\"https:\\\/\\\/www.montessoriostrava.cz\\\/zs\\\/\",\"logo\":{\"@type\":\"ImageObject\",\"inLanguage\":\"cs\",\"@id\":\"https:\\\/\\\/www.montessoriostrava.cz\\\/zs\\\/#\\\/schema\\\/logo\\\/image\\\/\",\"url\":\"https:\\\/\\\/www.montessoriostrava.cz\\\/zs\\\/wp-content\\\/uploads\\\/sites\\\/3\\\/2025\\\/01\\\/logo-montessori.png\",\"contentUrl\":\"https:\\\/\\\/www.montessoriostrava.cz\\\/zs\\\/wp-content\\\/uploads\\\/sites\\\/3\\\/2025\\\/01\\\/logo-montessori.png\",\"width\":1794,\"height\":527,\"caption\":\"Montessori Ostrava\"},\"image\":{\"@id\":\"https:\\\/\\\/www.montessoriostrava.cz\\\/zs\\\/#\\\/schema\\\/logo\\\/image\\\/\"}}]}<\/script>\n<!-- \/ Yoast SEO plugin. -->","yoast_head_json":{"title":"Kari\u00e9ra | Z\u0160 Montessori Ostrava","description":"Sta\u0148te se sou\u010d\u00e1st\u00ed Montessori Z\u0160! Hled\u00e1me nad\u0161en\u00e9 pedagogy a odborn\u00edky do na\u0161eho t\u00fdmu. Posu\u0148te svou kari\u00e9ru v\u00fd\u0161 pr\u00e1v\u011b u n\u00e1s.","robots":{"index":"index","follow":"follow","max-snippet":"max-snippet:-1","max-image-preview":"max-image-preview:large","max-video-preview":"max-video-preview:-1"},"canonical":"https:\/\/www.montessoriostrava.cz\/zs\/kariera\/","og_locale":"cs_CZ","og_type":"article","og_title":"Kari\u00e9ra | Z\u0160 Montessori Ostrava","og_description":"Sta\u0148te se sou\u010d\u00e1st\u00ed Montessori Z\u0160! Hled\u00e1me nad\u0161en\u00e9 pedagogy a odborn\u00edky do na\u0161eho t\u00fdmu. Posu\u0148te svou kari\u00e9ru v\u00fd\u0161 pr\u00e1v\u011b u n\u00e1s.","og_url":"https:\/\/www.montessoriostrava.cz\/zs\/kariera\/","og_site_name":"Z\u0160 Montessori Ostrava","article_modified_time":"2025-01-31T07:57:47+00:00","og_image":[{"width":2048,"height":2048,"url":"https:\/\/www.montessoriostrava.cz\/zs\/wp-content\/uploads\/sites\/3\/2024\/09\/9a24f4ac6f0934060ce15cbb2a87d445.png","type":"image\/png"}],"twitter_card":"summary_large_image","twitter_misc":{"Odhadovan\u00e1 doba \u010dten\u00ed":"1 minuta"},"schema":{"@context":"https:\/\/schema.org","@graph":[{"@type":"WebPage","@id":"https:\/\/www.montessoriostrava.cz\/zs\/kariera\/","url":"https:\/\/www.montessoriostrava.cz\/zs\/kariera\/","name":"Kari\u00e9ra | Z\u0160 Montessori Ostrava","isPartOf":{"@id":"https:\/\/www.montessoriostrava.cz\/zs\/#website"},"datePublished":"2024-09-05T14:00:34+00:00","dateModified":"2025-01-31T07:57:47+00:00","description":"Sta\u0148te se sou\u010d\u00e1st\u00ed Montessori Z\u0160! Hled\u00e1me nad\u0161en\u00e9 pedagogy a odborn\u00edky do na\u0161eho t\u00fdmu. Posu\u0148te svou kari\u00e9ru v\u00fd\u0161 pr\u00e1v\u011b u n\u00e1s.","breadcrumb":{"@id":"https:\/\/www.montessoriostrava.cz\/zs\/kariera\/#breadcrumb"},"inLanguage":"cs","potentialAction":[{"@type":"ReadAction","target":["https:\/\/www.montessoriostrava.cz\/zs\/kariera\/"]}]},{"@type":"BreadcrumbList","@id":"https:\/\/www.montessoriostrava.cz\/zs\/kariera\/#breadcrumb","itemListElement":[{"@type":"ListItem","position":1,"name":"Dom\u016f","item":"https:\/\/www.montessoriostrava.cz\/zs\/"},{"@type":"ListItem","position":2,"name":"Kari\u00e9ra"}]},{"@type":"WebSite","@id":"https:\/\/www.montessoriostrava.cz\/zs\/#website","url":"https:\/\/www.montessoriostrava.cz\/zs\/","name":"Z\u0160 Montessori Ostrava","description":"Z\u00e1kladn\u00ed \u0161kola s respektem!","publisher":{"@id":"https:\/\/www.montessoriostrava.cz\/zs\/#organization"},"potentialAction":[{"@type":"SearchAction","target":{"@type":"EntryPoint","urlTemplate":"https:\/\/www.montessoriostrava.cz\/zs\/?s={search_term_string}"},"query-input":{"@type":"PropertyValueSpecification","valueRequired":true,"valueName":"search_term_string"}}],"inLanguage":"cs"},{"@type":"Organization","@id":"https:\/\/www.montessoriostrava.cz\/zs\/#organization","name":"Montessori Ostrava","url":"https:\/\/www.montessoriostrava.cz\/zs\/","logo":{"@type":"ImageObject","inLanguage":"cs","@id":"https:\/\/www.montessoriostrava.cz\/zs\/#\/schema\/logo\/image\/","url":"https:\/\/www.montessoriostrava.cz\/zs\/wp-content\/uploads\/sites\/3\/2025\/01\/logo-montessori.png","contentUrl":"https:\/\/www.montessoriostrava.cz\/zs\/wp-content\/uploads\/sites\/3\/2025\/01\/logo-montessori.png","width":1794,"height":527,"caption":"Montessori Ostrava"},"image":{"@id":"https:\/\/www.montessoriostrava.cz\/zs\/#\/schema\/logo\/image\/"}}]}},"_links":{"self":[{"href":"https:\/\/www.montessoriostrava.cz\/zs\/wp-json\/wp\/v2\/pages\/227","targetHints":{"allow":["GET"]}}],"collection":[{"href":"https:\/\/www.montessoriostrava.cz\/zs\/wp-json\/wp\/v2\/pages"}],"about":[{"href":"https:\/\/www.montessoriostrava.cz\/zs\/wp-json\/wp\/v2\/types\/page"}],"author":[{"embeddable":true,"href":"https:\/\/www.montessoriostrava.cz\/zs\/wp-json\/wp\/v2\/users\/1"}],"replies":[{"embeddable":true,"href":"https:\/\/www.montessoriostrava.cz\/zs\/wp-json\/wp\/v2\/comments?post=227"}],"version-history":[{"count":4,"href":"https:\/\/www.montessoriostrava.cz\/zs\/wp-json\/wp\/v2\/pages\/227\/revisions"}],"predecessor-version":[{"id":351,"href":"https:\/\/www.montessoriostrava.cz\/zs\/wp-json\/wp\/v2\/pages\/227\/revisions\/351"}],"wp:attachment":[{"href":"https:\/\/www.montessoriostrava.cz\/zs\/wp-json\/wp\/v2\/media?parent=227"}],"curies":[{"name":"wp","href":"https:\/\/api.w.org\/{rel}","templated":true}]}}