{"id":457,"date":"2024-09-06T15:12:44","date_gmt":"2024-09-06T13:12:44","guid":{"rendered":"https:\/\/www.montessoriostrava.cz\/zs\/?page_id=457"},"modified":"2026-08-24T07:59:04","modified_gmt":"2026-08-24T05:59:04","slug":"projekty","status":"publish","type":"page","link":"https:\/\/www.montessoriostrava.cz\/zs\/o-nas\/projekty\/","title":{"rendered":"Projekty"},"content":{"rendered":"\n<div class=\"wp-block-columns is-layout-flex wp-container-core-columns-is-layout-9d6595d7 wp-block-columns-is-layout-flex\">\n<div class=\"wp-block-column is-layout-flow wp-block-column-is-layout-flow\" style=\"flex-basis:66.66%\">\n<p class=\"wp-block-paragraph\"><strong>N\u00e1zev projektu: \u201eVybudov\u00e1n\u00ed Montessori ekocentra pro v\u00fduku, volno\u010dasov\u00e9 aktivity, dru\u017einu a celo\u017eivotn\u00ed vzd\u011bl\u00e1v\u00e1n\u00ed\u201c<\/strong><br><\/p>\n\n\n\n<p class=\"wp-block-paragraph\">je spolufinancov\u00e1n <strong>Evropskou uni\u00ed<\/strong>.<\/p>\n\n\n\n<p class=\"wp-block-paragraph\">C\u00edlem projektu je rozv\u00edjet environment\u00e1ln\u00ed vzd\u011bl\u00e1v\u00e1n\u00ed \u017e\u00e1k\u016f se zam\u011b\u0159en\u00edm na mitigaci a adaptaci na zm\u011bnu klimatu a aktivn\u011b je zapojit do udr\u017eiteln\u00fdch \u0159e\u0161en\u00ed podporuj\u00edc\u00edch transformaci regionu.<\/p>\n\n\n\n<p class=\"wp-block-paragraph\"><\/p>\n\n\n\n<p class=\"wp-block-paragraph\"><\/p>\n<\/div>\n\n\n\n<div class=\"wp-block-column is-layout-flow wp-block-column-is-layout-flow\" style=\"flex-basis:33.33%\">\n<figure class=\"wp-block-image size-full\"><img loading=\"lazy\" decoding=\"async\" width=\"640\" height=\"360\" src=\"https:\/\/www.montessoriostrava.cz\/zs\/wp-content\/uploads\/sites\/3\/2026\/08\/PNG-Web.png\" alt=\"Projekty\" class=\"wp-image-1117\" srcset=\"https:\/\/www.montessoriostrava.cz\/zs\/wp-content\/uploads\/sites\/3\/2026\/08\/PNG-Web.png 640w, https:\/\/www.montessoriostrava.cz\/zs\/wp-content\/uploads\/sites\/3\/2026\/08\/PNG-Web-300x169.png 300w\" sizes=\"auto, (max-width: 640px) 100vw, 640px\" \/><\/figure>\n<\/div>\n<\/div>\n\n\n\n<div class=\"wp-block-columns is-layout-flex wp-container-core-columns-is-layout-9d6595d7 wp-block-columns-is-layout-flex\">\n<div class=\"wp-block-column is-layout-flow wp-block-column-is-layout-flow\" style=\"flex-basis:66.66%\">\n<p class=\"wp-block-paragraph\"><strong>N\u00e1zev projektu: \u201eTalentov\u00e9 centrum LOGIKII A LOGIK Junior\u201c<\/strong><br>Projekt je realizov\u00e1n s&nbsp;finan\u010dn\u00ed podporou statut\u00e1rn\u00edho m\u011bsta Ostravy<\/p>\n\n\n\n<p class=\"wp-block-paragraph\"><\/p>\n\n\n\n<p class=\"wp-block-paragraph\"><\/p>\n<\/div>\n\n\n\n<div class=\"wp-block-column is-layout-flow wp-block-column-is-layout-flow\" style=\"flex-basis:33.33%\">\n<figure class=\"wp-block-image size-full\"><a href=\"https:\/\/www.ostrava.cz\/cs\" target=\"_blank\" rel=\" noreferrer noopener\"><img loading=\"lazy\" decoding=\"async\" width=\"1197\" height=\"150\" src=\"https:\/\/www.montessoriostrava.cz\/zs\/wp-content\/uploads\/sites\/3\/2025\/06\/Logo_mesta_Ostravy.svg_.png\" alt=\"Projekty\" class=\"wp-image-788\" srcset=\"https:\/\/www.montessoriostrava.cz\/zs\/wp-content\/uploads\/sites\/3\/2025\/06\/Logo_mesta_Ostravy.svg_.png 1197w, https:\/\/www.montessoriostrava.cz\/zs\/wp-content\/uploads\/sites\/3\/2025\/06\/Logo_mesta_Ostravy.svg_-300x38.png 300w, https:\/\/www.montessoriostrava.cz\/zs\/wp-content\/uploads\/sites\/3\/2025\/06\/Logo_mesta_Ostravy.svg_-1024x128.png 1024w, https:\/\/www.montessoriostrava.cz\/zs\/wp-content\/uploads\/sites\/3\/2025\/06\/Logo_mesta_Ostravy.svg_-768x96.png 768w\" sizes=\"auto, (max-width: 1197px) 100vw, 1197px\" \/><\/a><\/figure>\n<\/div>\n<\/div>\n\n\n\n<div class=\"wp-block-columns is-layout-flex wp-container-core-columns-is-layout-9d6595d7 wp-block-columns-is-layout-flex\">\n<div class=\"wp-block-column is-layout-flow wp-block-column-is-layout-flow\" style=\"flex-basis:66.66%\">\n<p class=\"wp-block-paragraph\"><strong>N\u00e1zev projektu: \u201eMini Ekopoint \u2013 environment\u00e1ln\u00ed u\u010debny pod \u0161ir\u00fdm nebem\u201c<\/strong><br>Projekt je realizov\u00e1n s&nbsp;finan\u010dn\u00ed podporou statut\u00e1rn\u00edho m\u011bsta Ostravy<\/p>\n\n\n\n<p class=\"wp-block-paragraph\"><\/p>\n\n\n\n<p class=\"wp-block-paragraph\"><\/p>\n<\/div>\n\n\n\n<div class=\"wp-block-column is-layout-flow wp-block-column-is-layout-flow\" style=\"flex-basis:33.33%\">\n<figure class=\"wp-block-image size-full\"><a href=\"https:\/\/www.ostrava.cz\/cs\" target=\"_blank\" rel=\" noreferrer noopener\"><img loading=\"lazy\" decoding=\"async\" width=\"1197\" height=\"150\" src=\"https:\/\/www.montessoriostrava.cz\/zs\/wp-content\/uploads\/sites\/3\/2025\/06\/Logo_mesta_Ostravy.svg_.png\" alt=\"Projekty\" class=\"wp-image-788\" srcset=\"https:\/\/www.montessoriostrava.cz\/zs\/wp-content\/uploads\/sites\/3\/2025\/06\/Logo_mesta_Ostravy.svg_.png 1197w, https:\/\/www.montessoriostrava.cz\/zs\/wp-content\/uploads\/sites\/3\/2025\/06\/Logo_mesta_Ostravy.svg_-300x38.png 300w, https:\/\/www.montessoriostrava.cz\/zs\/wp-content\/uploads\/sites\/3\/2025\/06\/Logo_mesta_Ostravy.svg_-1024x128.png 1024w, https:\/\/www.montessoriostrava.cz\/zs\/wp-content\/uploads\/sites\/3\/2025\/06\/Logo_mesta_Ostravy.svg_-768x96.png 768w\" sizes=\"auto, (max-width: 1197px) 100vw, 1197px\" \/><\/a><\/figure>\n<\/div>\n<\/div>\n\n\n\n<div class=\"wp-block-columns is-layout-flex wp-container-core-columns-is-layout-9d6595d7 wp-block-columns-is-layout-flex\">\n<div class=\"wp-block-column is-layout-flow wp-block-column-is-layout-flow\" style=\"flex-basis:66.66%\">\n<p class=\"wp-block-paragraph\"><strong>Multifunk\u010dn\u00ed jazykov\u00e1 u\u010debna Z\u0160 Montessori Ostrava<\/strong><\/p>\n\n\n\n<p class=\"wp-block-paragraph\"><strong>Tento projekt je financov\u00e1n Evropskou uni\u00ed.<\/strong><\/p>\n\n\n\n<p class=\"wp-block-paragraph\">C\u00edlem projektu je zkvalitn\u011bn\u00ed vzd\u011bl\u00e1vac\u00ed infrastruktury v oblasti<br>z\u00e1kladn\u00edho vzd\u011bl\u00e1v\u00e1n\u00ed a zv\u00fd\u0161en\u00ed jej\u00ed dostupnosti<br>prost\u0159ednictv\u00edm realizace multifunk\u010dn\u00ed jazykov\u00e9 u\u010debny.<\/p>\n\n\n\n<p class=\"wp-block-paragraph\">.<\/p>\n\n\n\n<p class=\"wp-block-paragraph\"><\/p>\n<\/div>\n\n\n\n<div class=\"wp-block-column is-layout-flow wp-block-column-is-layout-flow\" style=\"flex-basis:33.33%\">\n<figure class=\"wp-block-image size-large\"><img loading=\"lazy\" decoding=\"async\" width=\"724\" height=\"1024\" src=\"https:\/\/www.montessoriostrava.cz\/zs\/wp-content\/uploads\/sites\/3\/2025\/12\/1000069623-724x1024.jpg\" alt=\"Projekty\" class=\"wp-image-972\" srcset=\"https:\/\/www.montessoriostrava.cz\/zs\/wp-content\/uploads\/sites\/3\/2025\/12\/1000069623-724x1024.jpg 724w, https:\/\/www.montessoriostrava.cz\/zs\/wp-content\/uploads\/sites\/3\/2025\/12\/1000069623-212x300.jpg 212w, https:\/\/www.montessoriostrava.cz\/zs\/wp-content\/uploads\/sites\/3\/2025\/12\/1000069623-768x1086.jpg 768w, https:\/\/www.montessoriostrava.cz\/zs\/wp-content\/uploads\/sites\/3\/2025\/12\/1000069623-1086x1536.jpg 1086w, https:\/\/www.montessoriostrava.cz\/zs\/wp-content\/uploads\/sites\/3\/2025\/12\/1000069623.jpg 1414w\" sizes=\"auto, (max-width: 724px) 100vw, 724px\" \/><\/figure>\n<\/div>\n<\/div>\n\n\n\n<div class=\"wp-block-columns is-layout-flex wp-container-core-columns-is-layout-9d6595d7 wp-block-columns-is-layout-flex\">\n<div class=\"wp-block-column is-layout-flow wp-block-column-is-layout-flow\" style=\"flex-basis:66.66%\">\n<p class=\"wp-block-paragraph\"><strong>Z\u0160 a M\u0160 Montessori Ostrava, \u0160ablony pro M\u0160 a Z\u0160 II <\/strong><br>Registra\u010dn\u00ed \u010d\u00edslo projektu: CZ.02.02.XX\/00\/24_034\/0015973<\/p>\n\n\n\n<p class=\"wp-block-paragraph\"><strong>Tento projekt je financov\u00e1n Evropskou uni\u00ed.<\/strong><\/p>\n\n\n\n<p class=\"wp-block-paragraph\">Projekt je zam\u011b\u0159en na person\u00e1ln\u00ed podporu, osobnostn\u011b soci\u00e1ln\u00ed a profesn\u00ed rozvoj pracovn\u00edk\u016f ve vzd\u011bl\u00e1v\u00e1n\u00ed, podpora vzd\u011bl\u00e1v\u00e1n\u00ed d\u011bt\u00ed, \u017e\u00e1k\u016f a \u00fa\u010dastn\u00edk\u016f z\u00e1jmov\u00e9ho vzd\u011bl\u00e1v\u00e1n\u00ed.<\/p>\n\n\n\n<p class=\"wp-block-paragraph\"><\/p>\n<\/div>\n\n\n\n<div class=\"wp-block-column is-layout-flow wp-block-column-is-layout-flow\" style=\"flex-basis:33.33%\">\n<figure class=\"wp-block-image size-large\"><img loading=\"lazy\" decoding=\"async\" width=\"1024\" height=\"724\" src=\"https:\/\/www.montessoriostrava.cz\/zs\/wp-content\/uploads\/sites\/3\/2025\/12\/Navrh-bez-nazvu-1024x724.png\" alt=\"Projekty\" class=\"wp-image-955\" srcset=\"https:\/\/www.montessoriostrava.cz\/zs\/wp-content\/uploads\/sites\/3\/2025\/12\/Navrh-bez-nazvu-1024x724.png 1024w, https:\/\/www.montessoriostrava.cz\/zs\/wp-content\/uploads\/sites\/3\/2025\/12\/Navrh-bez-nazvu-300x212.png 300w, https:\/\/www.montessoriostrava.cz\/zs\/wp-content\/uploads\/sites\/3\/2025\/12\/Navrh-bez-nazvu-768x543.png 768w, https:\/\/www.montessoriostrava.cz\/zs\/wp-content\/uploads\/sites\/3\/2025\/12\/Navrh-bez-nazvu-1536x1085.png 1536w, https:\/\/www.montessoriostrava.cz\/zs\/wp-content\/uploads\/sites\/3\/2025\/12\/Navrh-bez-nazvu.png 2048w\" sizes=\"auto, (max-width: 1024px) 100vw, 1024px\" \/><\/figure>\n<\/div>\n<\/div>\n\n\n\n<div class=\"wp-block-columns is-layout-flex wp-container-core-columns-is-layout-9d6595d7 wp-block-columns-is-layout-flex\">\n<div class=\"wp-block-column is-layout-flow wp-block-column-is-layout-flow\" style=\"flex-basis:66.66%\">\n<p class=\"wp-block-paragraph\"><strong>Mimo\u0161koln\u00ed pobyty Montessori Ostrava <\/strong><br>Registra\u010dn\u00ed \u010d\u00edslo projektu: CZ.10.03.01\/00\/24_064\/0000501<\/p>\n\n\n\n<p class=\"wp-block-paragraph\"><strong>Tento projekt je financov\u00e1n Evropskou uni\u00ed.<\/strong><\/p>\n\n\n\n<p class=\"wp-block-paragraph\">C\u00edlem projektu je podpora mimo\u0161koln\u00edch v\u00edcedenn\u00edch pobyt\u016f zam\u011b\u0159en\u00fdch na vzd\u011bl\u00e1v\u00e1n\u00ed a osv\u011btu v oblasti zm\u011bny klimatu a transformace regionu. \u017d\u00e1ci na ekologick\u00e9m pobytu budou samostatn\u011b pozorovat procesy a jevy v p\u0159\u00edrod\u011b, kter\u00e9 budou n\u00e1sledn\u011b porovn\u00e1vat a vyhodnocovat. P\u0159i pr\u00e1ci se budou u\u010dit ch\u00e1pat z\u00e1kladn\u00ed ekologick\u00e9 souvislosti a environment\u00e1ln\u00ed probl\u00e9my ve spolupr\u00e1ci s ostatn\u00edmi. Pobyty rovn\u011b\u017e vyu\u017e\u00edvaj\u00ed pohyb v p\u0159\u00edrod\u011b k pos\u00edlen\u00ed vztah\u016f mezi \u017e\u00e1ky a upevn\u011bn\u00ed soudr\u017enosti \u0161koln\u00edho kolektivu.<\/p>\n\n\n\n<p class=\"wp-block-paragraph\">Term\u00edn realizace projektu: 05\/2025&nbsp;&#8211;&nbsp;06\/2026<\/p>\n<\/div>\n\n\n\n<div class=\"wp-block-column is-layout-flow wp-block-column-is-layout-flow\" style=\"flex-basis:33.33%\">\n<figure data-wp-context=\"{&quot;imageId&quot;:&quot;6a99341674aaa&quot;}\" data-wp-interactive=\"core\/image\" data-wp-key=\"6a99341674aaa\" class=\"wp-block-image size-full wp-lightbox-container\"><img loading=\"lazy\" decoding=\"async\" width=\"1920\" height=\"1080\" data-wp-class--hide=\"state.isContentHidden\" data-wp-class--show=\"state.isContentVisible\" data-wp-init=\"callbacks.setButtonStyles\" data-wp-on--click=\"actions.showLightbox\" data-wp-on--load=\"callbacks.setButtonStyles\" data-wp-on--pointerdown=\"actions.preloadImage\" data-wp-on--pointerenter=\"actions.preloadImageWithDelay\" data-wp-on--pointerleave=\"actions.cancelPreload\" data-wp-on-window--resize=\"callbacks.setButtonStyles\" src=\"https:\/\/www.montessoriostrava.cz\/zs\/wp-content\/uploads\/sites\/3\/2025\/09\/projekt.jpg\" alt=\"Projekty\" class=\"wp-image-893\" srcset=\"https:\/\/www.montessoriostrava.cz\/zs\/wp-content\/uploads\/sites\/3\/2025\/09\/projekt.jpg 1920w, https:\/\/www.montessoriostrava.cz\/zs\/wp-content\/uploads\/sites\/3\/2025\/09\/projekt-300x169.jpg 300w, https:\/\/www.montessoriostrava.cz\/zs\/wp-content\/uploads\/sites\/3\/2025\/09\/projekt-1024x576.jpg 1024w, https:\/\/www.montessoriostrava.cz\/zs\/wp-content\/uploads\/sites\/3\/2025\/09\/projekt-768x432.jpg 768w, https:\/\/www.montessoriostrava.cz\/zs\/wp-content\/uploads\/sites\/3\/2025\/09\/projekt-1536x864.jpg 1536w\" sizes=\"auto, (max-width: 1920px) 100vw, 1920px\" \/><button\n\t\t\tclass=\"lightbox-trigger\"\n\t\t\ttype=\"button\"\n\t\t\taria-haspopup=\"dialog\"\n\t\t\tdata-wp-bind--aria-label=\"state.thisImage.triggerButtonAriaLabel\"\n\t\t\tdata-wp-init=\"callbacks.initTriggerButton\"\n\t\t\tdata-wp-on--click=\"actions.showLightbox\"\n\t\t\tdata-wp-style--right=\"state.thisImage.buttonRight\"\n\t\t\tdata-wp-style--top=\"state.thisImage.buttonTop\"\n\t\t>\n\t\t\t<svg xmlns=\"http:\/\/www.w3.org\/2000\/svg\" width=\"12\" height=\"12\" fill=\"none\" viewBox=\"0 0 12 12\">\n\t\t\t\t<path fill=\"#fff\" d=\"M2 0a2 2 0 0 0-2 2v2h1.5V2a.5.5 0 0 1 .5-.5h2V0H2Zm2 10.5H2a.5.5 0 0 1-.5-.5V8H0v2a2 2 0 0 0 2 2h2v-1.5ZM8 12v-1.5h2a.5.5 0 0 0 .5-.5V8H12v2a2 2 0 0 1-2 2H8Zm2-12a2 2 0 0 1 2 2v2h-1.5V2a.5.5 0 0 0-.5-.5H8V0h2Z\" \/>\n\t\t\t<\/svg>\n\t\t<\/button><\/figure>\n<\/div>\n<\/div>\n\n\n\n<div class=\"wp-block-columns is-layout-flex wp-container-core-columns-is-layout-9d6595d7 wp-block-columns-is-layout-flex\">\n<div class=\"wp-block-column is-layout-flow wp-block-column-is-layout-flow\" style=\"flex-basis:66.66%\">\n<p class=\"wp-block-paragraph\"><strong>N\u00e1zev projektu: \u201eKlub nadan\u00fdch d\u011bt\u00ed LOGIK\u201c<\/strong><br>Projekt je realizov\u00e1n s&nbsp;finan\u010dn\u00ed podporou statut\u00e1rn\u00edho m\u011bsta Ostravy<\/p>\n\n\n\n<p class=\"wp-block-paragraph\">Dotace je poskytov\u00e1na v&nbsp;souladu s: \u201eProgram na podporu vzd\u011bl\u00e1v\u00e1n\u00ed a talentmanagementu na \u00fazem\u00ed statut\u00e1rn\u00edho m\u011bsta Ostravy na rok 2025\u201c <\/p>\n\n\n\n<p class=\"wp-block-paragraph\"><\/p>\n<\/div>\n\n\n\n<div class=\"wp-block-column is-layout-flow wp-block-column-is-layout-flow\" style=\"flex-basis:33.33%\">\n<figure class=\"wp-block-image size-full\"><a href=\"https:\/\/www.ostrava.cz\/cs\" target=\"_blank\" rel=\" noreferrer noopener\"><img loading=\"lazy\" decoding=\"async\" width=\"1197\" height=\"150\" src=\"https:\/\/www.montessoriostrava.cz\/zs\/wp-content\/uploads\/sites\/3\/2025\/06\/Logo_mesta_Ostravy.svg_.png\" alt=\"Projekty\" class=\"wp-image-788\" srcset=\"https:\/\/www.montessoriostrava.cz\/zs\/wp-content\/uploads\/sites\/3\/2025\/06\/Logo_mesta_Ostravy.svg_.png 1197w, https:\/\/www.montessoriostrava.cz\/zs\/wp-content\/uploads\/sites\/3\/2025\/06\/Logo_mesta_Ostravy.svg_-300x38.png 300w, https:\/\/www.montessoriostrava.cz\/zs\/wp-content\/uploads\/sites\/3\/2025\/06\/Logo_mesta_Ostravy.svg_-1024x128.png 1024w, https:\/\/www.montessoriostrava.cz\/zs\/wp-content\/uploads\/sites\/3\/2025\/06\/Logo_mesta_Ostravy.svg_-768x96.png 768w\" sizes=\"auto, (max-width: 1197px) 100vw, 1197px\" \/><\/a><\/figure>\n<\/div>\n<\/div>\n\n\n\n<div class=\"wp-block-columns is-layout-flex wp-container-core-columns-is-layout-9d6595d7 wp-block-columns-is-layout-flex\">\n<div class=\"wp-block-column is-layout-flow wp-block-column-is-layout-flow\" style=\"flex-basis:66.66%\">\n<p class=\"wp-block-paragraph\"><strong><strong>N\u00e1zev projektu: \u201ePodpora v\u00fduky ciz\u00edch jazyk\u016f v Z\u0160 a M\u0160 Montessori Ostrava 2025\u201c<\/strong><\/strong><br>Projekt je realizov\u00e1n s&nbsp;finan\u010dn\u00ed podporou statut\u00e1rn\u00edho m\u011bsta Ostravy<\/p>\n\n\n\n<p class=\"wp-block-paragraph\"><\/p>\n\n\n\n<p class=\"wp-block-paragraph\"><\/p>\n<\/div>\n\n\n\n<div class=\"wp-block-column is-layout-flow wp-block-column-is-layout-flow\" style=\"flex-basis:33.33%\">\n<figure class=\"wp-block-image size-full\"><a href=\"https:\/\/www.ostrava.cz\/cs\" target=\"_blank\" rel=\" noreferrer noopener\"><img loading=\"lazy\" decoding=\"async\" width=\"1197\" height=\"150\" src=\"https:\/\/www.montessoriostrava.cz\/zs\/wp-content\/uploads\/sites\/3\/2025\/06\/Logo_mesta_Ostravy.svg_.png\" alt=\"Projekty\" class=\"wp-image-788\" srcset=\"https:\/\/www.montessoriostrava.cz\/zs\/wp-content\/uploads\/sites\/3\/2025\/06\/Logo_mesta_Ostravy.svg_.png 1197w, https:\/\/www.montessoriostrava.cz\/zs\/wp-content\/uploads\/sites\/3\/2025\/06\/Logo_mesta_Ostravy.svg_-300x38.png 300w, https:\/\/www.montessoriostrava.cz\/zs\/wp-content\/uploads\/sites\/3\/2025\/06\/Logo_mesta_Ostravy.svg_-1024x128.png 1024w, https:\/\/www.montessoriostrava.cz\/zs\/wp-content\/uploads\/sites\/3\/2025\/06\/Logo_mesta_Ostravy.svg_-768x96.png 768w\" sizes=\"auto, (max-width: 1197px) 100vw, 1197px\" \/><\/a><\/figure>\n<\/div>\n<\/div>\n\n\n\n<div class=\"wp-block-columns is-layout-flex wp-container-core-columns-is-layout-9d6595d7 wp-block-columns-is-layout-flex\">\n<div class=\"wp-block-column is-layout-flow wp-block-column-is-layout-flow\" style=\"flex-basis:66.66%\">\n<p class=\"wp-block-paragraph\"><strong>OPERA\u010cN\u00cd PROGRAM JAN AMOS KOMENSK\u00dd<\/strong><br>Registra\u010dn\u00ed \u010d\u00edslo projektu: CZ.02.02.XX\/00\/22_002\/0005403<\/p>\n\n\n\n<p class=\"wp-block-paragraph\"><strong>je spolufinancov\u00e1n Evropskou uni\u00ed.<\/strong><\/p>\n\n\n\n<p class=\"wp-block-paragraph\"><strong>Rovn\u00fd p\u0159\u00edstup ke kvalitn\u00edmu a inkluzivn\u00edmu vzd\u011bl\u00e1v\u00e1n\u00ed, v\u010detn\u011b usnad\u0148ov\u00e1n\u00ed vzd\u011bl\u00e1vac\u00ed mobility znev\u00fdhodn\u011bn\u00fdch skupin<\/strong><\/p>\n<\/div>\n\n\n\n<div class=\"wp-block-column is-layout-flow wp-block-column-is-layout-flow\" style=\"flex-basis:33.33%\">\n<figure data-wp-context=\"{&quot;imageId&quot;:&quot;6a99341675a08&quot;}\" data-wp-interactive=\"core\/image\" data-wp-key=\"6a99341675a08\" class=\"wp-block-image size-full wp-lightbox-container\"><img loading=\"lazy\" decoding=\"async\" width=\"832\" height=\"589\" data-wp-class--hide=\"state.isContentHidden\" data-wp-class--show=\"state.isContentVisible\" data-wp-init=\"callbacks.setButtonStyles\" data-wp-on--click=\"actions.showLightbox\" data-wp-on--load=\"callbacks.setButtonStyles\" data-wp-on--pointerdown=\"actions.preloadImage\" data-wp-on--pointerenter=\"actions.preloadImageWithDelay\" data-wp-on--pointerleave=\"actions.cancelPreload\" data-wp-on-window--resize=\"callbacks.setButtonStyles\" src=\"https:\/\/www.montessoriostrava.cz\/zs\/wp-content\/uploads\/sites\/3\/2024\/09\/OP_JAK.jpg\" alt=\"Projekty\" class=\"wp-image-473\" srcset=\"https:\/\/www.montessoriostrava.cz\/zs\/wp-content\/uploads\/sites\/3\/2024\/09\/OP_JAK.jpg 832w, https:\/\/www.montessoriostrava.cz\/zs\/wp-content\/uploads\/sites\/3\/2024\/09\/OP_JAK-300x212.jpg 300w, https:\/\/www.montessoriostrava.cz\/zs\/wp-content\/uploads\/sites\/3\/2024\/09\/OP_JAK-768x544.jpg 768w\" sizes=\"auto, (max-width: 832px) 100vw, 832px\" \/><button\n\t\t\tclass=\"lightbox-trigger\"\n\t\t\ttype=\"button\"\n\t\t\taria-haspopup=\"dialog\"\n\t\t\tdata-wp-bind--aria-label=\"state.thisImage.triggerButtonAriaLabel\"\n\t\t\tdata-wp-init=\"callbacks.initTriggerButton\"\n\t\t\tdata-wp-on--click=\"actions.showLightbox\"\n\t\t\tdata-wp-style--right=\"state.thisImage.buttonRight\"\n\t\t\tdata-wp-style--top=\"state.thisImage.buttonTop\"\n\t\t>\n\t\t\t<svg xmlns=\"http:\/\/www.w3.org\/2000\/svg\" width=\"12\" height=\"12\" fill=\"none\" viewBox=\"0 0 12 12\">\n\t\t\t\t<path fill=\"#fff\" d=\"M2 0a2 2 0 0 0-2 2v2h1.5V2a.5.5 0 0 1 .5-.5h2V0H2Zm2 10.5H2a.5.5 0 0 1-.5-.5V8H0v2a2 2 0 0 0 2 2h2v-1.5ZM8 12v-1.5h2a.5.5 0 0 0 .5-.5V8H12v2a2 2 0 0 1-2 2H8Zm2-12a2 2 0 0 1 2 2v2h-1.5V2a.5.5 0 0 0-.5-.5H8V0h2Z\" \/>\n\t\t\t<\/svg>\n\t\t<\/button><\/figure>\n<\/div>\n<\/div>\n\n\n\n<div class=\"wp-block-columns is-layout-flex wp-container-core-columns-is-layout-9d6595d7 wp-block-columns-is-layout-flex\">\n<div class=\"wp-block-column is-layout-flow wp-block-column-is-layout-flow\" style=\"flex-basis:66.66%\">\n<p class=\"wp-block-paragraph\"><strong>Multifunk\u010dn\u00ed jazykov\u00e1 u\u010debna Z\u0160 Montessori Ostrava<\/strong><br>Registra\u010dn\u00ed \u010d\u00edslo projektu: CZ.06.04.01\/00\/22_111\/0001657<\/p>\n\n\n\n<p class=\"wp-block-paragraph\">Z\u00e1kladn\u00ed \u0161kola a mate\u0159sk\u00e1 \u0161kola Montessori Ostrava v sou\u010dasn\u00e9 dob\u011b realizuje projekt, jeho\u017e c\u00edlem je zv\u00fd\u0161en\u00ed kvality vzd\u011bl\u00e1vac\u00ed infrastruktury ve vazb\u011b na kl\u00ed\u010dov\u00e9 kompetence ciz\u00ed jazyky, pr\u00e1ce s digit\u00e1ln\u00edmi technologiemi a zaji\u0161t\u011bn\u00ed konektivity.<\/p>\n\n\n\n<p class=\"wp-block-paragraph\">P\u0159edm\u011btem realizace projektu je po\u0159\u00edzen\u00ed vybaven\u00ed do multifunk\u010dn\u00ed jazykov\u00e9 u\u010debny pro 24 \u017e\u00e1k\u016f (n\u00e1bytek, jazykov\u00e1 laborato\u0159) v\u010detn\u011b drobn\u00fdch stavebn\u00edch \u00faprav (elektroinstalace, vodoinstalace), konektivity a zaji\u0161t\u011bn\u00ed bezbari\u00e9rovosti (rekonstrukce wc a po\u0159\u00edzen\u00ed schodolezu).<\/p>\n\n\n\n<p class=\"wp-block-paragraph\">Na realizaci projektu jsme obdr\u017eeli dotaci z EU v r\u00e1mci 111. v\u00fdzvy IROP. V sou\u010dasn\u00e9 dob\u011b je projekt ve fyzick\u00e9 realizaci, projekt by m\u011bl b\u00fdt ukon\u010den do konce srpna 2024.<\/p>\n\n\n\n<p class=\"wp-block-paragraph\"><strong>Projekt \u201eMultifunk\u010dn\u00ed jazykov\u00e1 u\u010debna Z\u0160 Montessori Ostrava\u201c je spolufinancov\u00e1n Evropskou uni\u00ed.<\/strong><\/p>\n<\/div>\n\n\n\n<div class=\"wp-block-column is-layout-flow wp-block-column-is-layout-flow\" style=\"flex-basis:33.33%\">\n<figure data-wp-context=\"{&quot;imageId&quot;:&quot;6a99341676339&quot;}\" data-wp-interactive=\"core\/image\" data-wp-key=\"6a99341676339\" class=\"wp-block-image size-large wp-lightbox-container\"><img loading=\"lazy\" decoding=\"async\" width=\"1024\" height=\"124\" data-wp-class--hide=\"state.isContentHidden\" data-wp-class--show=\"state.isContentVisible\" data-wp-init=\"callbacks.setButtonStyles\" data-wp-on--click=\"actions.showLightbox\" data-wp-on--load=\"callbacks.setButtonStyles\" data-wp-on--pointerdown=\"actions.preloadImage\" data-wp-on--pointerenter=\"actions.preloadImageWithDelay\" data-wp-on--pointerleave=\"actions.cancelPreload\" data-wp-on-window--resize=\"callbacks.setButtonStyles\" src=\"https:\/\/www.montessoriostrava.cz\/zs\/wp-content\/uploads\/sites\/3\/2024\/09\/EU-MMR-Barevne-1024x124.png\" alt=\"Projekty\" class=\"wp-image-474\" srcset=\"https:\/\/www.montessoriostrava.cz\/zs\/wp-content\/uploads\/sites\/3\/2024\/09\/EU-MMR-Barevne-1024x124.png 1024w, https:\/\/www.montessoriostrava.cz\/zs\/wp-content\/uploads\/sites\/3\/2024\/09\/EU-MMR-Barevne-300x36.png 300w, https:\/\/www.montessoriostrava.cz\/zs\/wp-content\/uploads\/sites\/3\/2024\/09\/EU-MMR-Barevne-768x93.png 768w, https:\/\/www.montessoriostrava.cz\/zs\/wp-content\/uploads\/sites\/3\/2024\/09\/EU-MMR-Barevne-1536x187.png 1536w, https:\/\/www.montessoriostrava.cz\/zs\/wp-content\/uploads\/sites\/3\/2024\/09\/EU-MMR-Barevne-2048x249.png 2048w\" sizes=\"auto, (max-width: 1024px) 100vw, 1024px\" \/><button\n\t\t\tclass=\"lightbox-trigger\"\n\t\t\ttype=\"button\"\n\t\t\taria-haspopup=\"dialog\"\n\t\t\tdata-wp-bind--aria-label=\"state.thisImage.triggerButtonAriaLabel\"\n\t\t\tdata-wp-init=\"callbacks.initTriggerButton\"\n\t\t\tdata-wp-on--click=\"actions.showLightbox\"\n\t\t\tdata-wp-style--right=\"state.thisImage.buttonRight\"\n\t\t\tdata-wp-style--top=\"state.thisImage.buttonTop\"\n\t\t>\n\t\t\t<svg xmlns=\"http:\/\/www.w3.org\/2000\/svg\" width=\"12\" height=\"12\" fill=\"none\" viewBox=\"0 0 12 12\">\n\t\t\t\t<path fill=\"#fff\" d=\"M2 0a2 2 0 0 0-2 2v2h1.5V2a.5.5 0 0 1 .5-.5h2V0H2Zm2 10.5H2a.5.5 0 0 1-.5-.5V8H0v2a2 2 0 0 0 2 2h2v-1.5ZM8 12v-1.5h2a.5.5 0 0 0 .5-.5V8H12v2a2 2 0 0 1-2 2H8Zm2-12a2 2 0 0 1 2 2v2h-1.5V2a.5.5 0 0 0-.5-.5H8V0h2Z\" \/>\n\t\t\t<\/svg>\n\t\t<\/button><\/figure>\n<\/div>\n<\/div>\n\n\n\n<div class=\"wp-block-columns is-layout-flex wp-container-core-columns-is-layout-9d6595d7 wp-block-columns-is-layout-flex\">\n<div class=\"wp-block-column is-layout-flow wp-block-column-is-layout-flow\">\n<p class=\"wp-block-paragraph\">Dotace m\u011bsta Ostravy na podporu ciz\u00edch jazyk\u016f<\/p>\n\n\n<div class=\"wp-block-image\">\n<figure class=\"aligncenter size-full\"><img loading=\"lazy\" decoding=\"async\" width=\"250\" height=\"119\" src=\"https:\/\/www.montessoriostrava.cz\/zs\/wp-content\/uploads\/sites\/3\/2024\/09\/logo-ostrava.png\" alt=\"Projekty\" class=\"wp-image-476\"\/><\/figure>\n<\/div><\/div>\n\n\n\n<div class=\"wp-block-column is-layout-flow wp-block-column-is-layout-flow\">\n<p class=\"wp-block-paragraph\">Jsme sou\u010d\u00e1sti Ekologick\u00e9ho programu<\/p>\n\n\n<div class=\"wp-block-image\">\n<figure class=\"aligncenter size-full\"><img loading=\"lazy\" decoding=\"async\" width=\"121\" height=\"119\" src=\"https:\/\/www.montessoriostrava.cz\/zs\/wp-content\/uploads\/sites\/3\/2024\/09\/Ekologicky-program-e1572639521280.png\" alt=\"Projekty\" class=\"wp-image-477\"\/><\/figure>\n<\/div><\/div>\n\n\n\n<div class=\"wp-block-column is-layout-flow wp-block-column-is-layout-flow\">\n<p class=\"wp-block-paragraph\">Jsme sou\u010d\u00e1sti programu ovoce a zelenina do \u0161kol<\/p>\n\n\n<div class=\"wp-block-image\">\n<figure class=\"aligncenter size-full\"><img loading=\"lazy\" decoding=\"async\" width=\"117\" height=\"119\" src=\"https:\/\/www.montessoriostrava.cz\/zs\/wp-content\/uploads\/sites\/3\/2024\/09\/Logo_ovoce_a_zelenina-e1572533697288.png\" alt=\"Projekty\" class=\"wp-image-478\"\/><\/figure>\n<\/div><\/div>\n<\/div>\n\n\n\n<div class=\"wp-block-columns is-layout-flex wp-container-core-columns-is-layout-9d6595d7 wp-block-columns-is-layout-flex\">\n<div class=\"wp-block-column is-layout-flow wp-block-column-is-layout-flow\">\n<p class=\"wp-block-paragraph\">Jsme sou\u010d\u00e1st\u00ed programu ml\u00e9ko do \u0161kol<\/p>\n\n\n<div class=\"wp-block-image\">\n<figure class=\"aligncenter size-full\"><img loading=\"lazy\" decoding=\"async\" width=\"143\" height=\"150\" src=\"https:\/\/www.montessoriostrava.cz\/zs\/wp-content\/uploads\/sites\/3\/2024\/09\/mleko-do-skol-e1572534257177.png\" alt=\"Projekty\" class=\"wp-image-481\"\/><\/figure>\n<\/div><\/div>\n\n\n\n<div class=\"wp-block-column is-layout-flow wp-block-column-is-layout-flow\">\n<figure data-wp-context=\"{&quot;imageId&quot;:&quot;6a99341677548&quot;}\" data-wp-interactive=\"core\/image\" data-wp-key=\"6a99341677548\" class=\"wp-block-image size-full wp-lightbox-container\"><img loading=\"lazy\" decoding=\"async\" width=\"301\" height=\"219\" data-wp-class--hide=\"state.isContentHidden\" data-wp-class--show=\"state.isContentVisible\" data-wp-init=\"callbacks.setButtonStyles\" data-wp-on--click=\"actions.showLightbox\" data-wp-on--load=\"callbacks.setButtonStyles\" data-wp-on--pointerdown=\"actions.preloadImage\" data-wp-on--pointerenter=\"actions.preloadImageWithDelay\" data-wp-on--pointerleave=\"actions.cancelPreload\" data-wp-on-window--resize=\"callbacks.setButtonStyles\" src=\"https:\/\/www.montessoriostrava.cz\/zs\/wp-content\/uploads\/sites\/3\/2024\/09\/map2.png\" alt=\"Projekty\" class=\"wp-image-482\"\/><button\n\t\t\tclass=\"lightbox-trigger\"\n\t\t\ttype=\"button\"\n\t\t\taria-haspopup=\"dialog\"\n\t\t\tdata-wp-bind--aria-label=\"state.thisImage.triggerButtonAriaLabel\"\n\t\t\tdata-wp-init=\"callbacks.initTriggerButton\"\n\t\t\tdata-wp-on--click=\"actions.showLightbox\"\n\t\t\tdata-wp-style--right=\"state.thisImage.buttonRight\"\n\t\t\tdata-wp-style--top=\"state.thisImage.buttonTop\"\n\t\t>\n\t\t\t<svg xmlns=\"http:\/\/www.w3.org\/2000\/svg\" width=\"12\" height=\"12\" fill=\"none\" viewBox=\"0 0 12 12\">\n\t\t\t\t<path fill=\"#fff\" d=\"M2 0a2 2 0 0 0-2 2v2h1.5V2a.5.5 0 0 1 .5-.5h2V0H2Zm2 10.5H2a.5.5 0 0 1-.5-.5V8H0v2a2 2 0 0 0 2 2h2v-1.5ZM8 12v-1.5h2a.5.5 0 0 0 .5-.5V8H12v2a2 2 0 0 1-2 2H8Zm2-12a2 2 0 0 1 2 2v2h-1.5V2a.5.5 0 0 0-.5-.5H8V0h2Z\" \/>\n\t\t\t<\/svg>\n\t\t<\/button><\/figure>\n<\/div>\n\n\n\n<div class=\"wp-block-column is-layout-flow wp-block-column-is-layout-flow\"><\/div>\n<\/div>\n","protected":false},"excerpt":{"rendered":"<p>N\u00e1zev projektu: \u201eVybudov\u00e1n\u00ed Montessori ekocentra pro v\u00fduku, volno\u010dasov\u00e9 aktivity, dru\u017einu a celo\u017eivotn\u00ed vzd\u011bl\u00e1v\u00e1n\u00ed\u201c je spolufinancov\u00e1n Evropskou uni\u00ed. C\u00edlem projektu je rozv\u00edjet environment\u00e1ln\u00ed vzd\u011bl\u00e1v\u00e1n\u00ed \u017e\u00e1k\u016f se zam\u011b\u0159en\u00edm na mitigaci a adaptaci na zm\u011bnu klimatu a aktivn\u011b je zapojit do udr\u017eiteln\u00fdch \u0159e\u0161en\u00ed podporuj\u00edc\u00edch transformaci regionu. N\u00e1zev projektu: \u201eTalentov\u00e9 centrum LOGIKII A LOGIK Junior\u201cProjekt je realizov\u00e1n s&nbsp;finan\u010dn\u00ed podporou [&hellip;]<\/p>\n","protected":false},"author":1,"featured_media":0,"parent":12,"menu_order":0,"comment_status":"closed","ping_status":"closed","template":"","meta":{"footnotes":""},"class_list":["post-457","page","type-page","status-publish","hentry"],"acf":[],"yoast_head":"<!-- This site is optimized with the Yoast SEO plugin v28.4 - https:\/\/yoast.com\/product\/yoast-seo-wordpress\/ -->\n<title>Projekty | Z\u0160 Montessori Ostrava<\/title>\n<meta name=\"description\" content=\"Objevte \u0161koln\u00ed projekty, inovativn\u00ed vzd\u011bl\u00e1vac\u00ed programy a spolupr\u00e1ce, kter\u00e9 rozv\u00edjej\u00ed dovednosti na\u0161ich \u017e\u00e1k\u016f a podporuj\u00ed jejich kreativitu.\" \/>\n<meta name=\"robots\" content=\"index, follow, max-snippet:-1, max-image-preview:large, max-video-preview:-1\" \/>\n<link rel=\"canonical\" href=\"https:\/\/www.montessoriostrava.cz\/zs\/o-nas\/projekty\/\" \/>\n<meta property=\"og:locale\" content=\"cs_CZ\" \/>\n<meta property=\"og:type\" content=\"article\" \/>\n<meta property=\"og:title\" content=\"Projekty | Z\u0160 Montessori Ostrava\" \/>\n<meta property=\"og:description\" content=\"Objevte \u0161koln\u00ed projekty, inovativn\u00ed vzd\u011bl\u00e1vac\u00ed programy a spolupr\u00e1ce, kter\u00e9 rozv\u00edjej\u00ed dovednosti na\u0161ich \u017e\u00e1k\u016f a podporuj\u00ed jejich kreativitu.\" \/>\n<meta property=\"og:url\" content=\"https:\/\/www.montessoriostrava.cz\/zs\/o-nas\/projekty\/\" \/>\n<meta property=\"og:site_name\" content=\"Z\u0160 Montessori Ostrava\" \/>\n<meta property=\"article:modified_time\" content=\"2026-08-24T05:59:04+00:00\" \/>\n<meta property=\"og:image\" content=\"https:\/\/www.montessoriostrava.cz\/zs\/wp-content\/uploads\/sites\/3\/2026\/08\/PNG-Web.png\" \/>\n\t<meta property=\"og:image:width\" content=\"640\" \/>\n\t<meta property=\"og:image:height\" content=\"360\" \/>\n\t<meta property=\"og:image:type\" content=\"image\/png\" \/>\n<meta name=\"twitter:card\" content=\"summary_large_image\" \/>\n<meta name=\"twitter:label1\" content=\"Odhadovan\u00e1 doba \u010dten\u00ed\" \/>\n\t<meta name=\"twitter:data1\" content=\"6 minut\" \/>\n<script type=\"application\/ld+json\" class=\"yoast-schema-graph\">{\"@context\":\"https:\\\/\\\/schema.org\",\"@graph\":[{\"@type\":\"WebPage\",\"@id\":\"https:\\\/\\\/www.montessoriostrava.cz\\\/zs\\\/o-nas\\\/projekty\\\/\",\"url\":\"https:\\\/\\\/www.montessoriostrava.cz\\\/zs\\\/o-nas\\\/projekty\\\/\",\"name\":\"Projekty | Z\u0160 Montessori Ostrava\",\"isPartOf\":{\"@id\":\"https:\\\/\\\/www.montessoriostrava.cz\\\/zs\\\/#website\"},\"primaryImageOfPage\":{\"@id\":\"https:\\\/\\\/www.montessoriostrava.cz\\\/zs\\\/o-nas\\\/projekty\\\/#primaryimage\"},\"image\":{\"@id\":\"https:\\\/\\\/www.montessoriostrava.cz\\\/zs\\\/o-nas\\\/projekty\\\/#primaryimage\"},\"thumbnailUrl\":\"https:\\\/\\\/www.montessoriostrava.cz\\\/zs\\\/wp-content\\\/uploads\\\/sites\\\/3\\\/2026\\\/08\\\/PNG-Web.png\",\"datePublished\":\"2024-09-06T13:12:44+00:00\",\"dateModified\":\"2026-08-24T05:59:04+00:00\",\"description\":\"Objevte \u0161koln\u00ed projekty, inovativn\u00ed vzd\u011bl\u00e1vac\u00ed programy a spolupr\u00e1ce, kter\u00e9 rozv\u00edjej\u00ed dovednosti na\u0161ich \u017e\u00e1k\u016f a podporuj\u00ed jejich kreativitu.\",\"breadcrumb\":{\"@id\":\"https:\\\/\\\/www.montessoriostrava.cz\\\/zs\\\/o-nas\\\/projekty\\\/#breadcrumb\"},\"inLanguage\":\"cs\",\"potentialAction\":[{\"@type\":\"ReadAction\",\"target\":[\"https:\\\/\\\/www.montessoriostrava.cz\\\/zs\\\/o-nas\\\/projekty\\\/\"]}]},{\"@type\":\"ImageObject\",\"inLanguage\":\"cs\",\"@id\":\"https:\\\/\\\/www.montessoriostrava.cz\\\/zs\\\/o-nas\\\/projekty\\\/#primaryimage\",\"url\":\"https:\\\/\\\/www.montessoriostrava.cz\\\/zs\\\/wp-content\\\/uploads\\\/sites\\\/3\\\/2026\\\/08\\\/PNG-Web.png\",\"contentUrl\":\"https:\\\/\\\/www.montessoriostrava.cz\\\/zs\\\/wp-content\\\/uploads\\\/sites\\\/3\\\/2026\\\/08\\\/PNG-Web.png\",\"width\":640,\"height\":360},{\"@type\":\"BreadcrumbList\",\"@id\":\"https:\\\/\\\/www.montessoriostrava.cz\\\/zs\\\/o-nas\\\/projekty\\\/#breadcrumb\",\"itemListElement\":[{\"@type\":\"ListItem\",\"position\":1,\"name\":\"Dom\u016f\",\"item\":\"https:\\\/\\\/www.montessoriostrava.cz\\\/zs\\\/\"},{\"@type\":\"ListItem\",\"position\":2,\"name\":\"O n\u00e1s\",\"item\":\"https:\\\/\\\/www.montessoriostrava.cz\\\/zs\\\/o-nas\\\/\"},{\"@type\":\"ListItem\",\"position\":3,\"name\":\"Projekty\"}]},{\"@type\":\"WebSite\",\"@id\":\"https:\\\/\\\/www.montessoriostrava.cz\\\/zs\\\/#website\",\"url\":\"https:\\\/\\\/www.montessoriostrava.cz\\\/zs\\\/\",\"name\":\"Z\u0160 Montessori Ostrava\",\"description\":\"Z\u00e1kladn\u00ed \u0161kola s respektem!\",\"publisher\":{\"@id\":\"https:\\\/\\\/www.montessoriostrava.cz\\\/zs\\\/#organization\"},\"potentialAction\":[{\"@type\":\"SearchAction\",\"target\":{\"@type\":\"EntryPoint\",\"urlTemplate\":\"https:\\\/\\\/www.montessoriostrava.cz\\\/zs\\\/?s={search_term_string}\"},\"query-input\":{\"@type\":\"PropertyValueSpecification\",\"valueRequired\":true,\"valueName\":\"search_term_string\"}}],\"inLanguage\":\"cs\"},{\"@type\":\"Organization\",\"@id\":\"https:\\\/\\\/www.montessoriostrava.cz\\\/zs\\\/#organization\",\"name\":\"Montessori Ostrava\",\"url\":\"https:\\\/\\\/www.montessoriostrava.cz\\\/zs\\\/\",\"logo\":{\"@type\":\"ImageObject\",\"inLanguage\":\"cs\",\"@id\":\"https:\\\/\\\/www.montessoriostrava.cz\\\/zs\\\/#\\\/schema\\\/logo\\\/image\\\/\",\"url\":\"https:\\\/\\\/www.montessoriostrava.cz\\\/zs\\\/wp-content\\\/uploads\\\/sites\\\/3\\\/2025\\\/01\\\/logo-montessori.png\",\"contentUrl\":\"https:\\\/\\\/www.montessoriostrava.cz\\\/zs\\\/wp-content\\\/uploads\\\/sites\\\/3\\\/2025\\\/01\\\/logo-montessori.png\",\"width\":1794,\"height\":527,\"caption\":\"Montessori Ostrava\"},\"image\":{\"@id\":\"https:\\\/\\\/www.montessoriostrava.cz\\\/zs\\\/#\\\/schema\\\/logo\\\/image\\\/\"}}]}<\/script>\n<!-- \/ Yoast SEO plugin. -->","yoast_head_json":{"title":"Projekty | Z\u0160 Montessori Ostrava","description":"Objevte \u0161koln\u00ed projekty, inovativn\u00ed vzd\u011bl\u00e1vac\u00ed programy a spolupr\u00e1ce, kter\u00e9 rozv\u00edjej\u00ed dovednosti na\u0161ich \u017e\u00e1k\u016f a podporuj\u00ed jejich kreativitu.","robots":{"index":"index","follow":"follow","max-snippet":"max-snippet:-1","max-image-preview":"max-image-preview:large","max-video-preview":"max-video-preview:-1"},"canonical":"https:\/\/www.montessoriostrava.cz\/zs\/o-nas\/projekty\/","og_locale":"cs_CZ","og_type":"article","og_title":"Projekty | Z\u0160 Montessori Ostrava","og_description":"Objevte \u0161koln\u00ed projekty, inovativn\u00ed vzd\u011bl\u00e1vac\u00ed programy a spolupr\u00e1ce, kter\u00e9 rozv\u00edjej\u00ed dovednosti na\u0161ich \u017e\u00e1k\u016f a podporuj\u00ed jejich kreativitu.","og_url":"https:\/\/www.montessoriostrava.cz\/zs\/o-nas\/projekty\/","og_site_name":"Z\u0160 Montessori Ostrava","article_modified_time":"2026-08-24T05:59:04+00:00","og_image":[{"width":640,"height":360,"url":"https:\/\/www.montessoriostrava.cz\/zs\/wp-content\/uploads\/sites\/3\/2026\/08\/PNG-Web.png","type":"image\/png"}],"twitter_card":"summary_large_image","twitter_misc":{"Odhadovan\u00e1 doba \u010dten\u00ed":"6 minut"},"schema":{"@context":"https:\/\/schema.org","@graph":[{"@type":"WebPage","@id":"https:\/\/www.montessoriostrava.cz\/zs\/o-nas\/projekty\/","url":"https:\/\/www.montessoriostrava.cz\/zs\/o-nas\/projekty\/","name":"Projekty | Z\u0160 Montessori Ostrava","isPartOf":{"@id":"https:\/\/www.montessoriostrava.cz\/zs\/#website"},"primaryImageOfPage":{"@id":"https:\/\/www.montessoriostrava.cz\/zs\/o-nas\/projekty\/#primaryimage"},"image":{"@id":"https:\/\/www.montessoriostrava.cz\/zs\/o-nas\/projekty\/#primaryimage"},"thumbnailUrl":"https:\/\/www.montessoriostrava.cz\/zs\/wp-content\/uploads\/sites\/3\/2026\/08\/PNG-Web.png","datePublished":"2024-09-06T13:12:44+00:00","dateModified":"2026-08-24T05:59:04+00:00","description":"Objevte \u0161koln\u00ed projekty, inovativn\u00ed vzd\u011bl\u00e1vac\u00ed programy a spolupr\u00e1ce, kter\u00e9 rozv\u00edjej\u00ed dovednosti na\u0161ich \u017e\u00e1k\u016f a podporuj\u00ed jejich kreativitu.","breadcrumb":{"@id":"https:\/\/www.montessoriostrava.cz\/zs\/o-nas\/projekty\/#breadcrumb"},"inLanguage":"cs","potentialAction":[{"@type":"ReadAction","target":["https:\/\/www.montessoriostrava.cz\/zs\/o-nas\/projekty\/"]}]},{"@type":"ImageObject","inLanguage":"cs","@id":"https:\/\/www.montessoriostrava.cz\/zs\/o-nas\/projekty\/#primaryimage","url":"https:\/\/www.montessoriostrava.cz\/zs\/wp-content\/uploads\/sites\/3\/2026\/08\/PNG-Web.png","contentUrl":"https:\/\/www.montessoriostrava.cz\/zs\/wp-content\/uploads\/sites\/3\/2026\/08\/PNG-Web.png","width":640,"height":360},{"@type":"BreadcrumbList","@id":"https:\/\/www.montessoriostrava.cz\/zs\/o-nas\/projekty\/#breadcrumb","itemListElement":[{"@type":"ListItem","position":1,"name":"Dom\u016f","item":"https:\/\/www.montessoriostrava.cz\/zs\/"},{"@type":"ListItem","position":2,"name":"O n\u00e1s","item":"https:\/\/www.montessoriostrava.cz\/zs\/o-nas\/"},{"@type":"ListItem","position":3,"name":"Projekty"}]},{"@type":"WebSite","@id":"https:\/\/www.montessoriostrava.cz\/zs\/#website","url":"https:\/\/www.montessoriostrava.cz\/zs\/","name":"Z\u0160 Montessori Ostrava","description":"Z\u00e1kladn\u00ed \u0161kola s respektem!","publisher":{"@id":"https:\/\/www.montessoriostrava.cz\/zs\/#organization"},"potentialAction":[{"@type":"SearchAction","target":{"@type":"EntryPoint","urlTemplate":"https:\/\/www.montessoriostrava.cz\/zs\/?s={search_term_string}"},"query-input":{"@type":"PropertyValueSpecification","valueRequired":true,"valueName":"search_term_string"}}],"inLanguage":"cs"},{"@type":"Organization","@id":"https:\/\/www.montessoriostrava.cz\/zs\/#organization","name":"Montessori Ostrava","url":"https:\/\/www.montessoriostrava.cz\/zs\/","logo":{"@type":"ImageObject","inLanguage":"cs","@id":"https:\/\/www.montessoriostrava.cz\/zs\/#\/schema\/logo\/image\/","url":"https:\/\/www.montessoriostrava.cz\/zs\/wp-content\/uploads\/sites\/3\/2025\/01\/logo-montessori.png","contentUrl":"https:\/\/www.montessoriostrava.cz\/zs\/wp-content\/uploads\/sites\/3\/2025\/01\/logo-montessori.png","width":1794,"height":527,"caption":"Montessori Ostrava"},"image":{"@id":"https:\/\/www.montessoriostrava.cz\/zs\/#\/schema\/logo\/image\/"}}]}},"_links":{"self":[{"href":"https:\/\/www.montessoriostrava.cz\/zs\/wp-json\/wp\/v2\/pages\/457","targetHints":{"allow":["GET"]}}],"collection":[{"href":"https:\/\/www.montessoriostrava.cz\/zs\/wp-json\/wp\/v2\/pages"}],"about":[{"href":"https:\/\/www.montessoriostrava.cz\/zs\/wp-json\/wp\/v2\/types\/page"}],"author":[{"embeddable":true,"href":"https:\/\/www.montessoriostrava.cz\/zs\/wp-json\/wp\/v2\/users\/1"}],"replies":[{"embeddable":true,"href":"https:\/\/www.montessoriostrava.cz\/zs\/wp-json\/wp\/v2\/comments?post=457"}],"version-history":[{"count":18,"href":"https:\/\/www.montessoriostrava.cz\/zs\/wp-json\/wp\/v2\/pages\/457\/revisions"}],"predecessor-version":[{"id":1119,"href":"https:\/\/www.montessoriostrava.cz\/zs\/wp-json\/wp\/v2\/pages\/457\/revisions\/1119"}],"up":[{"embeddable":true,"href":"https:\/\/www.montessoriostrava.cz\/zs\/wp-json\/wp\/v2\/pages\/12"}],"wp:attachment":[{"href":"https:\/\/www.montessoriostrava.cz\/zs\/wp-json\/wp\/v2\/media?parent=457"}],"curies":[{"name":"wp","href":"https:\/\/api.w.org\/{rel}","templated":true}]}}